{"id":1051,"date":"2023-03-01T14:42:09","date_gmt":"2023-03-01T14:42:09","guid":{"rendered":"https:\/\/kissinparis.com\/?page_id=1051"},"modified":"2025-10-14T08:36:20","modified_gmt":"2025-10-14T08:36:20","slug":"scander","status":"publish","type":"page","link":"https:\/\/kissinparis.com\/es\/artists\/scander\/","title":{"rendered":"El fot\u00f3grafo parisino Scander."},"content":{"rendered":"<div class=\"wp-block-group alignfull sec heror-section full-width v2 text-center mt-0 mb-0 has-scroll-down pb-20 has-base-2-color has-primary-background-color has-text-color has-background has-link-color wp-elements-472f5c32456697d68856027ee83e9d64\"><div class=\"wp-block-group__inner-container is-layout-constrained wp-block-group-is-layout-constrained\">\n<div class=\"wp-block-group alignfull animate_holder pl-0 pr-0 mb-0\"><div class=\"wp-block-group__inner-container is-layout-constrained wp-block-group-is-layout-constrained\">\n<h1 class=\"wp-block-heading has-text-align-center heading-size-1 alignfull full pl-0 pr-0 animate__animated animate__fadeInUp has-background-color has-text-color has-link-color wp-elements-e5df6b84c175fb0b26626172a21158b9\">ESC\u00c1NER (Skan-dr)<\/h1>\n<\/div><\/div>\n\n\n\n<div class=\"wp-block-group alignfull animate_holder pl-0 pr-0 mt-0\"><div class=\"wp-block-group__inner-container is-layout-constrained wp-block-group-is-layout-constrained\">\n<h2 class=\"wp-block-heading has-text-align-center pt-60 desgination animate__animated animate__fadeInUp has-background-color has-text-color has-link-color has-small-font-size wp-elements-cc8d0153e32b7119765fa7852724f850\">TU AMIGO Y EXPERTO DE PAR\u00cdS<\/h2>\n<\/div><\/div>\n<\/div><\/div>\n\n\n\n<div class=\"wp-block-group alignfull mt-0 mb-0 sec sec-fullwidth sec-team-details pt-0 pb-0 bg-transition-light has-background-color has-primary-background-color has-text-color has-background has-link-color wp-elements-9ea1c504c5c8fb64b0a3d41e5f7d1477\"><div class=\"wp-block-group__inner-container is-layout-constrained wp-block-group-is-layout-constrained\">\n<div class=\"wp-block-group alignfull animate_holder team-picture full-width\"><div class=\"wp-block-group__inner-container is-layout-constrained wp-block-group-is-layout-constrained\">\n<div class=\"wp-block-group alignfull  full-width animate_holder animate__animated animate__fadeInUp\"><div class=\"wp-block-group__inner-container is-layout-constrained wp-block-group-is-layout-constrained\">\n<figure class=\"wp-block-image alignfull size-full hide-caption animate__animated animate__fadeInUp\"><img loading=\"lazy\" decoding=\"async\" width=\"1600\" height=\"1067\" src=\"https:\/\/kissinparis.com\/wp-content\/uploads\/2025\/08\/paris-photographer-scander-weddings-portraits.jpg\" alt=\"Scander, fot\u00f3grafo de Kiss Me in Paris, en blanco y negro, sonriendo a la c\u00e1mara. Especializado en bodas, pedidas de mano, estilo de vida y fotograf\u00eda boudoir. Domina el ingl\u00e9s, el franc\u00e9s y el japon\u00e9s.\" class=\"wp-image-27258\" srcset=\"https:\/\/kissinparis.com\/wp-content\/uploads\/2025\/08\/paris-photographer-scander-weddings-portraits.jpg 1600w, https:\/\/kissinparis.com\/wp-content\/uploads\/2025\/08\/paris-photographer-scander-weddings-portraits-300x200.jpg 300w, https:\/\/kissinparis.com\/wp-content\/uploads\/2025\/08\/paris-photographer-scander-weddings-portraits-1024x683.jpg 1024w, https:\/\/kissinparis.com\/wp-content\/uploads\/2025\/08\/paris-photographer-scander-weddings-portraits-768x512.jpg 768w, https:\/\/kissinparis.com\/wp-content\/uploads\/2025\/08\/paris-photographer-scander-weddings-portraits-1536x1024.jpg 1536w, https:\/\/kissinparis.com\/wp-content\/uploads\/2025\/08\/paris-photographer-scander-weddings-portraits-1200x800.jpg 1200w\" sizes=\"auto, (max-width: 1600px) 100vw, 1600px\" \/><figcaption class=\"wp-element-caption\">Scander, fot\u00f3grafo de Kiss Me in Paris, en blanco y negro, sonriendo a la c\u00e1mara. Especializado en bodas, pedidas de mano, estilo de vida y fotograf\u00eda boudoir. Domina el ingl\u00e9s, el franc\u00e9s y el japon\u00e9s.<\/figcaption><\/figure>\n<\/div><\/div>\n<\/div><\/div>\n\n\n\n<div class=\"wp-block-group alignfull  full-width\"><div class=\"wp-block-group__inner-container is-layout-constrained wp-block-group-is-layout-constrained\">\n<div class=\"wp-block-columns alignfull overview mt-20 pt-20 border-top targetDIV is-layout-flex wp-container-core-columns-is-layout-9d6595d7 wp-block-columns-is-layout-flex\">\n<div class=\"wp-block-column desktop-only is-layout-flow wp-block-column-is-layout-flow\" style=\"flex-basis:100%\"><\/div>\n\n\n\n<div class=\"wp-block-column is-layout-flow wp-block-column-is-layout-flow\" style=\"flex-basis:100%\">\n<p class=\"has-text-align-right full has-small-font-size\" style=\"text-transform:uppercase\">\/ Resumen<\/p>\n<\/div>\n<\/div>\n<\/div><\/div>\n\n\n\n<div class=\"wp-block-group alignfull sec  full-width pb-0 pt-0 mt-0\"><div class=\"wp-block-group__inner-container is-layout-constrained wp-block-group-is-layout-constrained\">\n<div class=\"wp-block-columns alignfull gap overview-content order-reverse is-layout-flex wp-container-core-columns-is-layout-9d6595d7 wp-block-columns-is-layout-flex\">\n<div class=\"wp-block-column has-content is-layout-flow wp-block-column-is-layout-flow\">\n<h2 class=\"wp-block-heading full has-base-2-color has-text-color has-link-color has-medium-font-size wp-elements-0aff9dadba5c9b2d08d3ad81fe30c608\">Conozca a SCANDER<\/h2>\n\n\n\n<p class=\"full\">Scander aprendi\u00f3 fotograf\u00eda a las duras penas: dirigiendo actividades con ni\u00f1os en un campamento de verano en Tsunan, Jap\u00f3n, en 2015. Si puedes dirigir a los ni\u00f1os y mantenerlos interesados, dirigir a los adultos es muy f\u00e1cil.<\/p>\n\n\n\n<p>Con iniciativa y un enfoque c\u00e1lido, Scander ha realizado m\u00e1s de 2000 sesiones de fotograf\u00eda de calle, moda, pasarela, boudoir y bodas. Conoce Par\u00eds al dedillo, desde los rincones m\u00e1s bonitos de la Torre Eiffel hasta los rincones menos conocidos que los turistas nunca descubren.<\/p>\n\n\n\n<p>Su experiencia en moda le otorga un dominio experto de la iluminaci\u00f3n y la composici\u00f3n, para que te veas seguro ante la c\u00e1mara. Ya sea que busques una gu\u00eda paso a paso o prefieras tomar las riendas, Scander se adapta a tu estilo.<\/p>\n\n\n\n<p class=\"full\">Lo que empez\u00f3 como una forma de que un chico reservado conociera gente nueva lo convirti\u00f3 en uno de los fot\u00f3grafos m\u00e1s activos de Par\u00eds. Scander aporta energ\u00eda e ideas frescas a las sesiones, manteniendo un ambiente relajado y divertido.<\/p>\n\n\n\n<div class=\"wp-block-buttons pt-20 is-layout-flex wp-block-buttons-is-layout-flex\">\n<div class=\"wp-block-button get-popup has-btn-yellow has-arrow  is-slim\"><a class=\"wp-block-button__link wp-element-button\" href=\"#book-scander\"><em>Reserve ahora<\/em><\/a><\/div>\n\n\n\n<div class=\"wp-block-button has-arrow v2 is-slim\"><a class=\"wp-block-button__link wp-element-button\" href=\"#reviews\"><em>Opiniones<\/em><\/a><\/div>\n\n\n\n<div class=\"wp-block-button has-arrow v2 is-slim\"><a class=\"wp-block-button__link wp-element-button\" href=\"#portfolio\"><em>Portfolio<\/em><\/a><\/div>\n<\/div>\n<\/div>\n\n\n\n<div class=\"wp-block-column has-review is-layout-flow wp-block-column-is-layout-flow\">\n<div class=\"wp-block-group  mb-0 mt-0\"><div class=\"wp-block-group__inner-container is-layout-constrained wp-block-group-is-layout-constrained\">\n<div class=\"wp-block-group sticky mb-0 mt-0\"><div class=\"wp-block-group__inner-container is-layout-constrained wp-block-group-is-layout-constrained\">\n<blockquote class=\"wp-block-quote pt-0 pb-0 pl-0 pr-0 has-background is-layout-flow wp-block-quote-is-layout-flow\" style=\"background-color:#ffffff00\">\n<p>Scander tiene una energ\u00eda maravillosa; \u00a1hasta mi novio, a quien normalmente no le gusta que le tomen fotos, se lo pas\u00f3 genial!<\/p>\n<cite>Cherise<\/cite><\/blockquote>\n<\/div><\/div>\n<\/div><\/div>\n<\/div>\n<\/div>\n<\/div><\/div>\n\n\n\n<div class=\"wp-block-group alignfull sec pb-10  full-width mt-0 mb-0\"><div class=\"wp-block-group__inner-container is-layout-constrained wp-block-group-is-layout-constrained\">\n<p class=\"full alignfull text_indent-0 marquee arrows\"><strong>Reproducir carrete<\/strong><\/p>\n\n\n\n<figure class=\"wp-block-image alignfull size-full video-container autoplay_0 loop cross video-cover\"><a href=\"https:\/\/kissinparis.com\/wp-content\/uploads\/2025\/08\/Scander-Highlight-Reel.mp4\" aria-label=\"Lea m\u00e1s sobre Scander Highlight Reel\"><img loading=\"lazy\" decoding=\"async\" width=\"1280\" height=\"720\" src=\"https:\/\/kissinparis.com\/wp-content\/uploads\/2025\/08\/Scander-Highlight-Reel-cover.jpg\" alt=\"Carrete destacado de Scander\" class=\"wp-image-27261\" srcset=\"https:\/\/kissinparis.com\/wp-content\/uploads\/2025\/08\/Scander-Highlight-Reel-cover.jpg 1280w, https:\/\/kissinparis.com\/wp-content\/uploads\/2025\/08\/Scander-Highlight-Reel-cover-300x169.jpg 300w, https:\/\/kissinparis.com\/wp-content\/uploads\/2025\/08\/Scander-Highlight-Reel-cover-1024x576.jpg 1024w, https:\/\/kissinparis.com\/wp-content\/uploads\/2025\/08\/Scander-Highlight-Reel-cover-768x432.jpg 768w, https:\/\/kissinparis.com\/wp-content\/uploads\/2025\/08\/Scander-Highlight-Reel-cover-1200x675.jpg 1200w\" sizes=\"auto, (max-width: 1280px) 100vw, 1280px\" \/><\/a><figcaption class=\"wp-element-caption\">Carrete destacado de Scander<\/figcaption><\/figure>\n\n\n\n<p class=\"full alignfull text_indent-0 marquee arrows\"><strong>Reproducir carrete<\/strong><\/p>\n<\/div><\/div>\n\n\n\n<div class=\"wp-block-group alignfull sec  full-width pb-0 pt-0 mt-0 mb-0\" id=\"portfolio\"><div class=\"wp-block-group__inner-container is-layout-constrained wp-block-group-is-layout-constrained\">\n<div class=\"wp-block-columns alignfull overview mt-80 pt-20 mb-80 border-top is-layout-flex wp-container-core-columns-is-layout-9d6595d7 wp-block-columns-is-layout-flex\">\n<div class=\"wp-block-column desktop-only is-layout-flow wp-block-column-is-layout-flow\" style=\"flex-basis:50%\"><\/div>\n\n\n\n<div class=\"wp-block-column is-layout-flow wp-block-column-is-layout-flow\" style=\"flex-basis:50%\">\n<p class=\"has-text-align-right alignfull has-small-font-size\" style=\"text-transform:uppercase\">\/ Portafolio<\/p>\n<\/div>\n<\/div>\n\n\n\n<div class=\"wp-block-columns alignfull gap overview-content mt-0 mb-0 is-layout-flex wp-container-core-columns-is-layout-9d6595d7 wp-block-columns-is-layout-flex\">\n<div class=\"wp-block-column has-review is-layout-flow wp-block-column-is-layout-flow\">\n<div class=\"wp-block-group mt-0\"><div class=\"wp-block-group__inner-container is-layout-constrained wp-block-group-is-layout-constrained\">\n<h2 class=\"wp-block-heading has-base-2-color has-text-color has-link-color wp-elements-3a75e204ca8088d58d986d207887e95b\" style=\"text-transform:uppercase\">El estilo de Scander<\/h2>\n\n\n\n<p class=\"slider-caption pt-0 max-width-600\">Explora el trabajo de Scander para descubrir su estilo vers\u00e1til. Su experiencia en moda le permite dominar la iluminaci\u00f3n y las poses a la perfecci\u00f3n, as\u00ed que lucir\u00e1s genial ante la c\u00e1mara. Desde sesiones atrevidas hasta retratos familiares, conseguir\u00e1s fotos de las que te sentir\u00e1s orgulloso.<\/p>\n<\/div><\/div>\n<\/div>\n\n\n\n<div class=\"wp-block-column has-content desktop-only is-layout-flow wp-block-column-is-layout-flow\"><\/div>\n<\/div>\n\n\n\n<figure class=\"wp-block-gallery alignfull has-nested-images columns-3 is-cropped mt-0 mb-0 wp-block-gallery-1 is-layout-flex wp-block-gallery-is-layout-flex\">\n<figure class=\"wp-block-image size-large\"><a href=\"https:\/\/kissinparis.com\/wp-content\/uploads\/2023\/03\/Editorial-Couple-photos-in-Paris-1.jpg\" aria-label=\"Lea m\u00e1s sobre las fotos rom\u00e1nticas de la pareja en la Torre Eiffel en el Puente Alejandro III.\"><img loading=\"lazy\" decoding=\"async\" width=\"683\" height=\"1024\" data-id=\"1171\" src=\"https:\/\/kissinparis.com\/wp-content\/uploads\/2023\/03\/Editorial-Couple-photos-in-Paris-1-683x1024.jpg\" alt=\"Fotos rom\u00e1nticas de pareja en la Torre Eiffel desde el Puente de Alejandro III\" class=\"wp-image-1171\" srcset=\"https:\/\/kissinparis.com\/wp-content\/uploads\/2023\/03\/Editorial-Couple-photos-in-Paris-1-683x1024.jpg 683w, https:\/\/kissinparis.com\/wp-content\/uploads\/2023\/03\/Editorial-Couple-photos-in-Paris-1-200x300.jpg 200w, https:\/\/kissinparis.com\/wp-content\/uploads\/2023\/03\/Editorial-Couple-photos-in-Paris-1-768x1152.jpg 768w, https:\/\/kissinparis.com\/wp-content\/uploads\/2023\/03\/Editorial-Couple-photos-in-Paris-1-1024x1536.jpg 1024w, https:\/\/kissinparis.com\/wp-content\/uploads\/2023\/03\/Editorial-Couple-photos-in-Paris-1-1365x2048.jpg 1365w, https:\/\/kissinparis.com\/wp-content\/uploads\/2023\/03\/Editorial-Couple-photos-in-Paris-1-1200x1800.jpg 1200w, https:\/\/kissinparis.com\/wp-content\/uploads\/2023\/03\/Editorial-Couple-photos-in-Paris-1.jpg 1280w\" sizes=\"auto, (max-width: 683px) 100vw, 683px\" \/><\/a><figcaption class=\"wp-element-caption\">Fotos rom\u00e1nticas de pareja en la Torre Eiffel desde el Puente de Alejandro III<\/figcaption><\/figure>\n\n\n\n<figure class=\"wp-block-image size-large\"><a href=\"https:\/\/kissinparis.com\/wp-content\/uploads\/2024\/01\/Vacation-Photographer-in-Paris-France.jpg\" aria-label=\"Leer m\u00e1s sobre Fot\u00f3grafo de vacaciones en Par\u00eds, Francia\"><img loading=\"lazy\" decoding=\"async\" width=\"683\" height=\"1024\" data-id=\"15013\" src=\"https:\/\/kissinparis.com\/wp-content\/uploads\/2024\/01\/Vacation-Photographer-in-Paris-France-683x1024.jpg\" alt=\"Fot\u00f3grafo de vacaciones en Par\u00eds, Francia\" class=\"wp-image-15013\" srcset=\"https:\/\/kissinparis.com\/wp-content\/uploads\/2024\/01\/Vacation-Photographer-in-Paris-France-683x1024.jpg 683w, https:\/\/kissinparis.com\/wp-content\/uploads\/2024\/01\/Vacation-Photographer-in-Paris-France-200x300.jpg 200w, https:\/\/kissinparis.com\/wp-content\/uploads\/2024\/01\/Vacation-Photographer-in-Paris-France-768x1152.jpg 768w, https:\/\/kissinparis.com\/wp-content\/uploads\/2024\/01\/Vacation-Photographer-in-Paris-France-1024x1536.jpg 1024w, https:\/\/kissinparis.com\/wp-content\/uploads\/2024\/01\/Vacation-Photographer-in-Paris-France.jpg 1067w\" sizes=\"auto, (max-width: 683px) 100vw, 683px\" \/><\/a><figcaption class=\"wp-element-caption\">Fot\u00f3grafo de vacaciones en Par\u00eds, Francia<\/figcaption><\/figure>\n\n\n\n<figure class=\"wp-block-image size-large\"><a href=\"https:\/\/kissinparis.com\/wp-content\/uploads\/2023\/03\/Nighttime-Eiffel-Tower-Photos-Avenue-de-Camoens-3.jpg\" aria-label=\"Leer m\u00e1s sobre Fotos nocturnas de la Torre Eiffel en la Avenida de Camoens\"><img loading=\"lazy\" decoding=\"async\" width=\"683\" height=\"1024\" data-id=\"1174\" src=\"https:\/\/kissinparis.com\/wp-content\/uploads\/2023\/03\/Nighttime-Eiffel-Tower-Photos-Avenue-de-Camoens-3-683x1024.jpg\" alt=\"Fotos Nocturnas de la Torre Eiffel Avenue de Camoens\" class=\"wp-image-1174\" srcset=\"https:\/\/kissinparis.com\/wp-content\/uploads\/2023\/03\/Nighttime-Eiffel-Tower-Photos-Avenue-de-Camoens-3-683x1024.jpg 683w, https:\/\/kissinparis.com\/wp-content\/uploads\/2023\/03\/Nighttime-Eiffel-Tower-Photos-Avenue-de-Camoens-3-200x300.jpg 200w, https:\/\/kissinparis.com\/wp-content\/uploads\/2023\/03\/Nighttime-Eiffel-Tower-Photos-Avenue-de-Camoens-3-768x1152.jpg 768w, https:\/\/kissinparis.com\/wp-content\/uploads\/2023\/03\/Nighttime-Eiffel-Tower-Photos-Avenue-de-Camoens-3.jpg 1000w\" sizes=\"auto, (max-width: 683px) 100vw, 683px\" \/><\/a><figcaption class=\"wp-element-caption\">Fotos Nocturnas de la Torre Eiffel Avenue de Camoens<\/figcaption><\/figure>\n\n\n\n<figure class=\"wp-block-image size-large object-right\"><a href=\"https:\/\/kissinparis.com\/wp-content\/uploads\/2024\/01\/Vacation-Photographer-in-Paris-France-49.jpg\" aria-label=\"Leer m\u00e1s sobre Fot\u00f3grafo de vacaciones en Par\u00eds, Francia\"><img loading=\"lazy\" decoding=\"async\" width=\"1024\" height=\"683\" data-id=\"14995\" src=\"https:\/\/kissinparis.com\/wp-content\/uploads\/2024\/01\/Vacation-Photographer-in-Paris-France-49-1024x683.jpg\" alt=\"Fot\u00f3grafo de vacaciones en Par\u00eds, Francia\" class=\"wp-image-14995\" srcset=\"https:\/\/kissinparis.com\/wp-content\/uploads\/2024\/01\/Vacation-Photographer-in-Paris-France-49-1024x683.jpg 1024w, https:\/\/kissinparis.com\/wp-content\/uploads\/2024\/01\/Vacation-Photographer-in-Paris-France-49-300x200.jpg 300w, https:\/\/kissinparis.com\/wp-content\/uploads\/2024\/01\/Vacation-Photographer-in-Paris-France-49-768x512.jpg 768w, https:\/\/kissinparis.com\/wp-content\/uploads\/2024\/01\/Vacation-Photographer-in-Paris-France-49-1536x1024.jpg 1536w, https:\/\/kissinparis.com\/wp-content\/uploads\/2024\/01\/Vacation-Photographer-in-Paris-France-49-1200x800.jpg 1200w, https:\/\/kissinparis.com\/wp-content\/uploads\/2024\/01\/Vacation-Photographer-in-Paris-France-49.jpg 1600w\" sizes=\"auto, (max-width: 1024px) 100vw, 1024px\" \/><\/a><figcaption class=\"wp-element-caption\">Fot\u00f3grafo de vacaciones en Par\u00eds, Francia<\/figcaption><\/figure>\n\n\n\n<figure class=\"wp-block-image size-large\"><a href=\"https:\/\/kissinparis.com\/wp-content\/uploads\/2024\/01\/Vacation-Photographer-in-Paris-France-63.jpg\" aria-label=\"Leer m\u00e1s sobre Fot\u00f3grafo de vacaciones en Par\u00eds, Francia\"><img loading=\"lazy\" decoding=\"async\" width=\"683\" height=\"1024\" data-id=\"15009\" src=\"https:\/\/kissinparis.com\/wp-content\/uploads\/2024\/01\/Vacation-Photographer-in-Paris-France-63-683x1024.jpg\" alt=\"Fot\u00f3grafo de vacaciones en Par\u00eds, Francia\" class=\"wp-image-15009\" srcset=\"https:\/\/kissinparis.com\/wp-content\/uploads\/2024\/01\/Vacation-Photographer-in-Paris-France-63-683x1024.jpg 683w, https:\/\/kissinparis.com\/wp-content\/uploads\/2024\/01\/Vacation-Photographer-in-Paris-France-63-200x300.jpg 200w, https:\/\/kissinparis.com\/wp-content\/uploads\/2024\/01\/Vacation-Photographer-in-Paris-France-63-768x1152.jpg 768w, https:\/\/kissinparis.com\/wp-content\/uploads\/2024\/01\/Vacation-Photographer-in-Paris-France-63-1024x1536.jpg 1024w, https:\/\/kissinparis.com\/wp-content\/uploads\/2024\/01\/Vacation-Photographer-in-Paris-France-63.jpg 1067w\" sizes=\"auto, (max-width: 683px) 100vw, 683px\" \/><\/a><figcaption class=\"wp-element-caption\">Fot\u00f3grafo de vacaciones en Par\u00eds, Francia<\/figcaption><\/figure>\n\n\n\n<figure class=\"wp-block-image size-large\"><a href=\"https:\/\/kissinparis.com\/wp-content\/uploads\/2024\/01\/Vacation-Photographer-in-Paris-France-17.jpg\" aria-label=\"Leer m\u00e1s sobre Fot\u00f3grafo de vacaciones en Par\u00eds, Francia\"><img loading=\"lazy\" decoding=\"async\" width=\"683\" height=\"1024\" data-id=\"14963\" src=\"https:\/\/kissinparis.com\/wp-content\/uploads\/2024\/01\/Vacation-Photographer-in-Paris-France-17-683x1024.jpg\" alt=\"Fot\u00f3grafo de vacaciones en Par\u00eds, Francia\" class=\"wp-image-14963\" srcset=\"https:\/\/kissinparis.com\/wp-content\/uploads\/2024\/01\/Vacation-Photographer-in-Paris-France-17-683x1024.jpg 683w, https:\/\/kissinparis.com\/wp-content\/uploads\/2024\/01\/Vacation-Photographer-in-Paris-France-17-200x300.jpg 200w, https:\/\/kissinparis.com\/wp-content\/uploads\/2024\/01\/Vacation-Photographer-in-Paris-France-17-768x1152.jpg 768w, https:\/\/kissinparis.com\/wp-content\/uploads\/2024\/01\/Vacation-Photographer-in-Paris-France-17-1024x1536.jpg 1024w, https:\/\/kissinparis.com\/wp-content\/uploads\/2024\/01\/Vacation-Photographer-in-Paris-France-17.jpg 1067w\" sizes=\"auto, (max-width: 683px) 100vw, 683px\" \/><\/a><figcaption class=\"wp-element-caption\">Fot\u00f3grafo de vacaciones en Par\u00eds, Francia<\/figcaption><\/figure>\n\n\n\n<figure class=\"wp-block-image size-large object-left\"><a href=\"https:\/\/kissinparis.com\/wp-content\/uploads\/2024\/01\/Vacation-Photographer-in-Paris-France-2.jpg\" aria-label=\"Leer m\u00e1s sobre Fot\u00f3grafo de vacaciones en Par\u00eds, Francia\"><img loading=\"lazy\" decoding=\"async\" width=\"1024\" height=\"683\" data-id=\"14948\" src=\"https:\/\/kissinparis.com\/wp-content\/uploads\/2024\/01\/Vacation-Photographer-in-Paris-France-2-1024x683.jpg\" alt=\"Fot\u00f3grafo de vacaciones en Par\u00eds, Francia\" class=\"wp-image-14948\" srcset=\"https:\/\/kissinparis.com\/wp-content\/uploads\/2024\/01\/Vacation-Photographer-in-Paris-France-2-1024x683.jpg 1024w, https:\/\/kissinparis.com\/wp-content\/uploads\/2024\/01\/Vacation-Photographer-in-Paris-France-2-300x200.jpg 300w, https:\/\/kissinparis.com\/wp-content\/uploads\/2024\/01\/Vacation-Photographer-in-Paris-France-2-768x512.jpg 768w, https:\/\/kissinparis.com\/wp-content\/uploads\/2024\/01\/Vacation-Photographer-in-Paris-France-2-1536x1024.jpg 1536w, https:\/\/kissinparis.com\/wp-content\/uploads\/2024\/01\/Vacation-Photographer-in-Paris-France-2-1200x800.jpg 1200w, https:\/\/kissinparis.com\/wp-content\/uploads\/2024\/01\/Vacation-Photographer-in-Paris-France-2.jpg 1600w\" sizes=\"auto, (max-width: 1024px) 100vw, 1024px\" \/><\/a><figcaption class=\"wp-element-caption\">Fot\u00f3grafo de vacaciones en Par\u00eds, Francia<\/figcaption><\/figure>\n\n\n\n<figure class=\"wp-block-image size-large\"><a href=\"https:\/\/kissinparis.com\/wp-content\/uploads\/2024\/01\/Vacation-Photographer-in-Paris-France-37.jpg\" aria-label=\"Leer m\u00e1s sobre Fot\u00f3grafo de vacaciones en Par\u00eds, Francia\"><img loading=\"lazy\" decoding=\"async\" width=\"683\" height=\"1024\" data-id=\"14983\" src=\"https:\/\/kissinparis.com\/wp-content\/uploads\/2024\/01\/Vacation-Photographer-in-Paris-France-37-683x1024.jpg\" alt=\"Fot\u00f3grafo de vacaciones en Par\u00eds, Francia\" class=\"wp-image-14983\" srcset=\"https:\/\/kissinparis.com\/wp-content\/uploads\/2024\/01\/Vacation-Photographer-in-Paris-France-37-683x1024.jpg 683w, https:\/\/kissinparis.com\/wp-content\/uploads\/2024\/01\/Vacation-Photographer-in-Paris-France-37-200x300.jpg 200w, https:\/\/kissinparis.com\/wp-content\/uploads\/2024\/01\/Vacation-Photographer-in-Paris-France-37-768x1152.jpg 768w, https:\/\/kissinparis.com\/wp-content\/uploads\/2024\/01\/Vacation-Photographer-in-Paris-France-37-1024x1536.jpg 1024w, https:\/\/kissinparis.com\/wp-content\/uploads\/2024\/01\/Vacation-Photographer-in-Paris-France-37.jpg 1067w\" sizes=\"auto, (max-width: 683px) 100vw, 683px\" \/><\/a><figcaption class=\"wp-element-caption\">Fot\u00f3grafo de vacaciones en Par\u00eds, Francia<\/figcaption><\/figure>\n\n\n\n<figure class=\"wp-block-image size-large\"><a href=\"https:\/\/kissinparis.com\/wp-content\/uploads\/2024\/01\/Vacation-Photographer-in-Paris-France-5.jpg\" aria-label=\"Leer m\u00e1s sobre Fot\u00f3grafo de vacaciones en Par\u00eds, Francia\"><img loading=\"lazy\" decoding=\"async\" width=\"683\" height=\"1024\" data-id=\"14951\" src=\"https:\/\/kissinparis.com\/wp-content\/uploads\/2024\/01\/Vacation-Photographer-in-Paris-France-5-683x1024.jpg\" alt=\"Fot\u00f3grafo de vacaciones en Par\u00eds, Francia\" class=\"wp-image-14951\" srcset=\"https:\/\/kissinparis.com\/wp-content\/uploads\/2024\/01\/Vacation-Photographer-in-Paris-France-5-683x1024.jpg 683w, https:\/\/kissinparis.com\/wp-content\/uploads\/2024\/01\/Vacation-Photographer-in-Paris-France-5-200x300.jpg 200w, https:\/\/kissinparis.com\/wp-content\/uploads\/2024\/01\/Vacation-Photographer-in-Paris-France-5-768x1152.jpg 768w, https:\/\/kissinparis.com\/wp-content\/uploads\/2024\/01\/Vacation-Photographer-in-Paris-France-5-1024x1536.jpg 1024w, https:\/\/kissinparis.com\/wp-content\/uploads\/2024\/01\/Vacation-Photographer-in-Paris-France-5.jpg 1067w\" sizes=\"auto, (max-width: 683px) 100vw, 683px\" \/><\/a><figcaption class=\"wp-element-caption\">Fot\u00f3grafo de vacaciones en Par\u00eds, Francia<\/figcaption><\/figure>\n\n\n\n<figure class=\"wp-block-image size-large\"><a href=\"https:\/\/kissinparis.com\/wp-content\/uploads\/2024\/01\/Vacation-Photographer-in-Paris-France-48.jpg\" aria-label=\"Leer m\u00e1s sobre Fot\u00f3grafo de vacaciones en Par\u00eds, Francia\"><img loading=\"lazy\" decoding=\"async\" width=\"683\" height=\"1024\" data-id=\"14994\" src=\"https:\/\/kissinparis.com\/wp-content\/uploads\/2024\/01\/Vacation-Photographer-in-Paris-France-48-683x1024.jpg\" alt=\"Fot\u00f3grafo de vacaciones en Par\u00eds, Francia\" class=\"wp-image-14994\" srcset=\"https:\/\/kissinparis.com\/wp-content\/uploads\/2024\/01\/Vacation-Photographer-in-Paris-France-48-683x1024.jpg 683w, https:\/\/kissinparis.com\/wp-content\/uploads\/2024\/01\/Vacation-Photographer-in-Paris-France-48-200x300.jpg 200w, https:\/\/kissinparis.com\/wp-content\/uploads\/2024\/01\/Vacation-Photographer-in-Paris-France-48-768x1152.jpg 768w, https:\/\/kissinparis.com\/wp-content\/uploads\/2024\/01\/Vacation-Photographer-in-Paris-France-48-1024x1536.jpg 1024w, https:\/\/kissinparis.com\/wp-content\/uploads\/2024\/01\/Vacation-Photographer-in-Paris-France-48.jpg 1067w\" sizes=\"auto, (max-width: 683px) 100vw, 683px\" \/><\/a><figcaption class=\"wp-element-caption\">Fot\u00f3grafo de vacaciones en Par\u00eds, Francia<\/figcaption><\/figure>\n\n\n\n<figure class=\"wp-block-image size-large\"><a href=\"https:\/\/kissinparis.com\/wp-content\/uploads\/2024\/01\/Vacation-Photographer-in-Paris-France-59.jpg\" aria-label=\"Leer m\u00e1s sobre Fot\u00f3grafo de vacaciones en Par\u00eds, Francia\"><img loading=\"lazy\" decoding=\"async\" width=\"1024\" height=\"682\" data-id=\"15005\" src=\"https:\/\/kissinparis.com\/wp-content\/uploads\/2024\/01\/Vacation-Photographer-in-Paris-France-59-1024x682.jpg\" alt=\"Fot\u00f3grafo de vacaciones en Par\u00eds, Francia\" class=\"wp-image-15005\" srcset=\"https:\/\/kissinparis.com\/wp-content\/uploads\/2024\/01\/Vacation-Photographer-in-Paris-France-59-1024x682.jpg 1024w, https:\/\/kissinparis.com\/wp-content\/uploads\/2024\/01\/Vacation-Photographer-in-Paris-France-59-300x200.jpg 300w, https:\/\/kissinparis.com\/wp-content\/uploads\/2024\/01\/Vacation-Photographer-in-Paris-France-59-768x512.jpg 768w, https:\/\/kissinparis.com\/wp-content\/uploads\/2024\/01\/Vacation-Photographer-in-Paris-France-59-1536x1024.jpg 1536w, https:\/\/kissinparis.com\/wp-content\/uploads\/2024\/01\/Vacation-Photographer-in-Paris-France-59-1200x800.jpg 1200w, https:\/\/kissinparis.com\/wp-content\/uploads\/2024\/01\/Vacation-Photographer-in-Paris-France-59.jpg 1568w\" sizes=\"auto, (max-width: 1024px) 100vw, 1024px\" \/><\/a><figcaption class=\"wp-element-caption\">Fot\u00f3grafo de vacaciones en Par\u00eds, Francia<\/figcaption><\/figure>\n\n\n\n<figure class=\"wp-block-image size-large\"><a href=\"https:\/\/kissinparis.com\/wp-content\/uploads\/2024\/01\/Vacation-Photographer-in-Paris-France-7.jpg\" aria-label=\"Leer m\u00e1s sobre Fot\u00f3grafo de vacaciones en Par\u00eds, Francia\"><img loading=\"lazy\" decoding=\"async\" width=\"683\" height=\"1024\" data-id=\"14953\" src=\"https:\/\/kissinparis.com\/wp-content\/uploads\/2024\/01\/Vacation-Photographer-in-Paris-France-7-683x1024.jpg\" alt=\"Fot\u00f3grafo de vacaciones en Par\u00eds, Francia\" class=\"wp-image-14953\" srcset=\"https:\/\/kissinparis.com\/wp-content\/uploads\/2024\/01\/Vacation-Photographer-in-Paris-France-7-683x1024.jpg 683w, https:\/\/kissinparis.com\/wp-content\/uploads\/2024\/01\/Vacation-Photographer-in-Paris-France-7-200x300.jpg 200w, https:\/\/kissinparis.com\/wp-content\/uploads\/2024\/01\/Vacation-Photographer-in-Paris-France-7-768x1152.jpg 768w, https:\/\/kissinparis.com\/wp-content\/uploads\/2024\/01\/Vacation-Photographer-in-Paris-France-7-1024x1536.jpg 1024w, https:\/\/kissinparis.com\/wp-content\/uploads\/2024\/01\/Vacation-Photographer-in-Paris-France-7.jpg 1067w\" sizes=\"auto, (max-width: 683px) 100vw, 683px\" \/><\/a><figcaption class=\"wp-element-caption\">Fot\u00f3grafo de vacaciones en Par\u00eds, Francia<\/figcaption><\/figure>\n\n\n\n<figure class=\"wp-block-image size-large\"><a href=\"https:\/\/kissinparis.com\/wp-content\/uploads\/2024\/01\/Vacation-Photographer-in-Paris-France-27.jpg\" aria-label=\"Leer m\u00e1s sobre Fot\u00f3grafo de vacaciones en Par\u00eds, Francia\"><img loading=\"lazy\" decoding=\"async\" width=\"683\" height=\"1024\" data-id=\"14973\" src=\"https:\/\/kissinparis.com\/wp-content\/uploads\/2024\/01\/Vacation-Photographer-in-Paris-France-27-683x1024.jpg\" alt=\"Fot\u00f3grafo de vacaciones en Par\u00eds, Francia\" class=\"wp-image-14973\" srcset=\"https:\/\/kissinparis.com\/wp-content\/uploads\/2024\/01\/Vacation-Photographer-in-Paris-France-27-683x1024.jpg 683w, https:\/\/kissinparis.com\/wp-content\/uploads\/2024\/01\/Vacation-Photographer-in-Paris-France-27-200x300.jpg 200w, https:\/\/kissinparis.com\/wp-content\/uploads\/2024\/01\/Vacation-Photographer-in-Paris-France-27-768x1152.jpg 768w, https:\/\/kissinparis.com\/wp-content\/uploads\/2024\/01\/Vacation-Photographer-in-Paris-France-27-1024x1536.jpg 1024w, https:\/\/kissinparis.com\/wp-content\/uploads\/2024\/01\/Vacation-Photographer-in-Paris-France-27.jpg 1067w\" sizes=\"auto, (max-width: 683px) 100vw, 683px\" \/><\/a><figcaption class=\"wp-element-caption\">Fot\u00f3grafo de vacaciones en Par\u00eds, Francia<\/figcaption><\/figure>\n\n\n\n<figure class=\"wp-block-image size-large\"><a href=\"https:\/\/kissinparis.com\/wp-content\/uploads\/2024\/01\/Vacation-Photographer-in-Paris-France-65.jpg\" aria-label=\"Leer m\u00e1s sobre Fot\u00f3grafo de vacaciones en Par\u00eds, Francia\"><img loading=\"lazy\" decoding=\"async\" width=\"683\" height=\"1024\" data-id=\"15011\" src=\"https:\/\/kissinparis.com\/wp-content\/uploads\/2024\/01\/Vacation-Photographer-in-Paris-France-65-683x1024.jpg\" alt=\"Fot\u00f3grafo de vacaciones en Par\u00eds, Francia\" class=\"wp-image-15011\" srcset=\"https:\/\/kissinparis.com\/wp-content\/uploads\/2024\/01\/Vacation-Photographer-in-Paris-France-65-683x1024.jpg 683w, https:\/\/kissinparis.com\/wp-content\/uploads\/2024\/01\/Vacation-Photographer-in-Paris-France-65-200x300.jpg 200w, https:\/\/kissinparis.com\/wp-content\/uploads\/2024\/01\/Vacation-Photographer-in-Paris-France-65-768x1152.jpg 768w, https:\/\/kissinparis.com\/wp-content\/uploads\/2024\/01\/Vacation-Photographer-in-Paris-France-65-1024x1536.jpg 1024w, https:\/\/kissinparis.com\/wp-content\/uploads\/2024\/01\/Vacation-Photographer-in-Paris-France-65.jpg 1067w\" sizes=\"auto, (max-width: 683px) 100vw, 683px\" \/><\/a><figcaption class=\"wp-element-caption\">Fot\u00f3grafo de vacaciones en Par\u00eds, Francia<\/figcaption><\/figure>\n\n\n\n<figure class=\"wp-block-image size-large\"><a href=\"https:\/\/kissinparis.com\/wp-content\/uploads\/2024\/01\/Vacation-Photographer-in-Paris-France-64.jpg\" aria-label=\"Leer m\u00e1s sobre Fot\u00f3grafo de vacaciones en Par\u00eds, Francia\"><img loading=\"lazy\" decoding=\"async\" width=\"683\" height=\"1024\" data-id=\"15010\" src=\"https:\/\/kissinparis.com\/wp-content\/uploads\/2024\/01\/Vacation-Photographer-in-Paris-France-64-683x1024.jpg\" alt=\"Fot\u00f3grafo de vacaciones en Par\u00eds, Francia\" class=\"wp-image-15010\" srcset=\"https:\/\/kissinparis.com\/wp-content\/uploads\/2024\/01\/Vacation-Photographer-in-Paris-France-64-683x1024.jpg 683w, https:\/\/kissinparis.com\/wp-content\/uploads\/2024\/01\/Vacation-Photographer-in-Paris-France-64-200x300.jpg 200w, https:\/\/kissinparis.com\/wp-content\/uploads\/2024\/01\/Vacation-Photographer-in-Paris-France-64-768x1152.jpg 768w, https:\/\/kissinparis.com\/wp-content\/uploads\/2024\/01\/Vacation-Photographer-in-Paris-France-64-1024x1536.jpg 1024w, https:\/\/kissinparis.com\/wp-content\/uploads\/2024\/01\/Vacation-Photographer-in-Paris-France-64.jpg 1067w\" sizes=\"auto, (max-width: 683px) 100vw, 683px\" \/><\/a><figcaption class=\"wp-element-caption\">Fot\u00f3grafo de vacaciones en Par\u00eds, Francia<\/figcaption><\/figure>\n\n\n\n<figure class=\"wp-block-image size-large\"><a href=\"https:\/\/kissinparis.com\/wp-content\/uploads\/2024\/01\/Vacation-Photographer-in-Paris-France-40.jpg\" aria-label=\"Leer m\u00e1s sobre Fot\u00f3grafo de vacaciones en Par\u00eds, Francia\"><img loading=\"lazy\" decoding=\"async\" width=\"683\" height=\"1024\" data-id=\"14986\" src=\"https:\/\/kissinparis.com\/wp-content\/uploads\/2024\/01\/Vacation-Photographer-in-Paris-France-40-683x1024.jpg\" alt=\"Fot\u00f3grafo de vacaciones en Par\u00eds, Francia\" class=\"wp-image-14986\" srcset=\"https:\/\/kissinparis.com\/wp-content\/uploads\/2024\/01\/Vacation-Photographer-in-Paris-France-40-683x1024.jpg 683w, https:\/\/kissinparis.com\/wp-content\/uploads\/2024\/01\/Vacation-Photographer-in-Paris-France-40-200x300.jpg 200w, https:\/\/kissinparis.com\/wp-content\/uploads\/2024\/01\/Vacation-Photographer-in-Paris-France-40-768x1152.jpg 768w, https:\/\/kissinparis.com\/wp-content\/uploads\/2024\/01\/Vacation-Photographer-in-Paris-France-40-1024x1536.jpg 1024w, https:\/\/kissinparis.com\/wp-content\/uploads\/2024\/01\/Vacation-Photographer-in-Paris-France-40.jpg 1067w\" sizes=\"auto, (max-width: 683px) 100vw, 683px\" \/><\/a><figcaption class=\"wp-element-caption\">Fot\u00f3grafo de vacaciones en Par\u00eds, Francia<\/figcaption><\/figure>\n\n\n\n<figure class=\"wp-block-image size-large\"><a href=\"https:\/\/kissinparis.com\/wp-content\/uploads\/2024\/01\/Vacation-Photographer-in-Paris-France-51.jpg\" aria-label=\"Leer m\u00e1s sobre Fot\u00f3grafo de vacaciones en Par\u00eds, Francia\"><img loading=\"lazy\" decoding=\"async\" width=\"683\" height=\"1024\" data-id=\"14997\" src=\"https:\/\/kissinparis.com\/wp-content\/uploads\/2024\/01\/Vacation-Photographer-in-Paris-France-51-683x1024.jpg\" alt=\"Fot\u00f3grafo de vacaciones en Par\u00eds, Francia\" class=\"wp-image-14997\" srcset=\"https:\/\/kissinparis.com\/wp-content\/uploads\/2024\/01\/Vacation-Photographer-in-Paris-France-51-683x1024.jpg 683w, https:\/\/kissinparis.com\/wp-content\/uploads\/2024\/01\/Vacation-Photographer-in-Paris-France-51-200x300.jpg 200w, https:\/\/kissinparis.com\/wp-content\/uploads\/2024\/01\/Vacation-Photographer-in-Paris-France-51-768x1152.jpg 768w, https:\/\/kissinparis.com\/wp-content\/uploads\/2024\/01\/Vacation-Photographer-in-Paris-France-51-1024x1536.jpg 1024w, https:\/\/kissinparis.com\/wp-content\/uploads\/2024\/01\/Vacation-Photographer-in-Paris-France-51.jpg 1067w\" sizes=\"auto, (max-width: 683px) 100vw, 683px\" \/><\/a><figcaption class=\"wp-element-caption\">Fot\u00f3grafo de vacaciones en Par\u00eds, Francia<\/figcaption><\/figure>\n\n\n\n<figure class=\"wp-block-image size-large\"><a href=\"https:\/\/kissinparis.com\/wp-content\/uploads\/2024\/01\/Vacation-Photographer-in-Paris-France-29.jpg\" aria-label=\"Leer m\u00e1s sobre Fot\u00f3grafo de vacaciones en Par\u00eds, Francia\"><img loading=\"lazy\" decoding=\"async\" width=\"683\" height=\"1024\" data-id=\"14975\" src=\"https:\/\/kissinparis.com\/wp-content\/uploads\/2024\/01\/Vacation-Photographer-in-Paris-France-29-683x1024.jpg\" alt=\"Fot\u00f3grafo de vacaciones en Par\u00eds, Francia\" class=\"wp-image-14975\" srcset=\"https:\/\/kissinparis.com\/wp-content\/uploads\/2024\/01\/Vacation-Photographer-in-Paris-France-29-683x1024.jpg 683w, https:\/\/kissinparis.com\/wp-content\/uploads\/2024\/01\/Vacation-Photographer-in-Paris-France-29-200x300.jpg 200w, https:\/\/kissinparis.com\/wp-content\/uploads\/2024\/01\/Vacation-Photographer-in-Paris-France-29-768x1152.jpg 768w, https:\/\/kissinparis.com\/wp-content\/uploads\/2024\/01\/Vacation-Photographer-in-Paris-France-29-1024x1536.jpg 1024w, https:\/\/kissinparis.com\/wp-content\/uploads\/2024\/01\/Vacation-Photographer-in-Paris-France-29.jpg 1067w\" sizes=\"auto, (max-width: 683px) 100vw, 683px\" \/><\/a><figcaption class=\"wp-element-caption\">Fot\u00f3grafo de vacaciones en Par\u00eds, Francia<\/figcaption><\/figure>\n\n\n\n<figure class=\"wp-block-image size-large\"><a href=\"https:\/\/kissinparis.com\/wp-content\/uploads\/2024\/01\/Vacation-Photographer-in-Paris-France-20.jpg\" aria-label=\"Leer m\u00e1s sobre Fot\u00f3grafo de vacaciones en Par\u00eds, Francia\"><img loading=\"lazy\" decoding=\"async\" width=\"683\" height=\"1024\" data-id=\"14966\" src=\"https:\/\/kissinparis.com\/wp-content\/uploads\/2024\/01\/Vacation-Photographer-in-Paris-France-20-683x1024.jpg\" alt=\"Fot\u00f3grafo de vacaciones en Par\u00eds, Francia\" class=\"wp-image-14966\" srcset=\"https:\/\/kissinparis.com\/wp-content\/uploads\/2024\/01\/Vacation-Photographer-in-Paris-France-20-683x1024.jpg 683w, https:\/\/kissinparis.com\/wp-content\/uploads\/2024\/01\/Vacation-Photographer-in-Paris-France-20-200x300.jpg 200w, https:\/\/kissinparis.com\/wp-content\/uploads\/2024\/01\/Vacation-Photographer-in-Paris-France-20-768x1152.jpg 768w, https:\/\/kissinparis.com\/wp-content\/uploads\/2024\/01\/Vacation-Photographer-in-Paris-France-20-1024x1536.jpg 1024w, https:\/\/kissinparis.com\/wp-content\/uploads\/2024\/01\/Vacation-Photographer-in-Paris-France-20.jpg 1067w\" sizes=\"auto, (max-width: 683px) 100vw, 683px\" \/><\/a><figcaption class=\"wp-element-caption\">Fot\u00f3grafo de vacaciones en Par\u00eds, Francia<\/figcaption><\/figure>\n\n\n\n<figure class=\"wp-block-image size-large\"><a href=\"https:\/\/kissinparis.com\/wp-content\/uploads\/2024\/01\/Vacation-Photographer-in-Paris-France-30.jpg\" aria-label=\"Leer m\u00e1s sobre Fot\u00f3grafo de vacaciones en Par\u00eds, Francia\"><img loading=\"lazy\" decoding=\"async\" width=\"683\" height=\"1024\" data-id=\"14976\" src=\"https:\/\/kissinparis.com\/wp-content\/uploads\/2024\/01\/Vacation-Photographer-in-Paris-France-30-683x1024.jpg\" alt=\"Fot\u00f3grafo de vacaciones en Par\u00eds, Francia\" class=\"wp-image-14976\" srcset=\"https:\/\/kissinparis.com\/wp-content\/uploads\/2024\/01\/Vacation-Photographer-in-Paris-France-30-683x1024.jpg 683w, https:\/\/kissinparis.com\/wp-content\/uploads\/2024\/01\/Vacation-Photographer-in-Paris-France-30-200x300.jpg 200w, https:\/\/kissinparis.com\/wp-content\/uploads\/2024\/01\/Vacation-Photographer-in-Paris-France-30-768x1152.jpg 768w, https:\/\/kissinparis.com\/wp-content\/uploads\/2024\/01\/Vacation-Photographer-in-Paris-France-30-1024x1536.jpg 1024w, https:\/\/kissinparis.com\/wp-content\/uploads\/2024\/01\/Vacation-Photographer-in-Paris-France-30.jpg 1067w\" sizes=\"auto, (max-width: 683px) 100vw, 683px\" \/><\/a><figcaption class=\"wp-element-caption\">Fot\u00f3grafo de vacaciones en Par\u00eds, Francia<\/figcaption><\/figure>\n\n\n\n<figure class=\"wp-block-image size-large\"><a href=\"https:\/\/kissinparis.com\/wp-content\/uploads\/2024\/01\/Vacation-Photographer-in-Paris-France-10.jpg\" aria-label=\"Leer m\u00e1s sobre Fot\u00f3grafo de vacaciones en Par\u00eds, Francia\"><img loading=\"lazy\" decoding=\"async\" width=\"1024\" height=\"683\" data-id=\"14956\" src=\"https:\/\/kissinparis.com\/wp-content\/uploads\/2024\/01\/Vacation-Photographer-in-Paris-France-10-1024x683.jpg\" alt=\"Fot\u00f3grafo de vacaciones en Par\u00eds, Francia\" class=\"wp-image-14956\" srcset=\"https:\/\/kissinparis.com\/wp-content\/uploads\/2024\/01\/Vacation-Photographer-in-Paris-France-10-1024x683.jpg 1024w, https:\/\/kissinparis.com\/wp-content\/uploads\/2024\/01\/Vacation-Photographer-in-Paris-France-10-300x200.jpg 300w, https:\/\/kissinparis.com\/wp-content\/uploads\/2024\/01\/Vacation-Photographer-in-Paris-France-10-768x512.jpg 768w, https:\/\/kissinparis.com\/wp-content\/uploads\/2024\/01\/Vacation-Photographer-in-Paris-France-10-1536x1024.jpg 1536w, https:\/\/kissinparis.com\/wp-content\/uploads\/2024\/01\/Vacation-Photographer-in-Paris-France-10-1200x800.jpg 1200w, https:\/\/kissinparis.com\/wp-content\/uploads\/2024\/01\/Vacation-Photographer-in-Paris-France-10.jpg 1600w\" sizes=\"auto, (max-width: 1024px) 100vw, 1024px\" \/><\/a><figcaption class=\"wp-element-caption\">Fot\u00f3grafo de vacaciones en Par\u00eds, Francia<\/figcaption><\/figure>\n\n\n\n<figure class=\"wp-block-image size-large\"><a href=\"https:\/\/kissinparis.com\/wp-content\/uploads\/2024\/01\/Vacation-Photographer-in-Paris-France-34.jpg\" aria-label=\"Leer m\u00e1s sobre Fot\u00f3grafo de vacaciones en Par\u00eds, Francia\"><img loading=\"lazy\" decoding=\"async\" width=\"683\" height=\"1024\" data-id=\"14980\" src=\"https:\/\/kissinparis.com\/wp-content\/uploads\/2024\/01\/Vacation-Photographer-in-Paris-France-34-683x1024.jpg\" alt=\"Fot\u00f3grafo de vacaciones en Par\u00eds, Francia\" class=\"wp-image-14980\" srcset=\"https:\/\/kissinparis.com\/wp-content\/uploads\/2024\/01\/Vacation-Photographer-in-Paris-France-34-683x1024.jpg 683w, https:\/\/kissinparis.com\/wp-content\/uploads\/2024\/01\/Vacation-Photographer-in-Paris-France-34-200x300.jpg 200w, https:\/\/kissinparis.com\/wp-content\/uploads\/2024\/01\/Vacation-Photographer-in-Paris-France-34-768x1152.jpg 768w, https:\/\/kissinparis.com\/wp-content\/uploads\/2024\/01\/Vacation-Photographer-in-Paris-France-34-1024x1536.jpg 1024w, https:\/\/kissinparis.com\/wp-content\/uploads\/2024\/01\/Vacation-Photographer-in-Paris-France-34.jpg 1067w\" sizes=\"auto, (max-width: 683px) 100vw, 683px\" \/><\/a><figcaption class=\"wp-element-caption\">Fot\u00f3grafo de vacaciones en Par\u00eds, Francia<\/figcaption><\/figure>\n\n\n\n<figure class=\"wp-block-image size-large\"><a href=\"https:\/\/kissinparis.com\/wp-content\/uploads\/2024\/01\/Vacation-Photographer-in-Paris-France-50.jpg\" aria-label=\"Leer m\u00e1s sobre Fot\u00f3grafo de vacaciones en Par\u00eds, Francia\"><img loading=\"lazy\" decoding=\"async\" width=\"683\" height=\"1024\" data-id=\"14996\" src=\"https:\/\/kissinparis.com\/wp-content\/uploads\/2024\/01\/Vacation-Photographer-in-Paris-France-50-683x1024.jpg\" alt=\"Fot\u00f3grafo de vacaciones en Par\u00eds, Francia\" class=\"wp-image-14996\" srcset=\"https:\/\/kissinparis.com\/wp-content\/uploads\/2024\/01\/Vacation-Photographer-in-Paris-France-50-683x1024.jpg 683w, https:\/\/kissinparis.com\/wp-content\/uploads\/2024\/01\/Vacation-Photographer-in-Paris-France-50-200x300.jpg 200w, https:\/\/kissinparis.com\/wp-content\/uploads\/2024\/01\/Vacation-Photographer-in-Paris-France-50-768x1152.jpg 768w, https:\/\/kissinparis.com\/wp-content\/uploads\/2024\/01\/Vacation-Photographer-in-Paris-France-50-1024x1536.jpg 1024w, https:\/\/kissinparis.com\/wp-content\/uploads\/2024\/01\/Vacation-Photographer-in-Paris-France-50.jpg 1067w\" sizes=\"auto, (max-width: 683px) 100vw, 683px\" \/><\/a><figcaption class=\"wp-element-caption\">Fot\u00f3grafo de vacaciones en Par\u00eds, Francia<\/figcaption><\/figure>\n\n\n\n<figure class=\"wp-block-image size-large\"><a href=\"https:\/\/kissinparis.com\/wp-content\/uploads\/2024\/01\/Vacation-Photographer-in-Paris-France-15.jpg\" aria-label=\"Leer m\u00e1s sobre Fot\u00f3grafo de vacaciones en Par\u00eds, Francia\"><img loading=\"lazy\" decoding=\"async\" width=\"683\" height=\"1024\" data-id=\"14961\" src=\"https:\/\/kissinparis.com\/wp-content\/uploads\/2024\/01\/Vacation-Photographer-in-Paris-France-15-683x1024.jpg\" alt=\"Fot\u00f3grafo de vacaciones en Par\u00eds, Francia\" class=\"wp-image-14961\" srcset=\"https:\/\/kissinparis.com\/wp-content\/uploads\/2024\/01\/Vacation-Photographer-in-Paris-France-15-683x1024.jpg 683w, https:\/\/kissinparis.com\/wp-content\/uploads\/2024\/01\/Vacation-Photographer-in-Paris-France-15-200x300.jpg 200w, https:\/\/kissinparis.com\/wp-content\/uploads\/2024\/01\/Vacation-Photographer-in-Paris-France-15-768x1152.jpg 768w, https:\/\/kissinparis.com\/wp-content\/uploads\/2024\/01\/Vacation-Photographer-in-Paris-France-15-1024x1536.jpg 1024w, https:\/\/kissinparis.com\/wp-content\/uploads\/2024\/01\/Vacation-Photographer-in-Paris-France-15.jpg 1067w\" sizes=\"auto, (max-width: 683px) 100vw, 683px\" \/><\/a><figcaption class=\"wp-element-caption\">Fot\u00f3grafo de vacaciones en Par\u00eds, Francia<\/figcaption><\/figure>\n\n\n\n<figure class=\"wp-block-image size-large object-right\"><a href=\"https:\/\/kissinparis.com\/wp-content\/uploads\/2024\/01\/Vacation-Photographer-in-Paris-France-16.jpg\" aria-label=\"Leer m\u00e1s sobre Fot\u00f3grafo de vacaciones en Par\u00eds, Francia\"><img loading=\"lazy\" decoding=\"async\" width=\"1024\" height=\"683\" data-id=\"14962\" src=\"https:\/\/kissinparis.com\/wp-content\/uploads\/2024\/01\/Vacation-Photographer-in-Paris-France-16-1024x683.jpg\" alt=\"Fot\u00f3grafo de vacaciones en Par\u00eds, Francia\" class=\"wp-image-14962\" srcset=\"https:\/\/kissinparis.com\/wp-content\/uploads\/2024\/01\/Vacation-Photographer-in-Paris-France-16-1024x683.jpg 1024w, https:\/\/kissinparis.com\/wp-content\/uploads\/2024\/01\/Vacation-Photographer-in-Paris-France-16-300x200.jpg 300w, https:\/\/kissinparis.com\/wp-content\/uploads\/2024\/01\/Vacation-Photographer-in-Paris-France-16-768x512.jpg 768w, https:\/\/kissinparis.com\/wp-content\/uploads\/2024\/01\/Vacation-Photographer-in-Paris-France-16-1536x1024.jpg 1536w, https:\/\/kissinparis.com\/wp-content\/uploads\/2024\/01\/Vacation-Photographer-in-Paris-France-16-1200x800.jpg 1200w, https:\/\/kissinparis.com\/wp-content\/uploads\/2024\/01\/Vacation-Photographer-in-Paris-France-16.jpg 1600w\" sizes=\"auto, (max-width: 1024px) 100vw, 1024px\" \/><\/a><figcaption class=\"wp-element-caption\">Fot\u00f3grafo de vacaciones en Par\u00eds, Francia<\/figcaption><\/figure>\n\n\n\n<figure class=\"wp-block-image size-large\"><a href=\"https:\/\/kissinparis.com\/wp-content\/uploads\/2024\/01\/Vacation-Photographer-in-Paris-France-26.jpg\" aria-label=\"Leer m\u00e1s sobre Fot\u00f3grafo de vacaciones en Par\u00eds, Francia\"><img loading=\"lazy\" decoding=\"async\" width=\"683\" height=\"1024\" data-id=\"14972\" src=\"https:\/\/kissinparis.com\/wp-content\/uploads\/2024\/01\/Vacation-Photographer-in-Paris-France-26-683x1024.jpg\" alt=\"Fot\u00f3grafo de vacaciones en Par\u00eds, Francia\" class=\"wp-image-14972\" srcset=\"https:\/\/kissinparis.com\/wp-content\/uploads\/2024\/01\/Vacation-Photographer-in-Paris-France-26-683x1024.jpg 683w, https:\/\/kissinparis.com\/wp-content\/uploads\/2024\/01\/Vacation-Photographer-in-Paris-France-26-200x300.jpg 200w, https:\/\/kissinparis.com\/wp-content\/uploads\/2024\/01\/Vacation-Photographer-in-Paris-France-26-768x1152.jpg 768w, https:\/\/kissinparis.com\/wp-content\/uploads\/2024\/01\/Vacation-Photographer-in-Paris-France-26-1024x1536.jpg 1024w, https:\/\/kissinparis.com\/wp-content\/uploads\/2024\/01\/Vacation-Photographer-in-Paris-France-26.jpg 1067w\" sizes=\"auto, (max-width: 683px) 100vw, 683px\" \/><\/a><figcaption class=\"wp-element-caption\">Fot\u00f3grafo de vacaciones en Par\u00eds, Francia<\/figcaption><\/figure>\n\n\n\n<figure class=\"wp-block-image size-large\"><a href=\"https:\/\/kissinparis.com\/wp-content\/uploads\/2024\/01\/Vacation-Photographer-in-Paris-France-9.jpg\" aria-label=\"Leer m\u00e1s sobre Fot\u00f3grafo de vacaciones en Par\u00eds, Francia\"><img loading=\"lazy\" decoding=\"async\" width=\"1024\" height=\"683\" data-id=\"14955\" src=\"https:\/\/kissinparis.com\/wp-content\/uploads\/2024\/01\/Vacation-Photographer-in-Paris-France-9-1024x683.jpg\" alt=\"Fot\u00f3grafo de vacaciones en Par\u00eds, Francia\" class=\"wp-image-14955\" srcset=\"https:\/\/kissinparis.com\/wp-content\/uploads\/2024\/01\/Vacation-Photographer-in-Paris-France-9-1024x683.jpg 1024w, https:\/\/kissinparis.com\/wp-content\/uploads\/2024\/01\/Vacation-Photographer-in-Paris-France-9-300x200.jpg 300w, https:\/\/kissinparis.com\/wp-content\/uploads\/2024\/01\/Vacation-Photographer-in-Paris-France-9-768x512.jpg 768w, https:\/\/kissinparis.com\/wp-content\/uploads\/2024\/01\/Vacation-Photographer-in-Paris-France-9-1536x1024.jpg 1536w, https:\/\/kissinparis.com\/wp-content\/uploads\/2024\/01\/Vacation-Photographer-in-Paris-France-9-1200x800.jpg 1200w, https:\/\/kissinparis.com\/wp-content\/uploads\/2024\/01\/Vacation-Photographer-in-Paris-France-9.jpg 1600w\" sizes=\"auto, (max-width: 1024px) 100vw, 1024px\" \/><\/a><figcaption class=\"wp-element-caption\">Fot\u00f3grafo de vacaciones en Par\u00eds, Francia<\/figcaption><\/figure>\n\n\n\n<figure class=\"wp-block-image size-large\"><a href=\"https:\/\/kissinparis.com\/wp-content\/uploads\/2024\/01\/Vacation-Photographer-in-Paris-France-60.jpg\" aria-label=\"Leer m\u00e1s sobre Fot\u00f3grafo de vacaciones en Par\u00eds, Francia\"><img loading=\"lazy\" decoding=\"async\" width=\"1024\" height=\"683\" data-id=\"15006\" src=\"https:\/\/kissinparis.com\/wp-content\/uploads\/2024\/01\/Vacation-Photographer-in-Paris-France-60-1024x683.jpg\" alt=\"Fot\u00f3grafo de vacaciones en Par\u00eds, Francia\" class=\"wp-image-15006\" srcset=\"https:\/\/kissinparis.com\/wp-content\/uploads\/2024\/01\/Vacation-Photographer-in-Paris-France-60-1024x683.jpg 1024w, https:\/\/kissinparis.com\/wp-content\/uploads\/2024\/01\/Vacation-Photographer-in-Paris-France-60-300x200.jpg 300w, https:\/\/kissinparis.com\/wp-content\/uploads\/2024\/01\/Vacation-Photographer-in-Paris-France-60-768x512.jpg 768w, https:\/\/kissinparis.com\/wp-content\/uploads\/2024\/01\/Vacation-Photographer-in-Paris-France-60-1536x1024.jpg 1536w, https:\/\/kissinparis.com\/wp-content\/uploads\/2024\/01\/Vacation-Photographer-in-Paris-France-60-1200x800.jpg 1200w, https:\/\/kissinparis.com\/wp-content\/uploads\/2024\/01\/Vacation-Photographer-in-Paris-France-60.jpg 1600w\" sizes=\"auto, (max-width: 1024px) 100vw, 1024px\" \/><\/a><figcaption class=\"wp-element-caption\">Fot\u00f3grafo de vacaciones en Par\u00eds, Francia<\/figcaption><\/figure>\n\n\n\n<figure class=\"wp-block-image size-large\"><a href=\"https:\/\/kissinparis.com\/wp-content\/uploads\/2024\/01\/Vacation-Photographer-in-Paris-France-24.jpg\" aria-label=\"Leer m\u00e1s sobre Fot\u00f3grafo de vacaciones en Par\u00eds, Francia\"><img loading=\"lazy\" decoding=\"async\" width=\"683\" height=\"1024\" data-id=\"14970\" src=\"https:\/\/kissinparis.com\/wp-content\/uploads\/2024\/01\/Vacation-Photographer-in-Paris-France-24-683x1024.jpg\" alt=\"Fot\u00f3grafo de vacaciones en Par\u00eds, Francia\" class=\"wp-image-14970\" srcset=\"https:\/\/kissinparis.com\/wp-content\/uploads\/2024\/01\/Vacation-Photographer-in-Paris-France-24-683x1024.jpg 683w, https:\/\/kissinparis.com\/wp-content\/uploads\/2024\/01\/Vacation-Photographer-in-Paris-France-24-200x300.jpg 200w, https:\/\/kissinparis.com\/wp-content\/uploads\/2024\/01\/Vacation-Photographer-in-Paris-France-24-768x1152.jpg 768w, https:\/\/kissinparis.com\/wp-content\/uploads\/2024\/01\/Vacation-Photographer-in-Paris-France-24-1024x1536.jpg 1024w, https:\/\/kissinparis.com\/wp-content\/uploads\/2024\/01\/Vacation-Photographer-in-Paris-France-24.jpg 1067w\" sizes=\"auto, (max-width: 683px) 100vw, 683px\" \/><\/a><figcaption class=\"wp-element-caption\">Fot\u00f3grafo de vacaciones en Par\u00eds, Francia<\/figcaption><\/figure>\n\n\n\n<figure class=\"wp-block-image size-large\"><a href=\"https:\/\/kissinparis.com\/wp-content\/uploads\/2024\/01\/Vacation-Photographer-in-Paris-France-46.jpg\" aria-label=\"Leer m\u00e1s sobre Fot\u00f3grafo de vacaciones en Par\u00eds, Francia\"><img loading=\"lazy\" decoding=\"async\" width=\"683\" height=\"1024\" data-id=\"14992\" src=\"https:\/\/kissinparis.com\/wp-content\/uploads\/2024\/01\/Vacation-Photographer-in-Paris-France-46-683x1024.jpg\" alt=\"Fot\u00f3grafo de vacaciones en Par\u00eds, Francia\" class=\"wp-image-14992\" srcset=\"https:\/\/kissinparis.com\/wp-content\/uploads\/2024\/01\/Vacation-Photographer-in-Paris-France-46-683x1024.jpg 683w, https:\/\/kissinparis.com\/wp-content\/uploads\/2024\/01\/Vacation-Photographer-in-Paris-France-46-200x300.jpg 200w, https:\/\/kissinparis.com\/wp-content\/uploads\/2024\/01\/Vacation-Photographer-in-Paris-France-46-768x1152.jpg 768w, https:\/\/kissinparis.com\/wp-content\/uploads\/2024\/01\/Vacation-Photographer-in-Paris-France-46-1024x1536.jpg 1024w, https:\/\/kissinparis.com\/wp-content\/uploads\/2024\/01\/Vacation-Photographer-in-Paris-France-46.jpg 1067w\" sizes=\"auto, (max-width: 683px) 100vw, 683px\" \/><\/a><figcaption class=\"wp-element-caption\">Fot\u00f3grafo de vacaciones en Par\u00eds, Francia<\/figcaption><\/figure>\n\n\n\n<figure class=\"wp-block-image size-large\"><a href=\"https:\/\/kissinparis.com\/wp-content\/uploads\/2024\/01\/Vacation-Photographer-in-Paris-France-62.jpg\" aria-label=\"Leer m\u00e1s sobre Fot\u00f3grafo de vacaciones en Par\u00eds, Francia\"><img loading=\"lazy\" decoding=\"async\" width=\"1024\" height=\"683\" data-id=\"15008\" src=\"https:\/\/kissinparis.com\/wp-content\/uploads\/2024\/01\/Vacation-Photographer-in-Paris-France-62-1024x683.jpg\" alt=\"Fot\u00f3grafo de vacaciones en Par\u00eds, Francia\" class=\"wp-image-15008\" srcset=\"https:\/\/kissinparis.com\/wp-content\/uploads\/2024\/01\/Vacation-Photographer-in-Paris-France-62-1024x683.jpg 1024w, https:\/\/kissinparis.com\/wp-content\/uploads\/2024\/01\/Vacation-Photographer-in-Paris-France-62-300x200.jpg 300w, https:\/\/kissinparis.com\/wp-content\/uploads\/2024\/01\/Vacation-Photographer-in-Paris-France-62-768x512.jpg 768w, https:\/\/kissinparis.com\/wp-content\/uploads\/2024\/01\/Vacation-Photographer-in-Paris-France-62-1536x1024.jpg 1536w, https:\/\/kissinparis.com\/wp-content\/uploads\/2024\/01\/Vacation-Photographer-in-Paris-France-62-1200x800.jpg 1200w, https:\/\/kissinparis.com\/wp-content\/uploads\/2024\/01\/Vacation-Photographer-in-Paris-France-62.jpg 1600w\" sizes=\"auto, (max-width: 1024px) 100vw, 1024px\" \/><\/a><figcaption class=\"wp-element-caption\">Fot\u00f3grafo de vacaciones en Par\u00eds, Francia<\/figcaption><\/figure>\n\n\n\n<figure class=\"wp-block-image size-large\"><a href=\"https:\/\/kissinparis.com\/wp-content\/uploads\/2024\/01\/Vacation-Photographer-in-Paris-France-56.jpg\" aria-label=\"Leer m\u00e1s sobre Fot\u00f3grafo de vacaciones en Par\u00eds, Francia\"><img loading=\"lazy\" decoding=\"async\" width=\"683\" height=\"1024\" data-id=\"15002\" src=\"https:\/\/kissinparis.com\/wp-content\/uploads\/2024\/01\/Vacation-Photographer-in-Paris-France-56-683x1024.jpg\" alt=\"Fot\u00f3grafo de vacaciones en Par\u00eds, Francia\" class=\"wp-image-15002\" srcset=\"https:\/\/kissinparis.com\/wp-content\/uploads\/2024\/01\/Vacation-Photographer-in-Paris-France-56-683x1024.jpg 683w, https:\/\/kissinparis.com\/wp-content\/uploads\/2024\/01\/Vacation-Photographer-in-Paris-France-56-200x300.jpg 200w, https:\/\/kissinparis.com\/wp-content\/uploads\/2024\/01\/Vacation-Photographer-in-Paris-France-56-768x1152.jpg 768w, https:\/\/kissinparis.com\/wp-content\/uploads\/2024\/01\/Vacation-Photographer-in-Paris-France-56-1024x1536.jpg 1024w, https:\/\/kissinparis.com\/wp-content\/uploads\/2024\/01\/Vacation-Photographer-in-Paris-France-56.jpg 1067w\" sizes=\"auto, (max-width: 683px) 100vw, 683px\" \/><\/a><figcaption class=\"wp-element-caption\">Fot\u00f3grafo de vacaciones en Par\u00eds, Francia<\/figcaption><\/figure>\n\n\n\n<figure class=\"wp-block-image size-large object-right-most\"><a href=\"https:\/\/kissinparis.com\/wp-content\/uploads\/2024\/01\/Vacation-Photographer-in-Paris-France-54.jpg\" aria-label=\"Leer m\u00e1s sobre Fot\u00f3grafo de vacaciones en Par\u00eds, Francia\"><img loading=\"lazy\" decoding=\"async\" width=\"1024\" height=\"683\" data-id=\"15000\" src=\"https:\/\/kissinparis.com\/wp-content\/uploads\/2024\/01\/Vacation-Photographer-in-Paris-France-54-1024x683.jpg\" alt=\"Fot\u00f3grafo de vacaciones en Par\u00eds, Francia\" class=\"wp-image-15000\" srcset=\"https:\/\/kissinparis.com\/wp-content\/uploads\/2024\/01\/Vacation-Photographer-in-Paris-France-54-1024x683.jpg 1024w, https:\/\/kissinparis.com\/wp-content\/uploads\/2024\/01\/Vacation-Photographer-in-Paris-France-54-300x200.jpg 300w, https:\/\/kissinparis.com\/wp-content\/uploads\/2024\/01\/Vacation-Photographer-in-Paris-France-54-768x512.jpg 768w, https:\/\/kissinparis.com\/wp-content\/uploads\/2024\/01\/Vacation-Photographer-in-Paris-France-54-1536x1024.jpg 1536w, https:\/\/kissinparis.com\/wp-content\/uploads\/2024\/01\/Vacation-Photographer-in-Paris-France-54-1200x800.jpg 1200w, https:\/\/kissinparis.com\/wp-content\/uploads\/2024\/01\/Vacation-Photographer-in-Paris-France-54.jpg 1600w\" sizes=\"auto, (max-width: 1024px) 100vw, 1024px\" \/><\/a><figcaption class=\"wp-element-caption\">Fot\u00f3grafo de vacaciones en Par\u00eds, Francia<\/figcaption><\/figure>\n\n\n\n<figure class=\"wp-block-image size-large\"><a href=\"https:\/\/kissinparis.com\/wp-content\/uploads\/2024\/01\/Vacation-Photographer-in-Paris-France-58.jpg\" aria-label=\"Leer m\u00e1s sobre Fot\u00f3grafo de vacaciones en Par\u00eds, Francia\"><img loading=\"lazy\" decoding=\"async\" width=\"683\" height=\"1024\" data-id=\"15004\" src=\"https:\/\/kissinparis.com\/wp-content\/uploads\/2024\/01\/Vacation-Photographer-in-Paris-France-58-683x1024.jpg\" alt=\"Fot\u00f3grafo de vacaciones en Par\u00eds, Francia\" class=\"wp-image-15004\" srcset=\"https:\/\/kissinparis.com\/wp-content\/uploads\/2024\/01\/Vacation-Photographer-in-Paris-France-58-683x1024.jpg 683w, https:\/\/kissinparis.com\/wp-content\/uploads\/2024\/01\/Vacation-Photographer-in-Paris-France-58-200x300.jpg 200w, https:\/\/kissinparis.com\/wp-content\/uploads\/2024\/01\/Vacation-Photographer-in-Paris-France-58-768x1152.jpg 768w, https:\/\/kissinparis.com\/wp-content\/uploads\/2024\/01\/Vacation-Photographer-in-Paris-France-58-1024x1536.jpg 1024w, https:\/\/kissinparis.com\/wp-content\/uploads\/2024\/01\/Vacation-Photographer-in-Paris-France-58.jpg 1067w\" sizes=\"auto, (max-width: 683px) 100vw, 683px\" \/><\/a><figcaption class=\"wp-element-caption\">Fot\u00f3grafo de vacaciones en Par\u00eds, Francia<\/figcaption><\/figure>\n\n\n\n<figure class=\"wp-block-image size-large\"><a href=\"https:\/\/kissinparis.com\/wp-content\/uploads\/2024\/01\/Vacation-Photographer-in-Paris-France-53.jpg\" aria-label=\"Leer m\u00e1s sobre Fot\u00f3grafo de vacaciones en Par\u00eds, Francia\"><img loading=\"lazy\" decoding=\"async\" width=\"683\" height=\"1024\" data-id=\"14999\" src=\"https:\/\/kissinparis.com\/wp-content\/uploads\/2024\/01\/Vacation-Photographer-in-Paris-France-53-683x1024.jpg\" alt=\"Fot\u00f3grafo de vacaciones en Par\u00eds, Francia\" class=\"wp-image-14999\" srcset=\"https:\/\/kissinparis.com\/wp-content\/uploads\/2024\/01\/Vacation-Photographer-in-Paris-France-53-683x1024.jpg 683w, https:\/\/kissinparis.com\/wp-content\/uploads\/2024\/01\/Vacation-Photographer-in-Paris-France-53-200x300.jpg 200w, https:\/\/kissinparis.com\/wp-content\/uploads\/2024\/01\/Vacation-Photographer-in-Paris-France-53-768x1152.jpg 768w, https:\/\/kissinparis.com\/wp-content\/uploads\/2024\/01\/Vacation-Photographer-in-Paris-France-53-1024x1536.jpg 1024w, https:\/\/kissinparis.com\/wp-content\/uploads\/2024\/01\/Vacation-Photographer-in-Paris-France-53.jpg 1067w\" sizes=\"auto, (max-width: 683px) 100vw, 683px\" \/><\/a><figcaption class=\"wp-element-caption\">Fot\u00f3grafo de vacaciones en Par\u00eds, Francia<\/figcaption><\/figure>\n\n\n\n<figure class=\"wp-block-image size-large object-right\"><a href=\"https:\/\/kissinparis.com\/wp-content\/uploads\/2024\/01\/Vacation-Photographer-in-Paris-France-3.jpg\" aria-label=\"Leer m\u00e1s sobre Fot\u00f3grafo de vacaciones en Par\u00eds, Francia\"><img loading=\"lazy\" decoding=\"async\" width=\"1024\" height=\"683\" data-id=\"14949\" src=\"https:\/\/kissinparis.com\/wp-content\/uploads\/2024\/01\/Vacation-Photographer-in-Paris-France-3-1024x683.jpg\" alt=\"Fot\u00f3grafo de vacaciones en Par\u00eds, Francia\" class=\"wp-image-14949\" srcset=\"https:\/\/kissinparis.com\/wp-content\/uploads\/2024\/01\/Vacation-Photographer-in-Paris-France-3-1024x683.jpg 1024w, https:\/\/kissinparis.com\/wp-content\/uploads\/2024\/01\/Vacation-Photographer-in-Paris-France-3-300x200.jpg 300w, https:\/\/kissinparis.com\/wp-content\/uploads\/2024\/01\/Vacation-Photographer-in-Paris-France-3-768x512.jpg 768w, https:\/\/kissinparis.com\/wp-content\/uploads\/2024\/01\/Vacation-Photographer-in-Paris-France-3-1536x1024.jpg 1536w, https:\/\/kissinparis.com\/wp-content\/uploads\/2024\/01\/Vacation-Photographer-in-Paris-France-3-1200x800.jpg 1200w, https:\/\/kissinparis.com\/wp-content\/uploads\/2024\/01\/Vacation-Photographer-in-Paris-France-3.jpg 1600w\" sizes=\"auto, (max-width: 1024px) 100vw, 1024px\" \/><\/a><figcaption class=\"wp-element-caption\">Fot\u00f3grafo de vacaciones en Par\u00eds, Francia<\/figcaption><\/figure>\n\n\n\n<figure class=\"wp-block-image size-large\"><a href=\"https:\/\/kissinparis.com\/wp-content\/uploads\/2024\/01\/Vacation-Photographer-in-Paris-France-44.jpg\" aria-label=\"Leer m\u00e1s sobre Fot\u00f3grafo de vacaciones en Par\u00eds, Francia\"><img loading=\"lazy\" decoding=\"async\" width=\"1024\" height=\"683\" data-id=\"14990\" src=\"https:\/\/kissinparis.com\/wp-content\/uploads\/2024\/01\/Vacation-Photographer-in-Paris-France-44-1024x683.jpg\" alt=\"Fot\u00f3grafo de vacaciones en Par\u00eds, Francia\" class=\"wp-image-14990\" srcset=\"https:\/\/kissinparis.com\/wp-content\/uploads\/2024\/01\/Vacation-Photographer-in-Paris-France-44-1024x683.jpg 1024w, https:\/\/kissinparis.com\/wp-content\/uploads\/2024\/01\/Vacation-Photographer-in-Paris-France-44-300x200.jpg 300w, https:\/\/kissinparis.com\/wp-content\/uploads\/2024\/01\/Vacation-Photographer-in-Paris-France-44-768x512.jpg 768w, https:\/\/kissinparis.com\/wp-content\/uploads\/2024\/01\/Vacation-Photographer-in-Paris-France-44-1536x1024.jpg 1536w, https:\/\/kissinparis.com\/wp-content\/uploads\/2024\/01\/Vacation-Photographer-in-Paris-France-44-1200x800.jpg 1200w, https:\/\/kissinparis.com\/wp-content\/uploads\/2024\/01\/Vacation-Photographer-in-Paris-France-44.jpg 1600w\" sizes=\"auto, (max-width: 1024px) 100vw, 1024px\" \/><\/a><figcaption class=\"wp-element-caption\">Fot\u00f3grafo de vacaciones en Par\u00eds, Francia<\/figcaption><\/figure>\n\n\n\n<figure class=\"wp-block-image size-large\"><a href=\"https:\/\/kissinparis.com\/wp-content\/uploads\/2024\/01\/Vacation-Photographer-in-Paris-France-61.jpg\" aria-label=\"Leer m\u00e1s sobre Fot\u00f3grafo de vacaciones en Par\u00eds, Francia\"><img loading=\"lazy\" decoding=\"async\" width=\"1024\" height=\"683\" data-id=\"15007\" src=\"https:\/\/kissinparis.com\/wp-content\/uploads\/2024\/01\/Vacation-Photographer-in-Paris-France-61-1024x683.jpg\" alt=\"Fot\u00f3grafo de vacaciones en Par\u00eds, Francia\" class=\"wp-image-15007\" srcset=\"https:\/\/kissinparis.com\/wp-content\/uploads\/2024\/01\/Vacation-Photographer-in-Paris-France-61-1024x683.jpg 1024w, https:\/\/kissinparis.com\/wp-content\/uploads\/2024\/01\/Vacation-Photographer-in-Paris-France-61-300x200.jpg 300w, https:\/\/kissinparis.com\/wp-content\/uploads\/2024\/01\/Vacation-Photographer-in-Paris-France-61-768x512.jpg 768w, https:\/\/kissinparis.com\/wp-content\/uploads\/2024\/01\/Vacation-Photographer-in-Paris-France-61-1536x1024.jpg 1536w, https:\/\/kissinparis.com\/wp-content\/uploads\/2024\/01\/Vacation-Photographer-in-Paris-France-61-1200x800.jpg 1200w, https:\/\/kissinparis.com\/wp-content\/uploads\/2024\/01\/Vacation-Photographer-in-Paris-France-61.jpg 1600w\" sizes=\"auto, (max-width: 1024px) 100vw, 1024px\" \/><\/a><figcaption class=\"wp-element-caption\">Fot\u00f3grafo de vacaciones en Par\u00eds, Francia<\/figcaption><\/figure>\n\n\n\n<figure class=\"wp-block-image size-large\"><a href=\"https:\/\/kissinparis.com\/wp-content\/uploads\/2024\/01\/Vacation-Photographer-in-Paris-France-43.jpg\" aria-label=\"Leer m\u00e1s sobre Fot\u00f3grafo de vacaciones en Par\u00eds, Francia\"><img loading=\"lazy\" decoding=\"async\" width=\"683\" height=\"1024\" data-id=\"14989\" src=\"https:\/\/kissinparis.com\/wp-content\/uploads\/2024\/01\/Vacation-Photographer-in-Paris-France-43-683x1024.jpg\" alt=\"Fot\u00f3grafo de vacaciones en Par\u00eds, Francia\" class=\"wp-image-14989\" srcset=\"https:\/\/kissinparis.com\/wp-content\/uploads\/2024\/01\/Vacation-Photographer-in-Paris-France-43-683x1024.jpg 683w, https:\/\/kissinparis.com\/wp-content\/uploads\/2024\/01\/Vacation-Photographer-in-Paris-France-43-200x300.jpg 200w, https:\/\/kissinparis.com\/wp-content\/uploads\/2024\/01\/Vacation-Photographer-in-Paris-France-43-768x1152.jpg 768w, https:\/\/kissinparis.com\/wp-content\/uploads\/2024\/01\/Vacation-Photographer-in-Paris-France-43-1024x1536.jpg 1024w, https:\/\/kissinparis.com\/wp-content\/uploads\/2024\/01\/Vacation-Photographer-in-Paris-France-43.jpg 1067w\" sizes=\"auto, (max-width: 683px) 100vw, 683px\" \/><\/a><figcaption class=\"wp-element-caption\">Fot\u00f3grafo de vacaciones en Par\u00eds, Francia<\/figcaption><\/figure>\n\n\n\n<figure class=\"wp-block-image size-large\"><a href=\"https:\/\/kissinparis.com\/wp-content\/uploads\/2024\/01\/Vacation-Photographer-in-Paris-France-41.jpg\" aria-label=\"Leer m\u00e1s sobre Fot\u00f3grafo de vacaciones en Par\u00eds, Francia\"><img loading=\"lazy\" decoding=\"async\" width=\"1024\" height=\"683\" data-id=\"14987\" src=\"https:\/\/kissinparis.com\/wp-content\/uploads\/2024\/01\/Vacation-Photographer-in-Paris-France-41-1024x683.jpg\" alt=\"Fot\u00f3grafo de vacaciones en Par\u00eds, Francia\" class=\"wp-image-14987\" srcset=\"https:\/\/kissinparis.com\/wp-content\/uploads\/2024\/01\/Vacation-Photographer-in-Paris-France-41-1024x683.jpg 1024w, https:\/\/kissinparis.com\/wp-content\/uploads\/2024\/01\/Vacation-Photographer-in-Paris-France-41-300x200.jpg 300w, https:\/\/kissinparis.com\/wp-content\/uploads\/2024\/01\/Vacation-Photographer-in-Paris-France-41-768x512.jpg 768w, https:\/\/kissinparis.com\/wp-content\/uploads\/2024\/01\/Vacation-Photographer-in-Paris-France-41-1536x1024.jpg 1536w, https:\/\/kissinparis.com\/wp-content\/uploads\/2024\/01\/Vacation-Photographer-in-Paris-France-41-1200x800.jpg 1200w, https:\/\/kissinparis.com\/wp-content\/uploads\/2024\/01\/Vacation-Photographer-in-Paris-France-41.jpg 1600w\" sizes=\"auto, (max-width: 1024px) 100vw, 1024px\" \/><\/a><figcaption class=\"wp-element-caption\">Fot\u00f3grafo de vacaciones en Par\u00eds, Francia<\/figcaption><\/figure>\n\n\n\n<figure class=\"wp-block-image size-large\"><a href=\"https:\/\/kissinparis.com\/wp-content\/uploads\/2024\/01\/Vacation-Photographer-in-Paris-France-47.jpg\" aria-label=\"Leer m\u00e1s sobre Fot\u00f3grafo de vacaciones en Par\u00eds, Francia\"><img loading=\"lazy\" decoding=\"async\" width=\"1024\" height=\"683\" data-id=\"14993\" src=\"https:\/\/kissinparis.com\/wp-content\/uploads\/2024\/01\/Vacation-Photographer-in-Paris-France-47-1024x683.jpg\" alt=\"Fot\u00f3grafo de vacaciones en Par\u00eds, Francia\" class=\"wp-image-14993\" srcset=\"https:\/\/kissinparis.com\/wp-content\/uploads\/2024\/01\/Vacation-Photographer-in-Paris-France-47-1024x683.jpg 1024w, https:\/\/kissinparis.com\/wp-content\/uploads\/2024\/01\/Vacation-Photographer-in-Paris-France-47-300x200.jpg 300w, https:\/\/kissinparis.com\/wp-content\/uploads\/2024\/01\/Vacation-Photographer-in-Paris-France-47-768x512.jpg 768w, https:\/\/kissinparis.com\/wp-content\/uploads\/2024\/01\/Vacation-Photographer-in-Paris-France-47-1536x1024.jpg 1536w, https:\/\/kissinparis.com\/wp-content\/uploads\/2024\/01\/Vacation-Photographer-in-Paris-France-47-1200x800.jpg 1200w, https:\/\/kissinparis.com\/wp-content\/uploads\/2024\/01\/Vacation-Photographer-in-Paris-France-47.jpg 1600w\" sizes=\"auto, (max-width: 1024px) 100vw, 1024px\" \/><\/a><figcaption class=\"wp-element-caption\">Fot\u00f3grafo de vacaciones en Par\u00eds, Francia<\/figcaption><\/figure>\n\n\n\n<figure class=\"wp-block-image size-large\"><a href=\"https:\/\/kissinparis.com\/wp-content\/uploads\/2024\/01\/Vacation-Photographer-in-Paris-France-22.jpg\" aria-label=\"Leer m\u00e1s sobre Fot\u00f3grafo de vacaciones en Par\u00eds, Francia\"><img loading=\"lazy\" decoding=\"async\" width=\"1024\" height=\"683\" data-id=\"14968\" src=\"https:\/\/kissinparis.com\/wp-content\/uploads\/2024\/01\/Vacation-Photographer-in-Paris-France-22-1024x683.jpg\" alt=\"Fot\u00f3grafo de vacaciones en Par\u00eds, Francia\" class=\"wp-image-14968\" srcset=\"https:\/\/kissinparis.com\/wp-content\/uploads\/2024\/01\/Vacation-Photographer-in-Paris-France-22-1024x683.jpg 1024w, https:\/\/kissinparis.com\/wp-content\/uploads\/2024\/01\/Vacation-Photographer-in-Paris-France-22-300x200.jpg 300w, https:\/\/kissinparis.com\/wp-content\/uploads\/2024\/01\/Vacation-Photographer-in-Paris-France-22-768x512.jpg 768w, https:\/\/kissinparis.com\/wp-content\/uploads\/2024\/01\/Vacation-Photographer-in-Paris-France-22-1536x1024.jpg 1536w, https:\/\/kissinparis.com\/wp-content\/uploads\/2024\/01\/Vacation-Photographer-in-Paris-France-22-1200x800.jpg 1200w, https:\/\/kissinparis.com\/wp-content\/uploads\/2024\/01\/Vacation-Photographer-in-Paris-France-22.jpg 1600w\" sizes=\"auto, (max-width: 1024px) 100vw, 1024px\" \/><\/a><figcaption class=\"wp-element-caption\">Fot\u00f3grafo de vacaciones en Par\u00eds, Francia<\/figcaption><\/figure>\n\n\n\n<figure class=\"wp-block-image size-large\"><a href=\"https:\/\/kissinparis.com\/wp-content\/uploads\/2024\/01\/Vacation-Photographer-in-Paris-France-28.jpg\" aria-label=\"Leer m\u00e1s sobre Fot\u00f3grafo de vacaciones en Par\u00eds, Francia\"><img loading=\"lazy\" decoding=\"async\" width=\"1024\" height=\"683\" data-id=\"14974\" src=\"https:\/\/kissinparis.com\/wp-content\/uploads\/2024\/01\/Vacation-Photographer-in-Paris-France-28-1024x683.jpg\" alt=\"Fot\u00f3grafo de vacaciones en Par\u00eds, Francia\" class=\"wp-image-14974\" srcset=\"https:\/\/kissinparis.com\/wp-content\/uploads\/2024\/01\/Vacation-Photographer-in-Paris-France-28-1024x683.jpg 1024w, https:\/\/kissinparis.com\/wp-content\/uploads\/2024\/01\/Vacation-Photographer-in-Paris-France-28-300x200.jpg 300w, https:\/\/kissinparis.com\/wp-content\/uploads\/2024\/01\/Vacation-Photographer-in-Paris-France-28-768x512.jpg 768w, https:\/\/kissinparis.com\/wp-content\/uploads\/2024\/01\/Vacation-Photographer-in-Paris-France-28-1536x1024.jpg 1536w, https:\/\/kissinparis.com\/wp-content\/uploads\/2024\/01\/Vacation-Photographer-in-Paris-France-28-1200x800.jpg 1200w, https:\/\/kissinparis.com\/wp-content\/uploads\/2024\/01\/Vacation-Photographer-in-Paris-France-28.jpg 1600w\" sizes=\"auto, (max-width: 1024px) 100vw, 1024px\" \/><\/a><figcaption class=\"wp-element-caption\">Fot\u00f3grafo de vacaciones en Par\u00eds, Francia<\/figcaption><\/figure>\n\n\n\n<figure class=\"wp-block-image size-large\"><a href=\"https:\/\/kissinparis.com\/wp-content\/uploads\/2024\/01\/Vacation-Photographer-in-Paris-France-52.jpg\" aria-label=\"Leer m\u00e1s sobre Fot\u00f3grafo de vacaciones en Par\u00eds, Francia\"><img loading=\"lazy\" decoding=\"async\" width=\"1024\" height=\"683\" data-id=\"14998\" src=\"https:\/\/kissinparis.com\/wp-content\/uploads\/2024\/01\/Vacation-Photographer-in-Paris-France-52-1024x683.jpg\" alt=\"Fot\u00f3grafo de vacaciones en Par\u00eds, Francia\" class=\"wp-image-14998\" srcset=\"https:\/\/kissinparis.com\/wp-content\/uploads\/2024\/01\/Vacation-Photographer-in-Paris-France-52-1024x683.jpg 1024w, https:\/\/kissinparis.com\/wp-content\/uploads\/2024\/01\/Vacation-Photographer-in-Paris-France-52-300x200.jpg 300w, https:\/\/kissinparis.com\/wp-content\/uploads\/2024\/01\/Vacation-Photographer-in-Paris-France-52-768x512.jpg 768w, https:\/\/kissinparis.com\/wp-content\/uploads\/2024\/01\/Vacation-Photographer-in-Paris-France-52-1536x1024.jpg 1536w, https:\/\/kissinparis.com\/wp-content\/uploads\/2024\/01\/Vacation-Photographer-in-Paris-France-52-1200x800.jpg 1200w, https:\/\/kissinparis.com\/wp-content\/uploads\/2024\/01\/Vacation-Photographer-in-Paris-France-52.jpg 1600w\" sizes=\"auto, (max-width: 1024px) 100vw, 1024px\" \/><\/a><figcaption class=\"wp-element-caption\">Fot\u00f3grafo de vacaciones en Par\u00eds, Francia<\/figcaption><\/figure>\n\n\n\n<figure class=\"wp-block-image size-large\"><a href=\"https:\/\/kissinparis.com\/wp-content\/uploads\/2024\/01\/Vacation-Photographer-in-Paris-France-57.jpg\" aria-label=\"Leer m\u00e1s sobre Fot\u00f3grafo de vacaciones en Par\u00eds, Francia\"><img loading=\"lazy\" decoding=\"async\" width=\"1024\" height=\"683\" data-id=\"15003\" src=\"https:\/\/kissinparis.com\/wp-content\/uploads\/2024\/01\/Vacation-Photographer-in-Paris-France-57-1024x683.jpg\" alt=\"Fot\u00f3grafo de vacaciones en Par\u00eds, Francia\" class=\"wp-image-15003\" srcset=\"https:\/\/kissinparis.com\/wp-content\/uploads\/2024\/01\/Vacation-Photographer-in-Paris-France-57-1024x683.jpg 1024w, https:\/\/kissinparis.com\/wp-content\/uploads\/2024\/01\/Vacation-Photographer-in-Paris-France-57-300x200.jpg 300w, https:\/\/kissinparis.com\/wp-content\/uploads\/2024\/01\/Vacation-Photographer-in-Paris-France-57-768x512.jpg 768w, https:\/\/kissinparis.com\/wp-content\/uploads\/2024\/01\/Vacation-Photographer-in-Paris-France-57-1536x1024.jpg 1536w, https:\/\/kissinparis.com\/wp-content\/uploads\/2024\/01\/Vacation-Photographer-in-Paris-France-57-1200x800.jpg 1200w, https:\/\/kissinparis.com\/wp-content\/uploads\/2024\/01\/Vacation-Photographer-in-Paris-France-57.jpg 1600w\" sizes=\"auto, (max-width: 1024px) 100vw, 1024px\" \/><\/a><figcaption class=\"wp-element-caption\">Fot\u00f3grafo de vacaciones en Par\u00eds, Francia<\/figcaption><\/figure>\n\n\n\n<figure class=\"wp-block-image size-large\"><a href=\"https:\/\/kissinparis.com\/wp-content\/uploads\/2024\/01\/Vacation-Photographer-in-Paris-France-4.jpg\" aria-label=\"Leer m\u00e1s sobre Fot\u00f3grafo de vacaciones en Par\u00eds, Francia\"><img loading=\"lazy\" decoding=\"async\" width=\"1024\" height=\"683\" data-id=\"14950\" src=\"https:\/\/kissinparis.com\/wp-content\/uploads\/2024\/01\/Vacation-Photographer-in-Paris-France-4-1024x683.jpg\" alt=\"Fot\u00f3grafo de vacaciones en Par\u00eds, Francia\" class=\"wp-image-14950\" srcset=\"https:\/\/kissinparis.com\/wp-content\/uploads\/2024\/01\/Vacation-Photographer-in-Paris-France-4-1024x683.jpg 1024w, https:\/\/kissinparis.com\/wp-content\/uploads\/2024\/01\/Vacation-Photographer-in-Paris-France-4-300x200.jpg 300w, https:\/\/kissinparis.com\/wp-content\/uploads\/2024\/01\/Vacation-Photographer-in-Paris-France-4-768x512.jpg 768w, https:\/\/kissinparis.com\/wp-content\/uploads\/2024\/01\/Vacation-Photographer-in-Paris-France-4-1536x1024.jpg 1536w, https:\/\/kissinparis.com\/wp-content\/uploads\/2024\/01\/Vacation-Photographer-in-Paris-France-4-1200x800.jpg 1200w, https:\/\/kissinparis.com\/wp-content\/uploads\/2024\/01\/Vacation-Photographer-in-Paris-France-4.jpg 1600w\" sizes=\"auto, (max-width: 1024px) 100vw, 1024px\" \/><\/a><figcaption class=\"wp-element-caption\">Fot\u00f3grafo de vacaciones en Par\u00eds, Francia<\/figcaption><\/figure>\n\n\n\n<figure class=\"wp-block-image size-large\"><a href=\"https:\/\/kissinparis.com\/wp-content\/uploads\/2024\/01\/Vacation-Photographer-in-Paris-France-19.jpg\" aria-label=\"Leer m\u00e1s sobre Fot\u00f3grafo de vacaciones en Par\u00eds, Francia\"><img loading=\"lazy\" decoding=\"async\" width=\"1024\" height=\"683\" data-id=\"14965\" src=\"https:\/\/kissinparis.com\/wp-content\/uploads\/2024\/01\/Vacation-Photographer-in-Paris-France-19-1024x683.jpg\" alt=\"Fot\u00f3grafo de vacaciones en Par\u00eds, Francia\" class=\"wp-image-14965\" srcset=\"https:\/\/kissinparis.com\/wp-content\/uploads\/2024\/01\/Vacation-Photographer-in-Paris-France-19-1024x683.jpg 1024w, https:\/\/kissinparis.com\/wp-content\/uploads\/2024\/01\/Vacation-Photographer-in-Paris-France-19-300x200.jpg 300w, https:\/\/kissinparis.com\/wp-content\/uploads\/2024\/01\/Vacation-Photographer-in-Paris-France-19-768x512.jpg 768w, https:\/\/kissinparis.com\/wp-content\/uploads\/2024\/01\/Vacation-Photographer-in-Paris-France-19-1536x1024.jpg 1536w, https:\/\/kissinparis.com\/wp-content\/uploads\/2024\/01\/Vacation-Photographer-in-Paris-France-19-1200x800.jpg 1200w, https:\/\/kissinparis.com\/wp-content\/uploads\/2024\/01\/Vacation-Photographer-in-Paris-France-19.jpg 1600w\" sizes=\"auto, (max-width: 1024px) 100vw, 1024px\" \/><\/a><figcaption class=\"wp-element-caption\">Fot\u00f3grafo de vacaciones en Par\u00eds, Francia<\/figcaption><\/figure>\n\n\n\n<figure class=\"wp-block-image size-large\"><a href=\"https:\/\/kissinparis.com\/wp-content\/uploads\/2024\/01\/Vacation-Photographer-in-Paris-France-18.jpg\" aria-label=\"Leer m\u00e1s sobre Fot\u00f3grafo de vacaciones en Par\u00eds, Francia\"><img loading=\"lazy\" decoding=\"async\" width=\"1024\" height=\"683\" data-id=\"14964\" src=\"https:\/\/kissinparis.com\/wp-content\/uploads\/2024\/01\/Vacation-Photographer-in-Paris-France-18-1024x683.jpg\" alt=\"Fot\u00f3grafo de vacaciones en Par\u00eds, Francia\" class=\"wp-image-14964\" srcset=\"https:\/\/kissinparis.com\/wp-content\/uploads\/2024\/01\/Vacation-Photographer-in-Paris-France-18-1024x683.jpg 1024w, https:\/\/kissinparis.com\/wp-content\/uploads\/2024\/01\/Vacation-Photographer-in-Paris-France-18-300x200.jpg 300w, https:\/\/kissinparis.com\/wp-content\/uploads\/2024\/01\/Vacation-Photographer-in-Paris-France-18-768x512.jpg 768w, https:\/\/kissinparis.com\/wp-content\/uploads\/2024\/01\/Vacation-Photographer-in-Paris-France-18-1536x1024.jpg 1536w, https:\/\/kissinparis.com\/wp-content\/uploads\/2024\/01\/Vacation-Photographer-in-Paris-France-18-1200x800.jpg 1200w, https:\/\/kissinparis.com\/wp-content\/uploads\/2024\/01\/Vacation-Photographer-in-Paris-France-18.jpg 1600w\" sizes=\"auto, (max-width: 1024px) 100vw, 1024px\" \/><\/a><figcaption class=\"wp-element-caption\">Fot\u00f3grafo de vacaciones en Par\u00eds, Francia<\/figcaption><\/figure>\n\n\n\n<figure class=\"wp-block-image size-large\"><a href=\"https:\/\/kissinparis.com\/wp-content\/uploads\/2024\/01\/Vacation-Photographer-in-Paris-France-31.jpg\" aria-label=\"Leer m\u00e1s sobre Fot\u00f3grafo de vacaciones en Par\u00eds, Francia\"><img loading=\"lazy\" decoding=\"async\" width=\"683\" height=\"1024\" data-id=\"14977\" src=\"https:\/\/kissinparis.com\/wp-content\/uploads\/2024\/01\/Vacation-Photographer-in-Paris-France-31-683x1024.jpg\" alt=\"Fot\u00f3grafo de vacaciones en Par\u00eds, Francia\" class=\"wp-image-14977\" srcset=\"https:\/\/kissinparis.com\/wp-content\/uploads\/2024\/01\/Vacation-Photographer-in-Paris-France-31-683x1024.jpg 683w, https:\/\/kissinparis.com\/wp-content\/uploads\/2024\/01\/Vacation-Photographer-in-Paris-France-31-200x300.jpg 200w, https:\/\/kissinparis.com\/wp-content\/uploads\/2024\/01\/Vacation-Photographer-in-Paris-France-31-768x1152.jpg 768w, https:\/\/kissinparis.com\/wp-content\/uploads\/2024\/01\/Vacation-Photographer-in-Paris-France-31-1024x1536.jpg 1024w, https:\/\/kissinparis.com\/wp-content\/uploads\/2024\/01\/Vacation-Photographer-in-Paris-France-31.jpg 1067w\" sizes=\"auto, (max-width: 683px) 100vw, 683px\" \/><\/a><figcaption class=\"wp-element-caption\">Fot\u00f3grafo de vacaciones en Par\u00eds, Francia<\/figcaption><\/figure>\n\n\n\n<figure class=\"wp-block-image size-large\"><a href=\"https:\/\/kissinparis.com\/wp-content\/uploads\/2024\/01\/Vacation-Photographer-in-Paris-France-12.jpg\" aria-label=\"Leer m\u00e1s sobre Fot\u00f3grafo de vacaciones en Par\u00eds, Francia\"><img loading=\"lazy\" decoding=\"async\" width=\"683\" height=\"1024\" data-id=\"14958\" src=\"https:\/\/kissinparis.com\/wp-content\/uploads\/2024\/01\/Vacation-Photographer-in-Paris-France-12-683x1024.jpg\" alt=\"Fot\u00f3grafo de vacaciones en Par\u00eds, Francia\" class=\"wp-image-14958\" srcset=\"https:\/\/kissinparis.com\/wp-content\/uploads\/2024\/01\/Vacation-Photographer-in-Paris-France-12-683x1024.jpg 683w, https:\/\/kissinparis.com\/wp-content\/uploads\/2024\/01\/Vacation-Photographer-in-Paris-France-12-200x300.jpg 200w, https:\/\/kissinparis.com\/wp-content\/uploads\/2024\/01\/Vacation-Photographer-in-Paris-France-12-768x1152.jpg 768w, https:\/\/kissinparis.com\/wp-content\/uploads\/2024\/01\/Vacation-Photographer-in-Paris-France-12-1024x1536.jpg 1024w, https:\/\/kissinparis.com\/wp-content\/uploads\/2024\/01\/Vacation-Photographer-in-Paris-France-12.jpg 1067w\" sizes=\"auto, (max-width: 683px) 100vw, 683px\" \/><\/a><figcaption class=\"wp-element-caption\">Fot\u00f3grafo de vacaciones en Par\u00eds, Francia<\/figcaption><\/figure>\n\n\n\n<figure class=\"wp-block-image size-large\"><a href=\"https:\/\/kissinparis.com\/wp-content\/uploads\/2024\/01\/Vacation-Photographer-in-Paris-France-55.jpg\" aria-label=\"Leer m\u00e1s sobre Fot\u00f3grafo de vacaciones en Par\u00eds, Francia\"><img loading=\"lazy\" decoding=\"async\" width=\"683\" height=\"1024\" data-id=\"15001\" src=\"https:\/\/kissinparis.com\/wp-content\/uploads\/2024\/01\/Vacation-Photographer-in-Paris-France-55-683x1024.jpg\" alt=\"Fot\u00f3grafo de vacaciones en Par\u00eds, Francia\" class=\"wp-image-15001\" srcset=\"https:\/\/kissinparis.com\/wp-content\/uploads\/2024\/01\/Vacation-Photographer-in-Paris-France-55-683x1024.jpg 683w, https:\/\/kissinparis.com\/wp-content\/uploads\/2024\/01\/Vacation-Photographer-in-Paris-France-55-200x300.jpg 200w, https:\/\/kissinparis.com\/wp-content\/uploads\/2024\/01\/Vacation-Photographer-in-Paris-France-55-768x1152.jpg 768w, https:\/\/kissinparis.com\/wp-content\/uploads\/2024\/01\/Vacation-Photographer-in-Paris-France-55-1024x1536.jpg 1024w, https:\/\/kissinparis.com\/wp-content\/uploads\/2024\/01\/Vacation-Photographer-in-Paris-France-55.jpg 1067w\" sizes=\"auto, (max-width: 683px) 100vw, 683px\" \/><\/a><figcaption class=\"wp-element-caption\">Fot\u00f3grafo de vacaciones en Par\u00eds, Francia<\/figcaption><\/figure>\n\n\n\n<figure class=\"wp-block-image size-large\"><a href=\"https:\/\/kissinparis.com\/wp-content\/uploads\/2024\/01\/Vacation-Photographer-in-Paris-France-6.jpg\" aria-label=\"Leer m\u00e1s sobre Fot\u00f3grafo de vacaciones en Par\u00eds, Francia\"><img loading=\"lazy\" decoding=\"async\" width=\"683\" height=\"1024\" data-id=\"14952\" src=\"https:\/\/kissinparis.com\/wp-content\/uploads\/2024\/01\/Vacation-Photographer-in-Paris-France-6-683x1024.jpg\" alt=\"Fot\u00f3grafo de vacaciones en Par\u00eds, Francia\" class=\"wp-image-14952\" srcset=\"https:\/\/kissinparis.com\/wp-content\/uploads\/2024\/01\/Vacation-Photographer-in-Paris-France-6-683x1024.jpg 683w, https:\/\/kissinparis.com\/wp-content\/uploads\/2024\/01\/Vacation-Photographer-in-Paris-France-6-200x300.jpg 200w, https:\/\/kissinparis.com\/wp-content\/uploads\/2024\/01\/Vacation-Photographer-in-Paris-France-6-768x1151.jpg 768w, https:\/\/kissinparis.com\/wp-content\/uploads\/2024\/01\/Vacation-Photographer-in-Paris-France-6.jpg 864w\" sizes=\"auto, (max-width: 683px) 100vw, 683px\" \/><\/a><figcaption class=\"wp-element-caption\">Fot\u00f3grafo de vacaciones en Par\u00eds, Francia<\/figcaption><\/figure>\n\n\n\n<figure class=\"wp-block-image size-large\"><a href=\"https:\/\/kissinparis.com\/wp-content\/uploads\/2024\/01\/Vacation-Photographer-in-Paris-France-66.jpg\" aria-label=\"Leer m\u00e1s sobre Fot\u00f3grafo de vacaciones en Par\u00eds, Francia\"><img loading=\"lazy\" decoding=\"async\" width=\"683\" height=\"1024\" data-id=\"15012\" src=\"https:\/\/kissinparis.com\/wp-content\/uploads\/2024\/01\/Vacation-Photographer-in-Paris-France-66-683x1024.jpg\" alt=\"Fot\u00f3grafo de vacaciones en Par\u00eds, Francia\" class=\"wp-image-15012\" srcset=\"https:\/\/kissinparis.com\/wp-content\/uploads\/2024\/01\/Vacation-Photographer-in-Paris-France-66-683x1024.jpg 683w, https:\/\/kissinparis.com\/wp-content\/uploads\/2024\/01\/Vacation-Photographer-in-Paris-France-66-200x300.jpg 200w, https:\/\/kissinparis.com\/wp-content\/uploads\/2024\/01\/Vacation-Photographer-in-Paris-France-66-768x1152.jpg 768w, https:\/\/kissinparis.com\/wp-content\/uploads\/2024\/01\/Vacation-Photographer-in-Paris-France-66-1024x1536.jpg 1024w, https:\/\/kissinparis.com\/wp-content\/uploads\/2024\/01\/Vacation-Photographer-in-Paris-France-66.jpg 1067w\" sizes=\"auto, (max-width: 683px) 100vw, 683px\" \/><\/a><figcaption class=\"wp-element-caption\">Fot\u00f3grafo de vacaciones en Par\u00eds, Francia<\/figcaption><\/figure>\n\n\n\n<figure class=\"wp-block-image size-large\"><a href=\"https:\/\/kissinparis.com\/wp-content\/uploads\/2024\/01\/Vacation-Photographer-in-Paris-France-36.jpg\" aria-label=\"Leer m\u00e1s sobre Fot\u00f3grafo de vacaciones en Par\u00eds, Francia\"><img loading=\"lazy\" decoding=\"async\" width=\"683\" height=\"1024\" data-id=\"14982\" src=\"https:\/\/kissinparis.com\/wp-content\/uploads\/2024\/01\/Vacation-Photographer-in-Paris-France-36-683x1024.jpg\" alt=\"Fot\u00f3grafo de vacaciones en Par\u00eds, Francia\" class=\"wp-image-14982\" srcset=\"https:\/\/kissinparis.com\/wp-content\/uploads\/2024\/01\/Vacation-Photographer-in-Paris-France-36-683x1024.jpg 683w, https:\/\/kissinparis.com\/wp-content\/uploads\/2024\/01\/Vacation-Photographer-in-Paris-France-36-200x300.jpg 200w, https:\/\/kissinparis.com\/wp-content\/uploads\/2024\/01\/Vacation-Photographer-in-Paris-France-36-768x1152.jpg 768w, https:\/\/kissinparis.com\/wp-content\/uploads\/2024\/01\/Vacation-Photographer-in-Paris-France-36-1024x1536.jpg 1024w, https:\/\/kissinparis.com\/wp-content\/uploads\/2024\/01\/Vacation-Photographer-in-Paris-France-36.jpg 1067w\" sizes=\"auto, (max-width: 683px) 100vw, 683px\" \/><\/a><figcaption class=\"wp-element-caption\">Fot\u00f3grafo de vacaciones en Par\u00eds, Francia<\/figcaption><\/figure>\n\n\n\n<figure class=\"wp-block-image size-large\"><a href=\"https:\/\/kissinparis.com\/wp-content\/uploads\/2024\/01\/Vacation-Photographer-in-Paris-France-32.jpg\" aria-label=\"Leer m\u00e1s sobre Fot\u00f3grafo de vacaciones en Par\u00eds, Francia\"><img loading=\"lazy\" decoding=\"async\" width=\"683\" height=\"1024\" data-id=\"14978\" src=\"https:\/\/kissinparis.com\/wp-content\/uploads\/2024\/01\/Vacation-Photographer-in-Paris-France-32-683x1024.jpg\" alt=\"Fot\u00f3grafo de vacaciones en Par\u00eds, Francia\" class=\"wp-image-14978\" srcset=\"https:\/\/kissinparis.com\/wp-content\/uploads\/2024\/01\/Vacation-Photographer-in-Paris-France-32-683x1024.jpg 683w, https:\/\/kissinparis.com\/wp-content\/uploads\/2024\/01\/Vacation-Photographer-in-Paris-France-32-200x300.jpg 200w, https:\/\/kissinparis.com\/wp-content\/uploads\/2024\/01\/Vacation-Photographer-in-Paris-France-32-768x1152.jpg 768w, https:\/\/kissinparis.com\/wp-content\/uploads\/2024\/01\/Vacation-Photographer-in-Paris-France-32-1024x1536.jpg 1024w, https:\/\/kissinparis.com\/wp-content\/uploads\/2024\/01\/Vacation-Photographer-in-Paris-France-32.jpg 1067w\" sizes=\"auto, (max-width: 683px) 100vw, 683px\" \/><\/a><figcaption class=\"wp-element-caption\">Fot\u00f3grafo de vacaciones en Par\u00eds, Francia<\/figcaption><\/figure>\n\n\n\n<figure class=\"wp-block-image size-large\"><a href=\"https:\/\/kissinparis.com\/wp-content\/uploads\/2024\/01\/Vacation-Photographer-in-Paris-France-33.jpg\" aria-label=\"Leer m\u00e1s sobre Fot\u00f3grafo de vacaciones en Par\u00eds, Francia\"><img loading=\"lazy\" decoding=\"async\" width=\"1024\" height=\"683\" data-id=\"14979\" src=\"https:\/\/kissinparis.com\/wp-content\/uploads\/2024\/01\/Vacation-Photographer-in-Paris-France-33-1024x683.jpg\" alt=\"Fot\u00f3grafo de vacaciones en Par\u00eds, Francia\" class=\"wp-image-14979\" srcset=\"https:\/\/kissinparis.com\/wp-content\/uploads\/2024\/01\/Vacation-Photographer-in-Paris-France-33-1024x683.jpg 1024w, https:\/\/kissinparis.com\/wp-content\/uploads\/2024\/01\/Vacation-Photographer-in-Paris-France-33-300x200.jpg 300w, https:\/\/kissinparis.com\/wp-content\/uploads\/2024\/01\/Vacation-Photographer-in-Paris-France-33-768x512.jpg 768w, https:\/\/kissinparis.com\/wp-content\/uploads\/2024\/01\/Vacation-Photographer-in-Paris-France-33-1536x1024.jpg 1536w, https:\/\/kissinparis.com\/wp-content\/uploads\/2024\/01\/Vacation-Photographer-in-Paris-France-33-1200x800.jpg 1200w, https:\/\/kissinparis.com\/wp-content\/uploads\/2024\/01\/Vacation-Photographer-in-Paris-France-33.jpg 1600w\" sizes=\"auto, (max-width: 1024px) 100vw, 1024px\" \/><\/a><figcaption class=\"wp-element-caption\">Fot\u00f3grafo de vacaciones en Par\u00eds, Francia<\/figcaption><\/figure>\n\n\n\n<figure class=\"wp-block-image size-large\"><a href=\"https:\/\/kissinparis.com\/wp-content\/uploads\/2024\/01\/Vacation-Photographer-in-Paris-France-35.jpg\" aria-label=\"Leer m\u00e1s sobre Fot\u00f3grafo de vacaciones en Par\u00eds, Francia\"><img loading=\"lazy\" decoding=\"async\" width=\"1024\" height=\"683\" data-id=\"14981\" src=\"https:\/\/kissinparis.com\/wp-content\/uploads\/2024\/01\/Vacation-Photographer-in-Paris-France-35-1024x683.jpg\" alt=\"Fot\u00f3grafo de vacaciones en Par\u00eds, Francia\" class=\"wp-image-14981\" srcset=\"https:\/\/kissinparis.com\/wp-content\/uploads\/2024\/01\/Vacation-Photographer-in-Paris-France-35-1024x683.jpg 1024w, https:\/\/kissinparis.com\/wp-content\/uploads\/2024\/01\/Vacation-Photographer-in-Paris-France-35-300x200.jpg 300w, https:\/\/kissinparis.com\/wp-content\/uploads\/2024\/01\/Vacation-Photographer-in-Paris-France-35-768x512.jpg 768w, https:\/\/kissinparis.com\/wp-content\/uploads\/2024\/01\/Vacation-Photographer-in-Paris-France-35-1536x1024.jpg 1536w, https:\/\/kissinparis.com\/wp-content\/uploads\/2024\/01\/Vacation-Photographer-in-Paris-France-35-1200x800.jpg 1200w, https:\/\/kissinparis.com\/wp-content\/uploads\/2024\/01\/Vacation-Photographer-in-Paris-France-35.jpg 1600w\" sizes=\"auto, (max-width: 1024px) 100vw, 1024px\" \/><\/a><figcaption class=\"wp-element-caption\">Fot\u00f3grafo de vacaciones en Par\u00eds, Francia<\/figcaption><\/figure>\n\n\n\n<figure class=\"wp-block-image size-large\"><a href=\"https:\/\/kissinparis.com\/wp-content\/uploads\/2024\/01\/Vacation-Photographer-in-Paris-France-38.jpg\" aria-label=\"Leer m\u00e1s sobre Fot\u00f3grafo de vacaciones en Par\u00eds, Francia\"><img loading=\"lazy\" decoding=\"async\" width=\"1024\" height=\"683\" data-id=\"14984\" src=\"https:\/\/kissinparis.com\/wp-content\/uploads\/2024\/01\/Vacation-Photographer-in-Paris-France-38-1024x683.jpg\" alt=\"Fot\u00f3grafo de vacaciones en Par\u00eds, Francia\" class=\"wp-image-14984\" srcset=\"https:\/\/kissinparis.com\/wp-content\/uploads\/2024\/01\/Vacation-Photographer-in-Paris-France-38-1024x683.jpg 1024w, https:\/\/kissinparis.com\/wp-content\/uploads\/2024\/01\/Vacation-Photographer-in-Paris-France-38-300x200.jpg 300w, https:\/\/kissinparis.com\/wp-content\/uploads\/2024\/01\/Vacation-Photographer-in-Paris-France-38-768x512.jpg 768w, https:\/\/kissinparis.com\/wp-content\/uploads\/2024\/01\/Vacation-Photographer-in-Paris-France-38-1536x1024.jpg 1536w, https:\/\/kissinparis.com\/wp-content\/uploads\/2024\/01\/Vacation-Photographer-in-Paris-France-38-1200x800.jpg 1200w, https:\/\/kissinparis.com\/wp-content\/uploads\/2024\/01\/Vacation-Photographer-in-Paris-France-38.jpg 1600w\" sizes=\"auto, (max-width: 1024px) 100vw, 1024px\" \/><\/a><figcaption class=\"wp-element-caption\">Fot\u00f3grafo de vacaciones en Par\u00eds, Francia<\/figcaption><\/figure>\n\n\n\n<figure class=\"wp-block-image size-large\"><a href=\"https:\/\/kissinparis.com\/wp-content\/uploads\/2024\/01\/Vacation-Photographer-in-Paris-France-39.jpg\" aria-label=\"Leer m\u00e1s sobre Fot\u00f3grafo de vacaciones en Par\u00eds, Francia\"><img loading=\"lazy\" decoding=\"async\" width=\"1024\" height=\"683\" data-id=\"14985\" src=\"https:\/\/kissinparis.com\/wp-content\/uploads\/2024\/01\/Vacation-Photographer-in-Paris-France-39-1024x683.jpg\" alt=\"Fot\u00f3grafo de vacaciones en Par\u00eds, Francia\" class=\"wp-image-14985\" srcset=\"https:\/\/kissinparis.com\/wp-content\/uploads\/2024\/01\/Vacation-Photographer-in-Paris-France-39-1024x683.jpg 1024w, https:\/\/kissinparis.com\/wp-content\/uploads\/2024\/01\/Vacation-Photographer-in-Paris-France-39-300x200.jpg 300w, https:\/\/kissinparis.com\/wp-content\/uploads\/2024\/01\/Vacation-Photographer-in-Paris-France-39-768x512.jpg 768w, https:\/\/kissinparis.com\/wp-content\/uploads\/2024\/01\/Vacation-Photographer-in-Paris-France-39-1536x1024.jpg 1536w, https:\/\/kissinparis.com\/wp-content\/uploads\/2024\/01\/Vacation-Photographer-in-Paris-France-39-1200x800.jpg 1200w, https:\/\/kissinparis.com\/wp-content\/uploads\/2024\/01\/Vacation-Photographer-in-Paris-France-39.jpg 1600w\" sizes=\"auto, (max-width: 1024px) 100vw, 1024px\" \/><\/a><figcaption class=\"wp-element-caption\">Fot\u00f3grafo de vacaciones en Par\u00eds, Francia<\/figcaption><\/figure>\n\n\n\n<figure class=\"wp-block-image size-large\"><a href=\"https:\/\/kissinparis.com\/wp-content\/uploads\/2024\/01\/Vacation-Photographer-in-Paris-France-42.jpg\" aria-label=\"Leer m\u00e1s sobre Fot\u00f3grafo de vacaciones en Par\u00eds, Francia\"><img loading=\"lazy\" decoding=\"async\" width=\"1024\" height=\"683\" data-id=\"14988\" src=\"https:\/\/kissinparis.com\/wp-content\/uploads\/2024\/01\/Vacation-Photographer-in-Paris-France-42-1024x683.jpg\" alt=\"Fot\u00f3grafo de vacaciones en Par\u00eds, Francia\" class=\"wp-image-14988\" srcset=\"https:\/\/kissinparis.com\/wp-content\/uploads\/2024\/01\/Vacation-Photographer-in-Paris-France-42-1024x683.jpg 1024w, https:\/\/kissinparis.com\/wp-content\/uploads\/2024\/01\/Vacation-Photographer-in-Paris-France-42-300x200.jpg 300w, https:\/\/kissinparis.com\/wp-content\/uploads\/2024\/01\/Vacation-Photographer-in-Paris-France-42-768x512.jpg 768w, https:\/\/kissinparis.com\/wp-content\/uploads\/2024\/01\/Vacation-Photographer-in-Paris-France-42-1536x1024.jpg 1536w, https:\/\/kissinparis.com\/wp-content\/uploads\/2024\/01\/Vacation-Photographer-in-Paris-France-42-1200x800.jpg 1200w, https:\/\/kissinparis.com\/wp-content\/uploads\/2024\/01\/Vacation-Photographer-in-Paris-France-42.jpg 1600w\" sizes=\"auto, (max-width: 1024px) 100vw, 1024px\" \/><\/a><figcaption class=\"wp-element-caption\">Fot\u00f3grafo de vacaciones en Par\u00eds, Francia<\/figcaption><\/figure>\n\n\n\n<figure class=\"wp-block-image size-large\"><a href=\"https:\/\/kissinparis.com\/wp-content\/uploads\/2024\/01\/Vacation-Photographer-in-Paris-France-8.jpg\" aria-label=\"Leer m\u00e1s sobre Fot\u00f3grafo de vacaciones en Par\u00eds, Francia\"><img loading=\"lazy\" decoding=\"async\" width=\"1024\" height=\"683\" data-id=\"14954\" src=\"https:\/\/kissinparis.com\/wp-content\/uploads\/2024\/01\/Vacation-Photographer-in-Paris-France-8-1024x683.jpg\" alt=\"Fot\u00f3grafo de vacaciones en Par\u00eds, Francia\" class=\"wp-image-14954\" srcset=\"https:\/\/kissinparis.com\/wp-content\/uploads\/2024\/01\/Vacation-Photographer-in-Paris-France-8-1024x683.jpg 1024w, https:\/\/kissinparis.com\/wp-content\/uploads\/2024\/01\/Vacation-Photographer-in-Paris-France-8-300x200.jpg 300w, https:\/\/kissinparis.com\/wp-content\/uploads\/2024\/01\/Vacation-Photographer-in-Paris-France-8-768x512.jpg 768w, https:\/\/kissinparis.com\/wp-content\/uploads\/2024\/01\/Vacation-Photographer-in-Paris-France-8-1536x1024.jpg 1536w, https:\/\/kissinparis.com\/wp-content\/uploads\/2024\/01\/Vacation-Photographer-in-Paris-France-8-1200x800.jpg 1200w, https:\/\/kissinparis.com\/wp-content\/uploads\/2024\/01\/Vacation-Photographer-in-Paris-France-8.jpg 1600w\" sizes=\"auto, (max-width: 1024px) 100vw, 1024px\" \/><\/a><figcaption class=\"wp-element-caption\">Fot\u00f3grafo de vacaciones en Par\u00eds, Francia<\/figcaption><\/figure>\n\n\n\n<figure class=\"wp-block-image size-large\"><a href=\"https:\/\/kissinparis.com\/wp-content\/uploads\/2024\/01\/Vacation-Photographer-in-Paris-France-13.jpg\" aria-label=\"Leer m\u00e1s sobre Fot\u00f3grafo de vacaciones en Par\u00eds, Francia\"><img loading=\"lazy\" decoding=\"async\" width=\"1024\" height=\"683\" data-id=\"14959\" src=\"https:\/\/kissinparis.com\/wp-content\/uploads\/2024\/01\/Vacation-Photographer-in-Paris-France-13-1024x683.jpg\" alt=\"Fot\u00f3grafo de vacaciones en Par\u00eds, Francia\" class=\"wp-image-14959\" srcset=\"https:\/\/kissinparis.com\/wp-content\/uploads\/2024\/01\/Vacation-Photographer-in-Paris-France-13-1024x683.jpg 1024w, https:\/\/kissinparis.com\/wp-content\/uploads\/2024\/01\/Vacation-Photographer-in-Paris-France-13-300x200.jpg 300w, https:\/\/kissinparis.com\/wp-content\/uploads\/2024\/01\/Vacation-Photographer-in-Paris-France-13-768x512.jpg 768w, https:\/\/kissinparis.com\/wp-content\/uploads\/2024\/01\/Vacation-Photographer-in-Paris-France-13-1536x1024.jpg 1536w, https:\/\/kissinparis.com\/wp-content\/uploads\/2024\/01\/Vacation-Photographer-in-Paris-France-13-1200x800.jpg 1200w, https:\/\/kissinparis.com\/wp-content\/uploads\/2024\/01\/Vacation-Photographer-in-Paris-France-13.jpg 1600w\" sizes=\"auto, (max-width: 1024px) 100vw, 1024px\" \/><\/a><figcaption class=\"wp-element-caption\">Fot\u00f3grafo de vacaciones en Par\u00eds, Francia<\/figcaption><\/figure>\n\n\n\n<figure class=\"wp-block-image size-large\"><a href=\"https:\/\/kissinparis.com\/wp-content\/uploads\/2024\/01\/Vacation-Photographer-in-Paris-France-25.jpg\" aria-label=\"Leer m\u00e1s sobre Fot\u00f3grafo de vacaciones en Par\u00eds, Francia\"><img loading=\"lazy\" decoding=\"async\" width=\"683\" height=\"1024\" data-id=\"14971\" src=\"https:\/\/kissinparis.com\/wp-content\/uploads\/2024\/01\/Vacation-Photographer-in-Paris-France-25-683x1024.jpg\" alt=\"Fot\u00f3grafo de vacaciones en Par\u00eds, Francia\" class=\"wp-image-14971\" srcset=\"https:\/\/kissinparis.com\/wp-content\/uploads\/2024\/01\/Vacation-Photographer-in-Paris-France-25-683x1024.jpg 683w, https:\/\/kissinparis.com\/wp-content\/uploads\/2024\/01\/Vacation-Photographer-in-Paris-France-25-200x300.jpg 200w, https:\/\/kissinparis.com\/wp-content\/uploads\/2024\/01\/Vacation-Photographer-in-Paris-France-25-768x1152.jpg 768w, https:\/\/kissinparis.com\/wp-content\/uploads\/2024\/01\/Vacation-Photographer-in-Paris-France-25-1024x1536.jpg 1024w, https:\/\/kissinparis.com\/wp-content\/uploads\/2024\/01\/Vacation-Photographer-in-Paris-France-25.jpg 1067w\" sizes=\"auto, (max-width: 683px) 100vw, 683px\" \/><\/a><figcaption class=\"wp-element-caption\">Fot\u00f3grafo de vacaciones en Par\u00eds, Francia<\/figcaption><\/figure>\n\n\n\n<figure class=\"wp-block-image size-large\"><a href=\"https:\/\/kissinparis.com\/wp-content\/uploads\/2024\/01\/Vacation-Photographer-in-Paris-France-45.jpg\" aria-label=\"Leer m\u00e1s sobre Fot\u00f3grafo de vacaciones en Par\u00eds, Francia\"><img loading=\"lazy\" decoding=\"async\" width=\"1024\" height=\"683\" data-id=\"14991\" src=\"https:\/\/kissinparis.com\/wp-content\/uploads\/2024\/01\/Vacation-Photographer-in-Paris-France-45-1024x683.jpg\" alt=\"Fot\u00f3grafo de vacaciones en Par\u00eds, Francia\" class=\"wp-image-14991\" srcset=\"https:\/\/kissinparis.com\/wp-content\/uploads\/2024\/01\/Vacation-Photographer-in-Paris-France-45-1024x683.jpg 1024w, https:\/\/kissinparis.com\/wp-content\/uploads\/2024\/01\/Vacation-Photographer-in-Paris-France-45-300x200.jpg 300w, https:\/\/kissinparis.com\/wp-content\/uploads\/2024\/01\/Vacation-Photographer-in-Paris-France-45-768x512.jpg 768w, https:\/\/kissinparis.com\/wp-content\/uploads\/2024\/01\/Vacation-Photographer-in-Paris-France-45-1536x1024.jpg 1536w, https:\/\/kissinparis.com\/wp-content\/uploads\/2024\/01\/Vacation-Photographer-in-Paris-France-45-1200x800.jpg 1200w, https:\/\/kissinparis.com\/wp-content\/uploads\/2024\/01\/Vacation-Photographer-in-Paris-France-45.jpg 1600w\" sizes=\"auto, (max-width: 1024px) 100vw, 1024px\" \/><\/a><figcaption class=\"wp-element-caption\">Fot\u00f3grafo de vacaciones en Par\u00eds, Francia<\/figcaption><\/figure>\n\n\n\n<figure class=\"wp-block-image size-large\"><a href=\"https:\/\/kissinparis.com\/wp-content\/uploads\/2024\/01\/Vacation-Photographer-in-Paris-France-23.jpg\" aria-label=\"Leer m\u00e1s sobre Fot\u00f3grafo de vacaciones en Par\u00eds, Francia\"><img loading=\"lazy\" decoding=\"async\" width=\"1024\" height=\"683\" data-id=\"14969\" src=\"https:\/\/kissinparis.com\/wp-content\/uploads\/2024\/01\/Vacation-Photographer-in-Paris-France-23-1024x683.jpg\" alt=\"Fot\u00f3grafo de vacaciones en Par\u00eds, Francia\" class=\"wp-image-14969\" srcset=\"https:\/\/kissinparis.com\/wp-content\/uploads\/2024\/01\/Vacation-Photographer-in-Paris-France-23-1024x683.jpg 1024w, https:\/\/kissinparis.com\/wp-content\/uploads\/2024\/01\/Vacation-Photographer-in-Paris-France-23-300x200.jpg 300w, https:\/\/kissinparis.com\/wp-content\/uploads\/2024\/01\/Vacation-Photographer-in-Paris-France-23-768x512.jpg 768w, https:\/\/kissinparis.com\/wp-content\/uploads\/2024\/01\/Vacation-Photographer-in-Paris-France-23-1536x1024.jpg 1536w, https:\/\/kissinparis.com\/wp-content\/uploads\/2024\/01\/Vacation-Photographer-in-Paris-France-23-1200x800.jpg 1200w, https:\/\/kissinparis.com\/wp-content\/uploads\/2024\/01\/Vacation-Photographer-in-Paris-France-23.jpg 1600w\" sizes=\"auto, (max-width: 1024px) 100vw, 1024px\" \/><\/a><figcaption class=\"wp-element-caption\">Fot\u00f3grafo de vacaciones en Par\u00eds, Francia<\/figcaption><\/figure>\n\n\n\n<figure class=\"wp-block-image size-large object-right\"><a href=\"https:\/\/kissinparis.com\/wp-content\/uploads\/2024\/01\/Vacation-Photographer-in-Paris-France-11.jpg\" aria-label=\"Leer m\u00e1s sobre Fot\u00f3grafo de vacaciones en Par\u00eds, Francia\"><img loading=\"lazy\" decoding=\"async\" width=\"1024\" height=\"683\" data-id=\"14957\" src=\"https:\/\/kissinparis.com\/wp-content\/uploads\/2024\/01\/Vacation-Photographer-in-Paris-France-11-1024x683.jpg\" alt=\"Fot\u00f3grafo de vacaciones en Par\u00eds, Francia\" class=\"wp-image-14957\" srcset=\"https:\/\/kissinparis.com\/wp-content\/uploads\/2024\/01\/Vacation-Photographer-in-Paris-France-11-1024x683.jpg 1024w, https:\/\/kissinparis.com\/wp-content\/uploads\/2024\/01\/Vacation-Photographer-in-Paris-France-11-300x200.jpg 300w, https:\/\/kissinparis.com\/wp-content\/uploads\/2024\/01\/Vacation-Photographer-in-Paris-France-11-768x512.jpg 768w, https:\/\/kissinparis.com\/wp-content\/uploads\/2024\/01\/Vacation-Photographer-in-Paris-France-11-1536x1024.jpg 1536w, https:\/\/kissinparis.com\/wp-content\/uploads\/2024\/01\/Vacation-Photographer-in-Paris-France-11-1200x800.jpg 1200w, https:\/\/kissinparis.com\/wp-content\/uploads\/2024\/01\/Vacation-Photographer-in-Paris-France-11.jpg 1600w\" sizes=\"auto, (max-width: 1024px) 100vw, 1024px\" \/><\/a><figcaption class=\"wp-element-caption\">Fot\u00f3grafo de vacaciones en Par\u00eds, Francia<\/figcaption><\/figure>\n\n\n\n<figure class=\"wp-block-image size-large object-left\"><a href=\"https:\/\/kissinparis.com\/wp-content\/uploads\/2024\/01\/Vacation-Photographer-in-Paris-France-21.jpg\" aria-label=\"Leer m\u00e1s sobre Fot\u00f3grafo de vacaciones en Par\u00eds, Francia\"><img loading=\"lazy\" decoding=\"async\" width=\"1024\" height=\"683\" data-id=\"14967\" src=\"https:\/\/kissinparis.com\/wp-content\/uploads\/2024\/01\/Vacation-Photographer-in-Paris-France-21-1024x683.jpg\" alt=\"Fot\u00f3grafo de vacaciones en Par\u00eds, Francia\" class=\"wp-image-14967\" srcset=\"https:\/\/kissinparis.com\/wp-content\/uploads\/2024\/01\/Vacation-Photographer-in-Paris-France-21-1024x683.jpg 1024w, https:\/\/kissinparis.com\/wp-content\/uploads\/2024\/01\/Vacation-Photographer-in-Paris-France-21-300x200.jpg 300w, https:\/\/kissinparis.com\/wp-content\/uploads\/2024\/01\/Vacation-Photographer-in-Paris-France-21-768x512.jpg 768w, https:\/\/kissinparis.com\/wp-content\/uploads\/2024\/01\/Vacation-Photographer-in-Paris-France-21-1536x1024.jpg 1536w, https:\/\/kissinparis.com\/wp-content\/uploads\/2024\/01\/Vacation-Photographer-in-Paris-France-21-1200x800.jpg 1200w, https:\/\/kissinparis.com\/wp-content\/uploads\/2024\/01\/Vacation-Photographer-in-Paris-France-21.jpg 1600w\" sizes=\"auto, (max-width: 1024px) 100vw, 1024px\" \/><\/a><figcaption class=\"wp-element-caption\">Fot\u00f3grafo de vacaciones en Par\u00eds, Francia<\/figcaption><\/figure>\n\n\n\n<figure class=\"wp-block-image size-large\"><a href=\"https:\/\/kissinparis.com\/wp-content\/uploads\/2024\/01\/Vacation-Photographer-in-Paris-France-14.jpg\" aria-label=\"Leer m\u00e1s sobre Fot\u00f3grafo de vacaciones en Par\u00eds, Francia\"><img loading=\"lazy\" decoding=\"async\" width=\"683\" height=\"1024\" data-id=\"14960\" src=\"https:\/\/kissinparis.com\/wp-content\/uploads\/2024\/01\/Vacation-Photographer-in-Paris-France-14-683x1024.jpg\" alt=\"Fot\u00f3grafo de vacaciones en Par\u00eds, Francia\" class=\"wp-image-14960\" srcset=\"https:\/\/kissinparis.com\/wp-content\/uploads\/2024\/01\/Vacation-Photographer-in-Paris-France-14-683x1024.jpg 683w, https:\/\/kissinparis.com\/wp-content\/uploads\/2024\/01\/Vacation-Photographer-in-Paris-France-14-200x300.jpg 200w, https:\/\/kissinparis.com\/wp-content\/uploads\/2024\/01\/Vacation-Photographer-in-Paris-France-14-768x1152.jpg 768w, https:\/\/kissinparis.com\/wp-content\/uploads\/2024\/01\/Vacation-Photographer-in-Paris-France-14-1024x1536.jpg 1024w, https:\/\/kissinparis.com\/wp-content\/uploads\/2024\/01\/Vacation-Photographer-in-Paris-France-14.jpg 1067w\" sizes=\"auto, (max-width: 683px) 100vw, 683px\" \/><\/a><figcaption class=\"wp-element-caption\">Fot\u00f3grafo de vacaciones en Par\u00eds, Francia<\/figcaption><\/figure>\n<\/figure>\n\n\n\n<p class=\"has-text-align-center max-width-550 slider-caption pt-50\">Enam\u00f3rese de su perspectiva \u00fanica, luego consulte su disponibilidad y paquetes.<\/p>\n<\/div><\/div>\n\n\n\n<div class=\"wp-block-group alignfull sec full-width sec-review targetDIV2 mt-0 pt-0 pb-0 mb-0\" id=\"reviews\"><div class=\"wp-block-group__inner-container is-layout-constrained wp-block-group-is-layout-constrained\">\n<div class=\"wp-block-columns alignfull overview mt-80 pt-20 mb-80 border-top is-layout-flex wp-container-core-columns-is-layout-9d6595d7 wp-block-columns-is-layout-flex\">\n<div class=\"wp-block-column desktop-only is-layout-flow wp-block-column-is-layout-flow\" style=\"flex-basis:50%\"><\/div>\n\n\n\n<div class=\"wp-block-column is-layout-flow wp-block-column-is-layout-flow\" style=\"flex-basis:50%\">\n<p class=\"has-text-align-right alignfull has-small-font-size\" style=\"text-transform:uppercase\">\/ Opiniones<\/p>\n<\/div>\n<\/div>\n\n\n\n<div class=\"wp-block-group alignwide mt-0 mb-0 pb-0\"><div class=\"wp-block-group__inner-container is-layout-constrained wp-block-group-is-layout-constrained\">\n<h2 class=\"wp-block-heading alignwide has-text-align-center mb-60 has-eachword-color has-base-2-color has-text-color has-link-color has-xx-large-font-size wp-elements-1e6d205cfd70b61b8abdcc9fb446b952\"><strong>Lo que<\/strong> <strong>dicen<\/strong> <strong>nuestros<\/strong> <strong>clientes<\/strong><\/h2>\n<\/div><\/div>\n\n\n\n<div class=\"wp-block-group alignfull testimonials  testimonials-carousel is-nowrap is-layout-flex wp-container-core-group-is-layout-64989fb1 wp-block-group-is-layout-flex\">\n<div class=\"wp-block-group testimonial testimonial-video\"><div class=\"wp-block-group__inner-container is-layout-constrained wp-block-group-is-layout-constrained\">\n<div class=\"wp-block-group quote\"><div class=\"wp-block-group__inner-container is-layout-flow wp-block-group-is-layout-flow\">\n<blockquote class=\"wp-block-quote is-style-default is-layout-flow wp-block-quote-is-layout-flow\">\n<p>\u00a1Dios m\u00edo! \u00a1Scander es un genio art\u00edstico! \u00a1Fue un placer hacer fotos con \u00e9l! Tiene una energ\u00eda maravillosa; es paciente, atento y muy divertido. Dio instrucciones f\u00e1ciles de seguir, as\u00ed que incluso mi novio, a quien normalmente no le gusta tomar fotos, se sinti\u00f3 y se vio incre\u00edble. Scander tiene un ojo excepcional, as\u00ed que sus fotos son \u00fanicas. Creo que es un fot\u00f3grafo de alta costura, as\u00ed que tuvimos la suerte de contar con \u00e9l. \u00a1La mejor decisi\u00f3n!<\/p>\n<cite>Cherise<\/cite><\/blockquote>\n<\/div><\/div>\n<\/div><\/div>\n\n\n\n<div class=\"wp-block-group testimonial testimonial-video\"><div class=\"wp-block-group__inner-container is-layout-constrained wp-block-group-is-layout-constrained\">\n<div class=\"wp-block-group quote\"><div class=\"wp-block-group__inner-container is-layout-flow wp-block-group-is-layout-flow\">\n<blockquote class=\"wp-block-quote is-layout-flow wp-block-quote-is-layout-flow\">\n<p>\u00a1Una sesi\u00f3n de fotos absolutamente impresionante e inolvidable! Scander captur\u00f3 todo lo que podr\u00edamos haber pedido y mucho m\u00e1s. \u00a1Las fotos son para morirse! Le apasiona su trabajo y tiene una personalidad c\u00e1lida y acogedora. Recomiendo ampliamente a Scander y estoy muy contento de haber capturado nuestros momentos especiales en Par\u00eds.<\/p>\n<cite>Nicole<\/cite><\/blockquote>\n<\/div><\/div>\n<\/div><\/div>\n\n\n\n<div class=\"wp-block-group testimonial testimonial-video\"><div class=\"wp-block-group__inner-container is-layout-constrained wp-block-group-is-layout-constrained\">\n<div class=\"wp-block-group quote\"><div class=\"wp-block-group__inner-container is-layout-flow wp-block-group-is-layout-flow\">\n<blockquote class=\"wp-block-quote is-layout-flow wp-block-quote-is-layout-flow\">\n<p>\u00a1Lo pas\u00e9 genial con Scander! Es comprensivo, paciente, creativo, amable y toma fotos fant\u00e1sticas. \u00a1Lo volver\u00eda a contratar sin dudarlo! \u00a1Gracias!<\/p>\n<cite>Ariel<\/cite><\/blockquote>\n<\/div><\/div>\n<\/div><\/div>\n\n\n\n<div class=\"wp-block-group testimonial testimonial-video\"><div class=\"wp-block-group__inner-container is-layout-constrained wp-block-group-is-layout-constrained\">\n<div class=\"wp-block-group quote\"><div class=\"wp-block-group__inner-container is-layout-flow wp-block-group-is-layout-flow\">\n<blockquote class=\"wp-block-quote is-layout-flow wp-block-quote-is-layout-flow\">\n<p>Mucho mejor de lo que esperaba, sobre todo en comparaci\u00f3n con otros descubrimientos fotogr\u00e1ficos que he tenido. Scander cre\u00f3 una sesi\u00f3n de fotos en Par\u00eds totalmente personalizada para m\u00ed. Sabe c\u00f3mo tomar fotos incre\u00edbles y es un tipo s\u00faper divertido y genial \ud83d\ude42<\/p>\n<cite>Ana L.<\/cite><\/blockquote>\n<\/div><\/div>\n<\/div><\/div>\n\n\n\n<div class=\"wp-block-group testimonial testimonial-video\"><div class=\"wp-block-group__inner-container is-layout-constrained wp-block-group-is-layout-constrained\">\n<div class=\"wp-block-group quote\"><div class=\"wp-block-group__inner-container is-layout-flow wp-block-group-is-layout-flow\">\n<blockquote class=\"wp-block-quote is-layout-flow wp-block-quote-is-layout-flow\">\n<p>Scander brind\u00f3 un servicio de 5 estrellas y es un fot\u00f3grafo de 5 estrellas. Fue muy divertido trabajar con \u00e9l y se esforz\u00f3 al m\u00e1ximo para que la sesi\u00f3n de fotos de Pairs fuera especial. \u00a1Lo recomiendo encarecidamente!<\/p>\n<cite>Ashley<\/cite><\/blockquote>\n<\/div><\/div>\n<\/div><\/div>\n\n\n\n<div class=\"wp-block-group testimonial testimonial-video\"><div class=\"wp-block-group__inner-container is-layout-constrained wp-block-group-is-layout-constrained\">\n<div class=\"wp-block-group quote\"><div class=\"wp-block-group__inner-container is-layout-flow wp-block-group-is-layout-flow\">\n<blockquote class=\"wp-block-quote is-style-default is-layout-flow wp-block-quote-is-layout-flow\">\n<p>Tuve una experiencia fant\u00e1stica con Scander. Es amable, profesional y muy trabajador. En tan solo una hora, Scander nos proporcion\u00f3 a mi prometida y a m\u00ed un mont\u00f3n de fotos incre\u00edbles. El equipo de edici\u00f3n de Kiss Me in Paris tendr\u00e1 mucho trabajo. Hicieron un trabajo fant\u00e1stico, respondi\u00e9ndome r\u00e1pidamente y devolvi\u00e9ndonos las fotos editadas enseguida. Kiss Me in Paris es una empresa excepcional, y fue un placer trabajar con Scander.<\/p>\n<cite>Sam Woods<\/cite><\/blockquote>\n<\/div><\/div>\n<\/div><\/div>\n<\/div>\n<\/div><\/div>\n\n\n\n<div class=\"wp-block-group alignfull sec  sec-next-page full-width mt-0 mb-0 pt-0\"><div class=\"wp-block-group__inner-container is-layout-constrained wp-block-group-is-layout-constrained\">\n<div class=\"wp-block-columns alignfull overview mt-80 pt-20 mb-80 border-top is-layout-flex wp-container-core-columns-is-layout-9d6595d7 wp-block-columns-is-layout-flex\">\n<div class=\"wp-block-column desktop-only is-layout-flow wp-block-column-is-layout-flow\" style=\"flex-basis:50%\"><\/div>\n\n\n\n<div class=\"wp-block-column is-layout-flow wp-block-column-is-layout-flow\" style=\"flex-basis:50%\">\n<p class=\"has-text-align-right alignfull has-small-font-size\" style=\"text-transform:uppercase\">\/ <strong>Conozca a nuestros otros fot\u00f3grafos<\/strong><\/p>\n<\/div>\n<\/div>\n\n\n\n<div class=\"wp-block-columns alignfull scrollable teams is-layout-flex wp-container-core-columns-is-layout-9d6595d7 wp-block-columns-is-layout-flex\">\n<div class=\"wp-block-column is-layout-flow wp-block-column-is-layout-flow\">\n<div class=\"wp-block-group alignfull text-block compact team has-base-2-background-color has-background\"><div class=\"wp-block-group__inner-container is-layout-constrained wp-block-group-is-layout-constrained\">\n<figure class=\"wp-block-image alignfull size-large\"><img loading=\"lazy\" decoding=\"async\" width=\"1024\" height=\"1024\" src=\"https:\/\/kissinparis.com\/wp-content\/uploads\/2025\/06\/paris-videographer-vincent-proposals-weddings-1024x1024.avif\" alt=\"Vide\u00f3grafo parisino Vincent\" class=\"wp-image-25463\" srcset=\"https:\/\/kissinparis.com\/wp-content\/uploads\/2025\/06\/paris-videographer-vincent-proposals-weddings-1024x1024.avif 1024w, https:\/\/kissinparis.com\/wp-content\/uploads\/2025\/06\/paris-videographer-vincent-proposals-weddings-300x300.avif 300w, https:\/\/kissinparis.com\/wp-content\/uploads\/2025\/06\/paris-videographer-vincent-proposals-weddings-150x150.avif 150w, https:\/\/kissinparis.com\/wp-content\/uploads\/2025\/06\/paris-videographer-vincent-proposals-weddings-768x768.avif 768w, https:\/\/kissinparis.com\/wp-content\/uploads\/2025\/06\/paris-videographer-vincent-proposals-weddings-1200x1200.avif 1200w, https:\/\/kissinparis.com\/wp-content\/uploads\/2025\/06\/paris-videographer-vincent-proposals-weddings.avif 1400w\" sizes=\"auto, (max-width: 1024px) 100vw, 1024px\" \/><figcaption class=\"wp-element-caption\">Vide\u00f3grafo parisino Vincent<\/figcaption><\/figure>\n\n\n\n<p class=\"has-text-align-center name\">Vicente<\/p>\n\n\n\n<p class=\"has-text-align-center designation\">Fot\u00f3grafo profesional<\/p>\n\n\n\n<p class=\"has-link magnetic meet-vincent\"><a href=\"https:\/\/kissinparis.com\/es\/equipo-creativo\/vincent\/\" data-type=\"link\" data-id=\"https:\/\/kissinparis.com\/artists\/vincent\/\">Conoce a Vincent<\/a><\/p>\n<\/div><\/div>\n<\/div>\n\n\n\n<div class=\"wp-block-column is-layout-flow wp-block-column-is-layout-flow\">\n<div class=\"wp-block-group alignfull text-block compact team has-base-2-background-color has-background\"><div class=\"wp-block-group__inner-container is-layout-constrained wp-block-group-is-layout-constrained\">\n<figure class=\"wp-block-image alignfull size-full\"><img loading=\"lazy\" decoding=\"async\" width=\"1400\" height=\"1400\" src=\"https:\/\/kissinparis.com\/wp-content\/uploads\/2025\/06\/paris-wedding-photographer-cengiz-award-winning.avif\" alt=\"Fot\u00f3grafo de bodas en Par\u00eds Cengiz\" class=\"wp-image-25469\" srcset=\"https:\/\/kissinparis.com\/wp-content\/uploads\/2025\/06\/paris-wedding-photographer-cengiz-award-winning.avif 1400w, https:\/\/kissinparis.com\/wp-content\/uploads\/2025\/06\/paris-wedding-photographer-cengiz-award-winning-300x300.avif 300w, https:\/\/kissinparis.com\/wp-content\/uploads\/2025\/06\/paris-wedding-photographer-cengiz-award-winning-1024x1024.avif 1024w, https:\/\/kissinparis.com\/wp-content\/uploads\/2025\/06\/paris-wedding-photographer-cengiz-award-winning-150x150.avif 150w, https:\/\/kissinparis.com\/wp-content\/uploads\/2025\/06\/paris-wedding-photographer-cengiz-award-winning-768x768.avif 768w, https:\/\/kissinparis.com\/wp-content\/uploads\/2025\/06\/paris-wedding-photographer-cengiz-award-winning-1200x1200.avif 1200w\" sizes=\"auto, (max-width: 1400px) 100vw, 1400px\" \/><figcaption class=\"wp-element-caption\">Fot\u00f3grafo de bodas en Par\u00eds Cengiz<\/figcaption><\/figure>\n\n\n\n<p class=\"has-text-align-center name\">Cengiz<\/p>\n\n\n\n<p class=\"has-text-align-center designation\">Fot\u00f3grafo profesional<\/p>\n\n\n\n<p class=\"has-link magnetic meet-cengiz\"><a href=\"https:\/\/kissinparis.com\/es\/equipo-creativo\/cengiz\/\" data-type=\"link\" data-id=\"https:\/\/kissinparis.com\/artists\/cengiz\/\">Conoce a Cengiz<\/a><\/p>\n<\/div><\/div>\n<\/div>\n\n\n\n<div class=\"wp-block-column is-layout-flow wp-block-column-is-layout-flow\">\n<div class=\"wp-block-group alignfull text-block compact team has-base-2-background-color has-background\"><div class=\"wp-block-group__inner-container is-layout-constrained wp-block-group-is-layout-constrained\">\n<figure class=\"wp-block-image alignfull size-large\"><img loading=\"lazy\" decoding=\"async\" width=\"1024\" height=\"1024\" src=\"https:\/\/kissinparis.com\/wp-content\/uploads\/2025\/06\/paris-photographer-juliana-vacation-boudoir-family-1024x1024.avif\" alt=\"Fot\u00f3grafa parisina portuguesa Juliana\" class=\"wp-image-25451\" srcset=\"https:\/\/kissinparis.com\/wp-content\/uploads\/2025\/06\/paris-photographer-juliana-vacation-boudoir-family-1024x1024.avif 1024w, https:\/\/kissinparis.com\/wp-content\/uploads\/2025\/06\/paris-photographer-juliana-vacation-boudoir-family-300x300.avif 300w, https:\/\/kissinparis.com\/wp-content\/uploads\/2025\/06\/paris-photographer-juliana-vacation-boudoir-family-150x150.avif 150w, https:\/\/kissinparis.com\/wp-content\/uploads\/2025\/06\/paris-photographer-juliana-vacation-boudoir-family-768x768.avif 768w, https:\/\/kissinparis.com\/wp-content\/uploads\/2025\/06\/paris-photographer-juliana-vacation-boudoir-family-1200x1200.avif 1200w, https:\/\/kissinparis.com\/wp-content\/uploads\/2025\/06\/paris-photographer-juliana-vacation-boudoir-family.avif 1400w\" sizes=\"auto, (max-width: 1024px) 100vw, 1024px\" \/><figcaption class=\"wp-element-caption\">Fot\u00f3grafa parisina portuguesa Juliana<\/figcaption><\/figure>\n\n\n\n<p class=\"has-text-align-center name\">Juliana<\/p>\n\n\n\n<p class=\"has-text-align-center designation\">Fot\u00f3grafo profesional<\/p>\n\n\n\n<p class=\"has-link magnetic meet-juliana\"><a href=\"https:\/\/kissinparis.com\/es\/equipo-creativo\/juliana\/\" data-type=\"link\" data-id=\"https:\/\/kissinparis.com\/artists\/juliana\/\">Conoce a Juliana<\/a><\/p>\n<\/div><\/div>\n<\/div>\n\n\n\n<div class=\"wp-block-column desktop-only is-layout-flow wp-block-column-is-layout-flow\"><\/div>\n<\/div>\n<\/div><\/div>\n<\/div><\/div>\n\n\n\n<div class=\"wp-block-group alignfull popup package-popup\" id=\"book-scander\"><div class=\"wp-block-group__inner-container is-layout-constrained wp-block-group-is-layout-constrained\">\n<div class=\"wp-block-group alignfull popup-inner has-background-color has-primary-background-color has-text-color has-background has-link-color wp-elements-19835b5f096d04d7248fac355ca52d19\"><div class=\"wp-block-group__inner-container is-layout-constrained wp-block-group-is-layout-constrained\">\n<h3 class=\"wp-block-heading has-base-2-color has-text-color has-link-color wp-elements-59c3bf6436aaaece04176c208082ece2\">Esc\u00e1ner de consulta de reservas<\/h3>\n\n\n\n<p class=\"full animate__animated animate__fadeInUp has-phone\"><a href=\"https:\/\/api.whatsapp.com\/send?phone=33699061974\" data-type=\"link\" data-id=\"https:\/\/api.whatsapp.com\/send?phone=33699061974\" target=\"_blank\" rel=\"noreferrer noopener\">+33 6 99 06 19 74<\/a> <em>\u25cf<\/em> <a href=\"mailto:support@kissinparis.com?subject=Paris Photoshoot Inquiry\">support@kissinparis.com<\/a><\/p>\n\n\n\n<div class=\"wpcf7 no-js\" id=\"wpcf7-f27054-o1\" lang=\"en-US\" dir=\"ltr\" data-wpcf7-id=\"27054\">\n<div class=\"screen-reader-response\"><p role=\"status\" aria-live=\"polite\" aria-atomic=\"true\"><\/p> <ul><\/ul><\/div>\n<form action=\"\/es\/wp-json\/wp\/v2\/pages\/1051#wpcf7-f27054-o1\" method=\"post\" class=\"wpcf7-form init\" aria-label=\"Formulario de contacto\" novalidate=\"novalidate\" data-status=\"init\" data-trp-original-action=\"\/es\/wp-json\/wp\/v2\/pages\/1051#wpcf7-f27054-o1\">\n<fieldset class=\"hidden-fields-container\"><input type=\"hidden\" name=\"_wpcf7\" value=\"27054\" \/><input type=\"hidden\" name=\"_wpcf7_version\" value=\"6.1.5\" \/><input type=\"hidden\" name=\"_wpcf7_locale\" value=\"en_US\" \/><input type=\"hidden\" name=\"_wpcf7_unit_tag\" value=\"wpcf7-f27054-o1\" \/><input type=\"hidden\" name=\"_wpcf7_container_post\" value=\"0\" \/><input type=\"hidden\" name=\"_wpcf7_posted_data_hash\" value=\"\" \/>\n<\/fieldset>\n<div class=\"row\">\n\t<p class=\"col col50 full\"><label><span class=\"wpcf7-form-control-wrap\" data-name=\"your-name\"><input size=\"40\" maxlength=\"400\" class=\"wpcf7-form-control wpcf7-text wpcf7-validates-as-required\" id=\"name\" autocomplete=\"name\" aria-required=\"true\" aria-invalid=\"false\" placeholder=\"Nombre completo *\" value=\"\" type=\"text\" name=\"your-name\" \/><\/span><\/label>\n\t<\/p>\n\t<p class=\"col col50 full\"><label><span class=\"wpcf7-form-control-wrap\" data-name=\"your-email\"><input size=\"40\" maxlength=\"400\" class=\"wpcf7-form-control wpcf7-email wpcf7-validates-as-required wpcf7-text wpcf7-validates-as-email\" id=\"email\" autocomplete=\"email\" aria-required=\"true\" aria-invalid=\"false\" placeholder=\"Correo electr\u00f3nico *\" value=\"\" type=\"email\" name=\"your-email\" \/><\/span> <\/label>\n\t<\/p>\n<\/div>\n<div class=\"row\">\n\t<p class=\"col col50 full\"><label><span class=\"wpcf7-form-control-wrap\" data-name=\"your-phone\"><input size=\"40\" maxlength=\"400\" class=\"wpcf7-form-control wpcf7-tel wpcf7-text wpcf7-validates-as-tel\" id=\"phone\" autocomplete=\"phone\" aria-invalid=\"false\" placeholder=\"Tel\u00e9fono\" value=\"\" type=\"tel\" name=\"your-phone\" \/><\/span> <\/label>\n\t<\/p>\n\t<p class=\"col col50 full\"><label><span class=\"wpcf7-form-control-wrap\" data-name=\"your-date\"><input size=\"40\" maxlength=\"400\" class=\"wpcf7-form-control wpcf7-text\" id=\"date\" aria-invalid=\"false\" placeholder=\"Fecha (MM\/DD\/AA)\" value=\"\" type=\"text\" name=\"your-date\" \/><\/span><\/label>\n\t<\/p>\n<\/div>\n<p class=\"full\"><label for=\"your-shoot-type\">Tipo de rodaje <\/label><span class=\"wpcf7-form-control-wrap\" data-name=\"your-shoot-type\"><select class=\"wpcf7-form-control wpcf7-select\" id=\"your-shoot-type\" aria-invalid=\"false\" name=\"your-shoot-type\"><option value=\"\">Por favor seleccione...<\/option><option value=\"Proposal\">Propuesta<\/option><option value=\"Wedding\">Boda<\/option><option value=\"Couple Shoot\">Sesi\u00f3n de fotos de pareja<\/option><option value=\"Family\">Familia<\/option><option value=\"Boudoir\">Boudoir<\/option><option value=\"Solo\">Solo<\/option><option value=\"Videography\">Videograf\u00eda<\/option><option value=\"Video + Photo\">V\u00eddeo + Foto<\/option><\/select><\/span>\n<\/p>\n<p class=\"full\"><label for=\"message\">\u00a1Cu\u00e9ntanos tu visi\u00f3n! Comparte tus ideas para las sesiones, ubicaciones preferidas y horarios. M\u00e1s detalles nos ayudan a planificar mejor.<\/label><span class=\"wpcf7-form-control-wrap\" data-name=\"your-message\"><textarea cols=\"40\" rows=\"10\" maxlength=\"2000\" class=\"wpcf7-form-control wpcf7-textarea\" id=\"message\" aria-invalid=\"false\" placeholder=\"Mensaje\" name=\"your-message\"><\/textarea><\/span>\n<\/p>\n<div class=\"text-left full pt-0 has-submit  btn-lg mt-0 mb-0 hide-default-submit\">\n\t<p><div class=\"cf7-cf-turnstile\" style=\"margin-top: 0px; margin-bottom: -15px;\"> <div id=\"cf-turnstile-cf7-2152990248\" class=\"cf-turnstile\" data-callback=\"turnstileCF7Callback\" data-sitekey=\"0x4AAAAAAA6tyyirfbfpLGRe\" data-theme=\"light\" data-language=\"auto\" data-size=\"normal\" data-retry=\"auto\" data-retry-interval=\"1000\" data-refresh-expired=\"auto\" data-refresh-timeout=\"auto\" data-action=\"contact-form-7\" data-appearance=\"always\"><\/div> <style>.wpcf7-submit { pointer-events: none; opacity: 0.5; }<\/style> <script>document.addEventListener(\"DOMContentLoaded\", function() { setTimeout(function(){ var e=document.getElementById(\"cf-turnstile-cf7-2152990248\"); if(e&&!e.innerHTML.trim()){turnstile.render(e, {sitekey:\"0x4AAAAAAA6tyyirfbfpLGRe\"});} }, 200); });<\/script> <br class=\"cf-turnstile-br cf-turnstile-br-cf7-2152990248\"> <style>#cf-turnstile-cf7-2152990248 { margin-left: -15px; }<\/style> <script>document.addEventListener(\"DOMContentLoaded\",function(){document.querySelectorAll('.wpcf7-form').forEach(function(e){e.addEventListener('submit',function(){if(document.getElementById('cf-turnstile-cf7-2152990248')){setTimeout(function(){turnstile.reset('#cf-turnstile-cf7-2152990248');},1000)}})})});<\/script> <\/div><br\/><input class=\"wpcf7-form-control wpcf7-submit has-spinner wp-block-button__link\" type=\"submit\" value=\"Enviar\" \/>\n\t<\/p>\n<\/div>\n<div class=\"wp-block-button has-arrow has-btn-yellow mt-0 mb-0\">\n\t<p><button type=\"submit\" class=\"wp-block-button__link wp-element-button\"><em>Enviar<\/em><\/button>\n\t<\/p>\n<\/div><p style=\"display: none !important;\" class=\"akismet-fields-container\" data-prefix=\"_wpcf7_ak_\"><label>\u0394<textarea name=\"_wpcf7_ak_hp_textarea\" cols=\"45\" rows=\"8\" maxlength=\"100\"><\/textarea><\/label><input type=\"hidden\" id=\"ak_js_1\" name=\"_wpcf7_ak_js\" value=\"5\"\/><script>\ndocument.getElementById( \"ak_js_1\" ).setAttribute( \"value\", ( new Date() ).getTime() );\n<\/script>\n<\/p><div class=\"wpcf7-response-output\" aria-hidden=\"true\"><\/div>\n<input type=\"hidden\" name=\"trp-form-language\" value=\"es\"\/><\/form>\n<\/div>\n\n\n\n\n<p class=\"close\">Cerrar<\/p>\n<\/div><\/div>\n<\/div><\/div>\n\n\n\n<div class=\"wp-block-group popup-cta\"><div class=\"wp-block-group__inner-container is-layout-constrained wp-block-group-is-layout-constrained\">\n<figure class=\"wp-block-video\"><video autoplay loop muted preload=\"none\" src=\"https:\/\/kissinparis.com\/wp-content\/uploads\/2025\/04\/hero-video-homepage.mp4\" playsinline><\/video><\/figure>\n\n\n\n<p class=\"title\">Esc\u00e1ner de libros<\/p>\n\n\n\n<p class=\"has-link\"><a href=\"mailto:support@kissinparis.com?subject=Booking Inquiry for Scander\" data-type=\"page\" data-id=\"1753\">PREGUNTAS SOBRE RESERVAS<\/a><\/p>\n<\/div><\/div>","protected":false},"excerpt":{"rendered":"<p>SCANDER (Skan-dr) YOUR PARIS INSIDER AND FRIEND \/&nbsp;Overview Meet SCANDER Scander picked up photography the hard way: leading activities with kids at a summer camp in Tsunan, Japan in 2015. If you can direct children and keep them engaged, directing adults is a breeze. A self-starter with a warm approach, Scander has shot over 2,000 [&hellip;]<\/p>\n","protected":false},"author":35,"featured_media":27258,"parent":4359,"menu_order":0,"comment_status":"closed","ping_status":"closed","template":"","meta":{"_acf_changed":false,"ub_ctt_via":"","footnotes":""},"class_list":["post-1051","page","type-page","status-publish","has-post-thumbnail","hentry"],"acf":[],"featured_image_src":"https:\/\/kissinparis.com\/wp-content\/uploads\/2025\/08\/paris-photographer-scander-weddings-portraits.jpg","_links":{"self":[{"href":"https:\/\/kissinparis.com\/es\/wp-json\/wp\/v2\/pages\/1051","targetHints":{"allow":["GET"]}}],"collection":[{"href":"https:\/\/kissinparis.com\/es\/wp-json\/wp\/v2\/pages"}],"about":[{"href":"https:\/\/kissinparis.com\/es\/wp-json\/wp\/v2\/types\/page"}],"author":[{"embeddable":true,"href":"https:\/\/kissinparis.com\/es\/wp-json\/wp\/v2\/users\/35"}],"replies":[{"embeddable":true,"href":"https:\/\/kissinparis.com\/es\/wp-json\/wp\/v2\/comments?post=1051"}],"version-history":[{"count":17,"href":"https:\/\/kissinparis.com\/es\/wp-json\/wp\/v2\/pages\/1051\/revisions"}],"predecessor-version":[{"id":28480,"href":"https:\/\/kissinparis.com\/es\/wp-json\/wp\/v2\/pages\/1051\/revisions\/28480"}],"up":[{"embeddable":true,"href":"https:\/\/kissinparis.com\/es\/wp-json\/wp\/v2\/pages\/4359"}],"wp:featuredmedia":[{"embeddable":true,"href":"https:\/\/kissinparis.com\/es\/wp-json\/wp\/v2\/media\/27258"}],"wp:attachment":[{"href":"https:\/\/kissinparis.com\/es\/wp-json\/wp\/v2\/media?parent=1051"}],"curies":[{"name":"wp","href":"https:\/\/api.w.org\/{rel}","templated":true}]}}