{"id":13577,"date":"2023-06-22T19:57:14","date_gmt":"2023-06-22T19:57:14","guid":{"rendered":"https:\/\/kissinparis.com\/?page_id=13577"},"modified":"2026-01-28T14:55:43","modified_gmt":"2026-01-28T14:55:43","slug":"juliana","status":"publish","type":"page","link":"https:\/\/kissinparis.com\/es\/artists\/juliana\/","title":{"rendered":"Fot\u00f3grafa en Par\u00eds Juliana"},"content":{"rendered":"<div class=\"wp-block-group alignfull sec heror-section full-width v2 text-center mt-0 mb-0 has-scroll-down pb-20 has-primary-color has-text-color has-background has-link-color wp-elements-d363ce82b8ec3244317ef0a7c5742e1d\" style=\"background-color:#fbd8f5\"><div class=\"wp-block-group__inner-container is-layout-constrained wp-block-group-is-layout-constrained\">\n<div class=\"wp-block-group alignfull animate_holder pl-0 pr-0 mb-0\"><div class=\"wp-block-group__inner-container is-layout-constrained wp-block-group-is-layout-constrained\">\n<h1 class=\"wp-block-heading has-text-align-center heading-size-1 alignfull full pl-0 pr-0 animate__animated animate__fadeInUp\">J<em>Uliana Aguiar<\/em><\/h1>\n<\/div><\/div>\n\n\n\n<div class=\"wp-block-group alignfull animate_holder pl-0 pr-0 mt-0\"><div class=\"wp-block-group__inner-container is-layout-constrained wp-block-group-is-layout-constrained\">\n<h2 class=\"wp-block-heading has-text-align-center pt-60 desgination animate__animated animate__fadeInUp has-small-font-size\">FOT\u00d3GRAFA DE PAR\u00cdS<\/h2>\n<\/div><\/div>\n<\/div><\/div>\n\n\n\n<div class=\"wp-block-group alignfull mt-0 mb-0 sec sec-fullwidth sec-team-details pt-0 pb-0 bg-transition-light-v2 has-primary-color has-text-color has-background has-link-color wp-elements-e10446537b52f4433aba057b4d3239b2\" style=\"background-color:#fbd8f5\"><div class=\"wp-block-group__inner-container is-layout-constrained wp-block-group-is-layout-constrained\">\n<div class=\"wp-block-group alignfull animate_holder team-picture full-width\"><div class=\"wp-block-group__inner-container is-layout-constrained wp-block-group-is-layout-constrained\">\n<div class=\"wp-block-group alignfull  full-width animate_holder animate__animated animate__fadeInUp\"><div class=\"wp-block-group__inner-container is-layout-constrained wp-block-group-is-layout-constrained\">\n<figure class=\"wp-block-image alignfull size-full hide-caption animate__animated animate__fadeInUp\"><img loading=\"lazy\" decoding=\"async\" width=\"1600\" height=\"1067\" src=\"https:\/\/kissinparis.com\/wp-content\/uploads\/2025\/08\/juliana-feminine-paris-photographer-weddings-portraits.jpg\" alt=\"Juliana, fot\u00f3grafa brasile\u00f1a en Par\u00eds, conocida por su estilo l\u00fadico y femenino y sus fotograf\u00edas brillantes y aireadas que capturan bodas, retratos familiares y sesiones de boudoir con un ambiente relajado.\" class=\"wp-image-27220\" srcset=\"https:\/\/kissinparis.com\/wp-content\/uploads\/2025\/08\/juliana-feminine-paris-photographer-weddings-portraits.jpg 1600w, https:\/\/kissinparis.com\/wp-content\/uploads\/2025\/08\/juliana-feminine-paris-photographer-weddings-portraits-300x200.jpg 300w, https:\/\/kissinparis.com\/wp-content\/uploads\/2025\/08\/juliana-feminine-paris-photographer-weddings-portraits-1024x683.jpg 1024w, https:\/\/kissinparis.com\/wp-content\/uploads\/2025\/08\/juliana-feminine-paris-photographer-weddings-portraits-768x512.jpg 768w, https:\/\/kissinparis.com\/wp-content\/uploads\/2025\/08\/juliana-feminine-paris-photographer-weddings-portraits-1536x1024.jpg 1536w, https:\/\/kissinparis.com\/wp-content\/uploads\/2025\/08\/juliana-feminine-paris-photographer-weddings-portraits-1200x800.jpg 1200w\" sizes=\"auto, (max-width: 1600px) 100vw, 1600px\" \/><figcaption class=\"wp-element-caption\">Juliana, fot\u00f3grafa brasile\u00f1a en Par\u00eds, es conocida por su estilo alegre y femenino y sus fotos brillantes y aireadas que capturan bodas, retratos familiares y sesiones de boudoir con un ambiente relajado.\u201d<\/figcaption><\/figure>\n<\/div><\/div>\n<\/div><\/div>\n\n\n\n<div class=\"wp-block-group alignfull  full-width\"><div class=\"wp-block-group__inner-container is-layout-constrained wp-block-group-is-layout-constrained\">\n<div class=\"wp-block-columns alignfull overview mt-20 pt-20 border-top targetDIV is-layout-flex wp-container-core-columns-is-layout-9d6595d7 wp-block-columns-is-layout-flex\">\n<div class=\"wp-block-column desktop-only is-layout-flow wp-block-column-is-layout-flow\" style=\"flex-basis:100%\"><\/div>\n\n\n\n<div class=\"wp-block-column is-layout-flow wp-block-column-is-layout-flow\" style=\"flex-basis:100%\">\n<p class=\"has-text-align-right full has-small-font-size\" style=\"text-transform:uppercase\">\/ Resumen<\/p>\n<\/div>\n<\/div>\n<\/div><\/div>\n\n\n\n<div class=\"wp-block-group alignfull sec  full-width pb-0 pt-0 mt-0 mb-0\"><div class=\"wp-block-group__inner-container is-layout-constrained wp-block-group-is-layout-constrained\">\n<div class=\"wp-block-columns alignfull gap overview-content order-reverse is-layout-flex wp-container-core-columns-is-layout-9d6595d7 wp-block-columns-is-layout-flex\">\n<div class=\"wp-block-column has-content is-layout-flow wp-block-column-is-layout-flow\">\n<h2 class=\"wp-block-heading full has-contrast-color has-text-color has-link-color has-medium-font-size wp-elements-dbc6065d8422e47826edb0eaf17b3d1f\">Conoce a JULIANA<\/h2>\n\n\n\n<p class=\"full\">Soy Juliana Aguiar, fot\u00f3grafa brasile\u00f1a residente en Par\u00eds. Antes de dedicarme a la fotograf\u00eda, trabaj\u00e9 como modelo y viv\u00ed en Asia, Europa, \u00c1frica y Estados Unidos. El cambio de culturas y pa\u00edses molde\u00f3 mi forma de ver a las personas y c\u00f3mo conecto con ellas a trav\u00e9s de mi c\u00e1mara.<\/p>\n\n\n\n<p>Estar frente a una c\u00e1mara puede resultar inc\u00f3modo cuando no sabes qu\u00e9 hacer con tu cuerpo, tus manos o tu expresi\u00f3n. Conozco bien esa sensaci\u00f3n y me permite guiar a mis clientes con paciencia y claridad. Trabajo a trav\u00e9s del movimiento y la interacci\u00f3n \u2014caminando, corriendo, riendo, dejando que las cosas sucedan con naturalidad\u2014, respetando siempre el ritmo y la personalidad de cada persona.<\/p>\n\n\n\n<p>Mi experiencia como modelo tambi\u00e9n ayuda a los hombres a sentirse m\u00e1s seguros durante las sesiones. Suelo mostrar las poses yo misma, lo que hace que el proceso sea m\u00e1s claro y relajado.<\/p>\n\n\n\n<p>Como fot\u00f3grafa, creo un espacio donde las mujeres se sienten c\u00f3modas, especialmente durante sesiones boudoir o sesiones familiares. Trabajo con facilidad con ni\u00f1os y tengo experiencia fotografiando a ni\u00f1os con necesidades especiales.<\/p>\n\n\n\n<p class=\"full\">Par\u00eds inspira mi trabajo diariamente: desde los caf\u00e9s y las calles tranquilas hasta el Sena, el Louvre y la arquitectura de la ciudad.<\/p>\n\n\n\n<div class=\"wp-block-buttons pt-20 is-layout-flex wp-block-buttons-is-layout-flex\">\n<div class=\"wp-block-button get-popup has-btn-yellow has-arrow  is-slim\"><a class=\"wp-block-button__link wp-element-button\" href=\"#book-juliana\"><em>Reserve ahora<\/em><\/a><\/div>\n\n\n\n<div class=\"wp-block-button has-arrow v2 is-slim\"><a class=\"wp-block-button__link wp-element-button\" href=\"#reviews\"><em>Opiniones<\/em><\/a><\/div>\n\n\n\n<div class=\"wp-block-button has-arrow v2 is-slim\"><a class=\"wp-block-button__link wp-element-button\" href=\"#portfolio\"><em>Portfolio<\/em><\/a><\/div>\n<\/div>\n<\/div>\n\n\n\n<div class=\"wp-block-column has-review is-layout-flow wp-block-column-is-layout-flow\">\n<div class=\"wp-block-group mt-0 mb-0\"><div class=\"wp-block-group__inner-container is-layout-constrained wp-block-group-is-layout-constrained\">\n<div class=\"wp-block-group sticky mb-0 mt-0\"><div class=\"wp-block-group__inner-container is-layout-constrained wp-block-group-is-layout-constrained\">\n<blockquote class=\"wp-block-quote pt-0 pb-0 pl-0 pr-0 has-background is-layout-flow wp-block-quote-is-layout-flow\" style=\"background-color:#ffffff00\">\n<p>Nuestras fotos est\u00e1n llenas del amor y la alegr\u00eda que sentimos en Par\u00eds: \u00a1un verdadero tesoro que jam\u00e1s hubi\u00e9ramos imaginado! No esperes m\u00e1s y reserva con Juliana; es simplemente incre\u00edble y no te decepcionar\u00e1.<\/p>\n<cite>Giulia Weyrich<\/cite><\/blockquote>\n<\/div><\/div>\n<\/div><\/div>\n<\/div>\n<\/div>\n<\/div><\/div>\n\n\n\n<div class=\"wp-block-group alignfull sec pb-10 full-width mt-0\"><div class=\"wp-block-group__inner-container is-layout-constrained wp-block-group-is-layout-constrained\">\n<p><\/p>\n\n\n\n<p class=\"full alignfull text_indent-0 marquee arrows\"><\/p>\n<\/div><\/div>\n\n\n\n<div class=\"wp-block-group alignfull sec  full-width pb-0 mb-0 mt-0 pt-0\" id=\"portfolio\"><div class=\"wp-block-group__inner-container is-layout-constrained wp-block-group-is-layout-constrained\">\n<div class=\"wp-block-columns alignfull overview mt-0 pt-20 mb-0 border-top is-layout-flex wp-container-core-columns-is-layout-9d6595d7 wp-block-columns-is-layout-flex\">\n<div class=\"wp-block-column desktop-only is-layout-flow wp-block-column-is-layout-flow\" style=\"flex-basis:50%\"><\/div>\n\n\n\n<div class=\"wp-block-column is-layout-flow wp-block-column-is-layout-flow\" style=\"flex-basis:50%\">\n<p class=\"has-text-align-right alignfull has-small-font-size\" style=\"text-transform:uppercase\">\/ Portafolio<\/p>\n<\/div>\n<\/div>\n\n\n\n<div class=\"wp-block-columns alignfull gap overview-content mt-0 mb-0 is-layout-flex wp-container-core-columns-is-layout-9d6595d7 wp-block-columns-is-layout-flex\">\n<div class=\"wp-block-column has-review is-layout-flow wp-block-column-is-layout-flow\">\n<div class=\"wp-block-group\"><div class=\"wp-block-group__inner-container is-layout-constrained wp-block-group-is-layout-constrained\">\n<h2 class=\"wp-block-heading has-base-2-color has-text-color has-link-color wp-elements-b367a9f545778eb2d0fa1d1edce3ee04\" style=\"text-transform:uppercase\">Mira mi estilo<\/h2>\n\n\n\n<p class=\"slider-caption pt-0 max-width-600\">Explora el trabajo de Juliana para descubrir su estilo editorial, alegre y femenino. Como exmodelo internacional, sabe exactamente c\u00f3mo hacerte lucir incre\u00edble ante la c\u00e1mara. Ya sea que est\u00e9s planeando una propuesta de matrimonio, celebrando con la familia o reservando una sesi\u00f3n de boudoir, te sentir\u00e1s segura y obtendr\u00e1s fotos que te encantar\u00e1n.<\/p>\n<\/div><\/div>\n<\/div>\n\n\n\n<div class=\"wp-block-column has-content desktop-only is-layout-flow wp-block-column-is-layout-flow\"><\/div>\n<\/div>\n\n\n\n<figure class=\"wp-block-gallery alignfull has-nested-images columns-3 is-cropped mt-0 mb-0 wp-block-gallery-1 is-layout-flex wp-block-gallery-is-layout-flex\">\n<figure class=\"wp-block-image size-full\"><a href=\"https:\/\/kissinparis.com\/wp-content\/uploads\/2026\/01\/tuileries-garden-louvre-sunrise-couple-photoshoot-paris.webp\" aria-label=\"Lea m\u00e1s sobre una pareja bes\u00e1ndose al amanecer en el Jard\u00edn de las Tuller\u00edas con el Louvre al fondo durante una sesi\u00f3n de fotos de pareja de primavera en Par\u00eds.\"><img loading=\"lazy\" decoding=\"async\" width=\"1600\" height=\"1067\" data-id=\"29065\" src=\"https:\/\/kissinparis.com\/wp-content\/uploads\/2026\/01\/tuileries-garden-louvre-sunrise-couple-photoshoot-paris.webp\" alt=\"Pareja bes\u00e1ndose al amanecer en el Jard\u00edn de las Tuller\u00edas con el Louvre al fondo durante una sesi\u00f3n de fotos de pareja de primavera en Par\u00eds.\" class=\"wp-image-29065\" srcset=\"https:\/\/kissinparis.com\/wp-content\/uploads\/2026\/01\/tuileries-garden-louvre-sunrise-couple-photoshoot-paris.webp 1600w, https:\/\/kissinparis.com\/wp-content\/uploads\/2026\/01\/tuileries-garden-louvre-sunrise-couple-photoshoot-paris-300x200.webp 300w, https:\/\/kissinparis.com\/wp-content\/uploads\/2026\/01\/tuileries-garden-louvre-sunrise-couple-photoshoot-paris-1024x683.webp 1024w, https:\/\/kissinparis.com\/wp-content\/uploads\/2026\/01\/tuileries-garden-louvre-sunrise-couple-photoshoot-paris-768x512.webp 768w, https:\/\/kissinparis.com\/wp-content\/uploads\/2026\/01\/tuileries-garden-louvre-sunrise-couple-photoshoot-paris-1536x1024.webp 1536w, https:\/\/kissinparis.com\/wp-content\/uploads\/2026\/01\/tuileries-garden-louvre-sunrise-couple-photoshoot-paris-18x12.webp 18w, https:\/\/kissinparis.com\/wp-content\/uploads\/2026\/01\/tuileries-garden-louvre-sunrise-couple-photoshoot-paris-1200x800.webp 1200w\" sizes=\"auto, (max-width: 1600px) 100vw, 1600px\" \/><\/a><figcaption class=\"wp-element-caption\">Sesi\u00f3n de fotos de pareja al amanecer en el Jard\u00edn de las Tuller\u00edas de Par\u00eds, con el Louvre de fondo y la primavera floreciendo. Este lugar suele ser elegido para sesiones de pareja y de compromiso a primera hora de la ma\u00f1ana, ya que ofrece vistas despejadas y paisajes de temporada para parejas que visitan Par\u00eds y buscan contratar a un fot\u00f3grafo parisino.<\/figcaption><\/figure>\n\n\n\n<figure class=\"wp-block-image size-full\"><a href=\"https:\/\/kissinparis.com\/wp-content\/uploads\/2026\/01\/couple-photoshoot-paris-eiffel-tower-seine-river-morning-light.webp\" aria-label=\"Leer m\u00e1s sobre Pareja abraz\u00e1ndose junto al r\u00edo Sena con la Torre Eiffel de fondo durante una rom\u00e1ntica sesi\u00f3n de fotos en Par\u00eds.\"><img loading=\"lazy\" decoding=\"async\" width=\"1600\" height=\"1067\" data-id=\"29039\" src=\"https:\/\/kissinparis.com\/wp-content\/uploads\/2026\/01\/couple-photoshoot-paris-eiffel-tower-seine-river-morning-light.webp\" alt=\"Pareja abraz\u00e1ndose junto al r\u00edo Sena con la Torre Eiffel de fondo durante una rom\u00e1ntica sesi\u00f3n de fotos en Par\u00eds.\" class=\"wp-image-29039\" srcset=\"https:\/\/kissinparis.com\/wp-content\/uploads\/2026\/01\/couple-photoshoot-paris-eiffel-tower-seine-river-morning-light.webp 1600w, https:\/\/kissinparis.com\/wp-content\/uploads\/2026\/01\/couple-photoshoot-paris-eiffel-tower-seine-river-morning-light-300x200.webp 300w, https:\/\/kissinparis.com\/wp-content\/uploads\/2026\/01\/couple-photoshoot-paris-eiffel-tower-seine-river-morning-light-1024x683.webp 1024w, https:\/\/kissinparis.com\/wp-content\/uploads\/2026\/01\/couple-photoshoot-paris-eiffel-tower-seine-river-morning-light-768x512.webp 768w, https:\/\/kissinparis.com\/wp-content\/uploads\/2026\/01\/couple-photoshoot-paris-eiffel-tower-seine-river-morning-light-1536x1024.webp 1536w, https:\/\/kissinparis.com\/wp-content\/uploads\/2026\/01\/couple-photoshoot-paris-eiffel-tower-seine-river-morning-light-18x12.webp 18w, https:\/\/kissinparis.com\/wp-content\/uploads\/2026\/01\/couple-photoshoot-paris-eiffel-tower-seine-river-morning-light-1200x800.webp 1200w\" sizes=\"auto, (max-width: 1600px) 100vw, 1600px\" \/><\/a><figcaption class=\"wp-element-caption\">Sesi\u00f3n de fotos rom\u00e1ntica de pareja en Par\u00eds junto al r\u00edo Sena, con la Torre Eiffel de fondo y la suave luz del amanecer. Ideal para fotos de compromiso, retratos de pedida de mano, sesiones de aniversario y fotos de pareja en vacaciones cerca de la Torre Eiffel.<\/figcaption><\/figure>\n\n\n\n<figure class=\"wp-block-image size-full\"><a href=\"https:\/\/kissinparis.com\/wp-content\/uploads\/2026\/01\/wedding-photoshoot-eiffel-tower-paris-elopement.webp\" aria-label=\"Lea m\u00e1s sobre los novios corriendo juntos bajo la Torre Eiffel durante una sesi\u00f3n de fotos de boda en Par\u00eds.\"><img loading=\"lazy\" decoding=\"async\" width=\"1067\" height=\"1600\" data-id=\"29067\" src=\"https:\/\/kissinparis.com\/wp-content\/uploads\/2026\/01\/wedding-photoshoot-eiffel-tower-paris-elopement.webp\" alt=\"Novia y novio corriendo juntos bajo la Torre Eiffel durante una sesi\u00f3n de fotos de boda en Par\u00eds.\" class=\"wp-image-29067\" srcset=\"https:\/\/kissinparis.com\/wp-content\/uploads\/2026\/01\/wedding-photoshoot-eiffel-tower-paris-elopement.webp 1067w, https:\/\/kissinparis.com\/wp-content\/uploads\/2026\/01\/wedding-photoshoot-eiffel-tower-paris-elopement-200x300.webp 200w, https:\/\/kissinparis.com\/wp-content\/uploads\/2026\/01\/wedding-photoshoot-eiffel-tower-paris-elopement-683x1024.webp 683w, https:\/\/kissinparis.com\/wp-content\/uploads\/2026\/01\/wedding-photoshoot-eiffel-tower-paris-elopement-768x1152.webp 768w, https:\/\/kissinparis.com\/wp-content\/uploads\/2026\/01\/wedding-photoshoot-eiffel-tower-paris-elopement-1024x1536.webp 1024w, https:\/\/kissinparis.com\/wp-content\/uploads\/2026\/01\/wedding-photoshoot-eiffel-tower-paris-elopement-8x12.webp 8w\" sizes=\"auto, (max-width: 1067px) 100vw, 1067px\" \/><\/a><figcaption class=\"wp-element-caption\">Sesi\u00f3n de fotos de boda en Par\u00eds con los novios paseando bajo la Torre Eiffel. Este escenario se elige con frecuencia para escapadas y bodas de destino, ya que ofrece un fondo n\u00edtido con la Torre Eiffel como tel\u00f3n de fondo para las parejas que planean una sesi\u00f3n de fotos \u00edntima en Par\u00eds.<\/figcaption><\/figure>\n\n\n\n<figure class=\"wp-block-image size-full\"><a href=\"https:\/\/kissinparis.com\/wp-content\/uploads\/2026\/01\/bride-veil-backlit-close-up-wedding-portrait-paris.webp\" aria-label=\"Lea m\u00e1s sobre la novia frente a su novio en un retrato de boda en primer plano, con una suave luz de fondo que ilumina su velo durante una sesi\u00f3n de fotos de boda en Par\u00eds.\"><img loading=\"lazy\" decoding=\"async\" width=\"1067\" height=\"1600\" data-id=\"29037\" src=\"https:\/\/kissinparis.com\/wp-content\/uploads\/2026\/01\/bride-veil-backlit-close-up-wedding-portrait-paris.webp\" alt=\"Novia frente a su novio en un retrato de boda en primer plano, con una suave luz de fondo que ilumina su velo durante una sesi\u00f3n de fotos de boda en Par\u00eds.\" class=\"wp-image-29037\" srcset=\"https:\/\/kissinparis.com\/wp-content\/uploads\/2026\/01\/bride-veil-backlit-close-up-wedding-portrait-paris.webp 1067w, https:\/\/kissinparis.com\/wp-content\/uploads\/2026\/01\/bride-veil-backlit-close-up-wedding-portrait-paris-200x300.webp 200w, https:\/\/kissinparis.com\/wp-content\/uploads\/2026\/01\/bride-veil-backlit-close-up-wedding-portrait-paris-683x1024.webp 683w, https:\/\/kissinparis.com\/wp-content\/uploads\/2026\/01\/bride-veil-backlit-close-up-wedding-portrait-paris-768x1152.webp 768w, https:\/\/kissinparis.com\/wp-content\/uploads\/2026\/01\/bride-veil-backlit-close-up-wedding-portrait-paris-1024x1536.webp 1024w, https:\/\/kissinparis.com\/wp-content\/uploads\/2026\/01\/bride-veil-backlit-close-up-wedding-portrait-paris-8x12.webp 8w\" sizes=\"auto, (max-width: 1067px) 100vw, 1067px\" \/><\/a><figcaption class=\"wp-element-caption\">Primer plano de una novia frente a su novio durante una sesi\u00f3n de fotos en Par\u00eds, con la luz iluminando su velo desde atr\u00e1s. Esta imagen se centra en la expresi\u00f3n facial, el contacto visual y la luz natural, elementos que suelen elegir las parejas que buscan retratos \u00edntimos junto con una cobertura m\u00e1s amplia de la boda.<\/figcaption><\/figure>\n\n\n\n<figure class=\"wp-block-image size-full\"><a href=\"https:\/\/kissinparis.com\/wp-content\/uploads\/2026\/01\/tuileries-garden-couple-photoshoot-paris-twirl-dancing.webp\" aria-label=\"Lea m\u00e1s sobre una pareja girando y bailando en el Jard\u00edn de las Tuller\u00edas durante una divertida sesi\u00f3n de fotos de pareja en Par\u00eds.\"><img loading=\"lazy\" decoding=\"async\" width=\"1600\" height=\"1067\" data-id=\"29064\" src=\"https:\/\/kissinparis.com\/wp-content\/uploads\/2026\/01\/tuileries-garden-couple-photoshoot-paris-twirl-dancing.webp\" alt=\"Pareja girando y bailando en el Jard\u00edn de las Tuller\u00edas durante una divertida sesi\u00f3n de fotos de pareja en Par\u00eds.\" class=\"wp-image-29064\" srcset=\"https:\/\/kissinparis.com\/wp-content\/uploads\/2026\/01\/tuileries-garden-couple-photoshoot-paris-twirl-dancing.webp 1600w, https:\/\/kissinparis.com\/wp-content\/uploads\/2026\/01\/tuileries-garden-couple-photoshoot-paris-twirl-dancing-300x200.webp 300w, https:\/\/kissinparis.com\/wp-content\/uploads\/2026\/01\/tuileries-garden-couple-photoshoot-paris-twirl-dancing-1024x683.webp 1024w, https:\/\/kissinparis.com\/wp-content\/uploads\/2026\/01\/tuileries-garden-couple-photoshoot-paris-twirl-dancing-768x512.webp 768w, https:\/\/kissinparis.com\/wp-content\/uploads\/2026\/01\/tuileries-garden-couple-photoshoot-paris-twirl-dancing-1536x1024.webp 1536w, https:\/\/kissinparis.com\/wp-content\/uploads\/2026\/01\/tuileries-garden-couple-photoshoot-paris-twirl-dancing-18x12.webp 18w, https:\/\/kissinparis.com\/wp-content\/uploads\/2026\/01\/tuileries-garden-couple-photoshoot-paris-twirl-dancing-1200x800.webp 1200w\" sizes=\"auto, (max-width: 1600px) 100vw, 1600px\" \/><\/a><figcaption class=\"wp-element-caption\">Sesi\u00f3n de fotos de pareja divertida y espont\u00e1nea en el Jard\u00edn de las Tuller\u00edas de Par\u00eds, con giros y movimientos divertidos, luz suave y un paisaje de jard\u00edn cl\u00e1sico. Ideal para fotos de compromiso, aniversario, luna de miel y vacaciones en pareja en Par\u00eds.<\/figcaption><\/figure>\n\n\n\n<figure class=\"wp-block-image size-full\"><a href=\"https:\/\/kissinparis.com\/wp-content\/uploads\/2026\/01\/palais-royal-paris-couple-photoshoot-engagement-photographer.webp\" aria-label=\"Lea m\u00e1s sobre una pareja caminando de la mano en el Palais Royal de Par\u00eds durante una sesi\u00f3n de fotos de pareja con un fot\u00f3grafo de Par\u00eds.\"><img loading=\"lazy\" decoding=\"async\" width=\"1600\" height=\"1070\" data-id=\"29045\" src=\"https:\/\/kissinparis.com\/wp-content\/uploads\/2026\/01\/palais-royal-paris-couple-photoshoot-engagement-photographer.webp\" alt=\"Pareja caminando de la mano en el Palais Royal de Par\u00eds durante una sesi\u00f3n de fotos de pareja con un fot\u00f3grafo de Par\u00eds.\" class=\"wp-image-29045\" srcset=\"https:\/\/kissinparis.com\/wp-content\/uploads\/2026\/01\/palais-royal-paris-couple-photoshoot-engagement-photographer.webp 1600w, https:\/\/kissinparis.com\/wp-content\/uploads\/2026\/01\/palais-royal-paris-couple-photoshoot-engagement-photographer-300x201.webp 300w, https:\/\/kissinparis.com\/wp-content\/uploads\/2026\/01\/palais-royal-paris-couple-photoshoot-engagement-photographer-1024x685.webp 1024w, https:\/\/kissinparis.com\/wp-content\/uploads\/2026\/01\/palais-royal-paris-couple-photoshoot-engagement-photographer-768x514.webp 768w, https:\/\/kissinparis.com\/wp-content\/uploads\/2026\/01\/palais-royal-paris-couple-photoshoot-engagement-photographer-1536x1027.webp 1536w, https:\/\/kissinparis.com\/wp-content\/uploads\/2026\/01\/palais-royal-paris-couple-photoshoot-engagement-photographer-18x12.webp 18w, https:\/\/kissinparis.com\/wp-content\/uploads\/2026\/01\/palais-royal-paris-couple-photoshoot-engagement-photographer-1200x803.webp 1200w\" sizes=\"auto, (max-width: 1600px) 100vw, 1600px\" \/><\/a><figcaption class=\"wp-element-caption\">Sesi\u00f3n de fotos de pareja en el Palacio Real de Par\u00eds, con una pareja caminando de la mano bajo las arcadas del Palacio Real. Ideal para fotos de compromiso, aniversario y retratos de pareja antes de la boda en Par\u00eds. Un lugar popular para parejas que buscan una sesi\u00f3n de fotos en el centro de Par\u00eds, con arquitectura cl\u00e1sica.<\/figcaption><\/figure>\n\n\n\n<figure class=\"wp-block-image size-full\"><a href=\"https:\/\/kissinparis.com\/wp-content\/uploads\/2026\/01\/palais-royal-paris-wedding-portraits-bride-groom-walking.webp\" aria-label=\"Lea m\u00e1s sobre los novios caminando de la mano en el Palais-Royal durante los retratos de boda en Par\u00eds.\"><img loading=\"lazy\" decoding=\"async\" width=\"1067\" height=\"1600\" data-id=\"29046\" src=\"https:\/\/kissinparis.com\/wp-content\/uploads\/2026\/01\/palais-royal-paris-wedding-portraits-bride-groom-walking.webp\" alt=\"Novia y novio caminando de la mano en el Palais-Royal durante los retratos de boda en Par\u00eds.\" class=\"wp-image-29046\" srcset=\"https:\/\/kissinparis.com\/wp-content\/uploads\/2026\/01\/palais-royal-paris-wedding-portraits-bride-groom-walking.webp 1067w, https:\/\/kissinparis.com\/wp-content\/uploads\/2026\/01\/palais-royal-paris-wedding-portraits-bride-groom-walking-200x300.webp 200w, https:\/\/kissinparis.com\/wp-content\/uploads\/2026\/01\/palais-royal-paris-wedding-portraits-bride-groom-walking-683x1024.webp 683w, https:\/\/kissinparis.com\/wp-content\/uploads\/2026\/01\/palais-royal-paris-wedding-portraits-bride-groom-walking-768x1152.webp 768w, https:\/\/kissinparis.com\/wp-content\/uploads\/2026\/01\/palais-royal-paris-wedding-portraits-bride-groom-walking-1024x1536.webp 1024w, https:\/\/kissinparis.com\/wp-content\/uploads\/2026\/01\/palais-royal-paris-wedding-portraits-bride-groom-walking-8x12.webp 8w\" sizes=\"auto, (max-width: 1067px) 100vw, 1067px\" \/><\/a><figcaption class=\"wp-element-caption\">Retratos de boda de una pareja de novios caminando de la mano en el Palacio Real de Par\u00eds. Este lugar se elige a menudo para sesiones de fotos de bodas y escapadas, con pasarelas cubiertas y arquitectura cl\u00e1sica para las parejas que planean sesiones de fotos de boda en el centro de Par\u00eds.<\/figcaption><\/figure>\n\n\n\n<figure class=\"wp-block-image size-full\"><a href=\"https:\/\/kissinparis.com\/wp-content\/uploads\/2026\/01\/pont-alexandre-iii-bridal-portrait-bouquet-paris.webp\" aria-label=\"Lea m\u00e1s sobre la novia sosteniendo su ramo de novia en el Puente Alexandre III durante una sesi\u00f3n de fotos de retrato de boda en solitario en Par\u00eds.\"><img loading=\"lazy\" decoding=\"async\" width=\"1600\" height=\"1067\" data-id=\"29053\" src=\"https:\/\/kissinparis.com\/wp-content\/uploads\/2026\/01\/pont-alexandre-iii-bridal-portrait-bouquet-paris.webp\" alt=\"Novia sosteniendo su ramo de novia en el Puente Alexandre III durante una sesi\u00f3n de fotos de retrato de boda en solitario en Par\u00eds.\" class=\"wp-image-29053\" srcset=\"https:\/\/kissinparis.com\/wp-content\/uploads\/2026\/01\/pont-alexandre-iii-bridal-portrait-bouquet-paris.webp 1600w, https:\/\/kissinparis.com\/wp-content\/uploads\/2026\/01\/pont-alexandre-iii-bridal-portrait-bouquet-paris-300x200.webp 300w, https:\/\/kissinparis.com\/wp-content\/uploads\/2026\/01\/pont-alexandre-iii-bridal-portrait-bouquet-paris-1024x683.webp 1024w, https:\/\/kissinparis.com\/wp-content\/uploads\/2026\/01\/pont-alexandre-iii-bridal-portrait-bouquet-paris-768x512.webp 768w, https:\/\/kissinparis.com\/wp-content\/uploads\/2026\/01\/pont-alexandre-iii-bridal-portrait-bouquet-paris-1536x1024.webp 1536w, https:\/\/kissinparis.com\/wp-content\/uploads\/2026\/01\/pont-alexandre-iii-bridal-portrait-bouquet-paris-18x12.webp 18w, https:\/\/kissinparis.com\/wp-content\/uploads\/2026\/01\/pont-alexandre-iii-bridal-portrait-bouquet-paris-1200x800.webp 1200w\" sizes=\"auto, (max-width: 1600px) 100vw, 1600px\" \/><\/a><figcaption class=\"wp-element-caption\">Retrato de novia en solitario fotografiado en el Puente Alexandre III de Par\u00eds. La novia sostiene su ramo entre los detalles de piedra esculpidos del puente. Este lugar se elige a menudo para retratos de novias y fotograf\u00edas de escapadas, ya que ofrece vistas abiertas y elementos arquitect\u00f3nicos ornamentados para la fotograf\u00eda de bodas en Par\u00eds.<\/figcaption><\/figure>\n\n\n\n<figure class=\"wp-block-image size-full\"><a href=\"https:\/\/kissinparis.com\/wp-content\/uploads\/2026\/01\/louvre-palace-wedding-photoshoot-paris.webp\" aria-label=\"Lea m\u00e1s sobre los novios abraz\u00e1ndose frente al Palacio del Louvre durante una sesi\u00f3n de fotos de boda en Par\u00eds.\"><img loading=\"lazy\" decoding=\"async\" width=\"1067\" height=\"1600\" data-id=\"29043\" src=\"https:\/\/kissinparis.com\/wp-content\/uploads\/2026\/01\/louvre-palace-wedding-photoshoot-paris.webp\" alt=\"Novia y novio abraz\u00e1ndose frente al Palacio del Louvre durante una sesi\u00f3n de fotos de boda en Par\u00eds.\" class=\"wp-image-29043\" srcset=\"https:\/\/kissinparis.com\/wp-content\/uploads\/2026\/01\/louvre-palace-wedding-photoshoot-paris.webp 1067w, https:\/\/kissinparis.com\/wp-content\/uploads\/2026\/01\/louvre-palace-wedding-photoshoot-paris-200x300.webp 200w, https:\/\/kissinparis.com\/wp-content\/uploads\/2026\/01\/louvre-palace-wedding-photoshoot-paris-683x1024.webp 683w, https:\/\/kissinparis.com\/wp-content\/uploads\/2026\/01\/louvre-palace-wedding-photoshoot-paris-768x1152.webp 768w, https:\/\/kissinparis.com\/wp-content\/uploads\/2026\/01\/louvre-palace-wedding-photoshoot-paris-1024x1536.webp 1024w, https:\/\/kissinparis.com\/wp-content\/uploads\/2026\/01\/louvre-palace-wedding-photoshoot-paris-8x12.webp 8w\" sizes=\"auto, (max-width: 1067px) 100vw, 1067px\" \/><\/a><figcaption class=\"wp-element-caption\">Sesi\u00f3n de fotos de boda en Par\u00eds con una pareja de novios abraz\u00e1ndose frente al Palacio del Louvre. Este escenario se elige con frecuencia para bodas de destino y escapadas, ya que ofrece espacios abiertos y arquitectura hist\u00f3rica para la fotograf\u00eda de bodas en el Louvre.<\/figcaption><\/figure>\n\n\n\n<figure class=\"wp-block-image size-full\"><a href=\"https:\/\/kissinparis.com\/wp-content\/uploads\/2023\/12\/Brazilian-Photographer-in-Paris-3-2.jpg\" aria-label=\"Leer m\u00e1s sobre Fot\u00f3grafo brasile\u00f1o en Par\u00eds\"><img loading=\"lazy\" decoding=\"async\" width=\"1400\" height=\"934\" data-id=\"14875\" src=\"https:\/\/kissinparis.com\/wp-content\/uploads\/2023\/12\/Brazilian-Photographer-in-Paris-3-2.jpg\" alt=\"Fot\u00f3grafo brasile\u00f1o en Par\u00eds\" class=\"wp-image-14875\" srcset=\"https:\/\/kissinparis.com\/wp-content\/uploads\/2023\/12\/Brazilian-Photographer-in-Paris-3-2.jpg 1400w, https:\/\/kissinparis.com\/wp-content\/uploads\/2023\/12\/Brazilian-Photographer-in-Paris-3-2-300x200.jpg 300w, https:\/\/kissinparis.com\/wp-content\/uploads\/2023\/12\/Brazilian-Photographer-in-Paris-3-2-1024x683.jpg 1024w, https:\/\/kissinparis.com\/wp-content\/uploads\/2023\/12\/Brazilian-Photographer-in-Paris-3-2-768x512.jpg 768w, https:\/\/kissinparis.com\/wp-content\/uploads\/2023\/12\/Brazilian-Photographer-in-Paris-3-2-1200x801.jpg 1200w\" sizes=\"auto, (max-width: 1400px) 100vw, 1400px\" \/><\/a><figcaption class=\"wp-element-caption\">Fot\u00f3grafo brasile\u00f1o en Par\u00eds<\/figcaption><\/figure>\n\n\n\n<figure class=\"wp-block-image size-full\"><a href=\"https:\/\/kissinparis.com\/wp-content\/uploads\/2026\/01\/paris-proposal-champagne-toast-dom-perignon-private-rooftop.webp\" aria-label=\"Lea m\u00e1s sobre el brindis con champ\u00e1n con Dom P\u00e9rignon en una terraza privada en la azotea de Par\u00eds, momentos despu\u00e9s de una propuesta de matrimonio, con una decoraci\u00f3n floral roja.\"><img loading=\"lazy\" decoding=\"async\" width=\"1600\" height=\"1067\" data-id=\"29052\" src=\"https:\/\/kissinparis.com\/wp-content\/uploads\/2026\/01\/paris-proposal-champagne-toast-dom-perignon-private-rooftop.webp\" alt=\"Brindis con champ\u00e1n con Dom P\u00e9rignon en una terraza privada en la azotea de Par\u00eds, momentos despu\u00e9s de una propuesta de matrimonio, con decoraci\u00f3n floral roja.\" class=\"wp-image-29052\" srcset=\"https:\/\/kissinparis.com\/wp-content\/uploads\/2026\/01\/paris-proposal-champagne-toast-dom-perignon-private-rooftop.webp 1600w, https:\/\/kissinparis.com\/wp-content\/uploads\/2026\/01\/paris-proposal-champagne-toast-dom-perignon-private-rooftop-300x200.webp 300w, https:\/\/kissinparis.com\/wp-content\/uploads\/2026\/01\/paris-proposal-champagne-toast-dom-perignon-private-rooftop-1024x683.webp 1024w, https:\/\/kissinparis.com\/wp-content\/uploads\/2026\/01\/paris-proposal-champagne-toast-dom-perignon-private-rooftop-768x512.webp 768w, https:\/\/kissinparis.com\/wp-content\/uploads\/2026\/01\/paris-proposal-champagne-toast-dom-perignon-private-rooftop-1536x1024.webp 1536w, https:\/\/kissinparis.com\/wp-content\/uploads\/2026\/01\/paris-proposal-champagne-toast-dom-perignon-private-rooftop-18x12.webp 18w, https:\/\/kissinparis.com\/wp-content\/uploads\/2026\/01\/paris-proposal-champagne-toast-dom-perignon-private-rooftop-1200x800.webp 1200w\" sizes=\"auto, (max-width: 1600px) 100vw, 1600px\" \/><\/a><figcaption class=\"wp-element-caption\">Primer plano de un brindis con champ\u00e1n con Dom P\u00e9rignon en una terraza privada en una azotea de Par\u00eds, fotografiado inmediatamente despu\u00e9s de una propuesta de matrimonio. Esta imagen se centra en los detalles de la celebraci\u00f3n tras el s\u00ed, con una decoraci\u00f3n floral roja y un ambiente \u00edntimo en la azotea, un lugar muy com\u00fan para la fotograf\u00eda de propuestas de matrimonio y compromiso en Par\u00eds.<\/figcaption><\/figure>\n\n\n\n<figure class=\"wp-block-image size-full\"><a href=\"https:\/\/kissinparis.com\/wp-content\/uploads\/2023\/06\/Photographer-in-Paris-France-Juliana-11.jpg\" aria-label=\"Leer m\u00e1s sobre Fot\u00f3grafa en Par\u00eds Francia Juliana\"><img loading=\"lazy\" decoding=\"async\" width=\"1600\" height=\"1067\" data-id=\"13840\" src=\"https:\/\/kissinparis.com\/wp-content\/uploads\/2023\/06\/Photographer-in-Paris-France-Juliana-11.jpg\" alt=\"Fot\u00f3grafa en Par\u00eds Francia Juliana\" class=\"wp-image-13840\" srcset=\"https:\/\/kissinparis.com\/wp-content\/uploads\/2023\/06\/Photographer-in-Paris-France-Juliana-11.jpg 1600w, https:\/\/kissinparis.com\/wp-content\/uploads\/2023\/06\/Photographer-in-Paris-France-Juliana-11-300x200.jpg 300w, https:\/\/kissinparis.com\/wp-content\/uploads\/2023\/06\/Photographer-in-Paris-France-Juliana-11-1024x683.jpg 1024w, https:\/\/kissinparis.com\/wp-content\/uploads\/2023\/06\/Photographer-in-Paris-France-Juliana-11-768x512.jpg 768w, https:\/\/kissinparis.com\/wp-content\/uploads\/2023\/06\/Photographer-in-Paris-France-Juliana-11-1536x1024.jpg 1536w, https:\/\/kissinparis.com\/wp-content\/uploads\/2023\/06\/Photographer-in-Paris-France-Juliana-11-1200x800.jpg 1200w\" sizes=\"auto, (max-width: 1600px) 100vw, 1600px\" \/><\/a><figcaption class=\"wp-element-caption\">Fot\u00f3grafa en Par\u00eds Francia Juliana<\/figcaption><\/figure>\n\n\n\n<figure class=\"wp-block-image size-full\"><a href=\"https:\/\/kissinparis.com\/wp-content\/uploads\/2026\/01\/paris-avenue-de-camoens-sunrise-solo-portrait-eiffel-tower.webp\" aria-label=\"Leer m\u00e1s sobre Mujer con un vestido rojo posando en la Avenida de Camo\u00ebns al amanecer con la Torre Eiffel al fondo durante una sesi\u00f3n de fotos de retrato en solitario en Par\u00eds.\"><img loading=\"lazy\" decoding=\"async\" width=\"1067\" height=\"1600\" data-id=\"29047\" src=\"https:\/\/kissinparis.com\/wp-content\/uploads\/2026\/01\/paris-avenue-de-camoens-sunrise-solo-portrait-eiffel-tower.webp\" alt=\"Mujer con un vestido rojo posando en la Avenida de Camo\u00ebns al amanecer con la Torre Eiffel al fondo durante una sesi\u00f3n de fotos de retrato en solitario en Par\u00eds.\" class=\"wp-image-29047\" srcset=\"https:\/\/kissinparis.com\/wp-content\/uploads\/2026\/01\/paris-avenue-de-camoens-sunrise-solo-portrait-eiffel-tower.webp 1067w, https:\/\/kissinparis.com\/wp-content\/uploads\/2026\/01\/paris-avenue-de-camoens-sunrise-solo-portrait-eiffel-tower-200x300.webp 200w, https:\/\/kissinparis.com\/wp-content\/uploads\/2026\/01\/paris-avenue-de-camoens-sunrise-solo-portrait-eiffel-tower-683x1024.webp 683w, https:\/\/kissinparis.com\/wp-content\/uploads\/2026\/01\/paris-avenue-de-camoens-sunrise-solo-portrait-eiffel-tower-768x1152.webp 768w, https:\/\/kissinparis.com\/wp-content\/uploads\/2026\/01\/paris-avenue-de-camoens-sunrise-solo-portrait-eiffel-tower-1024x1536.webp 1024w, https:\/\/kissinparis.com\/wp-content\/uploads\/2026\/01\/paris-avenue-de-camoens-sunrise-solo-portrait-eiffel-tower-8x12.webp 8w\" sizes=\"auto, (max-width: 1067px) 100vw, 1067px\" \/><\/a><figcaption class=\"wp-element-caption\">Sesi\u00f3n de fotos de retrato individual en la Avenida de Camo\u00ebns de Par\u00eds al amanecer, con la Torre Eiffel al fondo. Este lugar suele ser elegido para retratos individuales, sesiones de moda y fotograf\u00eda de marca personal por clientes que buscan un fot\u00f3grafo parisino para sesiones matutinas con vistas despejadas de la Torre Eiffel.<\/figcaption><\/figure>\n\n\n\n<figure class=\"wp-block-image size-full\"><a href=\"https:\/\/kissinparis.com\/wp-content\/uploads\/2026\/01\/paris-couple-photoshoot-golden-gate-petit-palais-engagement-photographer.webp\" aria-label=\"Lea m\u00e1s sobre una pareja rom\u00e1ntica posando frente a la puerta dorada del Petit Palais en Par\u00eds durante una sesi\u00f3n de fotos de compromiso realizada por un fot\u00f3grafo de Par\u00eds.\"><img loading=\"lazy\" decoding=\"async\" width=\"1067\" height=\"1600\" data-id=\"29049\" src=\"https:\/\/kissinparis.com\/wp-content\/uploads\/2026\/01\/paris-couple-photoshoot-golden-gate-petit-palais-engagement-photographer.webp\" alt=\"Pareja rom\u00e1ntica posando frente a la puerta dorada del Petit Palais en Par\u00eds durante una sesi\u00f3n de fotos de compromiso realizada por un fot\u00f3grafo de Par\u00eds.\" class=\"wp-image-29049\" srcset=\"https:\/\/kissinparis.com\/wp-content\/uploads\/2026\/01\/paris-couple-photoshoot-golden-gate-petit-palais-engagement-photographer.webp 1067w, https:\/\/kissinparis.com\/wp-content\/uploads\/2026\/01\/paris-couple-photoshoot-golden-gate-petit-palais-engagement-photographer-200x300.webp 200w, https:\/\/kissinparis.com\/wp-content\/uploads\/2026\/01\/paris-couple-photoshoot-golden-gate-petit-palais-engagement-photographer-683x1024.webp 683w, https:\/\/kissinparis.com\/wp-content\/uploads\/2026\/01\/paris-couple-photoshoot-golden-gate-petit-palais-engagement-photographer-768x1152.webp 768w, https:\/\/kissinparis.com\/wp-content\/uploads\/2026\/01\/paris-couple-photoshoot-golden-gate-petit-palais-engagement-photographer-1024x1536.webp 1024w, https:\/\/kissinparis.com\/wp-content\/uploads\/2026\/01\/paris-couple-photoshoot-golden-gate-petit-palais-engagement-photographer-8x12.webp 8w\" sizes=\"auto, (max-width: 1067px) 100vw, 1067px\" \/><\/a><figcaption class=\"wp-element-caption\">Elegante sesi\u00f3n de fotos de compromiso de una pareja frente a la ic\u00f3nica Puerta Dorada del Petit Palais en Par\u00eds. El lugar perfecto para fotos rom\u00e1nticas de pareja, pedidas de mano, preboda y aniversarios. Fotografiado por un fot\u00f3grafo profesional parisino especializado en parejas, compromisos y sesiones de fotos de destino en Par\u00eds, con luz natural y un estilo editorial atemporal. Ideal para parejas que buscan un fot\u00f3grafo parisino para fotos rom\u00e1nticas en lugares emblem\u00e1ticos de Par\u00eds.<\/figcaption><\/figure>\n\n\n\n<figure class=\"wp-block-image size-full\"><a href=\"https:\/\/kissinparis.com\/wp-content\/uploads\/2026\/01\/trocadero-paris-solo-portrait-red-dress-umbrella-eiffel-tower.webp\" aria-label=\"Leer m\u00e1s sobre Mujer con un vestido rojo sosteniendo un paraguas en las escaleras de Trocad\u00e9ro con la Torre Eiffel al fondo durante una sesi\u00f3n de fotos de retrato en solitario en Par\u00eds.\"><img loading=\"lazy\" decoding=\"async\" width=\"1067\" height=\"1600\" data-id=\"29062\" src=\"https:\/\/kissinparis.com\/wp-content\/uploads\/2026\/01\/trocadero-paris-solo-portrait-red-dress-umbrella-eiffel-tower.webp\" alt=\"Mujer con un vestido rojo sosteniendo un paraguas en las escaleras de Trocad\u00e9ro con la Torre Eiffel al fondo durante una sesi\u00f3n de fotos de retrato en solitario en Par\u00eds.\" class=\"wp-image-29062\" srcset=\"https:\/\/kissinparis.com\/wp-content\/uploads\/2026\/01\/trocadero-paris-solo-portrait-red-dress-umbrella-eiffel-tower.webp 1067w, https:\/\/kissinparis.com\/wp-content\/uploads\/2026\/01\/trocadero-paris-solo-portrait-red-dress-umbrella-eiffel-tower-200x300.webp 200w, https:\/\/kissinparis.com\/wp-content\/uploads\/2026\/01\/trocadero-paris-solo-portrait-red-dress-umbrella-eiffel-tower-683x1024.webp 683w, https:\/\/kissinparis.com\/wp-content\/uploads\/2026\/01\/trocadero-paris-solo-portrait-red-dress-umbrella-eiffel-tower-768x1152.webp 768w, https:\/\/kissinparis.com\/wp-content\/uploads\/2026\/01\/trocadero-paris-solo-portrait-red-dress-umbrella-eiffel-tower-1024x1536.webp 1024w, https:\/\/kissinparis.com\/wp-content\/uploads\/2026\/01\/trocadero-paris-solo-portrait-red-dress-umbrella-eiffel-tower-8x12.webp 8w\" sizes=\"auto, (max-width: 1067px) 100vw, 1067px\" \/><\/a><figcaption class=\"wp-element-caption\">Sesi\u00f3n de fotos individual en el Trocadero de Par\u00eds. Muestra a una mujer con un vestido rojo sosteniendo un paraguas en la escalinata de piedra, con la Torre Eiffel a sus espaldas. Este lugar se elige a menudo para retratos individuales y sesiones de marca personal, gracias a sus amplios escalones y a una vista directa de la Torre Eiffel.<\/figcaption><\/figure>\n\n\n\n<figure class=\"wp-block-image size-full\"><a href=\"https:\/\/kissinparis.com\/wp-content\/uploads\/2026\/01\/family-photoshoot-eiffel-tower-paris-family-photographer-trocadero.webp\" aria-label=\"Lea m\u00e1s sobre Familia bailando en Trocad\u00e9ro al amanecer con la Torre Eiffel de fondo durante una sesi\u00f3n de fotos familiar en Par\u00eds con un fot\u00f3grafo parisino.\"><img loading=\"lazy\" decoding=\"async\" width=\"1600\" height=\"1067\" data-id=\"29041\" src=\"https:\/\/kissinparis.com\/wp-content\/uploads\/2026\/01\/family-photoshoot-eiffel-tower-paris-family-photographer-trocadero.webp\" alt=\"Familia bailando en Trocad\u00e9ro al amanecer con la Torre Eiffel de fondo durante una sesi\u00f3n de fotos familiar en Par\u00eds con un fot\u00f3grafo parisino.\" class=\"wp-image-29041\" srcset=\"https:\/\/kissinparis.com\/wp-content\/uploads\/2026\/01\/family-photoshoot-eiffel-tower-paris-family-photographer-trocadero.webp 1600w, https:\/\/kissinparis.com\/wp-content\/uploads\/2026\/01\/family-photoshoot-eiffel-tower-paris-family-photographer-trocadero-300x200.webp 300w, https:\/\/kissinparis.com\/wp-content\/uploads\/2026\/01\/family-photoshoot-eiffel-tower-paris-family-photographer-trocadero-1024x683.webp 1024w, https:\/\/kissinparis.com\/wp-content\/uploads\/2026\/01\/family-photoshoot-eiffel-tower-paris-family-photographer-trocadero-768x512.webp 768w, https:\/\/kissinparis.com\/wp-content\/uploads\/2026\/01\/family-photoshoot-eiffel-tower-paris-family-photographer-trocadero-1536x1024.webp 1536w, https:\/\/kissinparis.com\/wp-content\/uploads\/2026\/01\/family-photoshoot-eiffel-tower-paris-family-photographer-trocadero-18x12.webp 18w, https:\/\/kissinparis.com\/wp-content\/uploads\/2026\/01\/family-photoshoot-eiffel-tower-paris-family-photographer-trocadero-1200x800.webp 1200w\" sizes=\"auto, (max-width: 1600px) 100vw, 1600px\" \/><\/a><figcaption class=\"wp-element-caption\">Sesi\u00f3n de fotos familiar en el Trocadero de Par\u00eds al amanecer, con la Torre Eiffel de fondo. Este lugar es ideal para sesiones de fotograf\u00eda familiar a primera hora de la ma\u00f1ana, ya que ofrece vistas despejadas y un entorno tranquilo para familias que visitan Par\u00eds y buscan contratar a un fot\u00f3grafo familiar cerca de la Torre Eiffel.<\/figcaption><\/figure>\n\n\n\n<figure class=\"wp-block-image size-full\"><a href=\"https:\/\/kissinparis.com\/wp-content\/uploads\/2023\/06\/Photographer-in-Paris-France-Juliana-18.jpg\" aria-label=\"Leer m\u00e1s sobre Fot\u00f3grafa en Par\u00eds Francia Juliana\"><img loading=\"lazy\" decoding=\"async\" width=\"1067\" height=\"1600\" data-id=\"13848\" src=\"https:\/\/kissinparis.com\/wp-content\/uploads\/2023\/06\/Photographer-in-Paris-France-Juliana-18.jpg\" alt=\"Fot\u00f3grafa en Par\u00eds Francia Juliana\" class=\"wp-image-13848\" srcset=\"https:\/\/kissinparis.com\/wp-content\/uploads\/2023\/06\/Photographer-in-Paris-France-Juliana-18.jpg 1067w, https:\/\/kissinparis.com\/wp-content\/uploads\/2023\/06\/Photographer-in-Paris-France-Juliana-18-200x300.jpg 200w, https:\/\/kissinparis.com\/wp-content\/uploads\/2023\/06\/Photographer-in-Paris-France-Juliana-18-683x1024.jpg 683w, https:\/\/kissinparis.com\/wp-content\/uploads\/2023\/06\/Photographer-in-Paris-France-Juliana-18-768x1152.jpg 768w, https:\/\/kissinparis.com\/wp-content\/uploads\/2023\/06\/Photographer-in-Paris-France-Juliana-18-1024x1536.jpg 1024w\" sizes=\"auto, (max-width: 1067px) 100vw, 1067px\" \/><\/a><figcaption class=\"wp-element-caption\">Fot\u00f3grafa en Par\u00eds Francia Juliana<\/figcaption><\/figure>\n\n\n\n<figure class=\"wp-block-image size-full\"><a href=\"https:\/\/kissinparis.com\/wp-content\/uploads\/2026\/01\/trocadero-sunrise-family-photoshoot-kids-eiffel-tower-paris.webp\" aria-label=\"Leer m\u00e1s sobre Mujer con un vestido rojo sosteniendo un paraguas en las escaleras de Trocad\u00e9ro con la Torre Eiffel al fondo durante una sesi\u00f3n de fotos de retrato en solitario en Par\u00eds.\"><img loading=\"lazy\" decoding=\"async\" width=\"1600\" height=\"1066\" data-id=\"29063\" src=\"https:\/\/kissinparis.com\/wp-content\/uploads\/2026\/01\/trocadero-sunrise-family-photoshoot-kids-eiffel-tower-paris.webp\" alt=\"Mujer con un vestido rojo sosteniendo un paraguas en las escaleras de Trocad\u00e9ro con la Torre Eiffel al fondo durante una sesi\u00f3n de fotos de retrato en solitario en Par\u00eds.\" class=\"wp-image-29063\" srcset=\"https:\/\/kissinparis.com\/wp-content\/uploads\/2026\/01\/trocadero-sunrise-family-photoshoot-kids-eiffel-tower-paris.webp 1600w, https:\/\/kissinparis.com\/wp-content\/uploads\/2026\/01\/trocadero-sunrise-family-photoshoot-kids-eiffel-tower-paris-300x200.webp 300w, https:\/\/kissinparis.com\/wp-content\/uploads\/2026\/01\/trocadero-sunrise-family-photoshoot-kids-eiffel-tower-paris-1024x682.webp 1024w, https:\/\/kissinparis.com\/wp-content\/uploads\/2026\/01\/trocadero-sunrise-family-photoshoot-kids-eiffel-tower-paris-768x512.webp 768w, https:\/\/kissinparis.com\/wp-content\/uploads\/2026\/01\/trocadero-sunrise-family-photoshoot-kids-eiffel-tower-paris-1536x1023.webp 1536w, https:\/\/kissinparis.com\/wp-content\/uploads\/2026\/01\/trocadero-sunrise-family-photoshoot-kids-eiffel-tower-paris-18x12.webp 18w, https:\/\/kissinparis.com\/wp-content\/uploads\/2026\/01\/trocadero-sunrise-family-photoshoot-kids-eiffel-tower-paris-1200x800.webp 1200w\" sizes=\"auto, (max-width: 1600px) 100vw, 1600px\" \/><\/a><figcaption class=\"wp-element-caption\">Sesi\u00f3n de fotos individual en el Trocadero de Par\u00eds. Muestra a una mujer con un vestido rojo sosteniendo un paraguas en la escalinata de piedra, con la Torre Eiffel a sus espaldas. Este lugar se elige a menudo para retratos individuales y sesiones de marca personal, gracias a sus amplios escalones y a una vista directa de la Torre Eiffel.<\/figcaption><\/figure>\n\n\n\n<figure class=\"wp-block-image size-full\"><a href=\"https:\/\/kissinparis.com\/wp-content\/uploads\/2023\/12\/Brazilian-Photographer-in-Paris-6.jpg\" aria-label=\"Leer m\u00e1s sobre Fot\u00f3grafo brasile\u00f1o en Par\u00eds\"><img loading=\"lazy\" decoding=\"async\" width=\"1400\" height=\"934\" data-id=\"14879\" src=\"https:\/\/kissinparis.com\/wp-content\/uploads\/2023\/12\/Brazilian-Photographer-in-Paris-6.jpg\" alt=\"Fot\u00f3grafo brasile\u00f1o en Par\u00eds\" class=\"wp-image-14879\" srcset=\"https:\/\/kissinparis.com\/wp-content\/uploads\/2023\/12\/Brazilian-Photographer-in-Paris-6.jpg 1400w, https:\/\/kissinparis.com\/wp-content\/uploads\/2023\/12\/Brazilian-Photographer-in-Paris-6-300x200.jpg 300w, https:\/\/kissinparis.com\/wp-content\/uploads\/2023\/12\/Brazilian-Photographer-in-Paris-6-1024x683.jpg 1024w, https:\/\/kissinparis.com\/wp-content\/uploads\/2023\/12\/Brazilian-Photographer-in-Paris-6-768x512.jpg 768w, https:\/\/kissinparis.com\/wp-content\/uploads\/2023\/12\/Brazilian-Photographer-in-Paris-6-1200x801.jpg 1200w\" sizes=\"auto, (max-width: 1400px) 100vw, 1400px\" \/><\/a><figcaption class=\"wp-element-caption\">Fot\u00f3grafo brasile\u00f1o en Par\u00eds<\/figcaption><\/figure>\n\n\n\n<figure class=\"wp-block-image size-full\"><a href=\"https:\/\/kissinparis.com\/wp-content\/uploads\/2026\/01\/cafe-carette-paris-couple-photoshoot-cafe-terrace.webp\" aria-label=\"Leer m\u00e1s sobre Pareja sentada junta en el Caf\u00e9 Carette en la terraza de un caf\u00e9 de Par\u00eds durante una sesi\u00f3n de fotos de pareja.\"><img loading=\"lazy\" decoding=\"async\" width=\"1054\" height=\"1600\" data-id=\"29038\" src=\"https:\/\/kissinparis.com\/wp-content\/uploads\/2026\/01\/cafe-carette-paris-couple-photoshoot-cafe-terrace.webp\" alt=\"Pareja sentada junta en el Caf\u00e9 Carette en la terraza de un caf\u00e9 de Par\u00eds durante una sesi\u00f3n de fotos de pareja.\" class=\"wp-image-29038\" srcset=\"https:\/\/kissinparis.com\/wp-content\/uploads\/2026\/01\/cafe-carette-paris-couple-photoshoot-cafe-terrace.webp 1054w, https:\/\/kissinparis.com\/wp-content\/uploads\/2026\/01\/cafe-carette-paris-couple-photoshoot-cafe-terrace-198x300.webp 198w, https:\/\/kissinparis.com\/wp-content\/uploads\/2026\/01\/cafe-carette-paris-couple-photoshoot-cafe-terrace-675x1024.webp 675w, https:\/\/kissinparis.com\/wp-content\/uploads\/2026\/01\/cafe-carette-paris-couple-photoshoot-cafe-terrace-768x1166.webp 768w, https:\/\/kissinparis.com\/wp-content\/uploads\/2026\/01\/cafe-carette-paris-couple-photoshoot-cafe-terrace-1012x1536.webp 1012w, https:\/\/kissinparis.com\/wp-content\/uploads\/2026\/01\/cafe-carette-paris-couple-photoshoot-cafe-terrace-8x12.webp 8w\" sizes=\"auto, (max-width: 1054px) 100vw, 1054px\" \/><\/a><figcaption class=\"wp-element-caption\">Sesi\u00f3n de fotos de pareja en el Caf\u00e9 Carette de Par\u00eds, tomada en la terraza. Este lugar se elige frecuentemente para sesiones de pareja y de compromiso, ofreciendo un ambiente cl\u00e1sico de cafeter\u00eda parisina para quienes buscan contratar a un fot\u00f3grafo parisino para fotos de estilo de vida en la ciudad.<\/figcaption><\/figure>\n\n\n\n<figure class=\"wp-block-image size-full\"><a href=\"https:\/\/kissinparis.com\/wp-content\/uploads\/2023\/12\/Brazilian-Photographer-in-Paris-11.jpg\" aria-label=\"Leer m\u00e1s sobre Fot\u00f3grafo brasile\u00f1o en Par\u00eds\"><img loading=\"lazy\" decoding=\"async\" width=\"1400\" height=\"934\" data-id=\"14884\" src=\"https:\/\/kissinparis.com\/wp-content\/uploads\/2023\/12\/Brazilian-Photographer-in-Paris-11.jpg\" alt=\"Fot\u00f3grafo brasile\u00f1o en Par\u00eds\" class=\"wp-image-14884\" srcset=\"https:\/\/kissinparis.com\/wp-content\/uploads\/2023\/12\/Brazilian-Photographer-in-Paris-11.jpg 1400w, https:\/\/kissinparis.com\/wp-content\/uploads\/2023\/12\/Brazilian-Photographer-in-Paris-11-300x200.jpg 300w, https:\/\/kissinparis.com\/wp-content\/uploads\/2023\/12\/Brazilian-Photographer-in-Paris-11-1024x683.jpg 1024w, https:\/\/kissinparis.com\/wp-content\/uploads\/2023\/12\/Brazilian-Photographer-in-Paris-11-768x512.jpg 768w, https:\/\/kissinparis.com\/wp-content\/uploads\/2023\/12\/Brazilian-Photographer-in-Paris-11-1200x801.jpg 1200w\" sizes=\"auto, (max-width: 1400px) 100vw, 1400px\" \/><\/a><figcaption class=\"wp-element-caption\">Fot\u00f3grafo brasile\u00f1o en Par\u00eds<\/figcaption><\/figure>\n\n\n\n<figure class=\"wp-block-image size-full\"><a href=\"https:\/\/kissinparis.com\/wp-content\/uploads\/2026\/01\/pont-alexandre-iii-paris-solo-portrait-ornate-lamps-eiffel-tower.webp\" aria-label=\"Leer m\u00e1s sobre Mujer posando en el Puente Alexandre III con l\u00e1mparas ornamentadas y la Torre Eiffel al fondo durante una sesi\u00f3n de fotos de retrato en solitario en Par\u00eds.\"><img loading=\"lazy\" decoding=\"async\" width=\"1067\" height=\"1600\" data-id=\"29056\" src=\"https:\/\/kissinparis.com\/wp-content\/uploads\/2026\/01\/pont-alexandre-iii-paris-solo-portrait-ornate-lamps-eiffel-tower.webp\" alt=\"Mujer posando en el Puente Alexandre III con l\u00e1mparas ornamentadas y la Torre Eiffel al fondo durante una sesi\u00f3n de fotos de retrato en solitario en Par\u00eds.\" class=\"wp-image-29056\" srcset=\"https:\/\/kissinparis.com\/wp-content\/uploads\/2026\/01\/pont-alexandre-iii-paris-solo-portrait-ornate-lamps-eiffel-tower.webp 1067w, https:\/\/kissinparis.com\/wp-content\/uploads\/2026\/01\/pont-alexandre-iii-paris-solo-portrait-ornate-lamps-eiffel-tower-200x300.webp 200w, https:\/\/kissinparis.com\/wp-content\/uploads\/2026\/01\/pont-alexandre-iii-paris-solo-portrait-ornate-lamps-eiffel-tower-683x1024.webp 683w, https:\/\/kissinparis.com\/wp-content\/uploads\/2026\/01\/pont-alexandre-iii-paris-solo-portrait-ornate-lamps-eiffel-tower-768x1152.webp 768w, https:\/\/kissinparis.com\/wp-content\/uploads\/2026\/01\/pont-alexandre-iii-paris-solo-portrait-ornate-lamps-eiffel-tower-1024x1536.webp 1024w, https:\/\/kissinparis.com\/wp-content\/uploads\/2026\/01\/pont-alexandre-iii-paris-solo-portrait-ornate-lamps-eiffel-tower-8x12.webp 8w\" sizes=\"auto, (max-width: 1067px) 100vw, 1067px\" \/><\/a><figcaption class=\"wp-element-caption\">Sesi\u00f3n de fotos individual en el Puente Alexandre III de Par\u00eds. Una mujer posa junto a las l\u00e1mparas ornamentadas y los detalles esculpidos del puente, con la Torre Eiffel al fondo. Este lugar se elige a menudo para retratos individuales y sesiones de marca personal, combinando la arquitectura emblem\u00e1tica de Par\u00eds con vistas abiertas al Sena.<\/figcaption><\/figure>\n\n\n\n<figure class=\"wp-block-image size-full\"><a href=\"https:\/\/kissinparis.com\/wp-content\/uploads\/2026\/01\/shangri-la-paris-grand-staircase-portrait-after-proposal.webp\" aria-label=\"Lea m\u00e1s sobre Mujer sentada en la gran escalera de Shangri-La Paris durante una sesi\u00f3n de fotos de retrato despu\u00e9s de una propuesta de matrimonio.\"><img loading=\"lazy\" decoding=\"async\" width=\"1067\" height=\"1600\" data-id=\"29058\" src=\"https:\/\/kissinparis.com\/wp-content\/uploads\/2026\/01\/shangri-la-paris-grand-staircase-portrait-after-proposal.webp\" alt=\"Mujer sentada en la gran escalera del Shangri-La Paris durante una sesi\u00f3n de fotos de retrato despu\u00e9s de una propuesta de matrimonio.\" class=\"wp-image-29058\" srcset=\"https:\/\/kissinparis.com\/wp-content\/uploads\/2026\/01\/shangri-la-paris-grand-staircase-portrait-after-proposal.webp 1067w, https:\/\/kissinparis.com\/wp-content\/uploads\/2026\/01\/shangri-la-paris-grand-staircase-portrait-after-proposal-200x300.webp 200w, https:\/\/kissinparis.com\/wp-content\/uploads\/2026\/01\/shangri-la-paris-grand-staircase-portrait-after-proposal-683x1024.webp 683w, https:\/\/kissinparis.com\/wp-content\/uploads\/2026\/01\/shangri-la-paris-grand-staircase-portrait-after-proposal-768x1152.webp 768w, https:\/\/kissinparis.com\/wp-content\/uploads\/2026\/01\/shangri-la-paris-grand-staircase-portrait-after-proposal-1024x1536.webp 1024w, https:\/\/kissinparis.com\/wp-content\/uploads\/2026\/01\/shangri-la-paris-grand-staircase-portrait-after-proposal-8x12.webp 8w\" sizes=\"auto, (max-width: 1067px) 100vw, 1067px\" \/><\/a><figcaption class=\"wp-element-caption\">Retrato fotografiado en la gran escalera del Shangri-La Par\u00eds, inmediatamente despu\u00e9s de una propuesta de matrimonio. La imagen se centra en los escalones de m\u00e1rmol del hotel, las barandillas ornamentadas y la c\u00e1lida iluminaci\u00f3n interior, un entorno habitual para retratos de propuestas de matrimonio y compromisos en hoteles parisinos.<\/figcaption><\/figure>\n\n\n\n<figure class=\"wp-block-image size-full\"><a href=\"https:\/\/kissinparis.com\/wp-content\/uploads\/2026\/01\/pont-alexandre-iii-paris-solo-portrait-black-dress-lion-statue-eiffel-tower.webp\" aria-label=\"Leer m\u00e1s sobre Una mujer con un vestido negro posando junto a una estatua de le\u00f3n en el Puente Alexandre III con la Torre Eiffel al fondo durante una sesi\u00f3n de fotos de retrato en solitario en Par\u00eds.\"><img loading=\"lazy\" decoding=\"async\" width=\"1067\" height=\"1600\" data-id=\"29054\" src=\"https:\/\/kissinparis.com\/wp-content\/uploads\/2026\/01\/pont-alexandre-iii-paris-solo-portrait-black-dress-lion-statue-eiffel-tower.webp\" alt=\"Mujer con un vestido negro posando junto a una estatua de le\u00f3n en el Puente Alexandre III con la Torre Eiffel al fondo durante una sesi\u00f3n de fotos de retrato en solitario en Par\u00eds.\" class=\"wp-image-29054\" srcset=\"https:\/\/kissinparis.com\/wp-content\/uploads\/2026\/01\/pont-alexandre-iii-paris-solo-portrait-black-dress-lion-statue-eiffel-tower.webp 1067w, https:\/\/kissinparis.com\/wp-content\/uploads\/2026\/01\/pont-alexandre-iii-paris-solo-portrait-black-dress-lion-statue-eiffel-tower-200x300.webp 200w, https:\/\/kissinparis.com\/wp-content\/uploads\/2026\/01\/pont-alexandre-iii-paris-solo-portrait-black-dress-lion-statue-eiffel-tower-683x1024.webp 683w, https:\/\/kissinparis.com\/wp-content\/uploads\/2026\/01\/pont-alexandre-iii-paris-solo-portrait-black-dress-lion-statue-eiffel-tower-768x1152.webp 768w, https:\/\/kissinparis.com\/wp-content\/uploads\/2026\/01\/pont-alexandre-iii-paris-solo-portrait-black-dress-lion-statue-eiffel-tower-1024x1536.webp 1024w, https:\/\/kissinparis.com\/wp-content\/uploads\/2026\/01\/pont-alexandre-iii-paris-solo-portrait-black-dress-lion-statue-eiffel-tower-8x12.webp 8w\" sizes=\"auto, (max-width: 1067px) 100vw, 1067px\" \/><\/a><figcaption class=\"wp-element-caption\">Sesi\u00f3n de fotos individual en el Puente Alexandre III de Par\u00eds. Una mujer con vestido negro posa junto a una de las estatuas de leones del puente, con la Torre Eiffel a la distancia. Este lugar se elige a menudo para retratos individuales y sesiones de marca personal, combinando detalles de piedra esculpida con vistas abiertas al Sena.<\/figcaption><\/figure>\n\n\n\n<figure class=\"wp-block-image size-full\"><a href=\"https:\/\/kissinparis.com\/wp-content\/uploads\/2026\/01\/joyful-wedding-couple-louvre-paris-candid-photographer.webp\" aria-label=\"Lea m\u00e1s sobre el feliz novio riendo mientras sostiene a su novia durante una sesi\u00f3n de fotos de boda espont\u00e1nea en el Louvre de Par\u00eds.\"><img loading=\"lazy\" decoding=\"async\" width=\"1600\" height=\"1067\" data-id=\"29042\" src=\"https:\/\/kissinparis.com\/wp-content\/uploads\/2026\/01\/joyful-wedding-couple-louvre-paris-candid-photographer.webp\" alt=\"Un novio feliz riendo mientras sostiene a su novia durante una sesi\u00f3n de fotos de boda espont\u00e1nea en el Louvre de Par\u00eds.\" class=\"wp-image-29042\" srcset=\"https:\/\/kissinparis.com\/wp-content\/uploads\/2026\/01\/joyful-wedding-couple-louvre-paris-candid-photographer.webp 1600w, https:\/\/kissinparis.com\/wp-content\/uploads\/2026\/01\/joyful-wedding-couple-louvre-paris-candid-photographer-300x200.webp 300w, https:\/\/kissinparis.com\/wp-content\/uploads\/2026\/01\/joyful-wedding-couple-louvre-paris-candid-photographer-1024x683.webp 1024w, https:\/\/kissinparis.com\/wp-content\/uploads\/2026\/01\/joyful-wedding-couple-louvre-paris-candid-photographer-768x512.webp 768w, https:\/\/kissinparis.com\/wp-content\/uploads\/2026\/01\/joyful-wedding-couple-louvre-paris-candid-photographer-1536x1024.webp 1536w, https:\/\/kissinparis.com\/wp-content\/uploads\/2026\/01\/joyful-wedding-couple-louvre-paris-candid-photographer-18x12.webp 18w, https:\/\/kissinparis.com\/wp-content\/uploads\/2026\/01\/joyful-wedding-couple-louvre-paris-candid-photographer-1200x800.webp 1200w\" sizes=\"auto, (max-width: 1600px) 100vw, 1600px\" \/><\/a><figcaption class=\"wp-element-caption\">Momento de boda espont\u00e1neo y alegre: un novio riendo mientras abraza a su novia durante una rom\u00e1ntica sesi\u00f3n de fotos cerca del Louvre en Par\u00eds. Perfecto para parejas que buscan fotos de boda naturales, emotivas y aut\u00e9nticas en Par\u00eds. Capturado por un fot\u00f3grafo de bodas profesional de Par\u00eds, especializado en fotograf\u00eda de bodas de estilo documental y cinematogr\u00e1fico.<\/figcaption><\/figure>\n\n\n\n<figure class=\"wp-block-image size-full\"><a href=\"https:\/\/kissinparis.com\/wp-content\/uploads\/2026\/01\/trocadero-gardens-paris-family-photoshoot-kids-eiffel-tower-fountains.webp\" aria-label=\"Leer m\u00e1s sobre Dos chicas corriendo en los Jardines del Trocad\u00e9ro en Par\u00eds con la Torre Eiffel y las fuentes al fondo.\"><img loading=\"lazy\" decoding=\"async\" width=\"1600\" height=\"1077\" data-id=\"29061\" src=\"https:\/\/kissinparis.com\/wp-content\/uploads\/2026\/01\/trocadero-gardens-paris-family-photoshoot-kids-eiffel-tower-fountains.webp\" alt=\"Dos chicas corriendo en los Jardines del Trocadero en Par\u00eds con la Torre Eiffel y las fuentes al fondo.\" class=\"wp-image-29061\" srcset=\"https:\/\/kissinparis.com\/wp-content\/uploads\/2026\/01\/trocadero-gardens-paris-family-photoshoot-kids-eiffel-tower-fountains.webp 1600w, https:\/\/kissinparis.com\/wp-content\/uploads\/2026\/01\/trocadero-gardens-paris-family-photoshoot-kids-eiffel-tower-fountains-300x202.webp 300w, https:\/\/kissinparis.com\/wp-content\/uploads\/2026\/01\/trocadero-gardens-paris-family-photoshoot-kids-eiffel-tower-fountains-1024x689.webp 1024w, https:\/\/kissinparis.com\/wp-content\/uploads\/2026\/01\/trocadero-gardens-paris-family-photoshoot-kids-eiffel-tower-fountains-768x517.webp 768w, https:\/\/kissinparis.com\/wp-content\/uploads\/2026\/01\/trocadero-gardens-paris-family-photoshoot-kids-eiffel-tower-fountains-1536x1034.webp 1536w, https:\/\/kissinparis.com\/wp-content\/uploads\/2026\/01\/trocadero-gardens-paris-family-photoshoot-kids-eiffel-tower-fountains-18x12.webp 18w, https:\/\/kissinparis.com\/wp-content\/uploads\/2026\/01\/trocadero-gardens-paris-family-photoshoot-kids-eiffel-tower-fountains-1200x808.webp 1200w\" sizes=\"auto, (max-width: 1600px) 100vw, 1600px\" \/><\/a><figcaption class=\"wp-element-caption\">Sesi\u00f3n de fotos familiar en los Jardines del Trocadero de Par\u00eds. Dos ni\u00f1os corren por el c\u00e9sped con la Torre Eiffel detr\u00e1s y las fuentes encendidas. Este lugar suele ser elegido por familias que visitan Par\u00eds y desean contratar a un fot\u00f3grafo familiar para sesiones matutinas o diurnas cerca de la Torre Eiffel.<\/figcaption><\/figure>\n\n\n\n<figure class=\"wp-block-image size-full\"><a href=\"https:\/\/kissinparis.com\/wp-content\/uploads\/2026\/01\/wedding-elopement-photoshoot-eiffel-tower-avenue-de-camoens-paris-photographer.webp\" aria-label=\"Lea m\u00e1s sobre una novia que comparte un momento emotivo con un ni\u00f1o durante una sesi\u00f3n de fotos de boda en la Avenida de Camo\u00ebns con la Torre Eiffel en Par\u00eds.\"><img loading=\"lazy\" decoding=\"async\" width=\"1600\" height=\"1067\" data-id=\"29066\" src=\"https:\/\/kissinparis.com\/wp-content\/uploads\/2026\/01\/wedding-elopement-photoshoot-eiffel-tower-avenue-de-camoens-paris-photographer.webp\" alt=\"Novia compartiendo un momento emotivo con un ni\u00f1o durante una sesi\u00f3n de fotos de boda en la Avenida de Camo\u00ebns con la Torre Eiffel en Par\u00eds.\" class=\"wp-image-29066\" srcset=\"https:\/\/kissinparis.com\/wp-content\/uploads\/2026\/01\/wedding-elopement-photoshoot-eiffel-tower-avenue-de-camoens-paris-photographer.webp 1600w, https:\/\/kissinparis.com\/wp-content\/uploads\/2026\/01\/wedding-elopement-photoshoot-eiffel-tower-avenue-de-camoens-paris-photographer-300x200.webp 300w, https:\/\/kissinparis.com\/wp-content\/uploads\/2026\/01\/wedding-elopement-photoshoot-eiffel-tower-avenue-de-camoens-paris-photographer-1024x683.webp 1024w, https:\/\/kissinparis.com\/wp-content\/uploads\/2026\/01\/wedding-elopement-photoshoot-eiffel-tower-avenue-de-camoens-paris-photographer-768x512.webp 768w, https:\/\/kissinparis.com\/wp-content\/uploads\/2026\/01\/wedding-elopement-photoshoot-eiffel-tower-avenue-de-camoens-paris-photographer-1536x1024.webp 1536w, https:\/\/kissinparis.com\/wp-content\/uploads\/2026\/01\/wedding-elopement-photoshoot-eiffel-tower-avenue-de-camoens-paris-photographer-18x12.webp 18w, https:\/\/kissinparis.com\/wp-content\/uploads\/2026\/01\/wedding-elopement-photoshoot-eiffel-tower-avenue-de-camoens-paris-photographer-1200x800.webp 1200w\" sizes=\"auto, (max-width: 1600px) 100vw, 1600px\" \/><\/a><figcaption class=\"wp-element-caption\">Emotiva sesi\u00f3n de fotos para una boda \u00edntima en la Avenida de Camo\u00ebns, con la Torre Eiffel de fondo en Par\u00eds. Este momento \u00edntimo entre la novia y su hijo captura la conexi\u00f3n familiar, el amor y la aut\u00e9ntica emoci\u00f3n durante una sesi\u00f3n de fotos de boda en Par\u00eds. Ideal para parejas que planean una boda \u00edntima o una renovaci\u00f3n de votos en Par\u00eds y buscan un fot\u00f3grafo de bodas profesional en lugares emblem\u00e1ticos de la Torre Eiffel, como la Avenida de Camo\u00ebns.<\/figcaption><\/figure>\n\n\n\n<figure class=\"wp-block-image size-full\"><a href=\"https:\/\/kissinparis.com\/wp-content\/uploads\/2026\/01\/pont-alexandre-iii-wedding-kiss-eiffel-tower-paris.webp\" aria-label=\"Lea m\u00e1s sobre los novios bes\u00e1ndose en el Puente Alexandre III con la Torre Eiffel a lo lejos durante una sesi\u00f3n de fotos de boda en Par\u00eds.\"><img loading=\"lazy\" decoding=\"async\" width=\"1600\" height=\"1067\" data-id=\"29057\" src=\"https:\/\/kissinparis.com\/wp-content\/uploads\/2026\/01\/pont-alexandre-iii-wedding-kiss-eiffel-tower-paris.webp\" alt=\"Novia y novio bes\u00e1ndose en el Puente Alexandre III con la Torre Eiffel a lo lejos durante una sesi\u00f3n de fotos de boda en Par\u00eds.\" class=\"wp-image-29057\" srcset=\"https:\/\/kissinparis.com\/wp-content\/uploads\/2026\/01\/pont-alexandre-iii-wedding-kiss-eiffel-tower-paris.webp 1600w, https:\/\/kissinparis.com\/wp-content\/uploads\/2026\/01\/pont-alexandre-iii-wedding-kiss-eiffel-tower-paris-300x200.webp 300w, https:\/\/kissinparis.com\/wp-content\/uploads\/2026\/01\/pont-alexandre-iii-wedding-kiss-eiffel-tower-paris-1024x683.webp 1024w, https:\/\/kissinparis.com\/wp-content\/uploads\/2026\/01\/pont-alexandre-iii-wedding-kiss-eiffel-tower-paris-768x512.webp 768w, https:\/\/kissinparis.com\/wp-content\/uploads\/2026\/01\/pont-alexandre-iii-wedding-kiss-eiffel-tower-paris-1536x1024.webp 1536w, https:\/\/kissinparis.com\/wp-content\/uploads\/2026\/01\/pont-alexandre-iii-wedding-kiss-eiffel-tower-paris-18x12.webp 18w, https:\/\/kissinparis.com\/wp-content\/uploads\/2026\/01\/pont-alexandre-iii-wedding-kiss-eiffel-tower-paris-1200x800.webp 1200w\" sizes=\"auto, (max-width: 1600px) 100vw, 1600px\" \/><\/a><figcaption class=\"wp-element-caption\">Sesi\u00f3n de fotos de boda de unos novios bes\u00e1ndose en el Puente Alexandre III de Par\u00eds, con la Torre Eiffel a la distancia. El largo velo de la novia se mece con la brisa, un detalle habitual en la fotograf\u00eda de bodas y escapadas en puentes parisinos con vistas despejadas de la ciudad.<\/figcaption><\/figure>\n\n\n\n<figure class=\"wp-block-image size-full\"><a href=\"https:\/\/kissinparis.com\/wp-content\/uploads\/2023\/12\/Brazilian-Photographer-in-Paris-18.jpg\" aria-label=\"Leer m\u00e1s sobre Fot\u00f3grafo brasile\u00f1o en Par\u00eds\"><img loading=\"lazy\" decoding=\"async\" width=\"1400\" height=\"933\" data-id=\"14891\" src=\"https:\/\/kissinparis.com\/wp-content\/uploads\/2023\/12\/Brazilian-Photographer-in-Paris-18.jpg\" alt=\"Fot\u00f3grafo brasile\u00f1o en Par\u00eds\" class=\"wp-image-14891\" srcset=\"https:\/\/kissinparis.com\/wp-content\/uploads\/2023\/12\/Brazilian-Photographer-in-Paris-18.jpg 1400w, https:\/\/kissinparis.com\/wp-content\/uploads\/2023\/12\/Brazilian-Photographer-in-Paris-18-300x200.jpg 300w, https:\/\/kissinparis.com\/wp-content\/uploads\/2023\/12\/Brazilian-Photographer-in-Paris-18-1024x682.jpg 1024w, https:\/\/kissinparis.com\/wp-content\/uploads\/2023\/12\/Brazilian-Photographer-in-Paris-18-768x512.jpg 768w, https:\/\/kissinparis.com\/wp-content\/uploads\/2023\/12\/Brazilian-Photographer-in-Paris-18-1200x800.jpg 1200w\" sizes=\"auto, (max-width: 1400px) 100vw, 1400px\" \/><\/a><figcaption class=\"wp-element-caption\">Fot\u00f3grafo brasile\u00f1o en Par\u00eds<\/figcaption><\/figure>\n\n\n\n<figure class=\"wp-block-image size-full\"><a href=\"https:\/\/kissinparis.com\/wp-content\/uploads\/2026\/01\/louvre-pyramid-sunrise-wedding-photoshoot-paris.webp\" aria-label=\"Lea m\u00e1s sobre los novios posando al amanecer frente a la Pir\u00e1mide del Louvre con reflejos en el suelo del patio durante una sesi\u00f3n de fotos de boda en Par\u00eds.\"><img loading=\"lazy\" decoding=\"async\" width=\"1600\" height=\"1067\" data-id=\"29044\" src=\"https:\/\/kissinparis.com\/wp-content\/uploads\/2026\/01\/louvre-pyramid-sunrise-wedding-photoshoot-paris.webp\" alt=\"Novia y novio posando al amanecer frente a la Pir\u00e1mide del Louvre con reflejos en el suelo del patio durante una sesi\u00f3n de fotos de boda en Par\u00eds.\" class=\"wp-image-29044\" srcset=\"https:\/\/kissinparis.com\/wp-content\/uploads\/2026\/01\/louvre-pyramid-sunrise-wedding-photoshoot-paris.webp 1600w, https:\/\/kissinparis.com\/wp-content\/uploads\/2026\/01\/louvre-pyramid-sunrise-wedding-photoshoot-paris-300x200.webp 300w, https:\/\/kissinparis.com\/wp-content\/uploads\/2026\/01\/louvre-pyramid-sunrise-wedding-photoshoot-paris-1024x683.webp 1024w, https:\/\/kissinparis.com\/wp-content\/uploads\/2026\/01\/louvre-pyramid-sunrise-wedding-photoshoot-paris-768x512.webp 768w, https:\/\/kissinparis.com\/wp-content\/uploads\/2026\/01\/louvre-pyramid-sunrise-wedding-photoshoot-paris-1536x1024.webp 1536w, https:\/\/kissinparis.com\/wp-content\/uploads\/2026\/01\/louvre-pyramid-sunrise-wedding-photoshoot-paris-18x12.webp 18w, https:\/\/kissinparis.com\/wp-content\/uploads\/2026\/01\/louvre-pyramid-sunrise-wedding-photoshoot-paris-1200x800.webp 1200w\" sizes=\"auto, (max-width: 1600px) 100vw, 1600px\" \/><\/a><figcaption class=\"wp-element-caption\">Sesi\u00f3n de fotos de boda al amanecer con los novios frente a la Pir\u00e1mide del Louvre en Par\u00eds, con reflejos visibles en el suelo del patio. Este escenario matutino se suele elegir para escapadas y bodas de destino, ya que ofrece un espacio abierto y vistas despejadas para la fotograf\u00eda de bodas en el Louvre.<\/figcaption><\/figure>\n\n\n\n<figure class=\"wp-block-image size-full\"><a href=\"https:\/\/kissinparis.com\/wp-content\/uploads\/2026\/01\/paris-cafe-photoshoot-solo-portrait-influencer-girl.webp\" aria-label=\"Lea m\u00e1s sobre el retrato en solitario al estilo de una influencer de una mujer en un caf\u00e9 de Par\u00eds durante una sesi\u00f3n de fotos en Par\u00eds.\"><img loading=\"lazy\" decoding=\"async\" width=\"1067\" height=\"1600\" data-id=\"29048\" src=\"https:\/\/kissinparis.com\/wp-content\/uploads\/2026\/01\/paris-cafe-photoshoot-solo-portrait-influencer-girl.webp\" alt=\"Retrato en solitario de una mujer al estilo influencer en un caf\u00e9 de Par\u00eds durante una sesi\u00f3n de fotos en Par\u00eds.\" class=\"wp-image-29048\" srcset=\"https:\/\/kissinparis.com\/wp-content\/uploads\/2026\/01\/paris-cafe-photoshoot-solo-portrait-influencer-girl.webp 1067w, https:\/\/kissinparis.com\/wp-content\/uploads\/2026\/01\/paris-cafe-photoshoot-solo-portrait-influencer-girl-200x300.webp 200w, https:\/\/kissinparis.com\/wp-content\/uploads\/2026\/01\/paris-cafe-photoshoot-solo-portrait-influencer-girl-683x1024.webp 683w, https:\/\/kissinparis.com\/wp-content\/uploads\/2026\/01\/paris-cafe-photoshoot-solo-portrait-influencer-girl-768x1152.webp 768w, https:\/\/kissinparis.com\/wp-content\/uploads\/2026\/01\/paris-cafe-photoshoot-solo-portrait-influencer-girl-1024x1536.webp 1024w, https:\/\/kissinparis.com\/wp-content\/uploads\/2026\/01\/paris-cafe-photoshoot-solo-portrait-influencer-girl-8x12.webp 8w\" sizes=\"auto, (max-width: 1067px) 100vw, 1067px\" \/><\/a><figcaption class=\"wp-element-caption\">Retrato en solitario en un caf\u00e9 parisino durante una sesi\u00f3n de fotos en Par\u00eds. Sesi\u00f3n de fotos estilo influencer en un caf\u00e9 con una chica sentada en una mesa al aire libre leyendo el peri\u00f3dico. Una idea popular para fotos de Instagram, marca personal y retratos de viajeros solitarios en Par\u00eds.<\/figcaption><\/figure>\n\n\n\n<figure class=\"wp-block-image size-full\"><a href=\"https:\/\/kissinparis.com\/wp-content\/uploads\/2026\/01\/shangri-la-paris-penthouse-terrace-eiffel-tower-bridal-portrait.webp\" aria-label=\"Lea m\u00e1s sobre la novia sosteniendo tulipanes blancos y ajustando su velo de encaje en la terraza del \u00e1tico del Shangri-La Paris con la Torre Eiffel de fondo durante los retratos de boda.\"><img loading=\"lazy\" decoding=\"async\" width=\"1600\" height=\"1067\" data-id=\"29059\" src=\"https:\/\/kissinparis.com\/wp-content\/uploads\/2026\/01\/shangri-la-paris-penthouse-terrace-eiffel-tower-bridal-portrait.webp\" alt=\"Novia sosteniendo tulipanes blancos y ajustando su velo de encaje en la terraza del \u00e1tico del Shangri-La Paris con la Torre Eiffel de fondo durante los retratos de boda.\" class=\"wp-image-29059\" srcset=\"https:\/\/kissinparis.com\/wp-content\/uploads\/2026\/01\/shangri-la-paris-penthouse-terrace-eiffel-tower-bridal-portrait.webp 1600w, https:\/\/kissinparis.com\/wp-content\/uploads\/2026\/01\/shangri-la-paris-penthouse-terrace-eiffel-tower-bridal-portrait-300x200.webp 300w, https:\/\/kissinparis.com\/wp-content\/uploads\/2026\/01\/shangri-la-paris-penthouse-terrace-eiffel-tower-bridal-portrait-1024x683.webp 1024w, https:\/\/kissinparis.com\/wp-content\/uploads\/2026\/01\/shangri-la-paris-penthouse-terrace-eiffel-tower-bridal-portrait-768x512.webp 768w, https:\/\/kissinparis.com\/wp-content\/uploads\/2026\/01\/shangri-la-paris-penthouse-terrace-eiffel-tower-bridal-portrait-1536x1024.webp 1536w, https:\/\/kissinparis.com\/wp-content\/uploads\/2026\/01\/shangri-la-paris-penthouse-terrace-eiffel-tower-bridal-portrait-18x12.webp 18w, https:\/\/kissinparis.com\/wp-content\/uploads\/2026\/01\/shangri-la-paris-penthouse-terrace-eiffel-tower-bridal-portrait-1200x800.webp 1200w\" sizes=\"auto, (max-width: 1600px) 100vw, 1600px\" \/><\/a><figcaption class=\"wp-element-caption\">Retrato nupcial fotografiado en la suite con terraza de la Torre Eiffel del \u00e1tico Shangri-La de Par\u00eds, con la Torre Eiffel visible al fondo y arreglos florales en la terraza. La novia aparece sosteniendo un ramo de tulipanes blancos y levantando su velo de encaje, una pose habitual para retratos de boda en terrazas de hoteles con vistas a la Torre Eiffel en Par\u00eds.<\/figcaption><\/figure>\n\n\n\n<figure class=\"wp-block-image size-full\"><a href=\"https:\/\/kissinparis.com\/wp-content\/uploads\/2026\/01\/pont-alexandre-iii-paris-solo-portrait-golden-hour-bridge-railing.webp\" aria-label=\"Leer m\u00e1s sobre Mujer apoyada en la barandilla de piedra del Puente Alexandre III durante la hora dorada en Par\u00eds, con farolas ornamentadas al fondo.\"><img loading=\"lazy\" decoding=\"async\" width=\"1067\" height=\"1600\" data-id=\"29055\" src=\"https:\/\/kissinparis.com\/wp-content\/uploads\/2026\/01\/pont-alexandre-iii-paris-solo-portrait-golden-hour-bridge-railing.webp\" alt=\"Mujer apoyada en la barandilla de piedra del Puente Alexandre III durante la hora dorada en Par\u00eds, con farolas ornamentadas al fondo.\" class=\"wp-image-29055\" srcset=\"https:\/\/kissinparis.com\/wp-content\/uploads\/2026\/01\/pont-alexandre-iii-paris-solo-portrait-golden-hour-bridge-railing.webp 1067w, https:\/\/kissinparis.com\/wp-content\/uploads\/2026\/01\/pont-alexandre-iii-paris-solo-portrait-golden-hour-bridge-railing-200x300.webp 200w, https:\/\/kissinparis.com\/wp-content\/uploads\/2026\/01\/pont-alexandre-iii-paris-solo-portrait-golden-hour-bridge-railing-683x1024.webp 683w, https:\/\/kissinparis.com\/wp-content\/uploads\/2026\/01\/pont-alexandre-iii-paris-solo-portrait-golden-hour-bridge-railing-768x1152.webp 768w, https:\/\/kissinparis.com\/wp-content\/uploads\/2026\/01\/pont-alexandre-iii-paris-solo-portrait-golden-hour-bridge-railing-1024x1536.webp 1024w, https:\/\/kissinparis.com\/wp-content\/uploads\/2026\/01\/pont-alexandre-iii-paris-solo-portrait-golden-hour-bridge-railing-8x12.webp 8w\" sizes=\"auto, (max-width: 1067px) 100vw, 1067px\" \/><\/a><figcaption class=\"wp-element-caption\">Sesi\u00f3n de fotos individual en el Puente Alexandre III de Par\u00eds. Muestra a una mujer apoyada en la barandilla del puente, con las farolas ornamentadas y los detalles esculpidos a su espalda durante la hora dorada. Este lugar se elige a menudo para retratos individuales y sesiones de marca personal, combinando la arquitectura emblem\u00e1tica de Par\u00eds con la suave luz del atardecer.<\/figcaption><\/figure>\n\n\n\n<figure class=\"wp-block-image size-full\"><a href=\"https:\/\/kissinparis.com\/wp-content\/uploads\/2026\/01\/couple-photoshoot-tuileries-garden-paris-fountain-paris-photographer-for-hire.webp\" aria-label=\"Lea m\u00e1s sobre una pareja rom\u00e1ntica sentada junto a la fuente durante una sesi\u00f3n de fotos en el Jard\u00edn de las Tuller\u00edas en Par\u00eds con un fot\u00f3grafo profesional de Par\u00eds.\"><img loading=\"lazy\" decoding=\"async\" width=\"1600\" height=\"1067\" data-id=\"29040\" src=\"https:\/\/kissinparis.com\/wp-content\/uploads\/2026\/01\/couple-photoshoot-tuileries-garden-paris-fountain-paris-photographer-for-hire.webp\" alt=\"Pareja rom\u00e1ntica sentada junto a la fuente durante una sesi\u00f3n de fotos en el Jard\u00edn de las Tuller\u00edas en Par\u00eds con un fot\u00f3grafo profesional de Par\u00eds.\" class=\"wp-image-29040\" srcset=\"https:\/\/kissinparis.com\/wp-content\/uploads\/2026\/01\/couple-photoshoot-tuileries-garden-paris-fountain-paris-photographer-for-hire.webp 1600w, https:\/\/kissinparis.com\/wp-content\/uploads\/2026\/01\/couple-photoshoot-tuileries-garden-paris-fountain-paris-photographer-for-hire-300x200.webp 300w, https:\/\/kissinparis.com\/wp-content\/uploads\/2026\/01\/couple-photoshoot-tuileries-garden-paris-fountain-paris-photographer-for-hire-1024x683.webp 1024w, https:\/\/kissinparis.com\/wp-content\/uploads\/2026\/01\/couple-photoshoot-tuileries-garden-paris-fountain-paris-photographer-for-hire-768x512.webp 768w, https:\/\/kissinparis.com\/wp-content\/uploads\/2026\/01\/couple-photoshoot-tuileries-garden-paris-fountain-paris-photographer-for-hire-1536x1024.webp 1536w, https:\/\/kissinparis.com\/wp-content\/uploads\/2026\/01\/couple-photoshoot-tuileries-garden-paris-fountain-paris-photographer-for-hire-18x12.webp 18w, https:\/\/kissinparis.com\/wp-content\/uploads\/2026\/01\/couple-photoshoot-tuileries-garden-paris-fountain-paris-photographer-for-hire-1200x800.webp 1200w\" sizes=\"auto, (max-width: 1600px) 100vw, 1600px\" \/><\/a><figcaption class=\"wp-element-caption\">Descripci\u00f3n (para galer\u00eda\/SEO):<br>Sesi\u00f3n de fotos rom\u00e1ntica de pareja en el famoso Jard\u00edn de las Tuller\u00edas de Par\u00eds, con una hermosa fuente y arquitectura parisina cl\u00e1sica de fondo. Esta sesi\u00f3n es perfecta para parejas que visitan Par\u00eds y desean retratos suaves, elegantes y naturales en uno de los jardines m\u00e1s emblem\u00e1ticos de la ciudad. Ideal para clientes que buscan un fot\u00f3grafo parisino especializado en sesiones de fotos de pareja, sesiones de compromiso y fotograf\u00eda rom\u00e1ntica en el Jard\u00edn de las Tuller\u00edas y otros lugares emblem\u00e1ticos de Par\u00eds.<\/figcaption><\/figure>\n\n\n\n<figure class=\"wp-block-image size-full\"><a href=\"https:\/\/kissinparis.com\/wp-content\/uploads\/2023\/12\/Brazilian-Photographer-in-Paris-14.jpg\" aria-label=\"Leer m\u00e1s sobre Fot\u00f3grafo brasile\u00f1o en Par\u00eds\"><img loading=\"lazy\" decoding=\"async\" width=\"1400\" height=\"934\" data-id=\"14887\" src=\"https:\/\/kissinparis.com\/wp-content\/uploads\/2023\/12\/Brazilian-Photographer-in-Paris-14.jpg\" alt=\"Fot\u00f3grafo brasile\u00f1o en Par\u00eds\" class=\"wp-image-14887\" srcset=\"https:\/\/kissinparis.com\/wp-content\/uploads\/2023\/12\/Brazilian-Photographer-in-Paris-14.jpg 1400w, https:\/\/kissinparis.com\/wp-content\/uploads\/2023\/12\/Brazilian-Photographer-in-Paris-14-300x200.jpg 300w, https:\/\/kissinparis.com\/wp-content\/uploads\/2023\/12\/Brazilian-Photographer-in-Paris-14-1024x683.jpg 1024w, https:\/\/kissinparis.com\/wp-content\/uploads\/2023\/12\/Brazilian-Photographer-in-Paris-14-768x512.jpg 768w, https:\/\/kissinparis.com\/wp-content\/uploads\/2023\/12\/Brazilian-Photographer-in-Paris-14-1200x801.jpg 1200w\" sizes=\"auto, (max-width: 1400px) 100vw, 1400px\" \/><\/a><figcaption class=\"wp-element-caption\">Fot\u00f3grafo brasile\u00f1o en Par\u00eds<\/figcaption><\/figure>\n\n\n\n<figure class=\"wp-block-image size-full\"><a href=\"https:\/\/kissinparis.com\/wp-content\/uploads\/2026\/01\/bir-hakeim-paris-proposal-eiffel-tower-white-heart.webp\" aria-label=\"Lea m\u00e1s sobre una pareja celebrando despu\u00e9s de una propuesta en \u00cele aux Cygnes, cerca de Bir-Hakeim, con un arreglo floral de coraz\u00f3n blanco y la Torre Eiffel de fondo.\"><img loading=\"lazy\" decoding=\"async\" width=\"1600\" height=\"1067\" data-id=\"29036\" src=\"https:\/\/kissinparis.com\/wp-content\/uploads\/2026\/01\/bir-hakeim-paris-proposal-eiffel-tower-white-heart.webp\" alt=\"Pareja celebrando despu\u00e9s de una propuesta en \u00cele aux Cygnes, cerca de Bir-Hakeim, con un arreglo floral en forma de coraz\u00f3n blanco y la Torre Eiffel de fondo.\" class=\"wp-image-29036\" srcset=\"https:\/\/kissinparis.com\/wp-content\/uploads\/2026\/01\/bir-hakeim-paris-proposal-eiffel-tower-white-heart.webp 1600w, https:\/\/kissinparis.com\/wp-content\/uploads\/2026\/01\/bir-hakeim-paris-proposal-eiffel-tower-white-heart-300x200.webp 300w, https:\/\/kissinparis.com\/wp-content\/uploads\/2026\/01\/bir-hakeim-paris-proposal-eiffel-tower-white-heart-1024x683.webp 1024w, https:\/\/kissinparis.com\/wp-content\/uploads\/2026\/01\/bir-hakeim-paris-proposal-eiffel-tower-white-heart-768x512.webp 768w, https:\/\/kissinparis.com\/wp-content\/uploads\/2026\/01\/bir-hakeim-paris-proposal-eiffel-tower-white-heart-1536x1024.webp 1536w, https:\/\/kissinparis.com\/wp-content\/uploads\/2026\/01\/bir-hakeim-paris-proposal-eiffel-tower-white-heart-18x12.webp 18w, https:\/\/kissinparis.com\/wp-content\/uploads\/2026\/01\/bir-hakeim-paris-proposal-eiffel-tower-white-heart-1200x800.webp 1200w\" sizes=\"auto, (max-width: 1600px) 100vw, 1600px\" \/><\/a><figcaption class=\"wp-element-caption\">Sesi\u00f3n de fotos para una propuesta de matrimonio en la \u00cele aux Cygnes, cerca de Bir-Hakeim, Par\u00eds. Presenta un gran arreglo floral con forma de coraz\u00f3n blanco junto al Sena y la Torre Eiffel de fondo. La pareja posa en una pose relajada tras el s\u00ed, con la orilla del r\u00edo y una vista panor\u00e1mica de la Torre Eiffel enmarcando la escena.<\/figcaption><\/figure>\n\n\n\n<figure class=\"wp-block-image size-full\"><a href=\"https:\/\/kissinparis.com\/wp-content\/uploads\/2023\/12\/Brazilian-Photographer-in-Paris.jpg\" aria-label=\"Leer m\u00e1s sobre Fot\u00f3grafo brasile\u00f1o en Par\u00eds\"><img loading=\"lazy\" decoding=\"async\" width=\"1400\" height=\"934\" data-id=\"14892\" src=\"https:\/\/kissinparis.com\/wp-content\/uploads\/2023\/12\/Brazilian-Photographer-in-Paris.jpg\" alt=\"Fot\u00f3grafo brasile\u00f1o en Par\u00eds\" class=\"wp-image-14892\" srcset=\"https:\/\/kissinparis.com\/wp-content\/uploads\/2023\/12\/Brazilian-Photographer-in-Paris.jpg 1400w, https:\/\/kissinparis.com\/wp-content\/uploads\/2023\/12\/Brazilian-Photographer-in-Paris-300x200.jpg 300w, https:\/\/kissinparis.com\/wp-content\/uploads\/2023\/12\/Brazilian-Photographer-in-Paris-1024x683.jpg 1024w, https:\/\/kissinparis.com\/wp-content\/uploads\/2023\/12\/Brazilian-Photographer-in-Paris-768x512.jpg 768w, https:\/\/kissinparis.com\/wp-content\/uploads\/2023\/12\/Brazilian-Photographer-in-Paris-1200x801.jpg 1200w\" sizes=\"auto, (max-width: 1400px) 100vw, 1400px\" \/><\/a><figcaption class=\"wp-element-caption\">Fot\u00f3grafo brasile\u00f1o en Par\u00eds<\/figcaption><\/figure>\n\n\n\n<figure class=\"wp-block-image size-full\"><a href=\"https:\/\/kissinparis.com\/wp-content\/uploads\/2026\/01\/paris-eiffel-tower-proposal-photoshoot-blue-hour-couple.webp\" aria-label=\"Lea m\u00e1s sobre una pareja parada junta junto al r\u00edo Sena durante una sesi\u00f3n de fotos de propuesta con la Torre Eiffel iluminada en la hora azul en Par\u00eds.\"><img loading=\"lazy\" decoding=\"async\" width=\"1600\" height=\"1067\" data-id=\"29050\" src=\"https:\/\/kissinparis.com\/wp-content\/uploads\/2026\/01\/paris-eiffel-tower-proposal-photoshoot-blue-hour-couple.webp\" alt=\"Pareja parada junta junto al r\u00edo Sena durante una sesi\u00f3n de fotos de propuesta con la Torre Eiffel iluminada en la hora azul en Par\u00eds.\" class=\"wp-image-29050\" srcset=\"https:\/\/kissinparis.com\/wp-content\/uploads\/2026\/01\/paris-eiffel-tower-proposal-photoshoot-blue-hour-couple.webp 1600w, https:\/\/kissinparis.com\/wp-content\/uploads\/2026\/01\/paris-eiffel-tower-proposal-photoshoot-blue-hour-couple-300x200.webp 300w, https:\/\/kissinparis.com\/wp-content\/uploads\/2026\/01\/paris-eiffel-tower-proposal-photoshoot-blue-hour-couple-1024x683.webp 1024w, https:\/\/kissinparis.com\/wp-content\/uploads\/2026\/01\/paris-eiffel-tower-proposal-photoshoot-blue-hour-couple-768x512.webp 768w, https:\/\/kissinparis.com\/wp-content\/uploads\/2026\/01\/paris-eiffel-tower-proposal-photoshoot-blue-hour-couple-1536x1024.webp 1536w, https:\/\/kissinparis.com\/wp-content\/uploads\/2026\/01\/paris-eiffel-tower-proposal-photoshoot-blue-hour-couple-18x12.webp 18w, https:\/\/kissinparis.com\/wp-content\/uploads\/2026\/01\/paris-eiffel-tower-proposal-photoshoot-blue-hour-couple-1200x800.webp 1200w\" sizes=\"auto, (max-width: 1600px) 100vw, 1600px\" \/><\/a><figcaption class=\"wp-element-caption\">Sesi\u00f3n de fotos de propuesta de matrimonio en Par\u00eds, fotografiada a orillas del r\u00edo Sena durante la hora azul, con la Torre Eiffel iluminada de fondo. Este escenario es elegido frecuentemente por parejas que visitan Par\u00eds y buscan un fot\u00f3grafo parisino con experiencia para sesiones nocturnas cerca de la Torre Eiffel.<\/figcaption><\/figure>\n\n\n\n<figure class=\"wp-block-image size-full\"><a href=\"https:\/\/kissinparis.com\/wp-content\/uploads\/2026\/01\/paris-night-photoshoot-private-boat-seine-champagne-solo-portrait.webp\" aria-label=\"Leer m\u00e1s sobre Mujer sosteniendo una copa de champ\u00e1n en un barco privado por el Sena por la noche con luces de Par\u00eds y puentes de fondo.\"><img loading=\"lazy\" decoding=\"async\" width=\"1067\" height=\"1600\" data-id=\"29051\" src=\"https:\/\/kissinparis.com\/wp-content\/uploads\/2026\/01\/paris-night-photoshoot-private-boat-seine-champagne-solo-portrait.webp\" alt=\"Mujer sosteniendo una copa de champ\u00e1n en un barco privado por el Sena por la noche con luces de Par\u00eds y puentes de fondo.\" class=\"wp-image-29051\" srcset=\"https:\/\/kissinparis.com\/wp-content\/uploads\/2026\/01\/paris-night-photoshoot-private-boat-seine-champagne-solo-portrait.webp 1067w, https:\/\/kissinparis.com\/wp-content\/uploads\/2026\/01\/paris-night-photoshoot-private-boat-seine-champagne-solo-portrait-200x300.webp 200w, https:\/\/kissinparis.com\/wp-content\/uploads\/2026\/01\/paris-night-photoshoot-private-boat-seine-champagne-solo-portrait-683x1024.webp 683w, https:\/\/kissinparis.com\/wp-content\/uploads\/2026\/01\/paris-night-photoshoot-private-boat-seine-champagne-solo-portrait-768x1152.webp 768w, https:\/\/kissinparis.com\/wp-content\/uploads\/2026\/01\/paris-night-photoshoot-private-boat-seine-champagne-solo-portrait-1024x1536.webp 1024w, https:\/\/kissinparis.com\/wp-content\/uploads\/2026\/01\/paris-night-photoshoot-private-boat-seine-champagne-solo-portrait-8x12.webp 8w\" sizes=\"auto, (max-width: 1067px) 100vw, 1067px\" \/><\/a><figcaption class=\"wp-element-caption\">Sesi\u00f3n de fotos nocturna en Par\u00eds en un barco privado por el r\u00edo Sena, con el horizonte parisino y los puentes iluminados contra el cielo azul del atardecer. Retrato en solitario con champ\u00e1n en un crucero por el Sena: ideal para fotos de influencers, fotos de cumplea\u00f1os, retratos de marca personal e ideas para sesiones de fotos de lujo en Par\u00eds.<\/figcaption><\/figure>\n\n\n\n<figure class=\"wp-block-image size-full\"><a href=\"https:\/\/kissinparis.com\/wp-content\/uploads\/2026\/01\/shangri-la-paris-private-terrace-eiffel-tower-night-proposal.webp\" aria-label=\"Lea m\u00e1s sobre una pareja realizando un dram\u00e1tico chapuz\u00f3n despu\u00e9s de una propuesta de matrimonio en una suite con terraza privada en Shangri-La Paris, con la Torre Eiffel iluminada por la noche.\"><img loading=\"lazy\" decoding=\"async\" width=\"1600\" height=\"1067\" data-id=\"29060\" src=\"https:\/\/kissinparis.com\/wp-content\/uploads\/2026\/01\/shangri-la-paris-private-terrace-eiffel-tower-night-proposal.webp\" alt=\"Pareja realizando un dram\u00e1tico chapuz\u00f3n despu\u00e9s de una propuesta de matrimonio en una suite con terraza privada en Shangri-La Paris, con la Torre Eiffel iluminada por la noche.\" class=\"wp-image-29060\" srcset=\"https:\/\/kissinparis.com\/wp-content\/uploads\/2026\/01\/shangri-la-paris-private-terrace-eiffel-tower-night-proposal.webp 1600w, https:\/\/kissinparis.com\/wp-content\/uploads\/2026\/01\/shangri-la-paris-private-terrace-eiffel-tower-night-proposal-300x200.webp 300w, https:\/\/kissinparis.com\/wp-content\/uploads\/2026\/01\/shangri-la-paris-private-terrace-eiffel-tower-night-proposal-1024x683.webp 1024w, https:\/\/kissinparis.com\/wp-content\/uploads\/2026\/01\/shangri-la-paris-private-terrace-eiffel-tower-night-proposal-768x512.webp 768w, https:\/\/kissinparis.com\/wp-content\/uploads\/2026\/01\/shangri-la-paris-private-terrace-eiffel-tower-night-proposal-1536x1024.webp 1536w, https:\/\/kissinparis.com\/wp-content\/uploads\/2026\/01\/shangri-la-paris-private-terrace-eiffel-tower-night-proposal-18x12.webp 18w, https:\/\/kissinparis.com\/wp-content\/uploads\/2026\/01\/shangri-la-paris-private-terrace-eiffel-tower-night-proposal-1200x800.webp 1200w\" sizes=\"auto, (max-width: 1600px) 100vw, 1600px\" \/><\/a><figcaption class=\"wp-element-caption\">Propuesta nocturna fotografiada en una suite privada con terraza en la Torre Eiffel del Shangri-La Paris, con la Torre Eiffel iluminada de fondo. La pareja aparece en un ba\u00f1o espectacular inmediatamente despu\u00e9s de la propuesta, rodeada de rosas rojas y velas, un escenario frecuentemente elegido para propuestas privadas y fotograf\u00edas de compromiso en Par\u00eds.<\/figcaption><\/figure>\n\n\n\n<figure class=\"wp-block-image size-full\"><a href=\"https:\/\/kissinparis.com\/wp-content\/uploads\/2023\/06\/Photographer-in-Paris-France-Juliana-3.jpg\" aria-label=\"Leer m\u00e1s sobre Fot\u00f3grafa en Par\u00eds Francia Juliana\"><img loading=\"lazy\" decoding=\"async\" width=\"1600\" height=\"1067\" data-id=\"13832\" src=\"https:\/\/kissinparis.com\/wp-content\/uploads\/2023\/06\/Photographer-in-Paris-France-Juliana-3.jpg\" alt=\"Fot\u00f3grafa en Par\u00eds Francia Juliana\" class=\"wp-image-13832\" srcset=\"https:\/\/kissinparis.com\/wp-content\/uploads\/2023\/06\/Photographer-in-Paris-France-Juliana-3.jpg 1600w, https:\/\/kissinparis.com\/wp-content\/uploads\/2023\/06\/Photographer-in-Paris-France-Juliana-3-300x200.jpg 300w, https:\/\/kissinparis.com\/wp-content\/uploads\/2023\/06\/Photographer-in-Paris-France-Juliana-3-1024x683.jpg 1024w, https:\/\/kissinparis.com\/wp-content\/uploads\/2023\/06\/Photographer-in-Paris-France-Juliana-3-768x512.jpg 768w, https:\/\/kissinparis.com\/wp-content\/uploads\/2023\/06\/Photographer-in-Paris-France-Juliana-3-1536x1024.jpg 1536w, https:\/\/kissinparis.com\/wp-content\/uploads\/2023\/06\/Photographer-in-Paris-France-Juliana-3-1200x800.jpg 1200w\" sizes=\"auto, (max-width: 1600px) 100vw, 1600px\" \/><\/a><figcaption class=\"wp-element-caption\">Fot\u00f3grafa en Par\u00eds Francia Juliana<\/figcaption><\/figure>\n\n\n\n<figure class=\"wp-block-image size-full\"><a href=\"https:\/\/kissinparis.com\/wp-content\/uploads\/2023\/12\/Brazilian-Photographer-in-Paris-2-6.jpg\" aria-label=\"Leer m\u00e1s sobre Fot\u00f3grafo brasile\u00f1o en Par\u00eds\"><img loading=\"lazy\" decoding=\"async\" width=\"1400\" height=\"934\" data-id=\"14872\" src=\"https:\/\/kissinparis.com\/wp-content\/uploads\/2023\/12\/Brazilian-Photographer-in-Paris-2-6.jpg\" alt=\"Fot\u00f3grafo brasile\u00f1o en Par\u00eds\" class=\"wp-image-14872\" srcset=\"https:\/\/kissinparis.com\/wp-content\/uploads\/2023\/12\/Brazilian-Photographer-in-Paris-2-6.jpg 1400w, https:\/\/kissinparis.com\/wp-content\/uploads\/2023\/12\/Brazilian-Photographer-in-Paris-2-6-300x200.jpg 300w, https:\/\/kissinparis.com\/wp-content\/uploads\/2023\/12\/Brazilian-Photographer-in-Paris-2-6-1024x683.jpg 1024w, https:\/\/kissinparis.com\/wp-content\/uploads\/2023\/12\/Brazilian-Photographer-in-Paris-2-6-768x512.jpg 768w, https:\/\/kissinparis.com\/wp-content\/uploads\/2023\/12\/Brazilian-Photographer-in-Paris-2-6-1200x801.jpg 1200w\" sizes=\"auto, (max-width: 1400px) 100vw, 1400px\" \/><\/a><figcaption class=\"wp-element-caption\">Fot\u00f3grafo brasile\u00f1o en Par\u00eds<\/figcaption><\/figure>\n<\/figure>\n\n\n\n<figure class=\"wp-block-image alignfull size-full video-container autoplay_0 loop cross\"><a href=\"https:\/\/kissinparis.com\/wp-content\/uploads\/2025\/08\/Boudoir-Photographer-Juliana-Paris-France.mp4\" aria-label=\"M\u00e1s informaci\u00f3n sobre el fot\u00f3grafo boudoir de Par\u00eds | Fotograf\u00eda \u00edntima de parejas\"><img loading=\"lazy\" decoding=\"async\" width=\"1280\" height=\"720\" src=\"https:\/\/kissinparis.com\/wp-content\/uploads\/2025\/08\/Boudoir-Photographer-Juliana-Paris-France-thumbnail.avif\" alt=\"Fot\u00f3grafo de boudoir en Par\u00eds | Fotograf\u00eda \u00edntima de pareja\" class=\"wp-image-27222\" srcset=\"https:\/\/kissinparis.com\/wp-content\/uploads\/2025\/08\/Boudoir-Photographer-Juliana-Paris-France-thumbnail.avif 1280w, https:\/\/kissinparis.com\/wp-content\/uploads\/2025\/08\/Boudoir-Photographer-Juliana-Paris-France-thumbnail-300x169.avif 300w, https:\/\/kissinparis.com\/wp-content\/uploads\/2025\/08\/Boudoir-Photographer-Juliana-Paris-France-thumbnail-1024x576.avif 1024w, https:\/\/kissinparis.com\/wp-content\/uploads\/2025\/08\/Boudoir-Photographer-Juliana-Paris-France-thumbnail-768x432.avif 768w, https:\/\/kissinparis.com\/wp-content\/uploads\/2025\/08\/Boudoir-Photographer-Juliana-Paris-France-thumbnail-1200x675.avif 1200w\" sizes=\"auto, (max-width: 1280px) 100vw, 1280px\" \/><\/a><figcaption class=\"wp-element-caption\">Fot\u00f3grafo de boudoir en Par\u00eds | Fotograf\u00eda \u00edntima de pareja<\/figcaption><\/figure>\n\n\n\n<p class=\"has-text-align-center max-width-550 slider-caption pt-50\">Descubra su visi\u00f3n \u00fanica, luego explore su disponibilidad y paquetes.<\/p>\n<\/div><\/div>\n\n\n\n<div class=\"wp-block-group alignfull sec sec-review targetDIV2 mt-0 pt-0 pb-0 mb-0\" id=\"reviews\"><div class=\"wp-block-group__inner-container is-layout-constrained wp-block-group-is-layout-constrained\">\n<div class=\"wp-block-columns alignfull overview mt-80 pt-20 mb-80 border-top is-layout-flex wp-container-core-columns-is-layout-9d6595d7 wp-block-columns-is-layout-flex\">\n<div class=\"wp-block-column desktop-only is-layout-flow wp-block-column-is-layout-flow\" style=\"flex-basis:50%\"><\/div>\n\n\n\n<div class=\"wp-block-column is-layout-flow wp-block-column-is-layout-flow\" style=\"flex-basis:50%\">\n<p class=\"has-text-align-right alignfull has-small-font-size\" style=\"text-transform:uppercase\">\/ Opiniones<\/p>\n<\/div>\n<\/div>\n\n\n\n<div class=\"wp-block-group alignwide mt-0 mb-0 pb-0\"><div class=\"wp-block-group__inner-container is-layout-constrained wp-block-group-is-layout-constrained\">\n<h2 class=\"wp-block-heading alignwide has-text-align-center mb-60 has-eachword-color has-xx-large-font-size\"><strong>Lo que<\/strong> <strong>dicen<\/strong> <strong>nuestros<\/strong> <strong>clientes<\/strong><\/h2>\n<\/div><\/div>\n\n\n\n<div class=\"wp-block-group alignfull testimonials  testimonials-carousel is-nowrap is-layout-flex wp-container-core-group-is-layout-64989fb1 wp-block-group-is-layout-flex\">\n<div class=\"wp-block-group testimonial testimonial-video\"><div class=\"wp-block-group__inner-container is-layout-constrained wp-block-group-is-layout-constrained\">\n<div class=\"wp-block-group quote\"><div class=\"wp-block-group__inner-container is-layout-flow wp-block-group-is-layout-flow\">\n<blockquote class=\"wp-block-quote is-layout-flow wp-block-quote-is-layout-flow\" id=\"review-lyall\">\n<p class=\"text_indent-0 has-contrast-color has-text-color has-link-color wp-elements-6350cdb63e1e97b8d0e7eee3fccd4fb5\">Reserv\u00e9 una sesi\u00f3n de pedida de mano con Juliana. \u00a1Fue fabulosa! La comunicaci\u00f3n fue excelente y me ayud\u00f3 a planificar la pedida de mano ideal al estilo Hallmark junto a la Torre Eiffel. Su profesionalismo en la planificaci\u00f3n previa me impresion\u00f3 mucho y me ayud\u00f3 a sentir que todo estaba previsto. Tuvimos algunos problemas con el clima el d\u00eda de la sesi\u00f3n y Juliana, con su excelente talento y conocimiento de la ciudad, convirti\u00f3 una ma\u00f1ana lluviosa de Par\u00eds en un hermoso collage que reflej\u00f3 nuestro romance en la pel\u00edcula. Estamos eternamente agradecidos por su paciencia, orientaci\u00f3n y talento art\u00edstico. \u00a1La recomiendo totalmente! \u00a1Much\u00edsimas gracias, Juliana!<\/p>\n<cite>Maximillian Sterling, septiembre de 2024 (extracto editado)<br><a href=\"https:\/\/www.google.com\/maps\/reviews\/data=!4m8!14m7!1m6!2m5!1sChdDSUhNMG9nS0VJQ0FnSUNYc2VXSTFnRRAB!2m1!1s0x0:0x7b03905155589b66!3m1!1s2@1:CIHM0ogKEICAgICXseWI1gE%7CCgwI_L7FuAYQuJqnwAI%7C?entry=tts&amp;g_ep=EgoyMDI1MDcyMy4wIPu8ASoASAFQAw%3D%3D&amp;skid=7fe72c59-35b6-4d85-a094-973d7d503fe4\" data-type=\"link\" data-id=\"https:\/\/maps.app.goo.gl\/U97m8ntCyjMSWCJz5\" target=\"_blank\" rel=\"noopener\">Lea la rese\u00f1a completa en Google \"<\/a><\/cite><\/blockquote>\n<\/div><\/div>\n<\/div><\/div>\n\n\n\n<div class=\"wp-block-group testimonial testimonial-video\"><div class=\"wp-block-group__inner-container is-layout-constrained wp-block-group-is-layout-constrained\">\n<div class=\"wp-block-group quote\"><div class=\"wp-block-group__inner-container is-layout-flow wp-block-group-is-layout-flow\">\n<blockquote class=\"wp-block-quote is-layout-flow wp-block-quote-is-layout-flow\" id=\"review-lyall\">\n<p class=\"text_indent-0 has-contrast-color has-text-color has-link-color wp-elements-fdca1a80eec5cefbd933eee7ad987f8b\">Contrat\u00e9 a Juliana Aguiar para una propuesta de matrimonio de 2 horas y no podr\u00eda imaginar una experiencia tan incre\u00edble sin su ayuda. Cre\u00f3 y me envi\u00f3 un PDF que me prepar\u00f3 para todos los aspectos de la propuesta y la sesi\u00f3n. Juliana fue incre\u00edblemente amable y atenta, \u00a1y las fotos quedaron espectaculares! Nos gui\u00f3 en las poses y nos hizo sentir muy c\u00f3modos durante toda la sesi\u00f3n. Tambi\u00e9n apreciamos que se asegurara constantemente de que todo fuera como quer\u00edamos e incluyera todas las poses que le hab\u00edamos pedido. Nos est\u00e1 costando mucho elegir nuestras favoritas entre las m\u00e1s de 600 hermosas fotos.<\/p>\n<cite>Ethan Zhao Mayo de 2025 (extracto editado)<br><a href=\"https:\/\/www.google.com\/maps\/reviews\/data=!4m8!14m7!1m6!2m5!1sChZDSUhNMG9nS0VJWEZzYnpob2NYTkhnEAE!2m1!1s0x0:0x7b03905155589b66!3m1!1s2@1:CIHM0ogKEIXFsbzhocXNHg%7CCgwI8tf0wAYQgISijQE%7C?entry=tts&amp;g_ep=EgoyMDI1MDcyMy4wIPu8ASoASAFQAw%3D%3D&amp;skid=b35f58e9-3e6d-4bb3-8265-7dff4138cae4\" data-type=\"link\" data-id=\"https:\/\/maps.app.goo.gl\/26yhb2LJKAATEdjP7\" target=\"_blank\" rel=\"noopener\">Lea la rese\u00f1a completa en Google \"<\/a><\/cite><\/blockquote>\n<\/div><\/div>\n<\/div><\/div>\n\n\n\n<div class=\"wp-block-group testimonial testimonial-video\"><div class=\"wp-block-group__inner-container is-layout-constrained wp-block-group-is-layout-constrained\">\n<div class=\"wp-block-group quote\"><div class=\"wp-block-group__inner-container is-layout-flow wp-block-group-is-layout-flow\">\n<blockquote class=\"wp-block-quote is-layout-flow wp-block-quote-is-layout-flow\" id=\"review-lyall\">\n<p class=\"text_indent-0 has-contrast-color has-text-color has-link-color wp-elements-a72569fab5bdb68fc655f85c049cd4b7\">\u00a1No podr\u00eda haber pedido una fot\u00f3grafa mejor! Juliana sugiri\u00f3 un plan precioso con m\u00faltiples ubicaciones y fue comprensiva con las pausas para fotos improvisadas y los descansos durante la ola de calor parisina. Durante nuestro paseo, estuvo pendiente de nosotros y tuvo una conversaci\u00f3n encantadora que me ayud\u00f3 a calmar los nervios antes de la propuesta. La recomiendo ampliamente a cualquiera que busque una experiencia fotogr\u00e1fica relajante, cautivadora y reconfortante. \u00a1Juliana hizo que esta experiencia \u00fanica fuera excepcional! El montaje fue impresionante, las fotos fueron magn\u00edficas y extraordinarias.<\/p>\n<cite>Andrew Castro, julio de 2025 (extracto editado)<br><a href=\"https:\/\/www.google.com\/maps\/reviews\/data=!4m8!14m7!1m6!2m5!1sCi9DQUlRQUNvZENodHljRjlvT2pkaVdUWnNXVE5MZDJOeVJIVnpWQzFDTlZSWllYYxAB!2m1!1s0x0:0x7b03905155589b66!3m1!1s2@1:CAIQACodChtycF9oOjdiWTZsWTNLd2NyRHVzVC1CNVRZYXc%7C0cPcM3kY9eJ%7C?entry=tts&amp;g_ep=EgoyMDI1MDcyMy4wIPu8ASoASAFQAw%3D%3D&amp;skid=10f18c77-a50f-4d1c-b993-c4a67a3ca882\" data-type=\"link\" data-id=\"https:\/\/www.google.com\/maps\/reviews\/data=!4m8!14m7!1m6!2m5!1sCi9DQUlRQUNvZENodHljRjlvT2pkaVdUWnNXVE5MZDJOeVJIVnpWQzFDTlZSWllYYxAB!2m1!1s0x0:0x7b03905155589b66!3m1!1s2@1:CAIQACodChtycF9oOjdiWTZsWTNLd2NyRHVzVC1CNVRZYXc%7C0cPcM3kY9eJ%7C?entry=tts&amp;g_ep=EgoyMDI1MDcyMy4wIPu8ASoASAFQAw%3D%3D&amp;skid=10f18c77-a50f-4d1c-b993-c4a67a3ca882\" target=\"_blank\" rel=\"noopener\">Lea la rese\u00f1a completa en Google \"<\/a><\/cite><\/blockquote>\n<\/div><\/div>\n<\/div><\/div>\n\n\n\n<div class=\"wp-block-group testimonial testimonial-video\"><div class=\"wp-block-group__inner-container is-layout-constrained wp-block-group-is-layout-constrained\">\n<figure class=\"wp-block-video media\"><video height=\"848\" style=\"aspect-ratio: 480 \/ 848;\" width=\"480\" poster=\"https:\/\/kissinparis.com\/wp-content\/uploads\/2025\/08\/testimonial-2-cover.webp\" preload=\"none\" src=\"https:\/\/kissinparis.com\/wp-content\/uploads\/2025\/08\/testimonial-2.mp4\"><\/video><\/figure>\n\n\n\n<div class=\"wp-block-group content is-vertical is-content-justification-center is-layout-flex wp-container-core-group-is-layout-4b2eccd6 wp-block-group-is-layout-flex\">\n<p class=\"name\">Chris y Kristen<\/p>\n\n\n\n<div class=\"wp-block-buttons full is-layout-flex wp-block-buttons-is-layout-flex\">\n<div class=\"wp-block-button\"><a class=\"wp-block-button__link wp-element-button\">Jugar<\/a><\/div>\n<\/div>\n<\/div>\n<\/div><\/div>\n\n\n\n<div class=\"wp-block-group testimonial testimonial-video\"><div class=\"wp-block-group__inner-container is-layout-constrained wp-block-group-is-layout-constrained\">\n<div class=\"wp-block-group quote\"><div class=\"wp-block-group__inner-container is-layout-flow wp-block-group-is-layout-flow\">\n<blockquote class=\"wp-block-quote is-layout-flow wp-block-quote-is-layout-flow\" id=\"review-steven\">\n<p class=\"text_indent-0 has-contrast-color has-text-color has-link-color wp-elements-7c9ba915e0a1ec1c18e7609651b6025d\">\u00a1Juliana fue absolutamente incre\u00edble! Nunca dejo rese\u00f1as en Google, pero esta experiencia fue inmejorable, as\u00ed que tuve que escribir una. Tuvo disponibilidad de \u00faltimo minuto para mi propuesta de matrimonio a mi prometido y las fotos quedaron incre\u00edbles. Me dio excelentes recomendaciones y pr\u00e1cticamente plane\u00f3 la propuesta sorpresa ella misma; yo simplemente segu\u00ed sus instrucciones. Incluso tuve un cambio de horario de \u00faltimo minuto y ella supo adaptarse e hizo de la propuesta uno de los d\u00edas m\u00e1s especiales de mi vida. \u00a1Los recomiendo much\u00edsimo!<\/p>\n<cite>Steven Zipf<\/cite><\/blockquote>\n<\/div><\/div>\n<\/div><\/div>\n\n\n\n<div class=\"wp-block-group testimonial testimonial-video\"><div class=\"wp-block-group__inner-container is-layout-constrained wp-block-group-is-layout-constrained\">\n<figure class=\"wp-block-video media\"><video height=\"848\" style=\"aspect-ratio: 480 \/ 848;\" width=\"480\" poster=\"https:\/\/kissinparis.com\/wp-content\/uploads\/2025\/08\/testimonial-3-cover.webp\" preload=\"none\" src=\"https:\/\/kissinparis.com\/wp-content\/uploads\/2025\/08\/testimonial-3.mp4\"><\/video><\/figure>\n\n\n\n<div class=\"wp-block-group content is-vertical is-content-justification-center is-layout-flex wp-container-core-group-is-layout-4b2eccd6 wp-block-group-is-layout-flex\">\n<p class=\"name\">Kyle y Diana<\/p>\n\n\n\n<div class=\"wp-block-buttons full is-layout-flex wp-block-buttons-is-layout-flex\">\n<div class=\"wp-block-button\"><a class=\"wp-block-button__link wp-element-button\">Jugar<\/a><\/div>\n<\/div>\n<\/div>\n<\/div><\/div>\n\n\n\n<div class=\"wp-block-group testimonial testimonial-video\"><div class=\"wp-block-group__inner-container is-layout-constrained wp-block-group-is-layout-constrained\">\n<div class=\"wp-block-group quote\"><div class=\"wp-block-group__inner-container is-layout-flow wp-block-group-is-layout-flow\">\n<blockquote class=\"wp-block-quote is-layout-flow wp-block-quote-is-layout-flow\" id=\"review-colin\">\n<p class=\"text_indent-0 has-contrast-color has-text-color has-link-color wp-elements-a08f69f037d1dd6e525575b04a2c0281\">Fue fabuloso trabajar con Juliana Aguiar de KMIP. Est\u00e1bamos bastante nerviosos por la sesi\u00f3n de fotos de nuestro 20.\u00ba aniversario, pero Juliana fue tan amable y divertida que enseguida nos tranquiliz\u00f3. Fue totalmente profesional y tom\u00f3 much\u00edsimas fotos diferentes. Nos sorprendi\u00f3 lo brillantes que son. Gracias, Juliana.<\/p>\n<cite>Septiembre de 2024 Colin Wright<\/cite><\/blockquote>\n<\/div><\/div>\n<\/div><\/div>\n\n\n\n<div class=\"wp-block-group testimonial testimonial-video\"><div class=\"wp-block-group__inner-container is-layout-constrained wp-block-group-is-layout-constrained\">\n<div class=\"wp-block-group quote\"><div class=\"wp-block-group__inner-container is-layout-flow wp-block-group-is-layout-flow\">\n<blockquote class=\"wp-block-quote is-layout-flow wp-block-quote-is-layout-flow\" id=\"review-chris\">\n<p class=\"text_indent-0 has-contrast-color has-text-color has-link-color wp-elements-10d294545d3b105c9db368fcf49f3c87\"><strong>Punto de vista del chico poni\u00e9ndose de rodillas:<\/strong> \u00a1Juliana fue incre\u00edble! Como alguien que estuvo en Par\u00eds solo 24 horas para proponer matrimonio por sorpresa y que no conoc\u00eda la ciudad, \u00a1fue una salvaci\u00f3n! Se encarg\u00f3 de toda la log\u00edstica y cre\u00f3 un mapa del lugar exacto. Fue muy paciente y me hizo sentir en buenas manos. La sesi\u00f3n de fotos de 2 horas vali\u00f3 la pena; las fotos quedaron espectaculares.<\/p>\n\n\n\n<p><strong>Punto de vista de la futura novia:<\/strong> No tengo palabras para describir lo incre\u00edble que es Juliana. Me emocion\u00e9 much\u00edsimo despu\u00e9s de que me propusiera matrimonio y ella fue paciente y amable con nosotros. Nos dej\u00f3 disfrutar de la experiencia antes de nuestra sesi\u00f3n de fotos en el Louvre. Me sent\u00ed c\u00f3moda al instante mientras guiaba nuestras poses con comentarios fant\u00e1sticos. No tuvo reparos en decirles a los turistas que se movieran para obtener mejores fotos e incluso incluy\u00f3 a mi madre en ellas. \u00a1Juliana estuvo excepcional!<\/p>\n<cite>Chris Ash<\/cite><\/blockquote>\n<\/div><\/div>\n<\/div><\/div>\n<\/div>\n<\/div><\/div>\n\n\n\n<div class=\"wp-block-group alignfull sec  sec-next-page full-width mt-0 pt-0 mb-0\"><div class=\"wp-block-group__inner-container is-layout-constrained wp-block-group-is-layout-constrained\">\n<div class=\"wp-block-columns alignfull overview mt-80 pt-20 mb-80 border-top is-layout-flex wp-container-core-columns-is-layout-9d6595d7 wp-block-columns-is-layout-flex\">\n<div class=\"wp-block-column desktop-only is-layout-flow wp-block-column-is-layout-flow\" style=\"flex-basis:50%\"><\/div>\n\n\n\n<div class=\"wp-block-column is-layout-flow wp-block-column-is-layout-flow\" style=\"flex-basis:50%\">\n<p class=\"has-text-align-right alignfull has-small-font-size\" style=\"text-transform:uppercase\">\/ <strong>Conozca a nuestros otros fot\u00f3grafos<\/strong><\/p>\n<\/div>\n<\/div>\n\n\n\n<div class=\"wp-block-columns alignfull scrollable teams is-layout-flex wp-container-core-columns-is-layout-9d6595d7 wp-block-columns-is-layout-flex\">\n<div class=\"wp-block-column is-layout-flow wp-block-column-is-layout-flow\">\n<div class=\"wp-block-group alignfull text-block compact team has-base-2-background-color has-background\"><div class=\"wp-block-group__inner-container is-layout-constrained wp-block-group-is-layout-constrained\">\n<figure class=\"wp-block-image alignfull size-large\"><img loading=\"lazy\" decoding=\"async\" width=\"1024\" height=\"1024\" src=\"https:\/\/kissinparis.com\/wp-content\/uploads\/2025\/06\/paris-videographer-vincent-proposals-weddings-1024x1024.avif\" alt=\"Vide\u00f3grafo parisino Vincent\" class=\"wp-image-25463\" srcset=\"https:\/\/kissinparis.com\/wp-content\/uploads\/2025\/06\/paris-videographer-vincent-proposals-weddings-1024x1024.avif 1024w, https:\/\/kissinparis.com\/wp-content\/uploads\/2025\/06\/paris-videographer-vincent-proposals-weddings-300x300.avif 300w, https:\/\/kissinparis.com\/wp-content\/uploads\/2025\/06\/paris-videographer-vincent-proposals-weddings-150x150.avif 150w, https:\/\/kissinparis.com\/wp-content\/uploads\/2025\/06\/paris-videographer-vincent-proposals-weddings-768x768.avif 768w, https:\/\/kissinparis.com\/wp-content\/uploads\/2025\/06\/paris-videographer-vincent-proposals-weddings-1200x1200.avif 1200w, https:\/\/kissinparis.com\/wp-content\/uploads\/2025\/06\/paris-videographer-vincent-proposals-weddings.avif 1400w\" sizes=\"auto, (max-width: 1024px) 100vw, 1024px\" \/><figcaption class=\"wp-element-caption\">Vide\u00f3grafo parisino Vincent<\/figcaption><\/figure>\n\n\n\n<p class=\"has-text-align-center name\">Vicente<\/p>\n\n\n\n<p class=\"has-text-align-center designation\">Fot\u00f3grafo profesional<\/p>\n\n\n\n<p class=\"has-link magnetic meet-vincent\"><a href=\"https:\/\/kissinparis.com\/es\/equipo-creativo\/vincent\/\" data-type=\"link\" data-id=\"https:\/\/kissinparis.com\/artists\/vincent\/\">Conoce a Vincent<\/a><\/p>\n<\/div><\/div>\n<\/div>\n\n\n\n<div class=\"wp-block-column is-layout-flow wp-block-column-is-layout-flow\">\n<div class=\"wp-block-group alignfull text-block compact team has-base-2-background-color has-background\"><div class=\"wp-block-group__inner-container is-layout-constrained wp-block-group-is-layout-constrained\">\n<figure class=\"wp-block-image alignfull size-full\"><img loading=\"lazy\" decoding=\"async\" width=\"1400\" height=\"1400\" src=\"https:\/\/kissinparis.com\/wp-content\/uploads\/2025\/06\/paris-photographer-scander-weddings-engagements.avif\" alt=\"Scander, fot\u00f3grafo de bodas de Par\u00eds\" class=\"wp-image-25457\" srcset=\"https:\/\/kissinparis.com\/wp-content\/uploads\/2025\/06\/paris-photographer-scander-weddings-engagements.avif 1400w, https:\/\/kissinparis.com\/wp-content\/uploads\/2025\/06\/paris-photographer-scander-weddings-engagements-300x300.avif 300w, https:\/\/kissinparis.com\/wp-content\/uploads\/2025\/06\/paris-photographer-scander-weddings-engagements-1024x1024.avif 1024w, https:\/\/kissinparis.com\/wp-content\/uploads\/2025\/06\/paris-photographer-scander-weddings-engagements-150x150.avif 150w, https:\/\/kissinparis.com\/wp-content\/uploads\/2025\/06\/paris-photographer-scander-weddings-engagements-768x768.avif 768w, https:\/\/kissinparis.com\/wp-content\/uploads\/2025\/06\/paris-photographer-scander-weddings-engagements-1200x1200.avif 1200w\" sizes=\"auto, (max-width: 1400px) 100vw, 1400px\" \/><figcaption class=\"wp-element-caption\">Scander, fot\u00f3grafo de bodas de Par\u00eds<\/figcaption><\/figure>\n\n\n\n<p class=\"has-text-align-center name\">Esc\u00e1ner<\/p>\n\n\n\n<p class=\"has-text-align-center designation\">Fot\u00f3grafo profesional<\/p>\n\n\n\n<p class=\"has-link magnetic meet-scander\"><a href=\"https:\/\/kissinparis.com\/es\/equipo-creativo\/scander\/\" data-type=\"page\" data-id=\"1051\">Conozca a Scander<\/a><\/p>\n<\/div><\/div>\n<\/div>\n\n\n\n<div class=\"wp-block-column is-layout-flow wp-block-column-is-layout-flow\">\n<div class=\"wp-block-group alignfull text-block compact team has-base-2-background-color has-background\"><div class=\"wp-block-group__inner-container is-layout-constrained wp-block-group-is-layout-constrained\">\n<figure class=\"wp-block-image alignfull size-full\"><img loading=\"lazy\" decoding=\"async\" width=\"1400\" height=\"1400\" src=\"https:\/\/kissinparis.com\/wp-content\/uploads\/2025\/06\/paris-wedding-photographer-cengiz-award-winning.avif\" alt=\"Fot\u00f3grafo de bodas en Par\u00eds Cengiz\" class=\"wp-image-25469\" srcset=\"https:\/\/kissinparis.com\/wp-content\/uploads\/2025\/06\/paris-wedding-photographer-cengiz-award-winning.avif 1400w, https:\/\/kissinparis.com\/wp-content\/uploads\/2025\/06\/paris-wedding-photographer-cengiz-award-winning-300x300.avif 300w, https:\/\/kissinparis.com\/wp-content\/uploads\/2025\/06\/paris-wedding-photographer-cengiz-award-winning-1024x1024.avif 1024w, https:\/\/kissinparis.com\/wp-content\/uploads\/2025\/06\/paris-wedding-photographer-cengiz-award-winning-150x150.avif 150w, https:\/\/kissinparis.com\/wp-content\/uploads\/2025\/06\/paris-wedding-photographer-cengiz-award-winning-768x768.avif 768w, https:\/\/kissinparis.com\/wp-content\/uploads\/2025\/06\/paris-wedding-photographer-cengiz-award-winning-1200x1200.avif 1200w\" sizes=\"auto, (max-width: 1400px) 100vw, 1400px\" \/><figcaption class=\"wp-element-caption\">Fot\u00f3grafo de bodas en Par\u00eds Cengiz<\/figcaption><\/figure>\n\n\n\n<p class=\"has-text-align-center name\">Cengiz<\/p>\n\n\n\n<p class=\"has-text-align-center designation\">Fot\u00f3grafo profesional<\/p>\n\n\n\n<p class=\"has-link magnetic meet-cengiz\"><a href=\"https:\/\/kissinparis.com\/es\/equipo-creativo\/cengiz\/\" data-type=\"link\" data-id=\"https:\/\/kissinparis.com\/artists\/cengiz\/\">Conoce a Cengiz<\/a><\/p>\n<\/div><\/div>\n<\/div>\n\n\n\n<div class=\"wp-block-column desktop-only is-layout-flow wp-block-column-is-layout-flow\"><\/div>\n<\/div>\n<\/div><\/div>\n<\/div><\/div>\n\n\n\n<div class=\"wp-block-group alignfull popup package-popup\" id=\"book-juliana\"><div class=\"wp-block-group__inner-container is-layout-constrained wp-block-group-is-layout-constrained\">\n<div class=\"wp-block-group alignfull popup-inner has-background-color has-primary-background-color has-text-color has-background has-link-color wp-elements-3038cf0d5e316869889e0f082e8dd9dc\"><div class=\"wp-block-group__inner-container is-layout-constrained wp-block-group-is-layout-constrained\">\n<h3 class=\"wp-block-heading has-base-2-color has-text-color has-link-color wp-elements-3d3393ee0aa722a698b9f02888793de5\">Consulta de reserva Juliana<\/h3>\n\n\n\n<p class=\"full animate__animated animate__fadeInUp has-phone\"><a href=\"https:\/\/api.whatsapp.com\/send?phone=33699061974\" data-type=\"link\" data-id=\"https:\/\/api.whatsapp.com\/send?phone=33699061974\" target=\"_blank\" rel=\"noreferrer noopener\">+33 6 99 06 19 74<\/a> <em>\u25cf<\/em> <a href=\"mailto:support@kissinparis.com?subject=Paris Photoshoot Inquiry\">support@kissinparis.com<\/a><\/p>\n\n\n\n<div class=\"wpcf7 no-js\" id=\"wpcf7-f27054-o1\" lang=\"en-US\" dir=\"ltr\" data-wpcf7-id=\"27054\">\n<div class=\"screen-reader-response\"><p role=\"status\" aria-live=\"polite\" aria-atomic=\"true\"><\/p> <ul><\/ul><\/div>\n<form action=\"\/es\/wp-json\/wp\/v2\/pages\/13577#wpcf7-f27054-o1\" method=\"post\" class=\"wpcf7-form init\" aria-label=\"Formulario de contacto\" novalidate=\"novalidate\" data-status=\"init\" data-trp-original-action=\"\/es\/wp-json\/wp\/v2\/pages\/13577#wpcf7-f27054-o1\">\n<fieldset class=\"hidden-fields-container\"><input type=\"hidden\" name=\"_wpcf7\" value=\"27054\" \/><input type=\"hidden\" name=\"_wpcf7_version\" value=\"6.1.5\" \/><input type=\"hidden\" name=\"_wpcf7_locale\" value=\"en_US\" \/><input type=\"hidden\" name=\"_wpcf7_unit_tag\" value=\"wpcf7-f27054-o1\" \/><input type=\"hidden\" name=\"_wpcf7_container_post\" value=\"0\" \/><input type=\"hidden\" name=\"_wpcf7_posted_data_hash\" value=\"\" \/>\n<\/fieldset>\n<div class=\"row\">\n\t<p class=\"col col50 full\"><label><span class=\"wpcf7-form-control-wrap\" data-name=\"your-name\"><input size=\"40\" maxlength=\"400\" class=\"wpcf7-form-control wpcf7-text wpcf7-validates-as-required\" id=\"name\" autocomplete=\"name\" aria-required=\"true\" aria-invalid=\"false\" placeholder=\"Nombre completo *\" value=\"\" type=\"text\" name=\"your-name\" \/><\/span><\/label>\n\t<\/p>\n\t<p class=\"col col50 full\"><label><span class=\"wpcf7-form-control-wrap\" data-name=\"your-email\"><input size=\"40\" maxlength=\"400\" class=\"wpcf7-form-control wpcf7-email wpcf7-validates-as-required wpcf7-text wpcf7-validates-as-email\" id=\"email\" autocomplete=\"email\" aria-required=\"true\" aria-invalid=\"false\" placeholder=\"Correo electr\u00f3nico *\" value=\"\" type=\"email\" name=\"your-email\" \/><\/span> <\/label>\n\t<\/p>\n<\/div>\n<div class=\"row\">\n\t<p class=\"col col50 full\"><label><span class=\"wpcf7-form-control-wrap\" data-name=\"your-phone\"><input size=\"40\" maxlength=\"400\" class=\"wpcf7-form-control wpcf7-tel wpcf7-text wpcf7-validates-as-tel\" id=\"phone\" autocomplete=\"phone\" aria-invalid=\"false\" placeholder=\"Tel\u00e9fono\" value=\"\" type=\"tel\" name=\"your-phone\" \/><\/span> <\/label>\n\t<\/p>\n\t<p class=\"col col50 full\"><label><span class=\"wpcf7-form-control-wrap\" data-name=\"your-date\"><input size=\"40\" maxlength=\"400\" class=\"wpcf7-form-control wpcf7-text\" id=\"date\" aria-invalid=\"false\" placeholder=\"Fecha (MM\/DD\/AA)\" value=\"\" type=\"text\" name=\"your-date\" \/><\/span><\/label>\n\t<\/p>\n<\/div>\n<p class=\"full\"><label for=\"your-shoot-type\">Tipo de rodaje <\/label><span class=\"wpcf7-form-control-wrap\" data-name=\"your-shoot-type\"><select class=\"wpcf7-form-control wpcf7-select\" id=\"your-shoot-type\" aria-invalid=\"false\" name=\"your-shoot-type\"><option value=\"\">Por favor seleccione...<\/option><option value=\"Proposal\">Propuesta<\/option><option value=\"Wedding\">Boda<\/option><option value=\"Couple Shoot\">Sesi\u00f3n de fotos de pareja<\/option><option value=\"Family\">Familia<\/option><option value=\"Boudoir\">Boudoir<\/option><option value=\"Solo\">Solo<\/option><option value=\"Videography\">Videograf\u00eda<\/option><option value=\"Video + Photo\">V\u00eddeo + Foto<\/option><\/select><\/span>\n<\/p>\n<p class=\"full\"><label for=\"message\">\u00a1Cu\u00e9ntanos tu visi\u00f3n! Comparte tus ideas para las sesiones, ubicaciones preferidas y horarios. M\u00e1s detalles nos ayudan a planificar mejor.<\/label><span class=\"wpcf7-form-control-wrap\" data-name=\"your-message\"><textarea cols=\"40\" rows=\"10\" maxlength=\"2000\" class=\"wpcf7-form-control wpcf7-textarea\" id=\"message\" aria-invalid=\"false\" placeholder=\"Mensaje\" name=\"your-message\"><\/textarea><\/span>\n<\/p>\n<div class=\"text-left full pt-0 has-submit  btn-lg mt-0 mb-0 hide-default-submit\">\n\t<p><div class=\"cf7-cf-turnstile\" style=\"margin-top: 0px; margin-bottom: -15px;\"> <div id=\"cf-turnstile-cf7-1560873032\" class=\"cf-turnstile\" data-callback=\"turnstileCF7Callback\" data-sitekey=\"0x4AAAAAAA6tyyirfbfpLGRe\" data-theme=\"light\" data-language=\"auto\" data-size=\"normal\" data-retry=\"auto\" data-retry-interval=\"1000\" data-refresh-expired=\"auto\" data-refresh-timeout=\"auto\" data-action=\"contact-form-7\" data-appearance=\"always\"><\/div> <style>.wpcf7-submit { pointer-events: none; opacity: 0.5; }<\/style> <script>document.addEventListener(\"DOMContentLoaded\", function() { setTimeout(function(){ var e=document.getElementById(\"cf-turnstile-cf7-1560873032\"); if(e&&!e.innerHTML.trim()){turnstile.render(e, {sitekey:\"0x4AAAAAAA6tyyirfbfpLGRe\"});} }, 200); });<\/script> <br class=\"cf-turnstile-br cf-turnstile-br-cf7-1560873032\"> <style>#cf-turnstile-cf7-1560873032 { margin-left: -15px; }<\/style> <script>document.addEventListener(\"DOMContentLoaded\",function(){document.querySelectorAll('.wpcf7-form').forEach(function(e){e.addEventListener('submit',function(){if(document.getElementById('cf-turnstile-cf7-1560873032')){setTimeout(function(){turnstile.reset('#cf-turnstile-cf7-1560873032');},1000)}})})});<\/script> <\/div><br\/><input class=\"wpcf7-form-control wpcf7-submit has-spinner wp-block-button__link\" type=\"submit\" value=\"Enviar\" \/>\n\t<\/p>\n<\/div>\n<div class=\"wp-block-button has-arrow has-btn-yellow mt-0 mb-0\">\n\t<p><button type=\"submit\" class=\"wp-block-button__link wp-element-button\"><em>Enviar<\/em><\/button>\n\t<\/p>\n<\/div><p style=\"display: none !important;\" class=\"akismet-fields-container\" data-prefix=\"_wpcf7_ak_\"><label>\u0394<textarea name=\"_wpcf7_ak_hp_textarea\" cols=\"45\" rows=\"8\" maxlength=\"100\"><\/textarea><\/label><input type=\"hidden\" id=\"ak_js_1\" name=\"_wpcf7_ak_js\" value=\"240\"\/><script>\ndocument.getElementById( \"ak_js_1\" ).setAttribute( \"value\", ( new Date() ).getTime() );\n<\/script>\n<\/p><div class=\"wpcf7-response-output\" aria-hidden=\"true\"><\/div>\n<input type=\"hidden\" name=\"trp-form-language\" value=\"es\"\/><\/form>\n<\/div>\n\n\n\n\n<p class=\"close\">Cerrar<\/p>\n<\/div><\/div>\n<\/div><\/div>\n\n\n\n<div class=\"wp-block-group popup-cta\"><div class=\"wp-block-group__inner-container is-layout-constrained wp-block-group-is-layout-constrained\">\n<figure class=\"wp-block-video\"><video autoplay loop muted preload=\"none\" src=\"https:\/\/kissinparis.com\/wp-content\/uploads\/2025\/04\/hero-video-homepage.mp4\" playsinline><\/video><\/figure>\n\n\n\n<p class=\"title\">Libro Juliana<\/p>\n\n\n\n<p class=\"has-link\"><a href=\"mailto:support@kissinparis.com?subject=Booking Inquiry for Juliana\" data-type=\"page\" data-id=\"1753\">PREGUNTAS SOBRE RESERVAS<\/a><\/p>\n<\/div><\/div>","protected":false},"excerpt":{"rendered":"<p>Juliana Aguiar FEMALE PARIS PHOTOGRAPHER \/&nbsp;Overview Meet JULIANA I&#8217;m Juliana Aguiar, a Brazilian photographer based in Paris. Before photography, I worked as a model and lived across Asia, Europe, Africa, and the United States. Moving between cultures and countries shaped the way I see people and how I connect with them through my camera. Being [&hellip;]<\/p>\n","protected":false},"author":35,"featured_media":13862,"parent":4359,"menu_order":0,"comment_status":"closed","ping_status":"closed","template":"","meta":{"_acf_changed":false,"ub_ctt_via":"","footnotes":""},"class_list":["post-13577","page","type-page","status-publish","has-post-thumbnail","hentry"],"acf":[],"featured_image_src":"https:\/\/kissinparis.com\/wp-content\/uploads\/2023\/06\/Best-female-Photographer-in-Paris-Juliana.jpg","_links":{"self":[{"href":"https:\/\/kissinparis.com\/es\/wp-json\/wp\/v2\/pages\/13577","targetHints":{"allow":["GET"]}}],"collection":[{"href":"https:\/\/kissinparis.com\/es\/wp-json\/wp\/v2\/pages"}],"about":[{"href":"https:\/\/kissinparis.com\/es\/wp-json\/wp\/v2\/types\/page"}],"author":[{"embeddable":true,"href":"https:\/\/kissinparis.com\/es\/wp-json\/wp\/v2\/users\/35"}],"replies":[{"embeddable":true,"href":"https:\/\/kissinparis.com\/es\/wp-json\/wp\/v2\/comments?post=13577"}],"version-history":[{"count":49,"href":"https:\/\/kissinparis.com\/es\/wp-json\/wp\/v2\/pages\/13577\/revisions"}],"predecessor-version":[{"id":29105,"href":"https:\/\/kissinparis.com\/es\/wp-json\/wp\/v2\/pages\/13577\/revisions\/29105"}],"up":[{"embeddable":true,"href":"https:\/\/kissinparis.com\/es\/wp-json\/wp\/v2\/pages\/4359"}],"wp:featuredmedia":[{"embeddable":true,"href":"https:\/\/kissinparis.com\/es\/wp-json\/wp\/v2\/media\/13862"}],"wp:attachment":[{"href":"https:\/\/kissinparis.com\/es\/wp-json\/wp\/v2\/media?parent=13577"}],"curies":[{"name":"wp","href":"https:\/\/api.w.org\/{rel}","templated":true}]}}