{"id":13577,"date":"2023-06-22T19:57:14","date_gmt":"2023-06-22T19:57:14","guid":{"rendered":"https:\/\/kissinparis.com\/?page_id=13577"},"modified":"2026-01-28T14:55:43","modified_gmt":"2026-01-28T14:55:43","slug":"juliana","status":"publish","type":"page","link":"https:\/\/kissinparis.com\/fr\/artists\/juliana\/","title":{"rendered":"Photographe \u00e0 Paris Juliana"},"content":{"rendered":"<div class=\"wp-block-group alignfull sec heror-section full-width v2 text-center mt-0 mb-0 has-scroll-down pb-20 has-primary-color has-text-color has-background has-link-color wp-elements-d363ce82b8ec3244317ef0a7c5742e1d\" style=\"background-color:#fbd8f5\"><div class=\"wp-block-group__inner-container is-layout-constrained wp-block-group-is-layout-constrained\">\n<div class=\"wp-block-group alignfull animate_holder pl-0 pr-0 mb-0\"><div class=\"wp-block-group__inner-container is-layout-constrained wp-block-group-is-layout-constrained\">\n<h1 class=\"wp-block-heading has-text-align-center heading-size-1 alignfull full pl-0 pr-0 animate__animated animate__fadeInUp\">J<em>uliana Aguiar<\/em><\/h1>\n<\/div><\/div>\n\n\n\n<div class=\"wp-block-group alignfull animate_holder pl-0 pr-0 mt-0\"><div class=\"wp-block-group__inner-container is-layout-constrained wp-block-group-is-layout-constrained\">\n<h2 class=\"wp-block-heading has-text-align-center pt-60 desgination animate__animated animate__fadeInUp has-small-font-size\">PHOTOGRAPHE PARISIENNE<\/h2>\n<\/div><\/div>\n<\/div><\/div>\n\n\n\n<div class=\"wp-block-group alignfull mt-0 mb-0 sec sec-fullwidth sec-team-details pt-0 pb-0 bg-transition-light-v2 has-primary-color has-text-color has-background has-link-color wp-elements-e10446537b52f4433aba057b4d3239b2\" style=\"background-color:#fbd8f5\"><div class=\"wp-block-group__inner-container is-layout-constrained wp-block-group-is-layout-constrained\">\n<div class=\"wp-block-group alignfull animate_holder team-picture full-width\"><div class=\"wp-block-group__inner-container is-layout-constrained wp-block-group-is-layout-constrained\">\n<div class=\"wp-block-group alignfull  full-width animate_holder animate__animated animate__fadeInUp\"><div class=\"wp-block-group__inner-container is-layout-constrained wp-block-group-is-layout-constrained\">\n<figure class=\"wp-block-image alignfull size-full hide-caption animate__animated animate__fadeInUp\"><img loading=\"lazy\" decoding=\"async\" width=\"1600\" height=\"1067\" src=\"https:\/\/kissinparis.com\/wp-content\/uploads\/2025\/08\/juliana-feminine-paris-photographer-weddings-portraits.jpg\" alt=\"Juliana, photographe br\u00e9silienne \u00e0 Paris, connue pour son style ludique et f\u00e9minin et ses photos lumineuses et a\u00e9riennes capturant des mariages, des portraits de famille et des s\u00e9ances boudoir avec une ambiance d\u00e9tendue.\" class=\"wp-image-27220\" srcset=\"https:\/\/kissinparis.com\/wp-content\/uploads\/2025\/08\/juliana-feminine-paris-photographer-weddings-portraits.jpg 1600w, https:\/\/kissinparis.com\/wp-content\/uploads\/2025\/08\/juliana-feminine-paris-photographer-weddings-portraits-300x200.jpg 300w, https:\/\/kissinparis.com\/wp-content\/uploads\/2025\/08\/juliana-feminine-paris-photographer-weddings-portraits-1024x683.jpg 1024w, https:\/\/kissinparis.com\/wp-content\/uploads\/2025\/08\/juliana-feminine-paris-photographer-weddings-portraits-768x512.jpg 768w, https:\/\/kissinparis.com\/wp-content\/uploads\/2025\/08\/juliana-feminine-paris-photographer-weddings-portraits-1536x1024.jpg 1536w, https:\/\/kissinparis.com\/wp-content\/uploads\/2025\/08\/juliana-feminine-paris-photographer-weddings-portraits-1200x800.jpg 1200w\" sizes=\"auto, (max-width: 1600px) 100vw, 1600px\" \/><figcaption class=\"wp-element-caption\">Juliana, une photographe br\u00e9silienne install\u00e9e \u00e0 Paris, est connue pour son style ludique et f\u00e9minin, ainsi que pour ses photos lumineuses et a\u00e9riennes qui capturent des mariages, des portraits de famille et des s\u00e9ances boudoir dans une ambiance d\u00e9contract\u00e9e.\u201d<\/figcaption><\/figure>\n<\/div><\/div>\n<\/div><\/div>\n\n\n\n<div class=\"wp-block-group alignfull  full-width\"><div class=\"wp-block-group__inner-container is-layout-constrained wp-block-group-is-layout-constrained\">\n<div class=\"wp-block-columns alignfull overview mt-20 pt-20 border-top targetDIV is-layout-flex wp-container-core-columns-is-layout-9d6595d7 wp-block-columns-is-layout-flex\">\n<div class=\"wp-block-column desktop-only is-layout-flow wp-block-column-is-layout-flow\" style=\"flex-basis:100%\"><\/div>\n\n\n\n<div class=\"wp-block-column is-layout-flow wp-block-column-is-layout-flow\" style=\"flex-basis:100%\">\n<p class=\"has-text-align-right full has-small-font-size\" style=\"text-transform:uppercase\">\/ Pr\u00e9sentation<\/p>\n<\/div>\n<\/div>\n<\/div><\/div>\n\n\n\n<div class=\"wp-block-group alignfull sec  full-width pb-0 pt-0 mt-0 mb-0\"><div class=\"wp-block-group__inner-container is-layout-constrained wp-block-group-is-layout-constrained\">\n<div class=\"wp-block-columns alignfull gap overview-content order-reverse is-layout-flex wp-container-core-columns-is-layout-9d6595d7 wp-block-columns-is-layout-flex\">\n<div class=\"wp-block-column has-content is-layout-flow wp-block-column-is-layout-flow\">\n<h2 class=\"wp-block-heading full has-contrast-color has-text-color has-link-color has-medium-font-size wp-elements-dbc6065d8422e47826edb0eaf17b3d1f\">Rencontrez JULIANA<\/h2>\n\n\n\n<p class=\"full\">Je suis Juliana Aguiar, une photographe br\u00e9silienne install\u00e9e \u00e0 Paris. Avant de me consacrer \u00e0 la photographie, j&#039;\u00e9tais mannequin et j&#039;ai v\u00e9cu en Asie, en Europe, en Afrique et aux \u00c9tats-Unis. Ces voyages \u00e0 travers les cultures et les pays ont fa\u00e7onn\u00e9 mon regard sur les gens et ma mani\u00e8re d&#039;entrer en relation avec eux \u00e0 travers mon objectif.<\/p>\n\n\n\n<p>Se retrouver devant une cam\u00e9ra peut \u00eatre d\u00e9stabilisant lorsqu&#039;on ne sait pas comment se positionner, comment utiliser son corps ou ses expressions. Je comprends parfaitement cette sensation, et c&#039;est ce qui me permet d&#039;accompagner mes clients avec patience et clart\u00e9. Je travaille \u00e0 travers le mouvement et l&#039;interaction \u2013 marcher, courir, rire, laisser les choses se faire naturellement \u2013 en respectant toujours le rythme et la personnalit\u00e9 de chacun.<\/p>\n\n\n\n<p>Mon exp\u00e9rience de mannequin aide aussi les hommes \u00e0 se sentir plus \u00e0 l&#039;aise pendant les s\u00e9ances. Je montre souvent moi-m\u00eame les poses, ce qui rend le processus plus clair et plus d\u00e9tendu.<\/p>\n\n\n\n<p>En tant que photographe, je cr\u00e9e une ambiance o\u00f9 les femmes se sentent \u00e0 l&#039;aise, notamment lors de s\u00e9ances boudoir ou de photos de famille. Je travaille facilement avec les enfants et j&#039;ai de l&#039;exp\u00e9rience dans la photographie d&#039;enfants ayant des besoins sp\u00e9cifiques.<\/p>\n\n\n\n<p class=\"full\">Paris m&#039;inspire quotidiennement dans mon travail, des caf\u00e9s et rues tranquilles \u00e0 la Seine, au Louvre et \u00e0 l&#039;architecture de la ville.<\/p>\n\n\n\n<div class=\"wp-block-buttons pt-20 is-layout-flex wp-block-buttons-is-layout-flex\">\n<div class=\"wp-block-button get-popup has-btn-yellow has-arrow  is-slim\"><a class=\"wp-block-button__link wp-element-button\" href=\"#book-juliana\"><em>R\u00e9server<\/em><\/a><\/div>\n\n\n\n<div class=\"wp-block-button has-arrow v2 is-slim\"><a class=\"wp-block-button__link wp-element-button\" href=\"#reviews\"><em>Avis<\/em><\/a><\/div>\n\n\n\n<div class=\"wp-block-button has-arrow v2 is-slim\"><a class=\"wp-block-button__link wp-element-button\" href=\"#portfolio\"><em>Portfolio<\/em><\/a><\/div>\n<\/div>\n<\/div>\n\n\n\n<div class=\"wp-block-column has-review is-layout-flow wp-block-column-is-layout-flow\">\n<div class=\"wp-block-group mt-0 mb-0\"><div class=\"wp-block-group__inner-container is-layout-constrained wp-block-group-is-layout-constrained\">\n<div class=\"wp-block-group sticky mb-0 mt-0\"><div class=\"wp-block-group__inner-container is-layout-constrained wp-block-group-is-layout-constrained\">\n<blockquote class=\"wp-block-quote pt-0 pb-0 pl-0 pr-0 has-background is-layout-flow wp-block-quote-is-layout-flow\" style=\"background-color:#ffffff00\">\n<p>Nos photos sont impr\u00e9gn\u00e9es de l&#039;amour et de la joie que nous avons ressentis \u00e0 Paris \u2013 un v\u00e9ritable tr\u00e9sor dont nous n&#039;aurions jamais pu r\u00eaver ! N&#039;attendez plus et r\u00e9servez Juliana\u00a0; elle est tout simplement incroyable, vous ne serez pas d\u00e9\u00e7u.<\/p>\n<cite>Giulia Weyrich<\/cite><\/blockquote>\n<\/div><\/div>\n<\/div><\/div>\n<\/div>\n<\/div>\n<\/div><\/div>\n\n\n\n<div class=\"wp-block-group alignfull sec pb-10 full-width mt-0\"><div class=\"wp-block-group__inner-container is-layout-constrained wp-block-group-is-layout-constrained\">\n<p><\/p>\n\n\n\n<p class=\"full alignfull text_indent-0 marquee arrows\"><\/p>\n<\/div><\/div>\n\n\n\n<div class=\"wp-block-group alignfull sec  full-width pb-0 mb-0 mt-0 pt-0\" id=\"portfolio\"><div class=\"wp-block-group__inner-container is-layout-constrained wp-block-group-is-layout-constrained\">\n<div class=\"wp-block-columns alignfull overview mt-0 pt-20 mb-0 border-top is-layout-flex wp-container-core-columns-is-layout-9d6595d7 wp-block-columns-is-layout-flex\">\n<div class=\"wp-block-column desktop-only is-layout-flow wp-block-column-is-layout-flow\" style=\"flex-basis:50%\"><\/div>\n\n\n\n<div class=\"wp-block-column is-layout-flow wp-block-column-is-layout-flow\" style=\"flex-basis:50%\">\n<p class=\"has-text-align-right alignfull has-small-font-size\" style=\"text-transform:uppercase\">\/ Portfolio<\/p>\n<\/div>\n<\/div>\n\n\n\n<div class=\"wp-block-columns alignfull gap overview-content mt-0 mb-0 is-layout-flex wp-container-core-columns-is-layout-9d6595d7 wp-block-columns-is-layout-flex\">\n<div class=\"wp-block-column has-review is-layout-flow wp-block-column-is-layout-flow\">\n<div class=\"wp-block-group\"><div class=\"wp-block-group__inner-container is-layout-constrained wp-block-group-is-layout-constrained\">\n<h2 class=\"wp-block-heading has-base-2-color has-text-color has-link-color wp-elements-b367a9f545778eb2d0fa1d1edce3ee04\" style=\"text-transform:uppercase\">Voir mon style<\/h2>\n\n\n\n<p class=\"slider-caption pt-0 max-width-600\">Parcourez le travail de Juliana pour d\u00e9couvrir son style \u00e9ditorial lumineux et f\u00e9minin. Ancien mannequin international, elle sait exactement comment vous sublimer devant l&#039;objectif. Que vous pr\u00e9pariez une demande en mariage, f\u00eatiez un anniversaire en famille ou r\u00e9serviez une s\u00e9ance photo boudoir, vous vous sentirez en confiance et obtiendrez des photos que vous adorerez.<\/p>\n<\/div><\/div>\n<\/div>\n\n\n\n<div class=\"wp-block-column has-content desktop-only is-layout-flow wp-block-column-is-layout-flow\"><\/div>\n<\/div>\n\n\n\n<figure class=\"wp-block-gallery alignfull has-nested-images columns-3 is-cropped mt-0 mb-0 wp-block-gallery-1 is-layout-flex wp-block-gallery-is-layout-flex\">\n<figure class=\"wp-block-image size-full\"><a href=\"https:\/\/kissinparis.com\/wp-content\/uploads\/2026\/01\/tuileries-garden-louvre-sunrise-couple-photoshoot-paris.webp\" aria-label=\"D\u00e9couvrez plus d&#039;informations sur ce couple qui s&#039;embrasse au lever du soleil dans le jardin des Tuileries, avec le Louvre en arri\u00e8re-plan, lors d&#039;une s\u00e9ance photo de couple printani\u00e8re \u00e0 Paris.\"><img loading=\"lazy\" decoding=\"async\" width=\"1600\" height=\"1067\" data-id=\"29065\" src=\"https:\/\/kissinparis.com\/wp-content\/uploads\/2026\/01\/tuileries-garden-louvre-sunrise-couple-photoshoot-paris.webp\" alt=\"Un couple s&#039;embrasse au lever du soleil dans le jardin des Tuileries, avec le Louvre en arri\u00e8re-plan, lors d&#039;une s\u00e9ance photo de couple printani\u00e8re \u00e0 Paris.\" class=\"wp-image-29065\" srcset=\"https:\/\/kissinparis.com\/wp-content\/uploads\/2026\/01\/tuileries-garden-louvre-sunrise-couple-photoshoot-paris.webp 1600w, https:\/\/kissinparis.com\/wp-content\/uploads\/2026\/01\/tuileries-garden-louvre-sunrise-couple-photoshoot-paris-300x200.webp 300w, https:\/\/kissinparis.com\/wp-content\/uploads\/2026\/01\/tuileries-garden-louvre-sunrise-couple-photoshoot-paris-1024x683.webp 1024w, https:\/\/kissinparis.com\/wp-content\/uploads\/2026\/01\/tuileries-garden-louvre-sunrise-couple-photoshoot-paris-768x512.webp 768w, https:\/\/kissinparis.com\/wp-content\/uploads\/2026\/01\/tuileries-garden-louvre-sunrise-couple-photoshoot-paris-1536x1024.webp 1536w, https:\/\/kissinparis.com\/wp-content\/uploads\/2026\/01\/tuileries-garden-louvre-sunrise-couple-photoshoot-paris-18x12.webp 18w, https:\/\/kissinparis.com\/wp-content\/uploads\/2026\/01\/tuileries-garden-louvre-sunrise-couple-photoshoot-paris-1200x800.webp 1200w\" sizes=\"auto, (max-width: 1600px) 100vw, 1600px\" \/><\/a><figcaption class=\"wp-element-caption\">S\u00e9ance photo de couple au lever du soleil dans le jardin des Tuileries \u00e0 Paris, avec le Louvre en toile de fond et les fleurs printani\u00e8res en pleine floraison. Ce lieu est souvent choisi pour les s\u00e9ances photo de couple et de fian\u00e7ailles t\u00f4t le matin, offrant une vue d\u00e9gag\u00e9e et un paysage de saison aux couples visitant Paris et souhaitant r\u00e9server un photographe dans la capitale fran\u00e7aise.<\/figcaption><\/figure>\n\n\n\n<figure class=\"wp-block-image size-full\"><a href=\"https:\/\/kissinparis.com\/wp-content\/uploads\/2026\/01\/couple-photoshoot-paris-eiffel-tower-seine-river-morning-light.webp\" aria-label=\"D\u00e9couvrez plus d&#039;informations sur ce couple enlac\u00e9 au bord de la Seine, avec la tour Eiffel en arri\u00e8re-plan, lors d&#039;une s\u00e9ance photo romantique \u00e0 Paris.\"><img loading=\"lazy\" decoding=\"async\" width=\"1600\" height=\"1067\" data-id=\"29039\" src=\"https:\/\/kissinparis.com\/wp-content\/uploads\/2026\/01\/couple-photoshoot-paris-eiffel-tower-seine-river-morning-light.webp\" alt=\"Un couple s&#039;enla\u00e7ant au bord de la Seine, avec la tour Eiffel en arri\u00e8re-plan, lors d&#039;une s\u00e9ance photo romantique \u00e0 Paris.\" class=\"wp-image-29039\" srcset=\"https:\/\/kissinparis.com\/wp-content\/uploads\/2026\/01\/couple-photoshoot-paris-eiffel-tower-seine-river-morning-light.webp 1600w, https:\/\/kissinparis.com\/wp-content\/uploads\/2026\/01\/couple-photoshoot-paris-eiffel-tower-seine-river-morning-light-300x200.webp 300w, https:\/\/kissinparis.com\/wp-content\/uploads\/2026\/01\/couple-photoshoot-paris-eiffel-tower-seine-river-morning-light-1024x683.webp 1024w, https:\/\/kissinparis.com\/wp-content\/uploads\/2026\/01\/couple-photoshoot-paris-eiffel-tower-seine-river-morning-light-768x512.webp 768w, https:\/\/kissinparis.com\/wp-content\/uploads\/2026\/01\/couple-photoshoot-paris-eiffel-tower-seine-river-morning-light-1536x1024.webp 1536w, https:\/\/kissinparis.com\/wp-content\/uploads\/2026\/01\/couple-photoshoot-paris-eiffel-tower-seine-river-morning-light-18x12.webp 18w, https:\/\/kissinparis.com\/wp-content\/uploads\/2026\/01\/couple-photoshoot-paris-eiffel-tower-seine-river-morning-light-1200x800.webp 1200w\" sizes=\"auto, (max-width: 1600px) 100vw, 1600px\" \/><\/a><figcaption class=\"wp-element-caption\">S\u00e9ance photo romantique pour couples \u00e0 Paris, au bord de la Seine, avec la Tour Eiffel en arri\u00e8re-plan et la douce lumi\u00e8re du matin. Id\u00e9al pour des photos de fian\u00e7ailles, une demande en mariage, un anniversaire de mariage ou une s\u00e9ance photo de couple en vacances pr\u00e8s de la Tour Eiffel.<\/figcaption><\/figure>\n\n\n\n<figure class=\"wp-block-image size-full\"><a href=\"https:\/\/kissinparis.com\/wp-content\/uploads\/2026\/01\/wedding-photoshoot-eiffel-tower-paris-elopement.webp\" aria-label=\"D\u00e9couvrez en savoir plus sur les mari\u00e9s courant ensemble sous la Tour Eiffel lors d&#039;une s\u00e9ance photo de mariage \u00e0 Paris.\"><img loading=\"lazy\" decoding=\"async\" width=\"1067\" height=\"1600\" data-id=\"29067\" src=\"https:\/\/kissinparis.com\/wp-content\/uploads\/2026\/01\/wedding-photoshoot-eiffel-tower-paris-elopement.webp\" alt=\"Les mari\u00e9s courent ensemble sous la Tour Eiffel lors d&#039;une s\u00e9ance photo de mariage \u00e0 Paris.\" class=\"wp-image-29067\" srcset=\"https:\/\/kissinparis.com\/wp-content\/uploads\/2026\/01\/wedding-photoshoot-eiffel-tower-paris-elopement.webp 1067w, https:\/\/kissinparis.com\/wp-content\/uploads\/2026\/01\/wedding-photoshoot-eiffel-tower-paris-elopement-200x300.webp 200w, https:\/\/kissinparis.com\/wp-content\/uploads\/2026\/01\/wedding-photoshoot-eiffel-tower-paris-elopement-683x1024.webp 683w, https:\/\/kissinparis.com\/wp-content\/uploads\/2026\/01\/wedding-photoshoot-eiffel-tower-paris-elopement-768x1152.webp 768w, https:\/\/kissinparis.com\/wp-content\/uploads\/2026\/01\/wedding-photoshoot-eiffel-tower-paris-elopement-1024x1536.webp 1024w, https:\/\/kissinparis.com\/wp-content\/uploads\/2026\/01\/wedding-photoshoot-eiffel-tower-paris-elopement-8x12.webp 8w\" sizes=\"auto, (max-width: 1067px) 100vw, 1067px\" \/><\/a><figcaption class=\"wp-element-caption\">S\u00e9ance photo de mariage \u00e0 Paris mettant en sc\u00e8ne les mari\u00e9s marchant au pied de la Tour Eiffel. Ce cadre est souvent choisi pour les mariages en petit comit\u00e9 et les mariages \u00e0 destination, offrant une vue imprenable sur la Tour Eiffel aux couples qui souhaitent une s\u00e9ance photo de mariage intime \u00e0 Paris.<\/figcaption><\/figure>\n\n\n\n<figure class=\"wp-block-image size-full\"><a href=\"https:\/\/kissinparis.com\/wp-content\/uploads\/2026\/01\/bride-veil-backlit-close-up-wedding-portrait-paris.webp\" aria-label=\"D\u00e9couvrez plus d&#039;informations sur cette photo de mariage prise \u00e0 Paris, o\u00f9 la mari\u00e9e fait face \u00e0 son \u00e9poux dans un portrait en gros plan, son voile \u00e9tant subtilement \u00e9clair\u00e9 par un doux contre-jour.\"><img loading=\"lazy\" decoding=\"async\" width=\"1067\" height=\"1600\" data-id=\"29037\" src=\"https:\/\/kissinparis.com\/wp-content\/uploads\/2026\/01\/bride-veil-backlit-close-up-wedding-portrait-paris.webp\" alt=\"La mari\u00e9e fait face \u00e0 son \u00e9poux dans un portrait de mariage en gros plan, avec un doux contre-jour illuminant son voile lors d&#039;une s\u00e9ance photo de mariage \u00e0 Paris.\" class=\"wp-image-29037\" srcset=\"https:\/\/kissinparis.com\/wp-content\/uploads\/2026\/01\/bride-veil-backlit-close-up-wedding-portrait-paris.webp 1067w, https:\/\/kissinparis.com\/wp-content\/uploads\/2026\/01\/bride-veil-backlit-close-up-wedding-portrait-paris-200x300.webp 200w, https:\/\/kissinparis.com\/wp-content\/uploads\/2026\/01\/bride-veil-backlit-close-up-wedding-portrait-paris-683x1024.webp 683w, https:\/\/kissinparis.com\/wp-content\/uploads\/2026\/01\/bride-veil-backlit-close-up-wedding-portrait-paris-768x1152.webp 768w, https:\/\/kissinparis.com\/wp-content\/uploads\/2026\/01\/bride-veil-backlit-close-up-wedding-portrait-paris-1024x1536.webp 1024w, https:\/\/kissinparis.com\/wp-content\/uploads\/2026\/01\/bride-veil-backlit-close-up-wedding-portrait-paris-8x12.webp 8w\" sizes=\"auto, (max-width: 1067px) 100vw, 1067px\" \/><\/a><figcaption class=\"wp-element-caption\">Portrait rapproch\u00e9 d&#039;une mari\u00e9e face \u00e0 son \u00e9poux lors d&#039;une s\u00e9ance photo de mariage \u00e0 Paris, la lumi\u00e8re illuminant son voile par derri\u00e8re. Cette image met l&#039;accent sur l&#039;expression du visage, le contact visuel et la lumi\u00e8re naturelle, des \u00e9l\u00e9ments souvent privil\u00e9gi\u00e9s par les couples qui souhaitent des portraits intimes en compl\u00e9ment de leur reportage photo de mariage plus g\u00e9n\u00e9ral.<\/figcaption><\/figure>\n\n\n\n<figure class=\"wp-block-image size-full\"><a href=\"https:\/\/kissinparis.com\/wp-content\/uploads\/2026\/01\/tuileries-garden-couple-photoshoot-paris-twirl-dancing.webp\" aria-label=\"D\u00e9couvrez plus d&#039;informations sur les couples qui tournoient et dansent dans le jardin des Tuileries lors d&#039;une s\u00e9ance photo amusante \u00e0 Paris.\"><img loading=\"lazy\" decoding=\"async\" width=\"1600\" height=\"1067\" data-id=\"29064\" src=\"https:\/\/kissinparis.com\/wp-content\/uploads\/2026\/01\/tuileries-garden-couple-photoshoot-paris-twirl-dancing.webp\" alt=\"Un couple tournoyant et dansant dans le jardin des Tuileries lors d&#039;une s\u00e9ance photo amusante pour couples \u00e0 Paris.\" class=\"wp-image-29064\" srcset=\"https:\/\/kissinparis.com\/wp-content\/uploads\/2026\/01\/tuileries-garden-couple-photoshoot-paris-twirl-dancing.webp 1600w, https:\/\/kissinparis.com\/wp-content\/uploads\/2026\/01\/tuileries-garden-couple-photoshoot-paris-twirl-dancing-300x200.webp 300w, https:\/\/kissinparis.com\/wp-content\/uploads\/2026\/01\/tuileries-garden-couple-photoshoot-paris-twirl-dancing-1024x683.webp 1024w, https:\/\/kissinparis.com\/wp-content\/uploads\/2026\/01\/tuileries-garden-couple-photoshoot-paris-twirl-dancing-768x512.webp 768w, https:\/\/kissinparis.com\/wp-content\/uploads\/2026\/01\/tuileries-garden-couple-photoshoot-paris-twirl-dancing-1536x1024.webp 1536w, https:\/\/kissinparis.com\/wp-content\/uploads\/2026\/01\/tuileries-garden-couple-photoshoot-paris-twirl-dancing-18x12.webp 18w, https:\/\/kissinparis.com\/wp-content\/uploads\/2026\/01\/tuileries-garden-couple-photoshoot-paris-twirl-dancing-1200x800.webp 1200w\" sizes=\"auto, (max-width: 1600px) 100vw, 1600px\" \/><\/a><figcaption class=\"wp-element-caption\">S\u00e9ance photo de couple amusante et spontan\u00e9e au jardin des Tuileries \u00e0 Paris\u00a0: pirouettes, mouvements enjou\u00e9s, lumi\u00e8re douce et d\u00e9cor classique. Id\u00e9al pour des photos de fian\u00e7ailles, d\u2019anniversaire, de lune de miel ou de vacances \u00e0 Paris.<\/figcaption><\/figure>\n\n\n\n<figure class=\"wp-block-image size-full\"><a href=\"https:\/\/kissinparis.com\/wp-content\/uploads\/2026\/01\/palais-royal-paris-couple-photoshoot-engagement-photographer.webp\" aria-label=\"Pour en savoir plus, consultez cet article sur un couple se promenant main dans la main au Palais Royal \u00e0 Paris lors d&#039;une s\u00e9ance photo avec un photographe parisien.\"><img loading=\"lazy\" decoding=\"async\" width=\"1600\" height=\"1070\" data-id=\"29045\" src=\"https:\/\/kissinparis.com\/wp-content\/uploads\/2026\/01\/palais-royal-paris-couple-photoshoot-engagement-photographer.webp\" alt=\"Un couple se prom\u00e8ne main dans la main au Palais Royal \u00e0 Paris lors d&#039;une s\u00e9ance photo avec un photographe parisien.\" class=\"wp-image-29045\" srcset=\"https:\/\/kissinparis.com\/wp-content\/uploads\/2026\/01\/palais-royal-paris-couple-photoshoot-engagement-photographer.webp 1600w, https:\/\/kissinparis.com\/wp-content\/uploads\/2026\/01\/palais-royal-paris-couple-photoshoot-engagement-photographer-300x201.webp 300w, https:\/\/kissinparis.com\/wp-content\/uploads\/2026\/01\/palais-royal-paris-couple-photoshoot-engagement-photographer-1024x685.webp 1024w, https:\/\/kissinparis.com\/wp-content\/uploads\/2026\/01\/palais-royal-paris-couple-photoshoot-engagement-photographer-768x514.webp 768w, https:\/\/kissinparis.com\/wp-content\/uploads\/2026\/01\/palais-royal-paris-couple-photoshoot-engagement-photographer-1536x1027.webp 1536w, https:\/\/kissinparis.com\/wp-content\/uploads\/2026\/01\/palais-royal-paris-couple-photoshoot-engagement-photographer-18x12.webp 18w, https:\/\/kissinparis.com\/wp-content\/uploads\/2026\/01\/palais-royal-paris-couple-photoshoot-engagement-photographer-1200x803.webp 1200w\" sizes=\"auto, (max-width: 1600px) 100vw, 1600px\" \/><\/a><figcaption class=\"wp-element-caption\">S\u00e9ance photo de couple au Palais Royal \u00e0 Paris\u00a0: un couple se prom\u00e8ne main dans la main sous les arcades. Id\u00e9al pour des photos de fian\u00e7ailles, d\u2019anniversaire ou de mariage. Un lieu pris\u00e9 des couples souhaitant une s\u00e9ance photo parisienne au c\u0153ur de la ville, avec son architecture classique.<\/figcaption><\/figure>\n\n\n\n<figure class=\"wp-block-image size-full\"><a href=\"https:\/\/kissinparis.com\/wp-content\/uploads\/2026\/01\/palais-royal-paris-wedding-portraits-bride-groom-walking.webp\" aria-label=\"D\u00e9couvrez plus d&#039;informations sur les mari\u00e9s se promenant main dans la main au Palais-Royal lors de la s\u00e9ance photo de mariage \u00e0 Paris.\"><img loading=\"lazy\" decoding=\"async\" width=\"1067\" height=\"1600\" data-id=\"29046\" src=\"https:\/\/kissinparis.com\/wp-content\/uploads\/2026\/01\/palais-royal-paris-wedding-portraits-bride-groom-walking.webp\" alt=\"Les mari\u00e9s se prom\u00e8nent main dans la main au Palais-Royal lors de la s\u00e9ance photo de mariage \u00e0 Paris.\" class=\"wp-image-29046\" srcset=\"https:\/\/kissinparis.com\/wp-content\/uploads\/2026\/01\/palais-royal-paris-wedding-portraits-bride-groom-walking.webp 1067w, https:\/\/kissinparis.com\/wp-content\/uploads\/2026\/01\/palais-royal-paris-wedding-portraits-bride-groom-walking-200x300.webp 200w, https:\/\/kissinparis.com\/wp-content\/uploads\/2026\/01\/palais-royal-paris-wedding-portraits-bride-groom-walking-683x1024.webp 683w, https:\/\/kissinparis.com\/wp-content\/uploads\/2026\/01\/palais-royal-paris-wedding-portraits-bride-groom-walking-768x1152.webp 768w, https:\/\/kissinparis.com\/wp-content\/uploads\/2026\/01\/palais-royal-paris-wedding-portraits-bride-groom-walking-1024x1536.webp 1024w, https:\/\/kissinparis.com\/wp-content\/uploads\/2026\/01\/palais-royal-paris-wedding-portraits-bride-groom-walking-8x12.webp 8w\" sizes=\"auto, (max-width: 1067px) 100vw, 1067px\" \/><\/a><figcaption class=\"wp-element-caption\">Portraits de mariage d&#039;un couple se promenant main dans la main au Palais-Royal \u00e0 Paris. Ce lieu est souvent choisi pour les s\u00e9ances photo de mariage et les c\u00e9r\u00e9monies intimes, offrant des all\u00e9es couvertes et une architecture classique aux couples qui planifient leur reportage photo de mariage dans le centre de Paris.<\/figcaption><\/figure>\n\n\n\n<figure class=\"wp-block-image size-full\"><a href=\"https:\/\/kissinparis.com\/wp-content\/uploads\/2026\/01\/pont-alexandre-iii-bridal-portrait-bouquet-paris.webp\" aria-label=\"D\u00e9couvrez en savoir plus sur cette mari\u00e9e tenant son bouquet de mari\u00e9e sur le pont Alexandre III lors d&#039;une s\u00e9ance photo de mariage en solo \u00e0 Paris.\"><img loading=\"lazy\" decoding=\"async\" width=\"1600\" height=\"1067\" data-id=\"29053\" src=\"https:\/\/kissinparis.com\/wp-content\/uploads\/2026\/01\/pont-alexandre-iii-bridal-portrait-bouquet-paris.webp\" alt=\"Une mari\u00e9e tenant son bouquet de mari\u00e9e sur le pont Alexandre III lors d&#039;une s\u00e9ance photo de portrait de mariage en solo \u00e0 Paris.\" class=\"wp-image-29053\" srcset=\"https:\/\/kissinparis.com\/wp-content\/uploads\/2026\/01\/pont-alexandre-iii-bridal-portrait-bouquet-paris.webp 1600w, https:\/\/kissinparis.com\/wp-content\/uploads\/2026\/01\/pont-alexandre-iii-bridal-portrait-bouquet-paris-300x200.webp 300w, https:\/\/kissinparis.com\/wp-content\/uploads\/2026\/01\/pont-alexandre-iii-bridal-portrait-bouquet-paris-1024x683.webp 1024w, https:\/\/kissinparis.com\/wp-content\/uploads\/2026\/01\/pont-alexandre-iii-bridal-portrait-bouquet-paris-768x512.webp 768w, https:\/\/kissinparis.com\/wp-content\/uploads\/2026\/01\/pont-alexandre-iii-bridal-portrait-bouquet-paris-1536x1024.webp 1536w, https:\/\/kissinparis.com\/wp-content\/uploads\/2026\/01\/pont-alexandre-iii-bridal-portrait-bouquet-paris-18x12.webp 18w, https:\/\/kissinparis.com\/wp-content\/uploads\/2026\/01\/pont-alexandre-iii-bridal-portrait-bouquet-paris-1200x800.webp 1200w\" sizes=\"auto, (max-width: 1600px) 100vw, 1600px\" \/><\/a><figcaption class=\"wp-element-caption\">Portrait de mari\u00e9e en solo, r\u00e9alis\u00e9 sur le pont Alexandre III \u00e0 Paris. La mari\u00e9e tient son bouquet parmi les d\u00e9tails sculpt\u00e9s de la pierre. Ce lieu est souvent choisi pour les portraits de mari\u00e9e et les s\u00e9ances photo d&#039;union intime, offrant des vues d\u00e9gag\u00e9es et des \u00e9l\u00e9ments architecturaux raffin\u00e9s pour les photos de mariage \u00e0 Paris.<\/figcaption><\/figure>\n\n\n\n<figure class=\"wp-block-image size-full\"><a href=\"https:\/\/kissinparis.com\/wp-content\/uploads\/2026\/01\/louvre-palace-wedding-photoshoot-paris.webp\" aria-label=\"D\u00e9couvrez en savoir plus sur les mari\u00e9s qui s&#039;enlacent devant le palais du Louvre lors d&#039;une s\u00e9ance photo de mariage \u00e0 Paris.\"><img loading=\"lazy\" decoding=\"async\" width=\"1067\" height=\"1600\" data-id=\"29043\" src=\"https:\/\/kissinparis.com\/wp-content\/uploads\/2026\/01\/louvre-palace-wedding-photoshoot-paris.webp\" alt=\"Les mari\u00e9s s&#039;enlacent devant le palais du Louvre lors d&#039;une s\u00e9ance photo de mariage \u00e0 Paris.\" class=\"wp-image-29043\" srcset=\"https:\/\/kissinparis.com\/wp-content\/uploads\/2026\/01\/louvre-palace-wedding-photoshoot-paris.webp 1067w, https:\/\/kissinparis.com\/wp-content\/uploads\/2026\/01\/louvre-palace-wedding-photoshoot-paris-200x300.webp 200w, https:\/\/kissinparis.com\/wp-content\/uploads\/2026\/01\/louvre-palace-wedding-photoshoot-paris-683x1024.webp 683w, https:\/\/kissinparis.com\/wp-content\/uploads\/2026\/01\/louvre-palace-wedding-photoshoot-paris-768x1152.webp 768w, https:\/\/kissinparis.com\/wp-content\/uploads\/2026\/01\/louvre-palace-wedding-photoshoot-paris-1024x1536.webp 1024w, https:\/\/kissinparis.com\/wp-content\/uploads\/2026\/01\/louvre-palace-wedding-photoshoot-paris-8x12.webp 8w\" sizes=\"auto, (max-width: 1067px) 100vw, 1067px\" \/><\/a><figcaption class=\"wp-element-caption\">S\u00e9ance photo de mariage \u00e0 Paris mettant en sc\u00e8ne les mari\u00e9s s&#039;enla\u00e7ant devant le palais du Louvre. Ce lieu est fr\u00e9quemment choisi pour les mariages \u00e0 destination et les unions intimes, offrant un espace ouvert et une architecture historique id\u00e9ale pour les photos de mariage au Louvre.<\/figcaption><\/figure>\n\n\n\n<figure class=\"wp-block-image size-full\"><a href=\"https:\/\/kissinparis.com\/wp-content\/uploads\/2023\/12\/Brazilian-Photographer-in-Paris-3-2.jpg\" aria-label=\"En savoir plus sur le photographe br\u00e9silien \u00e0 Paris\"><img loading=\"lazy\" decoding=\"async\" width=\"1400\" height=\"934\" data-id=\"14875\" src=\"https:\/\/kissinparis.com\/wp-content\/uploads\/2023\/12\/Brazilian-Photographer-in-Paris-3-2.jpg\" alt=\"Photographe br\u00e9silien \u00e0 Paris\" class=\"wp-image-14875\" srcset=\"https:\/\/kissinparis.com\/wp-content\/uploads\/2023\/12\/Brazilian-Photographer-in-Paris-3-2.jpg 1400w, https:\/\/kissinparis.com\/wp-content\/uploads\/2023\/12\/Brazilian-Photographer-in-Paris-3-2-300x200.jpg 300w, https:\/\/kissinparis.com\/wp-content\/uploads\/2023\/12\/Brazilian-Photographer-in-Paris-3-2-1024x683.jpg 1024w, https:\/\/kissinparis.com\/wp-content\/uploads\/2023\/12\/Brazilian-Photographer-in-Paris-3-2-768x512.jpg 768w, https:\/\/kissinparis.com\/wp-content\/uploads\/2023\/12\/Brazilian-Photographer-in-Paris-3-2-1200x801.jpg 1200w\" sizes=\"auto, (max-width: 1400px) 100vw, 1400px\" \/><\/a><figcaption class=\"wp-element-caption\">Photographe br\u00e9silien \u00e0 Paris<\/figcaption><\/figure>\n\n\n\n<figure class=\"wp-block-image size-full\"><a href=\"https:\/\/kissinparis.com\/wp-content\/uploads\/2026\/01\/paris-proposal-champagne-toast-dom-perignon-private-rooftop.webp\" aria-label=\"D\u00e9couvrez plus d&#039;informations sur le toast au champagne Dom P\u00e9rignon sur une terrasse priv\u00e9e sur un toit \u00e0 Paris, quelques instants apr\u00e8s une demande en mariage, avec un d\u00e9cor floral rouge.\"><img loading=\"lazy\" decoding=\"async\" width=\"1600\" height=\"1067\" data-id=\"29052\" src=\"https:\/\/kissinparis.com\/wp-content\/uploads\/2026\/01\/paris-proposal-champagne-toast-dom-perignon-private-rooftop.webp\" alt=\"Toast au champagne Dom P\u00e9rignon sur une terrasse priv\u00e9e sur un toit \u00e0 Paris, quelques instants apr\u00e8s une demande en mariage, avec un d\u00e9cor floral rouge.\" class=\"wp-image-29052\" srcset=\"https:\/\/kissinparis.com\/wp-content\/uploads\/2026\/01\/paris-proposal-champagne-toast-dom-perignon-private-rooftop.webp 1600w, https:\/\/kissinparis.com\/wp-content\/uploads\/2026\/01\/paris-proposal-champagne-toast-dom-perignon-private-rooftop-300x200.webp 300w, https:\/\/kissinparis.com\/wp-content\/uploads\/2026\/01\/paris-proposal-champagne-toast-dom-perignon-private-rooftop-1024x683.webp 1024w, https:\/\/kissinparis.com\/wp-content\/uploads\/2026\/01\/paris-proposal-champagne-toast-dom-perignon-private-rooftop-768x512.webp 768w, https:\/\/kissinparis.com\/wp-content\/uploads\/2026\/01\/paris-proposal-champagne-toast-dom-perignon-private-rooftop-1536x1024.webp 1536w, https:\/\/kissinparis.com\/wp-content\/uploads\/2026\/01\/paris-proposal-champagne-toast-dom-perignon-private-rooftop-18x12.webp 18w, https:\/\/kissinparis.com\/wp-content\/uploads\/2026\/01\/paris-proposal-champagne-toast-dom-perignon-private-rooftop-1200x800.webp 1200w\" sizes=\"auto, (max-width: 1600px) 100vw, 1600px\" \/><\/a><figcaption class=\"wp-element-caption\">Gros plan sur un toast au champagne Dom P\u00e9rignon sur une terrasse priv\u00e9e \u00e0 Paris, photographi\u00e9 juste apr\u00e8s une demande en mariage. Cette image met en valeur les d\u00e9tails de la c\u00e9l\u00e9bration qui a suivi le \u00ab oui \u00bb, avec une d\u00e9coration florale rouge et le cadre intime d&#039;un rooftop, un lieu souvent choisi pour les photos de demande en mariage et de fian\u00e7ailles \u00e0 Paris.<\/figcaption><\/figure>\n\n\n\n<figure class=\"wp-block-image size-full\"><a href=\"https:\/\/kissinparis.com\/wp-content\/uploads\/2023\/06\/Photographer-in-Paris-France-Juliana-11.jpg\" aria-label=\"En savoir plus sur Photographe \u00e0 Paris France Juliana\"><img loading=\"lazy\" decoding=\"async\" width=\"1600\" height=\"1067\" data-id=\"13840\" src=\"https:\/\/kissinparis.com\/wp-content\/uploads\/2023\/06\/Photographer-in-Paris-France-Juliana-11.jpg\" alt=\"Photographe \u00e0 Paris France Juliana\" class=\"wp-image-13840\" srcset=\"https:\/\/kissinparis.com\/wp-content\/uploads\/2023\/06\/Photographer-in-Paris-France-Juliana-11.jpg 1600w, https:\/\/kissinparis.com\/wp-content\/uploads\/2023\/06\/Photographer-in-Paris-France-Juliana-11-300x200.jpg 300w, https:\/\/kissinparis.com\/wp-content\/uploads\/2023\/06\/Photographer-in-Paris-France-Juliana-11-1024x683.jpg 1024w, https:\/\/kissinparis.com\/wp-content\/uploads\/2023\/06\/Photographer-in-Paris-France-Juliana-11-768x512.jpg 768w, https:\/\/kissinparis.com\/wp-content\/uploads\/2023\/06\/Photographer-in-Paris-France-Juliana-11-1536x1024.jpg 1536w, https:\/\/kissinparis.com\/wp-content\/uploads\/2023\/06\/Photographer-in-Paris-France-Juliana-11-1200x800.jpg 1200w\" sizes=\"auto, (max-width: 1600px) 100vw, 1600px\" \/><\/a><figcaption class=\"wp-element-caption\">Photographe \u00e0 Paris France Juliana<\/figcaption><\/figure>\n\n\n\n<figure class=\"wp-block-image size-full\"><a href=\"https:\/\/kissinparis.com\/wp-content\/uploads\/2026\/01\/paris-avenue-de-camoens-sunrise-solo-portrait-eiffel-tower.webp\" aria-label=\"Pour en savoir plus, consultez l&#039;article sur cette femme en robe rouge posant avenue de Camo\u00ebns au lever du soleil, avec la tour Eiffel en arri\u00e8re-plan, lors d&#039;une s\u00e9ance photo de portrait en solo \u00e0 Paris.\"><img loading=\"lazy\" decoding=\"async\" width=\"1067\" height=\"1600\" data-id=\"29047\" src=\"https:\/\/kissinparis.com\/wp-content\/uploads\/2026\/01\/paris-avenue-de-camoens-sunrise-solo-portrait-eiffel-tower.webp\" alt=\"Femme en robe rouge posant sur l&#039;avenue de Camo\u00ebns au lever du soleil avec la tour Eiffel en arri\u00e8re-plan lors d&#039;une s\u00e9ance photo de portrait en solo \u00e0 Paris.\" class=\"wp-image-29047\" srcset=\"https:\/\/kissinparis.com\/wp-content\/uploads\/2026\/01\/paris-avenue-de-camoens-sunrise-solo-portrait-eiffel-tower.webp 1067w, https:\/\/kissinparis.com\/wp-content\/uploads\/2026\/01\/paris-avenue-de-camoens-sunrise-solo-portrait-eiffel-tower-200x300.webp 200w, https:\/\/kissinparis.com\/wp-content\/uploads\/2026\/01\/paris-avenue-de-camoens-sunrise-solo-portrait-eiffel-tower-683x1024.webp 683w, https:\/\/kissinparis.com\/wp-content\/uploads\/2026\/01\/paris-avenue-de-camoens-sunrise-solo-portrait-eiffel-tower-768x1152.webp 768w, https:\/\/kissinparis.com\/wp-content\/uploads\/2026\/01\/paris-avenue-de-camoens-sunrise-solo-portrait-eiffel-tower-1024x1536.webp 1024w, https:\/\/kissinparis.com\/wp-content\/uploads\/2026\/01\/paris-avenue-de-camoens-sunrise-solo-portrait-eiffel-tower-8x12.webp 8w\" sizes=\"auto, (max-width: 1067px) 100vw, 1067px\" \/><\/a><figcaption class=\"wp-element-caption\">S\u00e9ance photo portrait solo avenue de Camo\u00ebns \u00e0 Paris au lever du soleil, avec la Tour Eiffel en arri\u00e8re-plan. Ce lieu est souvent choisi pour les portraits individuels, les s\u00e9ances photo de mode et les photos de branding personnel par des clients recherchant un photographe parisien pour des s\u00e9ances matinales offrant une vue imprenable sur la Tour Eiffel.<\/figcaption><\/figure>\n\n\n\n<figure class=\"wp-block-image size-full\"><a href=\"https:\/\/kissinparis.com\/wp-content\/uploads\/2026\/01\/paris-couple-photoshoot-golden-gate-petit-palais-engagement-photographer.webp\" aria-label=\"D\u00e9couvrez plus d&#039;informations sur ce couple romantique posant devant la grille dor\u00e9e du Petit Palais \u00e0 Paris lors d&#039;une s\u00e9ance photo de fian\u00e7ailles r\u00e9alis\u00e9e par un photographe parisien.\"><img loading=\"lazy\" decoding=\"async\" width=\"1067\" height=\"1600\" data-id=\"29049\" src=\"https:\/\/kissinparis.com\/wp-content\/uploads\/2026\/01\/paris-couple-photoshoot-golden-gate-petit-palais-engagement-photographer.webp\" alt=\"Un couple romantique pose devant la grille dor\u00e9e du Petit Palais \u00e0 Paris lors d&#039;une s\u00e9ance photo de fian\u00e7ailles r\u00e9alis\u00e9e par un photographe parisien.\" class=\"wp-image-29049\" srcset=\"https:\/\/kissinparis.com\/wp-content\/uploads\/2026\/01\/paris-couple-photoshoot-golden-gate-petit-palais-engagement-photographer.webp 1067w, https:\/\/kissinparis.com\/wp-content\/uploads\/2026\/01\/paris-couple-photoshoot-golden-gate-petit-palais-engagement-photographer-200x300.webp 200w, https:\/\/kissinparis.com\/wp-content\/uploads\/2026\/01\/paris-couple-photoshoot-golden-gate-petit-palais-engagement-photographer-683x1024.webp 683w, https:\/\/kissinparis.com\/wp-content\/uploads\/2026\/01\/paris-couple-photoshoot-golden-gate-petit-palais-engagement-photographer-768x1152.webp 768w, https:\/\/kissinparis.com\/wp-content\/uploads\/2026\/01\/paris-couple-photoshoot-golden-gate-petit-palais-engagement-photographer-1024x1536.webp 1024w, https:\/\/kissinparis.com\/wp-content\/uploads\/2026\/01\/paris-couple-photoshoot-golden-gate-petit-palais-engagement-photographer-8x12.webp 8w\" sizes=\"auto, (max-width: 1067px) 100vw, 1067px\" \/><\/a><figcaption class=\"wp-element-caption\">S\u00e9ance photo \u00e9l\u00e9gante pour un couple devant la c\u00e9l\u00e8bre grille dor\u00e9e du Petit Palais \u00e0 Paris. Un lieu id\u00e9al pour des photos de couple romantiques, une demande en mariage, une s\u00e9ance photo avant le mariage ou un anniversaire. R\u00e9alis\u00e9e par un photographe professionnel parisien sp\u00e9cialis\u00e9 dans les couples, les fian\u00e7ailles et les s\u00e9ances photo \u00e0 destination \u00e0 Paris, cette s\u00e9ance met en valeur la lumi\u00e8re naturelle et un style \u00e9ditorial intemporel. Parfait pour les couples souhaitant engager un photographe parisien pour des photos romantiques dans des lieux embl\u00e9matiques de la capitale.<\/figcaption><\/figure>\n\n\n\n<figure class=\"wp-block-image size-full\"><a href=\"https:\/\/kissinparis.com\/wp-content\/uploads\/2026\/01\/trocadero-paris-solo-portrait-red-dress-umbrella-eiffel-tower.webp\" aria-label=\"D\u00e9couvrez plus d&#039;informations sur cette femme en robe rouge tenant un parapluie sur les marches du Trocad\u00e9ro, avec la tour Eiffel en arri\u00e8re-plan, lors d&#039;une s\u00e9ance photo de portrait en solo \u00e0 Paris.\"><img loading=\"lazy\" decoding=\"async\" width=\"1067\" height=\"1600\" data-id=\"29062\" src=\"https:\/\/kissinparis.com\/wp-content\/uploads\/2026\/01\/trocadero-paris-solo-portrait-red-dress-umbrella-eiffel-tower.webp\" alt=\"Une femme en robe rouge tenant un parapluie sur les marches du Trocad\u00e9ro, avec la tour Eiffel en arri\u00e8re-plan, lors d&#039;une s\u00e9ance photo de portrait en solo \u00e0 Paris.\" class=\"wp-image-29062\" srcset=\"https:\/\/kissinparis.com\/wp-content\/uploads\/2026\/01\/trocadero-paris-solo-portrait-red-dress-umbrella-eiffel-tower.webp 1067w, https:\/\/kissinparis.com\/wp-content\/uploads\/2026\/01\/trocadero-paris-solo-portrait-red-dress-umbrella-eiffel-tower-200x300.webp 200w, https:\/\/kissinparis.com\/wp-content\/uploads\/2026\/01\/trocadero-paris-solo-portrait-red-dress-umbrella-eiffel-tower-683x1024.webp 683w, https:\/\/kissinparis.com\/wp-content\/uploads\/2026\/01\/trocadero-paris-solo-portrait-red-dress-umbrella-eiffel-tower-768x1152.webp 768w, https:\/\/kissinparis.com\/wp-content\/uploads\/2026\/01\/trocadero-paris-solo-portrait-red-dress-umbrella-eiffel-tower-1024x1536.webp 1024w, https:\/\/kissinparis.com\/wp-content\/uploads\/2026\/01\/trocadero-paris-solo-portrait-red-dress-umbrella-eiffel-tower-8x12.webp 8w\" sizes=\"auto, (max-width: 1067px) 100vw, 1067px\" \/><\/a><figcaption class=\"wp-element-caption\">S\u00e9ance photo de portrait en solo au Trocad\u00e9ro \u00e0 Paris, montrant une femme en robe rouge tenant un parapluie sur les marches en pierre, avec la Tour Eiffel en arri\u00e8re-plan. Ce lieu est souvent choisi pour les portraits individuels et les s\u00e9ances de branding personnel, offrant de larges marches et une vue directe sur la Tour Eiffel.<\/figcaption><\/figure>\n\n\n\n<figure class=\"wp-block-image size-full\"><a href=\"https:\/\/kissinparis.com\/wp-content\/uploads\/2026\/01\/family-photoshoot-eiffel-tower-paris-family-photographer-trocadero.webp\" aria-label=\"D\u00e9couvrez plus d&#039;informations sur une famille qui danse au Trocad\u00e9ro au lever du soleil avec la Tour Eiffel en arri\u00e8re-plan lors d&#039;une s\u00e9ance photo de famille \u00e0 Paris avec un photographe parisien.\"><img loading=\"lazy\" decoding=\"async\" width=\"1600\" height=\"1067\" data-id=\"29041\" src=\"https:\/\/kissinparis.com\/wp-content\/uploads\/2026\/01\/family-photoshoot-eiffel-tower-paris-family-photographer-trocadero.webp\" alt=\"Une famille danse au Trocad\u00e9ro au lever du soleil avec la Tour Eiffel en arri\u00e8re-plan lors d&#039;une s\u00e9ance photo de famille \u00e0 Paris avec un photographe parisien.\" class=\"wp-image-29041\" srcset=\"https:\/\/kissinparis.com\/wp-content\/uploads\/2026\/01\/family-photoshoot-eiffel-tower-paris-family-photographer-trocadero.webp 1600w, https:\/\/kissinparis.com\/wp-content\/uploads\/2026\/01\/family-photoshoot-eiffel-tower-paris-family-photographer-trocadero-300x200.webp 300w, https:\/\/kissinparis.com\/wp-content\/uploads\/2026\/01\/family-photoshoot-eiffel-tower-paris-family-photographer-trocadero-1024x683.webp 1024w, https:\/\/kissinparis.com\/wp-content\/uploads\/2026\/01\/family-photoshoot-eiffel-tower-paris-family-photographer-trocadero-768x512.webp 768w, https:\/\/kissinparis.com\/wp-content\/uploads\/2026\/01\/family-photoshoot-eiffel-tower-paris-family-photographer-trocadero-1536x1024.webp 1536w, https:\/\/kissinparis.com\/wp-content\/uploads\/2026\/01\/family-photoshoot-eiffel-tower-paris-family-photographer-trocadero-18x12.webp 18w, https:\/\/kissinparis.com\/wp-content\/uploads\/2026\/01\/family-photoshoot-eiffel-tower-paris-family-photographer-trocadero-1200x800.webp 1200w\" sizes=\"auto, (max-width: 1600px) 100vw, 1600px\" \/><\/a><figcaption class=\"wp-element-caption\">S\u00e9ance photo de famille au Trocad\u00e9ro \u00e0 Paris au lever du soleil, avec la Tour Eiffel en arri\u00e8re-plan. Ce lieu est id\u00e9al pour les photos de famille en d\u00e9but de matin\u00e9e, offrant une vue d\u00e9gag\u00e9e et un cadre paisible pour les familles visitant Paris et souhaitant r\u00e9server un photographe pr\u00e8s de la Tour Eiffel.<\/figcaption><\/figure>\n\n\n\n<figure class=\"wp-block-image size-full\"><a href=\"https:\/\/kissinparis.com\/wp-content\/uploads\/2023\/06\/Photographer-in-Paris-France-Juliana-18.jpg\" aria-label=\"En savoir plus sur Photographe \u00e0 Paris France Juliana\"><img loading=\"lazy\" decoding=\"async\" width=\"1067\" height=\"1600\" data-id=\"13848\" src=\"https:\/\/kissinparis.com\/wp-content\/uploads\/2023\/06\/Photographer-in-Paris-France-Juliana-18.jpg\" alt=\"Photographe \u00e0 Paris France Juliana\" class=\"wp-image-13848\" srcset=\"https:\/\/kissinparis.com\/wp-content\/uploads\/2023\/06\/Photographer-in-Paris-France-Juliana-18.jpg 1067w, https:\/\/kissinparis.com\/wp-content\/uploads\/2023\/06\/Photographer-in-Paris-France-Juliana-18-200x300.jpg 200w, https:\/\/kissinparis.com\/wp-content\/uploads\/2023\/06\/Photographer-in-Paris-France-Juliana-18-683x1024.jpg 683w, https:\/\/kissinparis.com\/wp-content\/uploads\/2023\/06\/Photographer-in-Paris-France-Juliana-18-768x1152.jpg 768w, https:\/\/kissinparis.com\/wp-content\/uploads\/2023\/06\/Photographer-in-Paris-France-Juliana-18-1024x1536.jpg 1024w\" sizes=\"auto, (max-width: 1067px) 100vw, 1067px\" \/><\/a><figcaption class=\"wp-element-caption\">Photographe \u00e0 Paris France Juliana<\/figcaption><\/figure>\n\n\n\n<figure class=\"wp-block-image size-full\"><a href=\"https:\/\/kissinparis.com\/wp-content\/uploads\/2026\/01\/trocadero-sunrise-family-photoshoot-kids-eiffel-tower-paris.webp\" aria-label=\"D\u00e9couvrez plus d&#039;informations sur cette femme en robe rouge tenant un parapluie sur les marches du Trocad\u00e9ro, avec la tour Eiffel en arri\u00e8re-plan, lors d&#039;une s\u00e9ance photo de portrait en solo \u00e0 Paris.\"><img loading=\"lazy\" decoding=\"async\" width=\"1600\" height=\"1066\" data-id=\"29063\" src=\"https:\/\/kissinparis.com\/wp-content\/uploads\/2026\/01\/trocadero-sunrise-family-photoshoot-kids-eiffel-tower-paris.webp\" alt=\"Une femme en robe rouge tenant un parapluie sur les marches du Trocad\u00e9ro, avec la tour Eiffel en arri\u00e8re-plan, lors d&#039;une s\u00e9ance photo de portrait en solo \u00e0 Paris.\" class=\"wp-image-29063\" srcset=\"https:\/\/kissinparis.com\/wp-content\/uploads\/2026\/01\/trocadero-sunrise-family-photoshoot-kids-eiffel-tower-paris.webp 1600w, https:\/\/kissinparis.com\/wp-content\/uploads\/2026\/01\/trocadero-sunrise-family-photoshoot-kids-eiffel-tower-paris-300x200.webp 300w, https:\/\/kissinparis.com\/wp-content\/uploads\/2026\/01\/trocadero-sunrise-family-photoshoot-kids-eiffel-tower-paris-1024x682.webp 1024w, https:\/\/kissinparis.com\/wp-content\/uploads\/2026\/01\/trocadero-sunrise-family-photoshoot-kids-eiffel-tower-paris-768x512.webp 768w, https:\/\/kissinparis.com\/wp-content\/uploads\/2026\/01\/trocadero-sunrise-family-photoshoot-kids-eiffel-tower-paris-1536x1023.webp 1536w, https:\/\/kissinparis.com\/wp-content\/uploads\/2026\/01\/trocadero-sunrise-family-photoshoot-kids-eiffel-tower-paris-18x12.webp 18w, https:\/\/kissinparis.com\/wp-content\/uploads\/2026\/01\/trocadero-sunrise-family-photoshoot-kids-eiffel-tower-paris-1200x800.webp 1200w\" sizes=\"auto, (max-width: 1600px) 100vw, 1600px\" \/><\/a><figcaption class=\"wp-element-caption\">S\u00e9ance photo de portrait en solo au Trocad\u00e9ro \u00e0 Paris, montrant une femme en robe rouge tenant un parapluie sur les marches en pierre, avec la Tour Eiffel en arri\u00e8re-plan. Ce lieu est souvent choisi pour les portraits individuels et les s\u00e9ances de branding personnel, offrant de larges marches et une vue directe sur la Tour Eiffel.<\/figcaption><\/figure>\n\n\n\n<figure class=\"wp-block-image size-full\"><a href=\"https:\/\/kissinparis.com\/wp-content\/uploads\/2023\/12\/Brazilian-Photographer-in-Paris-6.jpg\" aria-label=\"En savoir plus sur le photographe br\u00e9silien \u00e0 Paris\"><img loading=\"lazy\" decoding=\"async\" width=\"1400\" height=\"934\" data-id=\"14879\" src=\"https:\/\/kissinparis.com\/wp-content\/uploads\/2023\/12\/Brazilian-Photographer-in-Paris-6.jpg\" alt=\"Photographe br\u00e9silien \u00e0 Paris\" class=\"wp-image-14879\" srcset=\"https:\/\/kissinparis.com\/wp-content\/uploads\/2023\/12\/Brazilian-Photographer-in-Paris-6.jpg 1400w, https:\/\/kissinparis.com\/wp-content\/uploads\/2023\/12\/Brazilian-Photographer-in-Paris-6-300x200.jpg 300w, https:\/\/kissinparis.com\/wp-content\/uploads\/2023\/12\/Brazilian-Photographer-in-Paris-6-1024x683.jpg 1024w, https:\/\/kissinparis.com\/wp-content\/uploads\/2023\/12\/Brazilian-Photographer-in-Paris-6-768x512.jpg 768w, https:\/\/kissinparis.com\/wp-content\/uploads\/2023\/12\/Brazilian-Photographer-in-Paris-6-1200x801.jpg 1200w\" sizes=\"auto, (max-width: 1400px) 100vw, 1400px\" \/><\/a><figcaption class=\"wp-element-caption\">Photographe br\u00e9silien \u00e0 Paris<\/figcaption><\/figure>\n\n\n\n<figure class=\"wp-block-image size-full\"><a href=\"https:\/\/kissinparis.com\/wp-content\/uploads\/2026\/01\/cafe-carette-paris-couple-photoshoot-cafe-terrace.webp\" aria-label=\"Pour en savoir plus, consultez cet article sur un couple assis ensemble \u00e0 la terrasse du Caf\u00e9 Carette \u00e0 Paris lors d&#039;une s\u00e9ance photo.\"><img loading=\"lazy\" decoding=\"async\" width=\"1054\" height=\"1600\" data-id=\"29038\" src=\"https:\/\/kissinparis.com\/wp-content\/uploads\/2026\/01\/cafe-carette-paris-couple-photoshoot-cafe-terrace.webp\" alt=\"Un couple assis ensemble \u00e0 la terrasse du Caf\u00e9 Carette \u00e0 Paris lors d&#039;une s\u00e9ance photo de couple.\" class=\"wp-image-29038\" srcset=\"https:\/\/kissinparis.com\/wp-content\/uploads\/2026\/01\/cafe-carette-paris-couple-photoshoot-cafe-terrace.webp 1054w, https:\/\/kissinparis.com\/wp-content\/uploads\/2026\/01\/cafe-carette-paris-couple-photoshoot-cafe-terrace-198x300.webp 198w, https:\/\/kissinparis.com\/wp-content\/uploads\/2026\/01\/cafe-carette-paris-couple-photoshoot-cafe-terrace-675x1024.webp 675w, https:\/\/kissinparis.com\/wp-content\/uploads\/2026\/01\/cafe-carette-paris-couple-photoshoot-cafe-terrace-768x1166.webp 768w, https:\/\/kissinparis.com\/wp-content\/uploads\/2026\/01\/cafe-carette-paris-couple-photoshoot-cafe-terrace-1012x1536.webp 1012w, https:\/\/kissinparis.com\/wp-content\/uploads\/2026\/01\/cafe-carette-paris-couple-photoshoot-cafe-terrace-8x12.webp 8w\" sizes=\"auto, (max-width: 1054px) 100vw, 1054px\" \/><\/a><figcaption class=\"wp-element-caption\">S\u00e9ance photo de couple au Caf\u00e9 Carette \u00e0 Paris, r\u00e9alis\u00e9e sur la terrasse. Ce lieu est souvent choisi pour les s\u00e9ances photo de couple et de fian\u00e7ailles, offrant un cadre parisien classique id\u00e9al pour les visiteurs souhaitant r\u00e9server un photographe pour des photos lifestyle dans la capitale.<\/figcaption><\/figure>\n\n\n\n<figure class=\"wp-block-image size-full\"><a href=\"https:\/\/kissinparis.com\/wp-content\/uploads\/2023\/12\/Brazilian-Photographer-in-Paris-11.jpg\" aria-label=\"En savoir plus sur le photographe br\u00e9silien \u00e0 Paris\"><img loading=\"lazy\" decoding=\"async\" width=\"1400\" height=\"934\" data-id=\"14884\" src=\"https:\/\/kissinparis.com\/wp-content\/uploads\/2023\/12\/Brazilian-Photographer-in-Paris-11.jpg\" alt=\"Photographe br\u00e9silien \u00e0 Paris\" class=\"wp-image-14884\" srcset=\"https:\/\/kissinparis.com\/wp-content\/uploads\/2023\/12\/Brazilian-Photographer-in-Paris-11.jpg 1400w, https:\/\/kissinparis.com\/wp-content\/uploads\/2023\/12\/Brazilian-Photographer-in-Paris-11-300x200.jpg 300w, https:\/\/kissinparis.com\/wp-content\/uploads\/2023\/12\/Brazilian-Photographer-in-Paris-11-1024x683.jpg 1024w, https:\/\/kissinparis.com\/wp-content\/uploads\/2023\/12\/Brazilian-Photographer-in-Paris-11-768x512.jpg 768w, https:\/\/kissinparis.com\/wp-content\/uploads\/2023\/12\/Brazilian-Photographer-in-Paris-11-1200x801.jpg 1200w\" sizes=\"auto, (max-width: 1400px) 100vw, 1400px\" \/><\/a><figcaption class=\"wp-element-caption\">Photographe br\u00e9silien \u00e0 Paris<\/figcaption><\/figure>\n\n\n\n<figure class=\"wp-block-image size-full\"><a href=\"https:\/\/kissinparis.com\/wp-content\/uploads\/2026\/01\/pont-alexandre-iii-paris-solo-portrait-ornate-lamps-eiffel-tower.webp\" aria-label=\"Pour en savoir plus, consultez cet article sur une femme posant sur le pont Alexandre III, avec des lampes ornement\u00e9es et la tour Eiffel en arri\u00e8re-plan, lors d&#039;une s\u00e9ance photo de portrait en solo \u00e0 Paris.\"><img loading=\"lazy\" decoding=\"async\" width=\"1067\" height=\"1600\" data-id=\"29056\" src=\"https:\/\/kissinparis.com\/wp-content\/uploads\/2026\/01\/pont-alexandre-iii-paris-solo-portrait-ornate-lamps-eiffel-tower.webp\" alt=\"Femme posant sur le pont Alexandre III avec des lampes ornement\u00e9es et la tour Eiffel en arri\u00e8re-plan lors d&#039;une s\u00e9ance photo de portrait en solo \u00e0 Paris.\" class=\"wp-image-29056\" srcset=\"https:\/\/kissinparis.com\/wp-content\/uploads\/2026\/01\/pont-alexandre-iii-paris-solo-portrait-ornate-lamps-eiffel-tower.webp 1067w, https:\/\/kissinparis.com\/wp-content\/uploads\/2026\/01\/pont-alexandre-iii-paris-solo-portrait-ornate-lamps-eiffel-tower-200x300.webp 200w, https:\/\/kissinparis.com\/wp-content\/uploads\/2026\/01\/pont-alexandre-iii-paris-solo-portrait-ornate-lamps-eiffel-tower-683x1024.webp 683w, https:\/\/kissinparis.com\/wp-content\/uploads\/2026\/01\/pont-alexandre-iii-paris-solo-portrait-ornate-lamps-eiffel-tower-768x1152.webp 768w, https:\/\/kissinparis.com\/wp-content\/uploads\/2026\/01\/pont-alexandre-iii-paris-solo-portrait-ornate-lamps-eiffel-tower-1024x1536.webp 1024w, https:\/\/kissinparis.com\/wp-content\/uploads\/2026\/01\/pont-alexandre-iii-paris-solo-portrait-ornate-lamps-eiffel-tower-8x12.webp 8w\" sizes=\"auto, (max-width: 1067px) 100vw, 1067px\" \/><\/a><figcaption class=\"wp-element-caption\">S\u00e9ance photo de portrait en solo sur le pont Alexandre III \u00e0 Paris, montrant une femme posant pr\u00e8s des lampadaires et des d\u00e9tails sculpt\u00e9s du pont, avec la tour Eiffel en arri\u00e8re-plan. Ce lieu est souvent choisi pour les portraits individuels et les s\u00e9ances de branding personnel, alliant l&#039;architecture embl\u00e9matique de Paris \u00e0 une vue imprenable sur la Seine.<\/figcaption><\/figure>\n\n\n\n<figure class=\"wp-block-image size-full\"><a href=\"https:\/\/kissinparis.com\/wp-content\/uploads\/2026\/01\/shangri-la-paris-grand-staircase-portrait-after-proposal.webp\" aria-label=\"Pour en savoir plus, consultez l&#039;article sur cette femme assise sur le grand escalier du Shangri-La Paris lors d&#039;une s\u00e9ance photo de portrait apr\u00e8s une demande en mariage.\"><img loading=\"lazy\" decoding=\"async\" width=\"1067\" height=\"1600\" data-id=\"29058\" src=\"https:\/\/kissinparis.com\/wp-content\/uploads\/2026\/01\/shangri-la-paris-grand-staircase-portrait-after-proposal.webp\" alt=\"Femme assise sur le grand escalier du Shangri-La Paris lors d&#039;une s\u00e9ance photo de portrait apr\u00e8s une demande en mariage.\" class=\"wp-image-29058\" srcset=\"https:\/\/kissinparis.com\/wp-content\/uploads\/2026\/01\/shangri-la-paris-grand-staircase-portrait-after-proposal.webp 1067w, https:\/\/kissinparis.com\/wp-content\/uploads\/2026\/01\/shangri-la-paris-grand-staircase-portrait-after-proposal-200x300.webp 200w, https:\/\/kissinparis.com\/wp-content\/uploads\/2026\/01\/shangri-la-paris-grand-staircase-portrait-after-proposal-683x1024.webp 683w, https:\/\/kissinparis.com\/wp-content\/uploads\/2026\/01\/shangri-la-paris-grand-staircase-portrait-after-proposal-768x1152.webp 768w, https:\/\/kissinparis.com\/wp-content\/uploads\/2026\/01\/shangri-la-paris-grand-staircase-portrait-after-proposal-1024x1536.webp 1024w, https:\/\/kissinparis.com\/wp-content\/uploads\/2026\/01\/shangri-la-paris-grand-staircase-portrait-after-proposal-8x12.webp 8w\" sizes=\"auto, (max-width: 1067px) 100vw, 1067px\" \/><\/a><figcaption class=\"wp-element-caption\">Portrait photographi\u00e9 sur le grand escalier du Shangri-La Paris, juste apr\u00e8s une demande en mariage. L&#039;image met en valeur les marches de marbre, les rampes ouvrag\u00e9es et l&#039;\u00e9clairage int\u00e9rieur chaleureux de l&#039;h\u00f4tel, un cadre souvent choisi pour les photos de fian\u00e7ailles et de demandes en mariage dans les h\u00f4tels parisiens.<\/figcaption><\/figure>\n\n\n\n<figure class=\"wp-block-image size-full\"><a href=\"https:\/\/kissinparis.com\/wp-content\/uploads\/2026\/01\/pont-alexandre-iii-paris-solo-portrait-black-dress-lion-statue-eiffel-tower.webp\" aria-label=\"D\u00e9couvrez plus d&#039;informations sur cette femme en robe noire posant pr\u00e8s d&#039;une statue de lion sur le pont Alexandre III, avec la tour Eiffel en arri\u00e8re-plan, lors d&#039;une s\u00e9ance photo de portrait en solo \u00e0 Paris.\"><img loading=\"lazy\" decoding=\"async\" width=\"1067\" height=\"1600\" data-id=\"29054\" src=\"https:\/\/kissinparis.com\/wp-content\/uploads\/2026\/01\/pont-alexandre-iii-paris-solo-portrait-black-dress-lion-statue-eiffel-tower.webp\" alt=\"Une femme en robe noire pose pr\u00e8s d&#039;une statue de lion sur le pont Alexandre III, avec la tour Eiffel en arri\u00e8re-plan, lors d&#039;une s\u00e9ance photo de portrait en solo \u00e0 Paris.\" class=\"wp-image-29054\" srcset=\"https:\/\/kissinparis.com\/wp-content\/uploads\/2026\/01\/pont-alexandre-iii-paris-solo-portrait-black-dress-lion-statue-eiffel-tower.webp 1067w, https:\/\/kissinparis.com\/wp-content\/uploads\/2026\/01\/pont-alexandre-iii-paris-solo-portrait-black-dress-lion-statue-eiffel-tower-200x300.webp 200w, https:\/\/kissinparis.com\/wp-content\/uploads\/2026\/01\/pont-alexandre-iii-paris-solo-portrait-black-dress-lion-statue-eiffel-tower-683x1024.webp 683w, https:\/\/kissinparis.com\/wp-content\/uploads\/2026\/01\/pont-alexandre-iii-paris-solo-portrait-black-dress-lion-statue-eiffel-tower-768x1152.webp 768w, https:\/\/kissinparis.com\/wp-content\/uploads\/2026\/01\/pont-alexandre-iii-paris-solo-portrait-black-dress-lion-statue-eiffel-tower-1024x1536.webp 1024w, https:\/\/kissinparis.com\/wp-content\/uploads\/2026\/01\/pont-alexandre-iii-paris-solo-portrait-black-dress-lion-statue-eiffel-tower-8x12.webp 8w\" sizes=\"auto, (max-width: 1067px) 100vw, 1067px\" \/><\/a><figcaption class=\"wp-element-caption\">S\u00e9ance photo portrait solo sur le pont Alexandre III \u00e0 Paris\u00a0: une femme en robe noire pose \u00e0 c\u00f4t\u00e9 d\u2019une statue de lion, avec la tour Eiffel en arri\u00e8re-plan. Ce lieu est souvent choisi pour les portraits individuels et les s\u00e9ances photo de branding personnel, alliant les d\u00e9tails sculpt\u00e9s de la pierre \u00e0 la vue d\u00e9gag\u00e9e sur la Seine.<\/figcaption><\/figure>\n\n\n\n<figure class=\"wp-block-image size-full\"><a href=\"https:\/\/kissinparis.com\/wp-content\/uploads\/2026\/01\/joyful-wedding-couple-louvre-paris-candid-photographer.webp\" aria-label=\"D\u00e9couvrez d&#039;autres photos de ce mari\u00e9 heureux riant aux \u00e9clats en tenant sa femme dans ses bras lors d&#039;une s\u00e9ance photo de mariage improvis\u00e9e au Louvre \u00e0 Paris.\"><img loading=\"lazy\" decoding=\"async\" width=\"1600\" height=\"1067\" data-id=\"29042\" src=\"https:\/\/kissinparis.com\/wp-content\/uploads\/2026\/01\/joyful-wedding-couple-louvre-paris-candid-photographer.webp\" alt=\"Un mari\u00e9 heureux rit en tenant sa femme dans ses bras lors d&#039;une s\u00e9ance photo de mariage improvis\u00e9e au Louvre \u00e0 Paris.\" class=\"wp-image-29042\" srcset=\"https:\/\/kissinparis.com\/wp-content\/uploads\/2026\/01\/joyful-wedding-couple-louvre-paris-candid-photographer.webp 1600w, https:\/\/kissinparis.com\/wp-content\/uploads\/2026\/01\/joyful-wedding-couple-louvre-paris-candid-photographer-300x200.webp 300w, https:\/\/kissinparis.com\/wp-content\/uploads\/2026\/01\/joyful-wedding-couple-louvre-paris-candid-photographer-1024x683.webp 1024w, https:\/\/kissinparis.com\/wp-content\/uploads\/2026\/01\/joyful-wedding-couple-louvre-paris-candid-photographer-768x512.webp 768w, https:\/\/kissinparis.com\/wp-content\/uploads\/2026\/01\/joyful-wedding-couple-louvre-paris-candid-photographer-1536x1024.webp 1536w, https:\/\/kissinparis.com\/wp-content\/uploads\/2026\/01\/joyful-wedding-couple-louvre-paris-candid-photographer-18x12.webp 18w, https:\/\/kissinparis.com\/wp-content\/uploads\/2026\/01\/joyful-wedding-couple-louvre-paris-candid-photographer-1200x800.webp 1200w\" sizes=\"auto, (max-width: 1600px) 100vw, 1600px\" \/><\/a><figcaption class=\"wp-element-caption\">Un moment spontan\u00e9 et joyeux de mariage : un mari\u00e9 rit en tenant sa femme dans ses bras lors d&#039;une s\u00e9ance photo romantique pr\u00e8s du Louvre \u00e0 Paris. Id\u00e9al pour les couples qui souhaitent des photos de mariage naturelles, \u00e9mouvantes et authentiques \u00e0 Paris. Captur\u00e9 par un photographe de mariage parisien professionnel, sp\u00e9cialis\u00e9 dans le style documentaire et cin\u00e9matographique.<\/figcaption><\/figure>\n\n\n\n<figure class=\"wp-block-image size-full\"><a href=\"https:\/\/kissinparis.com\/wp-content\/uploads\/2026\/01\/trocadero-gardens-paris-family-photoshoot-kids-eiffel-tower-fountains.webp\" aria-label=\"Pour en savoir plus, consultez la photo de deux jeunes filles courant dans les jardins du Trocad\u00e9ro \u00e0 Paris, avec la tour Eiffel et les fontaines en arri\u00e8re-plan.\"><img loading=\"lazy\" decoding=\"async\" width=\"1600\" height=\"1077\" data-id=\"29061\" src=\"https:\/\/kissinparis.com\/wp-content\/uploads\/2026\/01\/trocadero-gardens-paris-family-photoshoot-kids-eiffel-tower-fountains.webp\" alt=\"Deux jeunes filles courent dans les jardins du Trocad\u00e9ro \u00e0 Paris, avec la tour Eiffel et les fontaines en arri\u00e8re-plan.\" class=\"wp-image-29061\" srcset=\"https:\/\/kissinparis.com\/wp-content\/uploads\/2026\/01\/trocadero-gardens-paris-family-photoshoot-kids-eiffel-tower-fountains.webp 1600w, https:\/\/kissinparis.com\/wp-content\/uploads\/2026\/01\/trocadero-gardens-paris-family-photoshoot-kids-eiffel-tower-fountains-300x202.webp 300w, https:\/\/kissinparis.com\/wp-content\/uploads\/2026\/01\/trocadero-gardens-paris-family-photoshoot-kids-eiffel-tower-fountains-1024x689.webp 1024w, https:\/\/kissinparis.com\/wp-content\/uploads\/2026\/01\/trocadero-gardens-paris-family-photoshoot-kids-eiffel-tower-fountains-768x517.webp 768w, https:\/\/kissinparis.com\/wp-content\/uploads\/2026\/01\/trocadero-gardens-paris-family-photoshoot-kids-eiffel-tower-fountains-1536x1034.webp 1536w, https:\/\/kissinparis.com\/wp-content\/uploads\/2026\/01\/trocadero-gardens-paris-family-photoshoot-kids-eiffel-tower-fountains-18x12.webp 18w, https:\/\/kissinparis.com\/wp-content\/uploads\/2026\/01\/trocadero-gardens-paris-family-photoshoot-kids-eiffel-tower-fountains-1200x808.webp 1200w\" sizes=\"auto, (max-width: 1600px) 100vw, 1600px\" \/><\/a><figcaption class=\"wp-element-caption\">S\u00e9ance photo de famille aux Jardins du Trocad\u00e9ro \u00e0 Paris\u00a0: deux enfants courent sur la pelouse, la Tour Eiffel en arri\u00e8re-plan et les fontaines en marche. Ce lieu est souvent choisi par les familles visitant Paris qui souhaitent r\u00e9server un photographe pour une s\u00e9ance photo matinale ou en journ\u00e9e pr\u00e8s de la Tour Eiffel.<\/figcaption><\/figure>\n\n\n\n<figure class=\"wp-block-image size-full\"><a href=\"https:\/\/kissinparis.com\/wp-content\/uploads\/2026\/01\/wedding-elopement-photoshoot-eiffel-tower-avenue-de-camoens-paris-photographer.webp\" aria-label=\"D\u00e9couvrez un reportage sur une mari\u00e9e partageant un moment d&#039;\u00e9motion avec un enfant lors d&#039;une s\u00e9ance photo pour son mariage en petit comit\u00e9, avenue de Camo\u00ebns, avec la tour Eiffel en toile de fond \u00e0 Paris.\"><img loading=\"lazy\" decoding=\"async\" width=\"1600\" height=\"1067\" data-id=\"29066\" src=\"https:\/\/kissinparis.com\/wp-content\/uploads\/2026\/01\/wedding-elopement-photoshoot-eiffel-tower-avenue-de-camoens-paris-photographer.webp\" alt=\"Une mari\u00e9e partage un moment d&#039;\u00e9motion avec un enfant lors d&#039;une s\u00e9ance photo pour son mariage en petit comit\u00e9 sur l&#039;avenue de Camo\u00ebns, avec la tour Eiffel en arri\u00e8re-plan \u00e0 Paris.\" class=\"wp-image-29066\" srcset=\"https:\/\/kissinparis.com\/wp-content\/uploads\/2026\/01\/wedding-elopement-photoshoot-eiffel-tower-avenue-de-camoens-paris-photographer.webp 1600w, https:\/\/kissinparis.com\/wp-content\/uploads\/2026\/01\/wedding-elopement-photoshoot-eiffel-tower-avenue-de-camoens-paris-photographer-300x200.webp 300w, https:\/\/kissinparis.com\/wp-content\/uploads\/2026\/01\/wedding-elopement-photoshoot-eiffel-tower-avenue-de-camoens-paris-photographer-1024x683.webp 1024w, https:\/\/kissinparis.com\/wp-content\/uploads\/2026\/01\/wedding-elopement-photoshoot-eiffel-tower-avenue-de-camoens-paris-photographer-768x512.webp 768w, https:\/\/kissinparis.com\/wp-content\/uploads\/2026\/01\/wedding-elopement-photoshoot-eiffel-tower-avenue-de-camoens-paris-photographer-1536x1024.webp 1536w, https:\/\/kissinparis.com\/wp-content\/uploads\/2026\/01\/wedding-elopement-photoshoot-eiffel-tower-avenue-de-camoens-paris-photographer-18x12.webp 18w, https:\/\/kissinparis.com\/wp-content\/uploads\/2026\/01\/wedding-elopement-photoshoot-eiffel-tower-avenue-de-camoens-paris-photographer-1200x800.webp 1200w\" sizes=\"auto, (max-width: 1600px) 100vw, 1600px\" \/><\/a><figcaption class=\"wp-element-caption\">S\u00e9ance photo d&#039;union intime et pleine d&#039;\u00e9motion sur l&#039;avenue de Camo\u00ebns, avec la Tour Eiffel en arri\u00e8re-plan, \u00e0 Paris. Ce moment privil\u00e9gi\u00e9 entre la mari\u00e9e et un enfant immortalise les liens familiaux, l&#039;amour et l&#039;\u00e9motion authentique lors d&#039;une s\u00e9ance photo de mariage parisienne. Id\u00e9al pour les couples qui planifient une union intime, un mariage en petit comit\u00e9 ou un renouvellement de v\u0153ux \u00e0 Paris et qui recherchent un photographe de mariage professionnel dans des lieux embl\u00e9matiques comme l&#039;avenue de Camo\u00ebns, avec la Tour Eiffel en toile de fond.<\/figcaption><\/figure>\n\n\n\n<figure class=\"wp-block-image size-full\"><a href=\"https:\/\/kissinparis.com\/wp-content\/uploads\/2026\/01\/pont-alexandre-iii-wedding-kiss-eiffel-tower-paris.webp\" aria-label=\"D\u00e9couvrez plus d&#039;informations sur les mari\u00e9s qui s&#039;embrassent sur le pont Alexandre III avec la tour Eiffel en arri\u00e8re-plan lors d&#039;une s\u00e9ance photo de mariage \u00e0 Paris.\"><img loading=\"lazy\" decoding=\"async\" width=\"1600\" height=\"1067\" data-id=\"29057\" src=\"https:\/\/kissinparis.com\/wp-content\/uploads\/2026\/01\/pont-alexandre-iii-wedding-kiss-eiffel-tower-paris.webp\" alt=\"Les mari\u00e9s s&#039;embrassent sur le pont Alexandre III, avec la tour Eiffel en arri\u00e8re-plan, lors d&#039;une s\u00e9ance photo de mariage \u00e0 Paris.\" class=\"wp-image-29057\" srcset=\"https:\/\/kissinparis.com\/wp-content\/uploads\/2026\/01\/pont-alexandre-iii-wedding-kiss-eiffel-tower-paris.webp 1600w, https:\/\/kissinparis.com\/wp-content\/uploads\/2026\/01\/pont-alexandre-iii-wedding-kiss-eiffel-tower-paris-300x200.webp 300w, https:\/\/kissinparis.com\/wp-content\/uploads\/2026\/01\/pont-alexandre-iii-wedding-kiss-eiffel-tower-paris-1024x683.webp 1024w, https:\/\/kissinparis.com\/wp-content\/uploads\/2026\/01\/pont-alexandre-iii-wedding-kiss-eiffel-tower-paris-768x512.webp 768w, https:\/\/kissinparis.com\/wp-content\/uploads\/2026\/01\/pont-alexandre-iii-wedding-kiss-eiffel-tower-paris-1536x1024.webp 1536w, https:\/\/kissinparis.com\/wp-content\/uploads\/2026\/01\/pont-alexandre-iii-wedding-kiss-eiffel-tower-paris-18x12.webp 18w, https:\/\/kissinparis.com\/wp-content\/uploads\/2026\/01\/pont-alexandre-iii-wedding-kiss-eiffel-tower-paris-1200x800.webp 1200w\" sizes=\"auto, (max-width: 1600px) 100vw, 1600px\" \/><\/a><figcaption class=\"wp-element-caption\">S\u00e9ance photo de mariage : les mari\u00e9s s&#039;embrassent sur le pont Alexandre III \u00e0 Paris, avec la tour Eiffel en arri\u00e8re-plan. Le long voile de la mari\u00e9e flotte au vent, un d\u00e9tail souvent pr\u00e9sent dans les photos de mariage et d&#039;\u00e9lopement prises sur les ponts parisiens offrant une vue imprenable sur la ville.<\/figcaption><\/figure>\n\n\n\n<figure class=\"wp-block-image size-full\"><a href=\"https:\/\/kissinparis.com\/wp-content\/uploads\/2023\/12\/Brazilian-Photographer-in-Paris-18.jpg\" aria-label=\"En savoir plus sur le photographe br\u00e9silien \u00e0 Paris\"><img loading=\"lazy\" decoding=\"async\" width=\"1400\" height=\"933\" data-id=\"14891\" src=\"https:\/\/kissinparis.com\/wp-content\/uploads\/2023\/12\/Brazilian-Photographer-in-Paris-18.jpg\" alt=\"Photographe br\u00e9silien \u00e0 Paris\" class=\"wp-image-14891\" srcset=\"https:\/\/kissinparis.com\/wp-content\/uploads\/2023\/12\/Brazilian-Photographer-in-Paris-18.jpg 1400w, https:\/\/kissinparis.com\/wp-content\/uploads\/2023\/12\/Brazilian-Photographer-in-Paris-18-300x200.jpg 300w, https:\/\/kissinparis.com\/wp-content\/uploads\/2023\/12\/Brazilian-Photographer-in-Paris-18-1024x682.jpg 1024w, https:\/\/kissinparis.com\/wp-content\/uploads\/2023\/12\/Brazilian-Photographer-in-Paris-18-768x512.jpg 768w, https:\/\/kissinparis.com\/wp-content\/uploads\/2023\/12\/Brazilian-Photographer-in-Paris-18-1200x800.jpg 1200w\" sizes=\"auto, (max-width: 1400px) 100vw, 1400px\" \/><\/a><figcaption class=\"wp-element-caption\">Photographe br\u00e9silien \u00e0 Paris<\/figcaption><\/figure>\n\n\n\n<figure class=\"wp-block-image size-full\"><a href=\"https:\/\/kissinparis.com\/wp-content\/uploads\/2026\/01\/louvre-pyramid-sunrise-wedding-photoshoot-paris.webp\" aria-label=\"D\u00e9couvrez plus d&#039;informations sur les mari\u00e9s posant au lever du soleil devant la pyramide du Louvre, avec ses reflets sur le sol de la cour, lors d&#039;une s\u00e9ance photo de mariage \u00e0 Paris.\"><img loading=\"lazy\" decoding=\"async\" width=\"1600\" height=\"1067\" data-id=\"29044\" src=\"https:\/\/kissinparis.com\/wp-content\/uploads\/2026\/01\/louvre-pyramid-sunrise-wedding-photoshoot-paris.webp\" alt=\"Les mari\u00e9s posent au lever du soleil devant la pyramide du Louvre, avec ses reflets sur le sol de la cour, lors d&#039;une s\u00e9ance photo de mariage \u00e0 Paris.\" class=\"wp-image-29044\" srcset=\"https:\/\/kissinparis.com\/wp-content\/uploads\/2026\/01\/louvre-pyramid-sunrise-wedding-photoshoot-paris.webp 1600w, https:\/\/kissinparis.com\/wp-content\/uploads\/2026\/01\/louvre-pyramid-sunrise-wedding-photoshoot-paris-300x200.webp 300w, https:\/\/kissinparis.com\/wp-content\/uploads\/2026\/01\/louvre-pyramid-sunrise-wedding-photoshoot-paris-1024x683.webp 1024w, https:\/\/kissinparis.com\/wp-content\/uploads\/2026\/01\/louvre-pyramid-sunrise-wedding-photoshoot-paris-768x512.webp 768w, https:\/\/kissinparis.com\/wp-content\/uploads\/2026\/01\/louvre-pyramid-sunrise-wedding-photoshoot-paris-1536x1024.webp 1536w, https:\/\/kissinparis.com\/wp-content\/uploads\/2026\/01\/louvre-pyramid-sunrise-wedding-photoshoot-paris-18x12.webp 18w, https:\/\/kissinparis.com\/wp-content\/uploads\/2026\/01\/louvre-pyramid-sunrise-wedding-photoshoot-paris-1200x800.webp 1200w\" sizes=\"auto, (max-width: 1600px) 100vw, 1600px\" \/><\/a><figcaption class=\"wp-element-caption\">S\u00e9ance photo de mariage au lever du soleil, mettant en sc\u00e8ne les mari\u00e9s devant la pyramide du Louvre \u00e0 Paris, dont les reflets se projettent sur le sol de la cour. Ce cadre matinal est souvent privil\u00e9gi\u00e9 pour les mariages en petit comit\u00e9 et les mariages \u00e0 destination, offrant un espace ouvert et une vue d\u00e9gag\u00e9e pour les photos de mariage au Louvre.<\/figcaption><\/figure>\n\n\n\n<figure class=\"wp-block-image size-full\"><a href=\"https:\/\/kissinparis.com\/wp-content\/uploads\/2026\/01\/paris-cafe-photoshoot-solo-portrait-influencer-girl.webp\" aria-label=\"D\u00e9couvrez-en plus sur ce portrait solo, r\u00e9alis\u00e9 dans le style d&#039;une influenceuse, d&#039;une femme dans un caf\u00e9 parisien lors d&#039;un shooting photo \u00e0 Paris.\"><img loading=\"lazy\" decoding=\"async\" width=\"1067\" height=\"1600\" data-id=\"29048\" src=\"https:\/\/kissinparis.com\/wp-content\/uploads\/2026\/01\/paris-cafe-photoshoot-solo-portrait-influencer-girl.webp\" alt=\"Portrait solo, dans le style influenceuse, d&#039;une femme dans un caf\u00e9 parisien lors d&#039;un shooting photo \u00e0 Paris.\" class=\"wp-image-29048\" srcset=\"https:\/\/kissinparis.com\/wp-content\/uploads\/2026\/01\/paris-cafe-photoshoot-solo-portrait-influencer-girl.webp 1067w, https:\/\/kissinparis.com\/wp-content\/uploads\/2026\/01\/paris-cafe-photoshoot-solo-portrait-influencer-girl-200x300.webp 200w, https:\/\/kissinparis.com\/wp-content\/uploads\/2026\/01\/paris-cafe-photoshoot-solo-portrait-influencer-girl-683x1024.webp 683w, https:\/\/kissinparis.com\/wp-content\/uploads\/2026\/01\/paris-cafe-photoshoot-solo-portrait-influencer-girl-768x1152.webp 768w, https:\/\/kissinparis.com\/wp-content\/uploads\/2026\/01\/paris-cafe-photoshoot-solo-portrait-influencer-girl-1024x1536.webp 1024w, https:\/\/kissinparis.com\/wp-content\/uploads\/2026\/01\/paris-cafe-photoshoot-solo-portrait-influencer-girl-8x12.webp 8w\" sizes=\"auto, (max-width: 1067px) 100vw, 1067px\" \/><\/a><figcaption class=\"wp-element-caption\">Portrait en solo dans un caf\u00e9 parisien lors d&#039;un shooting photo \u00e0 Paris. S\u00e9ance photo style influenceuse\u00a0: une jeune femme est assise \u00e0 la terrasse d&#039;un caf\u00e9 parisien, lisant un journal. Une id\u00e9e populaire pour les photos Instagram, le personal branding et les portraits de voyageuses solo \u00e0 Paris.<\/figcaption><\/figure>\n\n\n\n<figure class=\"wp-block-image size-full\"><a href=\"https:\/\/kissinparis.com\/wp-content\/uploads\/2026\/01\/shangri-la-paris-penthouse-terrace-eiffel-tower-bridal-portrait.webp\" aria-label=\"D\u00e9couvrez plus d&#039;informations sur la mari\u00e9e tenant des tulipes blanches et ajustant son voile de dentelle sur la terrasse du penthouse du Shangri-La Paris, avec la Tour Eiffel en arri\u00e8re-plan, lors de sa s\u00e9ance photo de mariage.\"><img loading=\"lazy\" decoding=\"async\" width=\"1600\" height=\"1067\" data-id=\"29059\" src=\"https:\/\/kissinparis.com\/wp-content\/uploads\/2026\/01\/shangri-la-paris-penthouse-terrace-eiffel-tower-bridal-portrait.webp\" alt=\"La mari\u00e9e, tenant des tulipes blanches et ajustant son voile de dentelle, se trouve sur la terrasse du penthouse du Shangri-La Paris, avec la tour Eiffel en arri\u00e8re-plan, lors de la s\u00e9ance photo de mariage.\" class=\"wp-image-29059\" srcset=\"https:\/\/kissinparis.com\/wp-content\/uploads\/2026\/01\/shangri-la-paris-penthouse-terrace-eiffel-tower-bridal-portrait.webp 1600w, https:\/\/kissinparis.com\/wp-content\/uploads\/2026\/01\/shangri-la-paris-penthouse-terrace-eiffel-tower-bridal-portrait-300x200.webp 300w, https:\/\/kissinparis.com\/wp-content\/uploads\/2026\/01\/shangri-la-paris-penthouse-terrace-eiffel-tower-bridal-portrait-1024x683.webp 1024w, https:\/\/kissinparis.com\/wp-content\/uploads\/2026\/01\/shangri-la-paris-penthouse-terrace-eiffel-tower-bridal-portrait-768x512.webp 768w, https:\/\/kissinparis.com\/wp-content\/uploads\/2026\/01\/shangri-la-paris-penthouse-terrace-eiffel-tower-bridal-portrait-1536x1024.webp 1536w, https:\/\/kissinparis.com\/wp-content\/uploads\/2026\/01\/shangri-la-paris-penthouse-terrace-eiffel-tower-bridal-portrait-18x12.webp 18w, https:\/\/kissinparis.com\/wp-content\/uploads\/2026\/01\/shangri-la-paris-penthouse-terrace-eiffel-tower-bridal-portrait-1200x800.webp 1200w\" sizes=\"auto, (max-width: 1600px) 100vw, 1600px\" \/><\/a><figcaption class=\"wp-element-caption\">Portrait de mari\u00e9e r\u00e9alis\u00e9 sur la terrasse du penthouse Shangri-La Paris avec vue sur la Tour Eiffel, cette derni\u00e8re se d\u00e9tachant en arri\u00e8re-plan et agr\u00e9ment\u00e9e de compositions florales. La mari\u00e9e tient un bouquet de tulipes blanches et soul\u00e8ve son voile de dentelle, une pose souvent choisie pour les photos de mariage sur les terrasses d&#039;h\u00f4tels parisiens offrant une vue sur la Tour Eiffel.<\/figcaption><\/figure>\n\n\n\n<figure class=\"wp-block-image size-full\"><a href=\"https:\/\/kissinparis.com\/wp-content\/uploads\/2026\/01\/pont-alexandre-iii-paris-solo-portrait-golden-hour-bridge-railing.webp\" aria-label=\"Pour en savoir plus, consultez cette photo d&#039;une femme appuy\u00e9e sur la balustrade en pierre du pont Alexandre III \u00e0 Paris, \u00e0 l&#039;heure dor\u00e9e, avec des lampadaires orn\u00e9s en arri\u00e8re-plan.\"><img loading=\"lazy\" decoding=\"async\" width=\"1067\" height=\"1600\" data-id=\"29055\" src=\"https:\/\/kissinparis.com\/wp-content\/uploads\/2026\/01\/pont-alexandre-iii-paris-solo-portrait-golden-hour-bridge-railing.webp\" alt=\"Femme appuy\u00e9e sur la balustrade en pierre du pont Alexandre III \u00e0 Paris, \u00e0 l&#039;heure dor\u00e9e, avec des lampadaires orn\u00e9s en arri\u00e8re-plan.\" class=\"wp-image-29055\" srcset=\"https:\/\/kissinparis.com\/wp-content\/uploads\/2026\/01\/pont-alexandre-iii-paris-solo-portrait-golden-hour-bridge-railing.webp 1067w, https:\/\/kissinparis.com\/wp-content\/uploads\/2026\/01\/pont-alexandre-iii-paris-solo-portrait-golden-hour-bridge-railing-200x300.webp 200w, https:\/\/kissinparis.com\/wp-content\/uploads\/2026\/01\/pont-alexandre-iii-paris-solo-portrait-golden-hour-bridge-railing-683x1024.webp 683w, https:\/\/kissinparis.com\/wp-content\/uploads\/2026\/01\/pont-alexandre-iii-paris-solo-portrait-golden-hour-bridge-railing-768x1152.webp 768w, https:\/\/kissinparis.com\/wp-content\/uploads\/2026\/01\/pont-alexandre-iii-paris-solo-portrait-golden-hour-bridge-railing-1024x1536.webp 1024w, https:\/\/kissinparis.com\/wp-content\/uploads\/2026\/01\/pont-alexandre-iii-paris-solo-portrait-golden-hour-bridge-railing-8x12.webp 8w\" sizes=\"auto, (max-width: 1067px) 100vw, 1067px\" \/><\/a><figcaption class=\"wp-element-caption\">S\u00e9ance photo de portrait en solo sur le pont Alexandre III \u00e0 Paris, montrant une femme appuy\u00e9e sur la rambarde du pont, avec les lampadaires ouvrag\u00e9s et les d\u00e9tails sculpt\u00e9s en arri\u00e8re-plan, \u00e0 la lumi\u00e8re dor\u00e9e du cr\u00e9puscule. Ce lieu est souvent choisi pour les portraits individuels et les s\u00e9ances photo de branding personnel, alliant l&#039;architecture embl\u00e9matique de Paris \u00e0 la douce lumi\u00e8re du soir.<\/figcaption><\/figure>\n\n\n\n<figure class=\"wp-block-image size-full\"><a href=\"https:\/\/kissinparis.com\/wp-content\/uploads\/2026\/01\/couple-photoshoot-tuileries-garden-paris-fountain-paris-photographer-for-hire.webp\" aria-label=\"D\u00e9couvrez plus d&#039;informations sur ce couple romantique assis pr\u00e8s de la fontaine lors d&#039;une s\u00e9ance photo au jardin des Tuileries \u00e0 Paris avec un photographe professionnel parisien.\"><img loading=\"lazy\" decoding=\"async\" width=\"1600\" height=\"1067\" data-id=\"29040\" src=\"https:\/\/kissinparis.com\/wp-content\/uploads\/2026\/01\/couple-photoshoot-tuileries-garden-paris-fountain-paris-photographer-for-hire.webp\" alt=\"Un couple romantique assis pr\u00e8s de la fontaine lors d&#039;une s\u00e9ance photo au jardin des Tuileries \u00e0 Paris avec un photographe professionnel parisien.\" class=\"wp-image-29040\" srcset=\"https:\/\/kissinparis.com\/wp-content\/uploads\/2026\/01\/couple-photoshoot-tuileries-garden-paris-fountain-paris-photographer-for-hire.webp 1600w, https:\/\/kissinparis.com\/wp-content\/uploads\/2026\/01\/couple-photoshoot-tuileries-garden-paris-fountain-paris-photographer-for-hire-300x200.webp 300w, https:\/\/kissinparis.com\/wp-content\/uploads\/2026\/01\/couple-photoshoot-tuileries-garden-paris-fountain-paris-photographer-for-hire-1024x683.webp 1024w, https:\/\/kissinparis.com\/wp-content\/uploads\/2026\/01\/couple-photoshoot-tuileries-garden-paris-fountain-paris-photographer-for-hire-768x512.webp 768w, https:\/\/kissinparis.com\/wp-content\/uploads\/2026\/01\/couple-photoshoot-tuileries-garden-paris-fountain-paris-photographer-for-hire-1536x1024.webp 1536w, https:\/\/kissinparis.com\/wp-content\/uploads\/2026\/01\/couple-photoshoot-tuileries-garden-paris-fountain-paris-photographer-for-hire-18x12.webp 18w, https:\/\/kissinparis.com\/wp-content\/uploads\/2026\/01\/couple-photoshoot-tuileries-garden-paris-fountain-paris-photographer-for-hire-1200x800.webp 1200w\" sizes=\"auto, (max-width: 1600px) 100vw, 1600px\" \/><\/a><figcaption class=\"wp-element-caption\">Description (pour la galerie \/ le r\u00e9f\u00e9rencement naturel)\u00a0:<br>S\u00e9ance photo romantique pour un couple, r\u00e9alis\u00e9e dans le c\u00e9l\u00e8bre jardin des Tuileries \u00e0 Paris, avec une magnifique fontaine et l&#039;architecture parisienne classique en arri\u00e8re-plan. Cette s\u00e9ance est id\u00e9ale pour les couples en visite \u00e0 Paris qui souhaitent des portraits doux, \u00e9l\u00e9gants et naturels dans l&#039;un des jardins les plus embl\u00e9matiques de la ville. Elle est parfaite pour les clients recherchant un photographe parisien sp\u00e9cialis\u00e9 dans les s\u00e9ances photo de couple, les s\u00e9ances de fian\u00e7ailles et la photographie romantique au jardin des Tuileries et autres lieux embl\u00e9matiques de Paris.<\/figcaption><\/figure>\n\n\n\n<figure class=\"wp-block-image size-full\"><a href=\"https:\/\/kissinparis.com\/wp-content\/uploads\/2023\/12\/Brazilian-Photographer-in-Paris-14.jpg\" aria-label=\"En savoir plus sur le photographe br\u00e9silien \u00e0 Paris\"><img loading=\"lazy\" decoding=\"async\" width=\"1400\" height=\"934\" data-id=\"14887\" src=\"https:\/\/kissinparis.com\/wp-content\/uploads\/2023\/12\/Brazilian-Photographer-in-Paris-14.jpg\" alt=\"Photographe br\u00e9silien \u00e0 Paris\" class=\"wp-image-14887\" srcset=\"https:\/\/kissinparis.com\/wp-content\/uploads\/2023\/12\/Brazilian-Photographer-in-Paris-14.jpg 1400w, https:\/\/kissinparis.com\/wp-content\/uploads\/2023\/12\/Brazilian-Photographer-in-Paris-14-300x200.jpg 300w, https:\/\/kissinparis.com\/wp-content\/uploads\/2023\/12\/Brazilian-Photographer-in-Paris-14-1024x683.jpg 1024w, https:\/\/kissinparis.com\/wp-content\/uploads\/2023\/12\/Brazilian-Photographer-in-Paris-14-768x512.jpg 768w, https:\/\/kissinparis.com\/wp-content\/uploads\/2023\/12\/Brazilian-Photographer-in-Paris-14-1200x801.jpg 1200w\" sizes=\"auto, (max-width: 1400px) 100vw, 1400px\" \/><\/a><figcaption class=\"wp-element-caption\">Photographe br\u00e9silien \u00e0 Paris<\/figcaption><\/figure>\n\n\n\n<figure class=\"wp-block-image size-full\"><a href=\"https:\/\/kissinparis.com\/wp-content\/uploads\/2026\/01\/bir-hakeim-paris-proposal-eiffel-tower-white-heart.webp\" aria-label=\"D\u00e9couvrez l&#039;histoire d&#039;un couple c\u00e9l\u00e9brant une demande en mariage sur l&#039;\u00cele aux Cygnes pr\u00e8s de Bir-Hakeim, avec une composition florale en forme de c\u0153ur blanc et la Tour Eiffel en arri\u00e8re-plan.\"><img loading=\"lazy\" decoding=\"async\" width=\"1600\" height=\"1067\" data-id=\"29036\" src=\"https:\/\/kissinparis.com\/wp-content\/uploads\/2026\/01\/bir-hakeim-paris-proposal-eiffel-tower-white-heart.webp\" alt=\"Un couple c\u00e9l\u00e8bre une demande en mariage sur l&#039;\u00cele aux Cygnes, pr\u00e8s de Bir-Hakeim, avec une composition florale en forme de c\u0153ur blanc et la Tour Eiffel en arri\u00e8re-plan.\" class=\"wp-image-29036\" srcset=\"https:\/\/kissinparis.com\/wp-content\/uploads\/2026\/01\/bir-hakeim-paris-proposal-eiffel-tower-white-heart.webp 1600w, https:\/\/kissinparis.com\/wp-content\/uploads\/2026\/01\/bir-hakeim-paris-proposal-eiffel-tower-white-heart-300x200.webp 300w, https:\/\/kissinparis.com\/wp-content\/uploads\/2026\/01\/bir-hakeim-paris-proposal-eiffel-tower-white-heart-1024x683.webp 1024w, https:\/\/kissinparis.com\/wp-content\/uploads\/2026\/01\/bir-hakeim-paris-proposal-eiffel-tower-white-heart-768x512.webp 768w, https:\/\/kissinparis.com\/wp-content\/uploads\/2026\/01\/bir-hakeim-paris-proposal-eiffel-tower-white-heart-1536x1024.webp 1536w, https:\/\/kissinparis.com\/wp-content\/uploads\/2026\/01\/bir-hakeim-paris-proposal-eiffel-tower-white-heart-18x12.webp 18w, https:\/\/kissinparis.com\/wp-content\/uploads\/2026\/01\/bir-hakeim-paris-proposal-eiffel-tower-white-heart-1200x800.webp 1200w\" sizes=\"auto, (max-width: 1600px) 100vw, 1600px\" \/><\/a><figcaption class=\"wp-element-caption\">S\u00e9ance photo de demande en mariage sur l&#039;\u00cele aux Cygnes, pr\u00e8s de Bir-Hakeim \u00e0 Paris. Un grand c\u0153ur floral blanc orne les bords de Seine, avec la Tour Eiffel en arri\u00e8re-plan. Apr\u00e8s avoir prononc\u00e9 le \u00ab oui \u00bb, les jeunes mari\u00e9s posent en esquissant une vague, la Seine et la Tour Eiffel offrant une vue imprenable sur le paysage.<\/figcaption><\/figure>\n\n\n\n<figure class=\"wp-block-image size-full\"><a href=\"https:\/\/kissinparis.com\/wp-content\/uploads\/2023\/12\/Brazilian-Photographer-in-Paris.jpg\" aria-label=\"En savoir plus sur le photographe br\u00e9silien \u00e0 Paris\"><img loading=\"lazy\" decoding=\"async\" width=\"1400\" height=\"934\" data-id=\"14892\" src=\"https:\/\/kissinparis.com\/wp-content\/uploads\/2023\/12\/Brazilian-Photographer-in-Paris.jpg\" alt=\"Photographe br\u00e9silien \u00e0 Paris\" class=\"wp-image-14892\" srcset=\"https:\/\/kissinparis.com\/wp-content\/uploads\/2023\/12\/Brazilian-Photographer-in-Paris.jpg 1400w, https:\/\/kissinparis.com\/wp-content\/uploads\/2023\/12\/Brazilian-Photographer-in-Paris-300x200.jpg 300w, https:\/\/kissinparis.com\/wp-content\/uploads\/2023\/12\/Brazilian-Photographer-in-Paris-1024x683.jpg 1024w, https:\/\/kissinparis.com\/wp-content\/uploads\/2023\/12\/Brazilian-Photographer-in-Paris-768x512.jpg 768w, https:\/\/kissinparis.com\/wp-content\/uploads\/2023\/12\/Brazilian-Photographer-in-Paris-1200x801.jpg 1200w\" sizes=\"auto, (max-width: 1400px) 100vw, 1400px\" \/><\/a><figcaption class=\"wp-element-caption\">Photographe br\u00e9silien \u00e0 Paris<\/figcaption><\/figure>\n\n\n\n<figure class=\"wp-block-image size-full\"><a href=\"https:\/\/kissinparis.com\/wp-content\/uploads\/2026\/01\/paris-eiffel-tower-proposal-photoshoot-blue-hour-couple.webp\" aria-label=\"D\u00e9couvrez plus d&#039;informations sur ce couple posant ensemble au bord de la Seine lors d&#039;une s\u00e9ance photo de demande en mariage, avec la tour Eiffel illumin\u00e9e \u00e0 l&#039;heure bleue \u00e0 Paris.\"><img loading=\"lazy\" decoding=\"async\" width=\"1600\" height=\"1067\" data-id=\"29050\" src=\"https:\/\/kissinparis.com\/wp-content\/uploads\/2026\/01\/paris-eiffel-tower-proposal-photoshoot-blue-hour-couple.webp\" alt=\"Un couple pose ensemble au bord de la Seine lors d&#039;une s\u00e9ance photo de demande en mariage, avec la tour Eiffel illumin\u00e9e \u00e0 l&#039;heure bleue \u00e0 Paris.\" class=\"wp-image-29050\" srcset=\"https:\/\/kissinparis.com\/wp-content\/uploads\/2026\/01\/paris-eiffel-tower-proposal-photoshoot-blue-hour-couple.webp 1600w, https:\/\/kissinparis.com\/wp-content\/uploads\/2026\/01\/paris-eiffel-tower-proposal-photoshoot-blue-hour-couple-300x200.webp 300w, https:\/\/kissinparis.com\/wp-content\/uploads\/2026\/01\/paris-eiffel-tower-proposal-photoshoot-blue-hour-couple-1024x683.webp 1024w, https:\/\/kissinparis.com\/wp-content\/uploads\/2026\/01\/paris-eiffel-tower-proposal-photoshoot-blue-hour-couple-768x512.webp 768w, https:\/\/kissinparis.com\/wp-content\/uploads\/2026\/01\/paris-eiffel-tower-proposal-photoshoot-blue-hour-couple-1536x1024.webp 1536w, https:\/\/kissinparis.com\/wp-content\/uploads\/2026\/01\/paris-eiffel-tower-proposal-photoshoot-blue-hour-couple-18x12.webp 18w, https:\/\/kissinparis.com\/wp-content\/uploads\/2026\/01\/paris-eiffel-tower-proposal-photoshoot-blue-hour-couple-1200x800.webp 1200w\" sizes=\"auto, (max-width: 1600px) 100vw, 1600px\" \/><\/a><figcaption class=\"wp-element-caption\">S\u00e9ance photo de demande en mariage \u00e0 Paris, r\u00e9alis\u00e9e le long de la Seine \u00e0 l&#039;heure bleue, avec la Tour Eiffel illumin\u00e9e en arri\u00e8re-plan. Ce cadre est fr\u00e9quemment choisi par les couples visitant Paris et recherchant un photographe parisien exp\u00e9riment\u00e9 pour des s\u00e9ances photo en soir\u00e9e pr\u00e8s de la Tour Eiffel.<\/figcaption><\/figure>\n\n\n\n<figure class=\"wp-block-image size-full\"><a href=\"https:\/\/kissinparis.com\/wp-content\/uploads\/2026\/01\/paris-night-photoshoot-private-boat-seine-champagne-solo-portrait.webp\" aria-label=\"Pour en savoir plus, consultez cette photo d&#039;une femme tenant une coupe de champagne sur un bateau priv\u00e9 naviguant sur la Seine la nuit, avec les lumi\u00e8res et les ponts de Paris en arri\u00e8re-plan.\"><img loading=\"lazy\" decoding=\"async\" width=\"1067\" height=\"1600\" data-id=\"29051\" src=\"https:\/\/kissinparis.com\/wp-content\/uploads\/2026\/01\/paris-night-photoshoot-private-boat-seine-champagne-solo-portrait.webp\" alt=\"Une femme tenant une coupe de champagne sur un bateau priv\u00e9 sur la Seine, la nuit, avec les lumi\u00e8res et les ponts de Paris en arri\u00e8re-plan.\" class=\"wp-image-29051\" srcset=\"https:\/\/kissinparis.com\/wp-content\/uploads\/2026\/01\/paris-night-photoshoot-private-boat-seine-champagne-solo-portrait.webp 1067w, https:\/\/kissinparis.com\/wp-content\/uploads\/2026\/01\/paris-night-photoshoot-private-boat-seine-champagne-solo-portrait-200x300.webp 200w, https:\/\/kissinparis.com\/wp-content\/uploads\/2026\/01\/paris-night-photoshoot-private-boat-seine-champagne-solo-portrait-683x1024.webp 683w, https:\/\/kissinparis.com\/wp-content\/uploads\/2026\/01\/paris-night-photoshoot-private-boat-seine-champagne-solo-portrait-768x1152.webp 768w, https:\/\/kissinparis.com\/wp-content\/uploads\/2026\/01\/paris-night-photoshoot-private-boat-seine-champagne-solo-portrait-1024x1536.webp 1024w, https:\/\/kissinparis.com\/wp-content\/uploads\/2026\/01\/paris-night-photoshoot-private-boat-seine-champagne-solo-portrait-8x12.webp 8w\" sizes=\"auto, (max-width: 1067px) 100vw, 1067px\" \/><\/a><figcaption class=\"wp-element-caption\">S\u00e9ance photo nocturne \u00e0 Paris sur un bateau priv\u00e9 sur la Seine, avec la skyline et les ponts illumin\u00e9s se d\u00e9tachant sur le ciel bleu du soir. Portrait en solo avec champagne lors d&#039;une croisi\u00e8re sur la Seine\u00a0: id\u00e9al pour des photos d&#039;influenceurs, des photos d&#039;anniversaire, des portraits de marque personnelle et des id\u00e9es de s\u00e9ances photo de luxe \u00e0 Paris.<\/figcaption><\/figure>\n\n\n\n<figure class=\"wp-block-image size-full\"><a href=\"https:\/\/kissinparis.com\/wp-content\/uploads\/2026\/01\/shangri-la-paris-private-terrace-eiffel-tower-night-proposal.webp\" aria-label=\"D\u00e9couvrez plus d&#039;informations sur ce couple qui s&#039;offre une r\u00e9v\u00e9rence spectaculaire apr\u00e8s une demande en mariage sur la terrasse priv\u00e9e d&#039;une suite du Shangri-La Paris, avec la Tour Eiffel illumin\u00e9e la nuit.\"><img loading=\"lazy\" decoding=\"async\" width=\"1600\" height=\"1067\" data-id=\"29060\" src=\"https:\/\/kissinparis.com\/wp-content\/uploads\/2026\/01\/shangri-la-paris-private-terrace-eiffel-tower-night-proposal.webp\" alt=\"Un couple effectue une r\u00e9v\u00e9rence spectaculaire apr\u00e8s une demande en mariage sur la terrasse priv\u00e9e d&#039;une suite du Shangri-La Paris, avec la Tour Eiffel illumin\u00e9e la nuit.\" class=\"wp-image-29060\" srcset=\"https:\/\/kissinparis.com\/wp-content\/uploads\/2026\/01\/shangri-la-paris-private-terrace-eiffel-tower-night-proposal.webp 1600w, https:\/\/kissinparis.com\/wp-content\/uploads\/2026\/01\/shangri-la-paris-private-terrace-eiffel-tower-night-proposal-300x200.webp 300w, https:\/\/kissinparis.com\/wp-content\/uploads\/2026\/01\/shangri-la-paris-private-terrace-eiffel-tower-night-proposal-1024x683.webp 1024w, https:\/\/kissinparis.com\/wp-content\/uploads\/2026\/01\/shangri-la-paris-private-terrace-eiffel-tower-night-proposal-768x512.webp 768w, https:\/\/kissinparis.com\/wp-content\/uploads\/2026\/01\/shangri-la-paris-private-terrace-eiffel-tower-night-proposal-1536x1024.webp 1536w, https:\/\/kissinparis.com\/wp-content\/uploads\/2026\/01\/shangri-la-paris-private-terrace-eiffel-tower-night-proposal-18x12.webp 18w, https:\/\/kissinparis.com\/wp-content\/uploads\/2026\/01\/shangri-la-paris-private-terrace-eiffel-tower-night-proposal-1200x800.webp 1200w\" sizes=\"auto, (max-width: 1600px) 100vw, 1600px\" \/><\/a><figcaption class=\"wp-element-caption\">Demande en mariage nocturne immortalis\u00e9e sur la terrasse priv\u00e9e de l&#039;h\u00f4tel Shangri-La Paris, avec la Tour Eiffel illumin\u00e9e en arri\u00e8re-plan. Le couple est photographi\u00e9 dans une pose sensuelle juste apr\u00e8s la demande, entour\u00e9 de roses rouges et de bougies\u00a0; un cadre souvent choisi pour les demandes en mariage et les s\u00e9ances photo de fian\u00e7ailles \u00e0 Paris.<\/figcaption><\/figure>\n\n\n\n<figure class=\"wp-block-image size-full\"><a href=\"https:\/\/kissinparis.com\/wp-content\/uploads\/2023\/06\/Photographer-in-Paris-France-Juliana-3.jpg\" aria-label=\"En savoir plus sur Photographe \u00e0 Paris France Juliana\"><img loading=\"lazy\" decoding=\"async\" width=\"1600\" height=\"1067\" data-id=\"13832\" src=\"https:\/\/kissinparis.com\/wp-content\/uploads\/2023\/06\/Photographer-in-Paris-France-Juliana-3.jpg\" alt=\"Photographe \u00e0 Paris France Juliana\" class=\"wp-image-13832\" srcset=\"https:\/\/kissinparis.com\/wp-content\/uploads\/2023\/06\/Photographer-in-Paris-France-Juliana-3.jpg 1600w, https:\/\/kissinparis.com\/wp-content\/uploads\/2023\/06\/Photographer-in-Paris-France-Juliana-3-300x200.jpg 300w, https:\/\/kissinparis.com\/wp-content\/uploads\/2023\/06\/Photographer-in-Paris-France-Juliana-3-1024x683.jpg 1024w, https:\/\/kissinparis.com\/wp-content\/uploads\/2023\/06\/Photographer-in-Paris-France-Juliana-3-768x512.jpg 768w, https:\/\/kissinparis.com\/wp-content\/uploads\/2023\/06\/Photographer-in-Paris-France-Juliana-3-1536x1024.jpg 1536w, https:\/\/kissinparis.com\/wp-content\/uploads\/2023\/06\/Photographer-in-Paris-France-Juliana-3-1200x800.jpg 1200w\" sizes=\"auto, (max-width: 1600px) 100vw, 1600px\" \/><\/a><figcaption class=\"wp-element-caption\">Photographe \u00e0 Paris France Juliana<\/figcaption><\/figure>\n\n\n\n<figure class=\"wp-block-image size-full\"><a href=\"https:\/\/kissinparis.com\/wp-content\/uploads\/2023\/12\/Brazilian-Photographer-in-Paris-2-6.jpg\" aria-label=\"En savoir plus sur le photographe br\u00e9silien \u00e0 Paris\"><img loading=\"lazy\" decoding=\"async\" width=\"1400\" height=\"934\" data-id=\"14872\" src=\"https:\/\/kissinparis.com\/wp-content\/uploads\/2023\/12\/Brazilian-Photographer-in-Paris-2-6.jpg\" alt=\"Photographe br\u00e9silien \u00e0 Paris\" class=\"wp-image-14872\" srcset=\"https:\/\/kissinparis.com\/wp-content\/uploads\/2023\/12\/Brazilian-Photographer-in-Paris-2-6.jpg 1400w, https:\/\/kissinparis.com\/wp-content\/uploads\/2023\/12\/Brazilian-Photographer-in-Paris-2-6-300x200.jpg 300w, https:\/\/kissinparis.com\/wp-content\/uploads\/2023\/12\/Brazilian-Photographer-in-Paris-2-6-1024x683.jpg 1024w, https:\/\/kissinparis.com\/wp-content\/uploads\/2023\/12\/Brazilian-Photographer-in-Paris-2-6-768x512.jpg 768w, https:\/\/kissinparis.com\/wp-content\/uploads\/2023\/12\/Brazilian-Photographer-in-Paris-2-6-1200x801.jpg 1200w\" sizes=\"auto, (max-width: 1400px) 100vw, 1400px\" \/><\/a><figcaption class=\"wp-element-caption\">Photographe br\u00e9silien \u00e0 Paris<\/figcaption><\/figure>\n<\/figure>\n\n\n\n<figure class=\"wp-block-image alignfull size-full video-container autoplay_0 loop cross\"><a href=\"https:\/\/kissinparis.com\/wp-content\/uploads\/2025\/08\/Boudoir-Photographer-Juliana-Paris-France.mp4\" aria-label=\"En savoir plus sur Paris Boudoir Photographer | Intimate Couples Photography\"><img loading=\"lazy\" decoding=\"async\" width=\"1280\" height=\"720\" src=\"https:\/\/kissinparis.com\/wp-content\/uploads\/2025\/08\/Boudoir-Photographer-Juliana-Paris-France-thumbnail.avif\" alt=\"Photographe de boudoir \u00e0 Paris | Photographie de couples intimes\" class=\"wp-image-27222\" srcset=\"https:\/\/kissinparis.com\/wp-content\/uploads\/2025\/08\/Boudoir-Photographer-Juliana-Paris-France-thumbnail.avif 1280w, https:\/\/kissinparis.com\/wp-content\/uploads\/2025\/08\/Boudoir-Photographer-Juliana-Paris-France-thumbnail-300x169.avif 300w, https:\/\/kissinparis.com\/wp-content\/uploads\/2025\/08\/Boudoir-Photographer-Juliana-Paris-France-thumbnail-1024x576.avif 1024w, https:\/\/kissinparis.com\/wp-content\/uploads\/2025\/08\/Boudoir-Photographer-Juliana-Paris-France-thumbnail-768x432.avif 768w, https:\/\/kissinparis.com\/wp-content\/uploads\/2025\/08\/Boudoir-Photographer-Juliana-Paris-France-thumbnail-1200x675.avif 1200w\" sizes=\"auto, (max-width: 1280px) 100vw, 1280px\" \/><\/a><figcaption class=\"wp-element-caption\">Photographe de boudoir \u00e0 Paris | Photographie de couples intimes<\/figcaption><\/figure>\n\n\n\n<p class=\"has-text-align-center max-width-550 slider-caption pt-50\">D\u00e9couvrez sa vision unique, puis parcourez ses disponibilit\u00e9s et ses forfaits.<\/p>\n<\/div><\/div>\n\n\n\n<div class=\"wp-block-group alignfull sec sec-review targetDIV2 mt-0 pt-0 pb-0 mb-0\" id=\"reviews\"><div class=\"wp-block-group__inner-container is-layout-constrained wp-block-group-is-layout-constrained\">\n<div class=\"wp-block-columns alignfull overview mt-80 pt-20 mb-80 border-top is-layout-flex wp-container-core-columns-is-layout-9d6595d7 wp-block-columns-is-layout-flex\">\n<div class=\"wp-block-column desktop-only is-layout-flow wp-block-column-is-layout-flow\" style=\"flex-basis:50%\"><\/div>\n\n\n\n<div class=\"wp-block-column is-layout-flow wp-block-column-is-layout-flow\" style=\"flex-basis:50%\">\n<p class=\"has-text-align-right alignfull has-small-font-size\" style=\"text-transform:uppercase\">\/ Avis<\/p>\n<\/div>\n<\/div>\n\n\n\n<div class=\"wp-block-group alignwide mt-0 mb-0 pb-0\"><div class=\"wp-block-group__inner-container is-layout-constrained wp-block-group-is-layout-constrained\">\n<h2 class=\"wp-block-heading alignwide has-text-align-center mb-60 has-eachword-color has-xx-large-font-size\"><strong>Ce que<\/strong> <strong>disent<\/strong> <strong>nos<\/strong> <strong>clients<\/strong><\/h2>\n<\/div><\/div>\n\n\n\n<div class=\"wp-block-group alignfull testimonials  testimonials-carousel is-nowrap is-layout-flex wp-container-core-group-is-layout-64989fb1 wp-block-group-is-layout-flex\">\n<div class=\"wp-block-group testimonial testimonial-video\"><div class=\"wp-block-group__inner-container is-layout-constrained wp-block-group-is-layout-constrained\">\n<div class=\"wp-block-group quote\"><div class=\"wp-block-group__inner-container is-layout-flow wp-block-group-is-layout-flow\">\n<blockquote class=\"wp-block-quote is-layout-flow wp-block-quote-is-layout-flow\" id=\"review-lyall\">\n<p class=\"text_indent-0 has-contrast-color has-text-color has-link-color wp-elements-6350cdb63e1e97b8d0e7eee3fccd4fb5\">J&#039;ai r\u00e9serv\u00e9 une s\u00e9ance photo pour ma demande en mariage avec Juliana. Elle a \u00e9t\u00e9 fabuleuse ! Une excellente communication et elle m&#039;a aid\u00e9e \u00e0 organiser la demande en mariage id\u00e9ale, digne d&#039;un Hallmark, au pied de la Tour Eiffel. Son professionnalisme lors de la pr\u00e9paration m&#039;a vraiment impressionn\u00e9e et m&#039;a donn\u00e9 l&#039;impression que tout \u00e9tait pr\u00e9vu. Nous avons eu quelques soucis de m\u00e9t\u00e9o le jour de la s\u00e9ance et Juliana, gr\u00e2ce \u00e0 son talent artistique exceptionnel et \u00e0 sa connaissance de la ville, a transform\u00e9 une matin\u00e9e parisienne pluvieuse en un magnifique collage qui a mis en valeur notre histoire d&#039;amour. Nous lui serons \u00e9ternellement reconnaissants pour sa patience, ses conseils et son talent artistique. Je la recommande sans h\u00e9siter ! Merci beaucoup, Juliana !<\/p>\n<cite>Maximillian Sterling, septembre 2024 (extrait \u00e9dit\u00e9)<br><a href=\"https:\/\/www.google.com\/maps\/reviews\/data=!4m8!14m7!1m6!2m5!1sChdDSUhNMG9nS0VJQ0FnSUNYc2VXSTFnRRAB!2m1!1s0x0:0x7b03905155589b66!3m1!1s2@1:CIHM0ogKEICAgICXseWI1gE%7CCgwI_L7FuAYQuJqnwAI%7C?entry=tts&amp;g_ep=EgoyMDI1MDcyMy4wIPu8ASoASAFQAw%3D%3D&amp;skid=7fe72c59-35b6-4d85-a094-973d7d503fe4\" data-type=\"link\" data-id=\"https:\/\/maps.app.goo.gl\/U97m8ntCyjMSWCJz5\" target=\"_blank\" rel=\"noopener\">Lire l'avis complet sur Google \"<\/a><\/cite><\/blockquote>\n<\/div><\/div>\n<\/div><\/div>\n\n\n\n<div class=\"wp-block-group testimonial testimonial-video\"><div class=\"wp-block-group__inner-container is-layout-constrained wp-block-group-is-layout-constrained\">\n<div class=\"wp-block-group quote\"><div class=\"wp-block-group__inner-container is-layout-flow wp-block-group-is-layout-flow\">\n<blockquote class=\"wp-block-quote is-layout-flow wp-block-quote-is-layout-flow\" id=\"review-lyall\">\n<p class=\"text_indent-0 has-contrast-color has-text-color has-link-color wp-elements-fdca1a80eec5cefbd933eee7ad987f8b\">J&#039;ai r\u00e9serv\u00e9 Juliana Aguiar pour une s\u00e9ance photo de deux heures et je n&#039;aurais jamais imagin\u00e9 vivre une exp\u00e9rience aussi incroyable sans son aide ! Elle m&#039;a cr\u00e9\u00e9 et envoy\u00e9 un PDF pour me pr\u00e9parer \u00e0 tous les aspects de la demande en mariage et de la s\u00e9ance photo. Juliana a \u00e9t\u00e9 incroyablement gentille et r\u00e9active, et les photos \u00e9taient magnifiques ! Elle nous a guid\u00e9s dans les poses et nous a mis \u00e0 l&#039;aise tout au long de la s\u00e9ance. Nous avons \u00e9galement appr\u00e9ci\u00e9 qu&#039;elle v\u00e9rifie r\u00e9guli\u00e8rement que tout correspondait \u00e0 nos attentes et qu&#039;elle incluait toutes les poses demand\u00e9es ! Nous avons vraiment du mal \u00e0 choisir nos pr\u00e9f\u00e9r\u00e9es parmi plus de 600 magnifiques photos.<\/p>\n<cite>Ethan Zhao Mai 2025 (extrait \u00e9dit\u00e9)<br><a href=\"https:\/\/www.google.com\/maps\/reviews\/data=!4m8!14m7!1m6!2m5!1sChZDSUhNMG9nS0VJWEZzYnpob2NYTkhnEAE!2m1!1s0x0:0x7b03905155589b66!3m1!1s2@1:CIHM0ogKEIXFsbzhocXNHg%7CCgwI8tf0wAYQgISijQE%7C?entry=tts&amp;g_ep=EgoyMDI1MDcyMy4wIPu8ASoASAFQAw%3D%3D&amp;skid=b35f58e9-3e6d-4bb3-8265-7dff4138cae4\" data-type=\"link\" data-id=\"https:\/\/maps.app.goo.gl\/26yhb2LJKAATEdjP7\" target=\"_blank\" rel=\"noopener\">Lire l'avis complet sur Google \"<\/a><\/cite><\/blockquote>\n<\/div><\/div>\n<\/div><\/div>\n\n\n\n<div class=\"wp-block-group testimonial testimonial-video\"><div class=\"wp-block-group__inner-container is-layout-constrained wp-block-group-is-layout-constrained\">\n<div class=\"wp-block-group quote\"><div class=\"wp-block-group__inner-container is-layout-flow wp-block-group-is-layout-flow\">\n<blockquote class=\"wp-block-quote is-layout-flow wp-block-quote-is-layout-flow\" id=\"review-lyall\">\n<p class=\"text_indent-0 has-contrast-color has-text-color has-link-color wp-elements-a72569fab5bdb68fc655f85c049cd4b7\">Je n&#039;aurais pas pu r\u00eaver d&#039;un meilleur photographe ! Juliana m&#039;a propos\u00e9 un magnifique programme avec plusieurs lieux et a \u00e9t\u00e9 compr\u00e9hensive quant aux pauses photos improvis\u00e9es et aux pauses pendant la canicule parisienne. Tout au long de notre promenade, elle a pris de nos nouvelles et a eu une conversation charmante qui m&#039;a apais\u00e9e avant ma demande en mariage. Je la recommande vivement \u00e0 tous ceux qui recherchent une exp\u00e9rience photo apaisante, captivante et r\u00e9confortante. Juliana a rendu cette exp\u00e9rience unique et inoubliable ! Le d\u00e9cor \u00e9tait \u00e9poustouflant, les photos \u00e9taient magnifiques et extraordinaires.<\/p>\n<cite>Andrew Castro, juillet 2025 (extrait \u00e9dit\u00e9)<br><a href=\"https:\/\/www.google.com\/maps\/reviews\/data=!4m8!14m7!1m6!2m5!1sCi9DQUlRQUNvZENodHljRjlvT2pkaVdUWnNXVE5MZDJOeVJIVnpWQzFDTlZSWllYYxAB!2m1!1s0x0:0x7b03905155589b66!3m1!1s2@1:CAIQACodChtycF9oOjdiWTZsWTNLd2NyRHVzVC1CNVRZYXc%7C0cPcM3kY9eJ%7C?entry=tts&amp;g_ep=EgoyMDI1MDcyMy4wIPu8ASoASAFQAw%3D%3D&amp;skid=10f18c77-a50f-4d1c-b993-c4a67a3ca882\" data-type=\"link\" data-id=\"https:\/\/www.google.com\/maps\/reviews\/data=!4m8!14m7!1m6!2m5!1sCi9DQUlRQUNvZENodHljRjlvT2pkaVdUWnNXVE5MZDJOeVJIVnpWQzFDTlZSWllYYxAB!2m1!1s0x0:0x7b03905155589b66!3m1!1s2@1:CAIQACodChtycF9oOjdiWTZsWTNLd2NyRHVzVC1CNVRZYXc%7C0cPcM3kY9eJ%7C?entry=tts&amp;g_ep=EgoyMDI1MDcyMy4wIPu8ASoASAFQAw%3D%3D&amp;skid=10f18c77-a50f-4d1c-b993-c4a67a3ca882\" target=\"_blank\" rel=\"noopener\">Lire l'avis complet sur Google \"<\/a><\/cite><\/blockquote>\n<\/div><\/div>\n<\/div><\/div>\n\n\n\n<div class=\"wp-block-group testimonial testimonial-video\"><div class=\"wp-block-group__inner-container is-layout-constrained wp-block-group-is-layout-constrained\">\n<figure class=\"wp-block-video media\"><video height=\"848\" style=\"aspect-ratio: 480 \/ 848;\" width=\"480\" poster=\"https:\/\/kissinparis.com\/wp-content\/uploads\/2025\/08\/testimonial-2-cover.webp\" preload=\"none\" src=\"https:\/\/kissinparis.com\/wp-content\/uploads\/2025\/08\/testimonial-2.mp4\"><\/video><\/figure>\n\n\n\n<div class=\"wp-block-group content is-vertical is-content-justification-center is-layout-flex wp-container-core-group-is-layout-4b2eccd6 wp-block-group-is-layout-flex\">\n<p class=\"name\">Chris et Kristen<\/p>\n\n\n\n<div class=\"wp-block-buttons full is-layout-flex wp-block-buttons-is-layout-flex\">\n<div class=\"wp-block-button\"><a class=\"wp-block-button__link wp-element-button\">Jouer<\/a><\/div>\n<\/div>\n<\/div>\n<\/div><\/div>\n\n\n\n<div class=\"wp-block-group testimonial testimonial-video\"><div class=\"wp-block-group__inner-container is-layout-constrained wp-block-group-is-layout-constrained\">\n<div class=\"wp-block-group quote\"><div class=\"wp-block-group__inner-container is-layout-flow wp-block-group-is-layout-flow\">\n<blockquote class=\"wp-block-quote is-layout-flow wp-block-quote-is-layout-flow\" id=\"review-steven\">\n<p class=\"text_indent-0 has-contrast-color has-text-color has-link-color wp-elements-7c9ba915e0a1ec1c18e7609651b6025d\">Juliana \u00e9tait absolument incroyable ! Je ne laisse jamais d&#039;avis sur Google, mais cette exp\u00e9rience \u00e9tait incomparable, alors j&#039;ai d\u00fb en laisser un. Elle \u00e9tait disponible \u00e0 la derni\u00e8re minute pour ma demande en mariage \u00e0 mon fianc\u00e9 et les photos \u00e9taient magnifiques ! Ses recommandations \u00e9taient excellentes et elle a pratiquement organis\u00e9 elle-m\u00eame la demande surprise ; j&#039;ai simplement suivi ses instructions. J&#039;ai m\u00eame eu un changement d&#039;horaire de derni\u00e8re minute et elle a su s&#039;adapter et faire de cette demande l&#039;un des jours les plus sp\u00e9ciaux de ma vie ! Je ne peux que la recommander !<\/p>\n<cite>Steven Zipf<\/cite><\/blockquote>\n<\/div><\/div>\n<\/div><\/div>\n\n\n\n<div class=\"wp-block-group testimonial testimonial-video\"><div class=\"wp-block-group__inner-container is-layout-constrained wp-block-group-is-layout-constrained\">\n<figure class=\"wp-block-video media\"><video height=\"848\" style=\"aspect-ratio: 480 \/ 848;\" width=\"480\" poster=\"https:\/\/kissinparis.com\/wp-content\/uploads\/2025\/08\/testimonial-3-cover.webp\" preload=\"none\" src=\"https:\/\/kissinparis.com\/wp-content\/uploads\/2025\/08\/testimonial-3.mp4\"><\/video><\/figure>\n\n\n\n<div class=\"wp-block-group content is-vertical is-content-justification-center is-layout-flex wp-container-core-group-is-layout-4b2eccd6 wp-block-group-is-layout-flex\">\n<p class=\"name\">Kyle et Diana<\/p>\n\n\n\n<div class=\"wp-block-buttons full is-layout-flex wp-block-buttons-is-layout-flex\">\n<div class=\"wp-block-button\"><a class=\"wp-block-button__link wp-element-button\">Jouer<\/a><\/div>\n<\/div>\n<\/div>\n<\/div><\/div>\n\n\n\n<div class=\"wp-block-group testimonial testimonial-video\"><div class=\"wp-block-group__inner-container is-layout-constrained wp-block-group-is-layout-constrained\">\n<div class=\"wp-block-group quote\"><div class=\"wp-block-group__inner-container is-layout-flow wp-block-group-is-layout-flow\">\n<blockquote class=\"wp-block-quote is-layout-flow wp-block-quote-is-layout-flow\" id=\"review-colin\">\n<p class=\"text_indent-0 has-contrast-color has-text-color has-link-color wp-elements-a08f69f037d1dd6e525575b04a2c0281\">Juliana Aguiar de KMIP a \u00e9t\u00e9 formidable. Nous \u00e9tions un peu inquiets \u00e0 l&#039;id\u00e9e de notre s\u00e9ance photo pour nos 20 ans, mais Juliana \u00e9tait tellement sympathique et amusante que nous avons \u00e9t\u00e9 rapidement mis \u00e0 l&#039;aise. Elle a fait preuve d&#039;un grand professionnalisme et a pris de nombreux clich\u00e9s diff\u00e9rents. Nous avons \u00e9t\u00e9 impressionn\u00e9s par leur qualit\u00e9. Merci Juliana.<\/p>\n<cite>Septembre 2024 Colin Wright<\/cite><\/blockquote>\n<\/div><\/div>\n<\/div><\/div>\n\n\n\n<div class=\"wp-block-group testimonial testimonial-video\"><div class=\"wp-block-group__inner-container is-layout-constrained wp-block-group-is-layout-constrained\">\n<div class=\"wp-block-group quote\"><div class=\"wp-block-group__inner-container is-layout-flow wp-block-group-is-layout-flow\">\n<blockquote class=\"wp-block-quote is-layout-flow wp-block-quote-is-layout-flow\" id=\"review-chris\">\n<p class=\"text_indent-0 has-contrast-color has-text-color has-link-color wp-elements-10d294545d3b105c9db368fcf49f3c87\"><strong>POV du gars qui se met \u00e0 genoux :<\/strong> Juliana \u00e9tait incroyable ! Pour quelqu&#039;un qui n&#039;\u00e9tait \u00e0 Paris que pour 24 heures pour une demande surprise et qui ne connaissait pas la ville, elle m&#039;a sauv\u00e9 la vie ! Elle a g\u00e9r\u00e9 toute la logistique et a cr\u00e9\u00e9 un plan pr\u00e9cis du lieu. Elle a \u00e9t\u00e9 d&#039;une patience incroyable et m&#039;a donn\u00e9 l&#039;impression d&#039;\u00eatre entre de bonnes mains. La s\u00e9ance photo de deux heures en valait vraiment la peine, les photos \u00e9taient superbes.<\/p>\n\n\n\n<p><strong>POV de la future mari\u00e9e :<\/strong> Je ne taris pas d&#039;\u00e9loges sur Juliana. J&#039;\u00e9tais tellement \u00e9mue apr\u00e8s sa demande en mariage et elle a \u00e9t\u00e9 patiente et bienveillante avec nous. Elle nous a laiss\u00e9s savourer pleinement l&#039;exp\u00e9rience avant notre s\u00e9ance photo au Louvre. Je me suis imm\u00e9diatement sentie \u00e0 l&#039;aise lorsqu&#039;elle a guid\u00e9 nos poses avec des commentaires fantastiques. Elle n&#039;a pas h\u00e9sit\u00e9 \u00e0 demander aux touristes de bouger pour de meilleures photos et a m\u00eame inclus ma m\u00e8re sur les photos. Juliana \u00e9tait exceptionnelle\u00a0!<\/p>\n<cite>Chris Ash<\/cite><\/blockquote>\n<\/div><\/div>\n<\/div><\/div>\n<\/div>\n<\/div><\/div>\n\n\n\n<div class=\"wp-block-group alignfull sec  sec-next-page full-width mt-0 pt-0 mb-0\"><div class=\"wp-block-group__inner-container is-layout-constrained wp-block-group-is-layout-constrained\">\n<div class=\"wp-block-columns alignfull overview mt-80 pt-20 mb-80 border-top is-layout-flex wp-container-core-columns-is-layout-9d6595d7 wp-block-columns-is-layout-flex\">\n<div class=\"wp-block-column desktop-only is-layout-flow wp-block-column-is-layout-flow\" style=\"flex-basis:50%\"><\/div>\n\n\n\n<div class=\"wp-block-column is-layout-flow wp-block-column-is-layout-flow\" style=\"flex-basis:50%\">\n<p class=\"has-text-align-right alignfull has-small-font-size\" style=\"text-transform:uppercase\">\/ <strong>Rencontrez nos autres photographes<\/strong><\/p>\n<\/div>\n<\/div>\n\n\n\n<div class=\"wp-block-columns alignfull scrollable teams is-layout-flex wp-container-core-columns-is-layout-9d6595d7 wp-block-columns-is-layout-flex\">\n<div class=\"wp-block-column is-layout-flow wp-block-column-is-layout-flow\">\n<div class=\"wp-block-group alignfull text-block compact team has-base-2-background-color has-background\"><div class=\"wp-block-group__inner-container is-layout-constrained wp-block-group-is-layout-constrained\">\n<figure class=\"wp-block-image alignfull size-large\"><img loading=\"lazy\" decoding=\"async\" width=\"1024\" height=\"1024\" src=\"https:\/\/kissinparis.com\/wp-content\/uploads\/2025\/06\/paris-videographer-vincent-proposals-weddings-1024x1024.avif\" alt=\"Videographe Paris Vincent\" class=\"wp-image-25463\" srcset=\"https:\/\/kissinparis.com\/wp-content\/uploads\/2025\/06\/paris-videographer-vincent-proposals-weddings-1024x1024.avif 1024w, https:\/\/kissinparis.com\/wp-content\/uploads\/2025\/06\/paris-videographer-vincent-proposals-weddings-300x300.avif 300w, https:\/\/kissinparis.com\/wp-content\/uploads\/2025\/06\/paris-videographer-vincent-proposals-weddings-150x150.avif 150w, https:\/\/kissinparis.com\/wp-content\/uploads\/2025\/06\/paris-videographer-vincent-proposals-weddings-768x768.avif 768w, https:\/\/kissinparis.com\/wp-content\/uploads\/2025\/06\/paris-videographer-vincent-proposals-weddings-1200x1200.avif 1200w, https:\/\/kissinparis.com\/wp-content\/uploads\/2025\/06\/paris-videographer-vincent-proposals-weddings.avif 1400w\" sizes=\"auto, (max-width: 1024px) 100vw, 1024px\" \/><figcaption class=\"wp-element-caption\">Videographe Paris Vincent<\/figcaption><\/figure>\n\n\n\n<p class=\"has-text-align-center name\">Vincent<\/p>\n\n\n\n<p class=\"has-text-align-center designation\">Photographe professionnel<\/p>\n\n\n\n<p class=\"has-link magnetic meet-vincent\"><a href=\"https:\/\/kissinparis.com\/fr\/equipe-creative\/vincent\/\" data-type=\"link\" data-id=\"https:\/\/kissinparis.com\/artists\/vincent\/\">Rencontre avec Vincent<\/a><\/p>\n<\/div><\/div>\n<\/div>\n\n\n\n<div class=\"wp-block-column is-layout-flow wp-block-column-is-layout-flow\">\n<div class=\"wp-block-group alignfull text-block compact team has-base-2-background-color has-background\"><div class=\"wp-block-group__inner-container is-layout-constrained wp-block-group-is-layout-constrained\">\n<figure class=\"wp-block-image alignfull size-full\"><img loading=\"lazy\" decoding=\"async\" width=\"1400\" height=\"1400\" src=\"https:\/\/kissinparis.com\/wp-content\/uploads\/2025\/06\/paris-photographer-scander-weddings-engagements.avif\" alt=\"Photographe de mariage \u00e0 Paris Scander\" class=\"wp-image-25457\" srcset=\"https:\/\/kissinparis.com\/wp-content\/uploads\/2025\/06\/paris-photographer-scander-weddings-engagements.avif 1400w, https:\/\/kissinparis.com\/wp-content\/uploads\/2025\/06\/paris-photographer-scander-weddings-engagements-300x300.avif 300w, https:\/\/kissinparis.com\/wp-content\/uploads\/2025\/06\/paris-photographer-scander-weddings-engagements-1024x1024.avif 1024w, https:\/\/kissinparis.com\/wp-content\/uploads\/2025\/06\/paris-photographer-scander-weddings-engagements-150x150.avif 150w, https:\/\/kissinparis.com\/wp-content\/uploads\/2025\/06\/paris-photographer-scander-weddings-engagements-768x768.avif 768w, https:\/\/kissinparis.com\/wp-content\/uploads\/2025\/06\/paris-photographer-scander-weddings-engagements-1200x1200.avif 1200w\" sizes=\"auto, (max-width: 1400px) 100vw, 1400px\" \/><figcaption class=\"wp-element-caption\">Photographe de mariage \u00e0 Paris Scander<\/figcaption><\/figure>\n\n\n\n<p class=\"has-text-align-center name\">Scander<\/p>\n\n\n\n<p class=\"has-text-align-center designation\">Photographe professionnel<\/p>\n\n\n\n<p class=\"has-link magnetic meet-scander\"><a href=\"https:\/\/kissinparis.com\/fr\/equipe-creative\/scander\/\" data-type=\"page\" data-id=\"1051\">Rencontrez Scander<\/a><\/p>\n<\/div><\/div>\n<\/div>\n\n\n\n<div class=\"wp-block-column is-layout-flow wp-block-column-is-layout-flow\">\n<div class=\"wp-block-group alignfull text-block compact team has-base-2-background-color has-background\"><div class=\"wp-block-group__inner-container is-layout-constrained wp-block-group-is-layout-constrained\">\n<figure class=\"wp-block-image alignfull size-full\"><img loading=\"lazy\" decoding=\"async\" width=\"1400\" height=\"1400\" src=\"https:\/\/kissinparis.com\/wp-content\/uploads\/2025\/06\/paris-wedding-photographer-cengiz-award-winning.avif\" alt=\"Cengiz, photographe de mariage \u00e0 Paris\" class=\"wp-image-25469\" srcset=\"https:\/\/kissinparis.com\/wp-content\/uploads\/2025\/06\/paris-wedding-photographer-cengiz-award-winning.avif 1400w, https:\/\/kissinparis.com\/wp-content\/uploads\/2025\/06\/paris-wedding-photographer-cengiz-award-winning-300x300.avif 300w, https:\/\/kissinparis.com\/wp-content\/uploads\/2025\/06\/paris-wedding-photographer-cengiz-award-winning-1024x1024.avif 1024w, https:\/\/kissinparis.com\/wp-content\/uploads\/2025\/06\/paris-wedding-photographer-cengiz-award-winning-150x150.avif 150w, https:\/\/kissinparis.com\/wp-content\/uploads\/2025\/06\/paris-wedding-photographer-cengiz-award-winning-768x768.avif 768w, https:\/\/kissinparis.com\/wp-content\/uploads\/2025\/06\/paris-wedding-photographer-cengiz-award-winning-1200x1200.avif 1200w\" sizes=\"auto, (max-width: 1400px) 100vw, 1400px\" \/><figcaption class=\"wp-element-caption\">Cengiz, photographe de mariage \u00e0 Paris<\/figcaption><\/figure>\n\n\n\n<p class=\"has-text-align-center name\">Cengiz<\/p>\n\n\n\n<p class=\"has-text-align-center designation\">Photographe professionnel<\/p>\n\n\n\n<p class=\"has-link magnetic meet-cengiz\"><a href=\"https:\/\/kissinparis.com\/fr\/equipe-creative\/cengiz\/\" data-type=\"link\" data-id=\"https:\/\/kissinparis.com\/artists\/cengiz\/\">Rencontrez Cengiz<\/a><\/p>\n<\/div><\/div>\n<\/div>\n\n\n\n<div class=\"wp-block-column desktop-only is-layout-flow wp-block-column-is-layout-flow\"><\/div>\n<\/div>\n<\/div><\/div>\n<\/div><\/div>\n\n\n\n<div class=\"wp-block-group alignfull popup package-popup\" id=\"book-juliana\"><div class=\"wp-block-group__inner-container is-layout-constrained wp-block-group-is-layout-constrained\">\n<div class=\"wp-block-group alignfull popup-inner has-background-color has-primary-background-color has-text-color has-background has-link-color wp-elements-3038cf0d5e316869889e0f082e8dd9dc\"><div class=\"wp-block-group__inner-container is-layout-constrained wp-block-group-is-layout-constrained\">\n<h3 class=\"wp-block-heading has-base-2-color has-text-color has-link-color wp-elements-3d3393ee0aa722a698b9f02888793de5\">Demande de r\u00e9servation Juliana<\/h3>\n\n\n\n<p class=\"full animate__animated animate__fadeInUp has-phone\"><a href=\"https:\/\/api.whatsapp.com\/send?phone=33699061974\" data-type=\"link\" data-id=\"https:\/\/api.whatsapp.com\/send?phone=33699061974\" target=\"_blank\" rel=\"noreferrer noopener\">+33 6 99 06 19 74<\/a> <em>\u25cf<\/em> <a href=\"mailto:support@kissinparis.com?subject=Paris Photoshoot Inquiry\">support@kissinparis.com<\/a><\/p>\n\n\n\n<div class=\"wpcf7 no-js\" id=\"wpcf7-f27054-o1\" lang=\"en-US\" dir=\"ltr\" data-wpcf7-id=\"27054\">\n<div class=\"screen-reader-response\"><p role=\"status\" aria-live=\"polite\" aria-atomic=\"true\"><\/p> <ul><\/ul><\/div>\n<form action=\"\/fr\/wp-json\/wp\/v2\/pages\/13577#wpcf7-f27054-o1\" method=\"post\" class=\"wpcf7-form init\" aria-label=\"Formulaire de contact\" novalidate=\"novalidate\" data-status=\"init\" data-trp-original-action=\"\/fr\/wp-json\/wp\/v2\/pages\/13577#wpcf7-f27054-o1\">\n<fieldset class=\"hidden-fields-container\"><input type=\"hidden\" name=\"_wpcf7\" value=\"27054\" \/><input type=\"hidden\" name=\"_wpcf7_version\" value=\"6.1.5\" \/><input type=\"hidden\" name=\"_wpcf7_locale\" value=\"en_US\" \/><input type=\"hidden\" name=\"_wpcf7_unit_tag\" value=\"wpcf7-f27054-o1\" \/><input type=\"hidden\" name=\"_wpcf7_container_post\" value=\"0\" \/><input type=\"hidden\" name=\"_wpcf7_posted_data_hash\" value=\"\" \/>\n<\/fieldset>\n<div class=\"row\">\n\t<p class=\"col col50 full\"><label><span class=\"wpcf7-form-control-wrap\" data-name=\"your-name\"><input size=\"40\" maxlength=\"400\" class=\"wpcf7-form-control wpcf7-text wpcf7-validates-as-required\" id=\"name\" autocomplete=\"name\" aria-required=\"true\" aria-invalid=\"false\" placeholder=\"Nom complet *\" value=\"\" type=\"text\" name=\"your-name\" \/><\/span><\/label>\n\t<\/p>\n\t<p class=\"col col50 full\"><label><span class=\"wpcf7-form-control-wrap\" data-name=\"your-email\"><input size=\"40\" maxlength=\"400\" class=\"wpcf7-form-control wpcf7-email wpcf7-validates-as-required wpcf7-text wpcf7-validates-as-email\" id=\"email\" autocomplete=\"email\" aria-required=\"true\" aria-invalid=\"false\" placeholder=\"Courriel *\" value=\"\" type=\"email\" name=\"your-email\" \/><\/span> <\/label>\n\t<\/p>\n<\/div>\n<div class=\"row\">\n\t<p class=\"col col50 full\"><label><span class=\"wpcf7-form-control-wrap\" data-name=\"your-phone\"><input size=\"40\" maxlength=\"400\" class=\"wpcf7-form-control wpcf7-tel wpcf7-text wpcf7-validates-as-tel\" id=\"phone\" autocomplete=\"phone\" aria-invalid=\"false\" placeholder=\"T\u00e9l\u00e9phone\" value=\"\" type=\"tel\" name=\"your-phone\" \/><\/span> <\/label>\n\t<\/p>\n\t<p class=\"col col50 full\"><label><span class=\"wpcf7-form-control-wrap\" data-name=\"your-date\"><input size=\"40\" maxlength=\"400\" class=\"wpcf7-form-control wpcf7-text\" id=\"date\" aria-invalid=\"false\" placeholder=\"Date (MM\/JJ\/AA)\" value=\"\" type=\"text\" name=\"your-date\" \/><\/span><\/label>\n\t<\/p>\n<\/div>\n<p class=\"full\"><label for=\"your-shoot-type\">Type de tournage <\/label><span class=\"wpcf7-form-control-wrap\" data-name=\"your-shoot-type\"><select class=\"wpcf7-form-control wpcf7-select\" id=\"your-shoot-type\" aria-invalid=\"false\" name=\"your-shoot-type\"><option value=\"\">Veuillez s\u00e9lectionner...<\/option><option value=\"Proposal\">Proposition<\/option><option value=\"Wedding\">Mariage<\/option><option value=\"Couple Shoot\">S\u00e9ance photo de couple<\/option><option value=\"Family\">Famille<\/option><option value=\"Boudoir\">Boudoir<\/option><option value=\"Solo\">Solo<\/option><option value=\"Videography\">Vid\u00e9ographie<\/option><option value=\"Video + Photo\">Vid\u00e9o + Photo<\/option><\/select><\/span>\n<\/p>\n<p class=\"full\"><label for=\"message\">Parlez-nous de votre vision\u00a0! Partagez vos id\u00e9es de shooting, vos lieux pr\u00e9f\u00e9r\u00e9s et votre timing. Plus de d\u00e9tails nous aideront \u00e0 mieux planifier.<\/label><span class=\"wpcf7-form-control-wrap\" data-name=\"your-message\"><textarea cols=\"40\" rows=\"10\" maxlength=\"2000\" class=\"wpcf7-form-control wpcf7-textarea\" id=\"message\" aria-invalid=\"false\" placeholder=\"Message\" name=\"your-message\"><\/textarea><\/span>\n<\/p>\n<div class=\"text-left full pt-0 has-submit  btn-lg mt-0 mb-0 hide-default-submit\">\n\t<p><div class=\"cf7-cf-turnstile\" style=\"margin-top: 0px; margin-bottom: -15px;\"> <div id=\"cf-turnstile-cf7-1478168118\" class=\"cf-turnstile\" data-callback=\"turnstileCF7Callback\" data-sitekey=\"0x4AAAAAAA6tyyirfbfpLGRe\" data-theme=\"light\" data-language=\"auto\" data-size=\"normal\" data-retry=\"auto\" data-retry-interval=\"1000\" data-refresh-expired=\"auto\" data-refresh-timeout=\"auto\" data-action=\"contact-form-7\" data-appearance=\"always\"><\/div> <style>.wpcf7-submit { pointer-events: none; opacity: 0.5; }<\/style> <script>document.addEventListener(\"DOMContentLoaded\", function() { setTimeout(function(){ var e=document.getElementById(\"cf-turnstile-cf7-1478168118\"); if(e&&!e.innerHTML.trim()){turnstile.render(e, {sitekey:\"0x4AAAAAAA6tyyirfbfpLGRe\"});} }, 200); });<\/script> <br class=\"cf-turnstile-br cf-turnstile-br-cf7-1478168118\"> <style>#cf-turnstile-cf7-1478168118 { margin-left: -15px; }<\/style> <script>document.addEventListener(\"DOMContentLoaded\",function(){document.querySelectorAll('.wpcf7-form').forEach(function(e){e.addEventListener('submit',function(){if(document.getElementById('cf-turnstile-cf7-1478168118')){setTimeout(function(){turnstile.reset('#cf-turnstile-cf7-1478168118');},1000)}})})});<\/script> <\/div><br\/><input class=\"wpcf7-form-control wpcf7-submit has-spinner wp-block-button__link\" type=\"submit\" value=\"Envoyer\" \/>\n\t<\/p>\n<\/div>\n<div class=\"wp-block-button has-arrow has-btn-yellow mt-0 mb-0\">\n\t<p><button type=\"submit\" class=\"wp-block-button__link wp-element-button\"><em>Envoyer<\/em><\/button>\n\t<\/p>\n<\/div><p style=\"display: none !important;\" class=\"akismet-fields-container\" data-prefix=\"_wpcf7_ak_\"><label>\u0394<textarea name=\"_wpcf7_ak_hp_textarea\" cols=\"45\" rows=\"8\" maxlength=\"100\"><\/textarea><\/label><input type=\"hidden\" id=\"ak_js_1\" name=\"_wpcf7_ak_js\" value=\"200\"\/><script>\ndocument.getElementById( \"ak_js_1\" ).setAttribute( \"value\", ( new Date() ).getTime() );\n<\/script>\n<\/p><div class=\"wpcf7-response-output\" aria-hidden=\"true\"><\/div>\n<input type=\"hidden\" name=\"trp-form-language\" value=\"fr\"\/><\/form>\n<\/div>\n\n\n\n\n<p class=\"close\">Fermer<\/p>\n<\/div><\/div>\n<\/div><\/div>\n\n\n\n<div class=\"wp-block-group popup-cta\"><div class=\"wp-block-group__inner-container is-layout-constrained wp-block-group-is-layout-constrained\">\n<figure class=\"wp-block-video\"><video autoplay loop muted preload=\"none\" src=\"https:\/\/kissinparis.com\/wp-content\/uploads\/2025\/04\/hero-video-homepage.mp4\" playsinline><\/video><\/figure>\n\n\n\n<p class=\"title\">Livre Juliana<\/p>\n\n\n\n<p class=\"has-link\"><a href=\"mailto:support@kissinparis.com?subject=Booking Inquiry for Juliana\" data-type=\"page\" data-id=\"1753\">QUESTIONS DE R\u00c9SERVATION<\/a><\/p>\n<\/div><\/div>","protected":false},"excerpt":{"rendered":"<p>Juliana Aguiar FEMALE PARIS PHOTOGRAPHER \/&nbsp;Overview Meet JULIANA I&#8217;m Juliana Aguiar, a Brazilian photographer based in Paris. Before photography, I worked as a model and lived across Asia, Europe, Africa, and the United States. Moving between cultures and countries shaped the way I see people and how I connect with them through my camera. Being [&hellip;]<\/p>\n","protected":false},"author":35,"featured_media":13862,"parent":4359,"menu_order":0,"comment_status":"closed","ping_status":"closed","template":"","meta":{"_acf_changed":false,"ub_ctt_via":"","footnotes":""},"class_list":["post-13577","page","type-page","status-publish","has-post-thumbnail","hentry"],"acf":[],"featured_image_src":"https:\/\/kissinparis.com\/wp-content\/uploads\/2023\/06\/Best-female-Photographer-in-Paris-Juliana.jpg","_links":{"self":[{"href":"https:\/\/kissinparis.com\/fr\/wp-json\/wp\/v2\/pages\/13577","targetHints":{"allow":["GET"]}}],"collection":[{"href":"https:\/\/kissinparis.com\/fr\/wp-json\/wp\/v2\/pages"}],"about":[{"href":"https:\/\/kissinparis.com\/fr\/wp-json\/wp\/v2\/types\/page"}],"author":[{"embeddable":true,"href":"https:\/\/kissinparis.com\/fr\/wp-json\/wp\/v2\/users\/35"}],"replies":[{"embeddable":true,"href":"https:\/\/kissinparis.com\/fr\/wp-json\/wp\/v2\/comments?post=13577"}],"version-history":[{"count":49,"href":"https:\/\/kissinparis.com\/fr\/wp-json\/wp\/v2\/pages\/13577\/revisions"}],"predecessor-version":[{"id":29105,"href":"https:\/\/kissinparis.com\/fr\/wp-json\/wp\/v2\/pages\/13577\/revisions\/29105"}],"up":[{"embeddable":true,"href":"https:\/\/kissinparis.com\/fr\/wp-json\/wp\/v2\/pages\/4359"}],"wp:featuredmedia":[{"embeddable":true,"href":"https:\/\/kissinparis.com\/fr\/wp-json\/wp\/v2\/media\/13862"}],"wp:attachment":[{"href":"https:\/\/kissinparis.com\/fr\/wp-json\/wp\/v2\/media?parent=13577"}],"curies":[{"name":"wp","href":"https:\/\/api.w.org\/{rel}","templated":true}]}}